{"id":7767,"date":"2026-04-28T12:20:08","date_gmt":"2026-04-28T10:20:08","guid":{"rendered":"https:\/\/petrerjove.com\/evento\/teatre-la-meitat-del-vostre-esser-incapac\/"},"modified":"2026-04-28T13:09:29","modified_gmt":"2026-04-28T11:09:29","slug":"teatre-la-meitat-del-vostre-esser-incapac","status":"publish","type":"evento","link":"https:\/\/petrerjove.com\/ca\/evento\/teatre-la-meitat-del-vostre-esser-incapac\/","title":{"rendered":"Teatre La meitat del vostre \u00e9sser incapa\u00e7"},"content":{"rendered":"\n<p>\ud83d\udcc5 Divendres 8 de maig de 2026<br\/>\ud83d\udd57 20:00 h<br\/>\ud83d\udccd Centre Cultural \u2013 Petrer<\/p>\n\n<p>La meitat del vostre \u00e9sser incapa\u00e7 \u00e9s un espectacle teatral basat en l&#8217;hist\u00f2ric discurs pronunciat l&#8217;1 d&#8217;octubre del 1931 per la diputada Clara Campoamor al Congr\u00e9s.<\/p>\n\n<p>Una intervenci\u00f3 decisiva que va permetre l&#8217;aprovaci\u00f3 del sufragi femen\u00ed a Espanya, obrint el cam\u00ed perqu\u00e8 les dones exercissin per primera vegada el dret al vot el 1933.<\/p>\n\n<p>L&#8217;obra recupera aquest moment clau de la hist\u00f2ria per posar en valor la lluita per la igualtat i els drets i apropar al p\u00fablic un relat carregat de for\u00e7a, mem\u00f2ria i comprom\u00eds.<\/p>\n\n<p>\ud83d\udc65 Organitza: Participaci\u00f3 Ciutadana<br\/>\ud83c\udf9f\ufe0f Entrada lliure<\/p>\n\n<div style=\"height:50px\" aria-hidden=\"true\" class=\"wp-block-spacer\"><\/div>\n\n<figure class=\"wp-block-image aligncenter size-full is-resized\"><img fetchpriority=\"high\" decoding=\"async\" width=\"755\" height=\"837\" src=\"https:\/\/petrerjove.com\/wp-content\/uploads\/2026\/04\/Screenshot_2-1.jpg\" alt=\"\" class=\"wp-image-7731\" style=\"width:350px\" srcset=\"https:\/\/petrerjove.com\/wp-content\/uploads\/2026\/04\/Screenshot_2-1.jpg 755w, https:\/\/petrerjove.com\/wp-content\/uploads\/2026\/04\/Screenshot_2-1-271x300.jpg 271w\" sizes=\"(max-width: 755px) 100vw, 755px\" \/><\/figure>\n","protected":false},"author":1,"featured_media":7736,"template":"","tag-evento":[],"edades-eventos":[141],"lugar-eventos":[77],"class_list":["post-7767","evento","type-evento","status-publish","has-post-thumbnail","hentry","edades-eventos-totes-les-edats","lugar-eventos-centre-cultural"],"yoast_head":"<!-- This site is optimized with the Yoast SEO plugin v27.4 - https:\/\/yoast.com\/product\/yoast-seo-wordpress\/ -->\n<title>Teatre La meitat del vostre \u00e9sser incapa\u00e7 - Petrer Jove<\/title>\n<meta name=\"description\" content=\"Gaudeix de l&#039;obra La meitat del vostre \u00e9sser incapa\u00e7 teatre sobre el discurs de Clara Campoamor i el sufragi femen\u00ed. Entrada lliure.\" \/>\n<meta name=\"robots\" content=\"index, follow, max-snippet:-1, max-image-preview:large, max-video-preview:-1\" \/>\n<link rel=\"canonical\" href=\"https:\/\/petrerjove.com\/ca\/evento\/teatre-la-meitat-del-vostre-esser-incapac\/\" \/>\n<meta property=\"og:locale\" content=\"ca_ES\" \/>\n<meta property=\"og:type\" content=\"article\" \/>\n<meta property=\"og:title\" content=\"Teatre La meitat del vostre \u00e9sser incapa\u00e7 - Petrer Jove\" \/>\n<meta property=\"og:description\" content=\"Gaudeix de l&#039;obra La meitat del vostre \u00e9sser incapa\u00e7 teatre sobre el discurs de Clara Campoamor i el sufragi femen\u00ed. Entrada lliure.\" \/>\n<meta property=\"og:url\" content=\"https:\/\/petrerjove.com\/ca\/evento\/teatre-la-meitat-del-vostre-esser-incapac\/\" \/>\n<meta property=\"og:site_name\" content=\"Petrer Jove\" \/>\n<meta property=\"article:publisher\" content=\"https:\/\/www.facebook.com\/petrerjoven\/\" \/>\n<meta property=\"article:modified_time\" content=\"2026-04-28T11:09:29+00:00\" \/>\n<meta property=\"og:image\" content=\"https:\/\/petrerjove.com\/wp-content\/uploads\/2026\/04\/teatrocampoamor_8mayo_destacada-1.jpg\" \/>\n\t<meta property=\"og:image:width\" content=\"400\" \/>\n\t<meta property=\"og:image:height\" content=\"290\" \/>\n\t<meta property=\"og:image:type\" content=\"image\/jpeg\" \/>\n<meta name=\"twitter:card\" content=\"summary_large_image\" \/>\n<meta name=\"twitter:label1\" content=\"Temps estimat de lectura\" \/>\n\t<meta name=\"twitter:data1\" content=\"1 minut\" \/>\n<script type=\"application\/ld+json\" class=\"yoast-schema-graph\">{\"@context\":\"https:\\\/\\\/schema.org\",\"@graph\":[{\"@type\":\"WebPage\",\"@id\":\"https:\\\/\\\/petrerjove.com\\\/ca\\\/evento\\\/teatre-la-meitat-del-vostre-esser-incapac\\\/\",\"url\":\"https:\\\/\\\/petrerjove.com\\\/ca\\\/evento\\\/teatre-la-meitat-del-vostre-esser-incapac\\\/\",\"name\":\"Teatre La meitat del vostre \u00e9sser incapa\u00e7 - Petrer Jove\",\"isPartOf\":{\"@id\":\"https:\\\/\\\/petrerjove.com\\\/ca\\\/#website\"},\"primaryImageOfPage\":{\"@id\":\"https:\\\/\\\/petrerjove.com\\\/ca\\\/evento\\\/teatre-la-meitat-del-vostre-esser-incapac\\\/#primaryimage\"},\"image\":{\"@id\":\"https:\\\/\\\/petrerjove.com\\\/ca\\\/evento\\\/teatre-la-meitat-del-vostre-esser-incapac\\\/#primaryimage\"},\"thumbnailUrl\":\"https:\\\/\\\/petrerjove.com\\\/wp-content\\\/uploads\\\/2026\\\/04\\\/teatrocampoamor_8mayo_destacada-1.jpg\",\"datePublished\":\"2026-04-28T10:20:08+00:00\",\"dateModified\":\"2026-04-28T11:09:29+00:00\",\"description\":\"Gaudeix de l'obra La meitat del vostre \u00e9sser incapa\u00e7 teatre sobre el discurs de Clara Campoamor i el sufragi femen\u00ed. Entrada lliure.\",\"breadcrumb\":{\"@id\":\"https:\\\/\\\/petrerjove.com\\\/ca\\\/evento\\\/teatre-la-meitat-del-vostre-esser-incapac\\\/#breadcrumb\"},\"inLanguage\":\"ca\",\"potentialAction\":[{\"@type\":\"ReadAction\",\"target\":[\"https:\\\/\\\/petrerjove.com\\\/ca\\\/evento\\\/teatre-la-meitat-del-vostre-esser-incapac\\\/\"]}]},{\"@type\":\"ImageObject\",\"inLanguage\":\"ca\",\"@id\":\"https:\\\/\\\/petrerjove.com\\\/ca\\\/evento\\\/teatre-la-meitat-del-vostre-esser-incapac\\\/#primaryimage\",\"url\":\"https:\\\/\\\/petrerjove.com\\\/wp-content\\\/uploads\\\/2026\\\/04\\\/teatrocampoamor_8mayo_destacada-1.jpg\",\"contentUrl\":\"https:\\\/\\\/petrerjove.com\\\/wp-content\\\/uploads\\\/2026\\\/04\\\/teatrocampoamor_8mayo_destacada-1.jpg\",\"width\":400,\"height\":290},{\"@type\":\"BreadcrumbList\",\"@id\":\"https:\\\/\\\/petrerjove.com\\\/ca\\\/evento\\\/teatre-la-meitat-del-vostre-esser-incapac\\\/#breadcrumb\",\"itemListElement\":[{\"@type\":\"ListItem\",\"position\":1,\"name\":\"Portada\",\"item\":\"https:\\\/\\\/petrerjove.com\\\/ca\\\/\"},{\"@type\":\"ListItem\",\"position\":2,\"name\":\"Teatre La meitat del vostre \u00e9sser incapa\u00e7\"}]},{\"@type\":\"WebSite\",\"@id\":\"https:\\\/\\\/petrerjove.com\\\/ca\\\/#website\",\"url\":\"https:\\\/\\\/petrerjove.com\\\/ca\\\/\",\"name\":\"Petrer Jove\",\"description\":\"Concejal\u00eda de Infancia y Juventud de Petrer\",\"publisher\":{\"@id\":\"https:\\\/\\\/petrerjove.com\\\/ca\\\/#organization\"},\"potentialAction\":[{\"@type\":\"SearchAction\",\"target\":{\"@type\":\"EntryPoint\",\"urlTemplate\":\"https:\\\/\\\/petrerjove.com\\\/ca\\\/?s={search_term_string}\"},\"query-input\":{\"@type\":\"PropertyValueSpecification\",\"valueRequired\":true,\"valueName\":\"search_term_string\"}}],\"inLanguage\":\"ca\"},{\"@type\":\"Organization\",\"@id\":\"https:\\\/\\\/petrerjove.com\\\/ca\\\/#organization\",\"name\":\"Concejal\u00eda de Juventud de Petrer\",\"url\":\"https:\\\/\\\/petrerjove.com\\\/ca\\\/\",\"logo\":{\"@type\":\"ImageObject\",\"inLanguage\":\"ca\",\"@id\":\"https:\\\/\\\/petrerjove.com\\\/ca\\\/#\\\/schema\\\/logo\\\/image\\\/\",\"url\":\"https:\\\/\\\/petrerjove.com\\\/wp-content\\\/uploads\\\/2024\\\/02\\\/petrerjove_horizontal.svg\",\"contentUrl\":\"https:\\\/\\\/petrerjove.com\\\/wp-content\\\/uploads\\\/2024\\\/02\\\/petrerjove_horizontal.svg\",\"width\":200,\"height\":70,\"caption\":\"Concejal\u00eda de Juventud de Petrer\"},\"image\":{\"@id\":\"https:\\\/\\\/petrerjove.com\\\/ca\\\/#\\\/schema\\\/logo\\\/image\\\/\"},\"sameAs\":[\"https:\\\/\\\/www.facebook.com\\\/petrerjoven\\\/\",\"https:\\\/\\\/www.instagram.com\\\/petrerjove\\\/\"]}]}<\/script>\n<!-- \/ Yoast SEO plugin. -->","yoast_head_json":{"title":"Teatre La meitat del vostre \u00e9sser incapa\u00e7 - Petrer Jove","description":"Gaudeix de l'obra La meitat del vostre \u00e9sser incapa\u00e7 teatre sobre el discurs de Clara Campoamor i el sufragi femen\u00ed. Entrada lliure.","robots":{"index":"index","follow":"follow","max-snippet":"max-snippet:-1","max-image-preview":"max-image-preview:large","max-video-preview":"max-video-preview:-1"},"canonical":"https:\/\/petrerjove.com\/ca\/evento\/teatre-la-meitat-del-vostre-esser-incapac\/","og_locale":"ca_ES","og_type":"article","og_title":"Teatre La meitat del vostre \u00e9sser incapa\u00e7 - Petrer Jove","og_description":"Gaudeix de l'obra La meitat del vostre \u00e9sser incapa\u00e7 teatre sobre el discurs de Clara Campoamor i el sufragi femen\u00ed. Entrada lliure.","og_url":"https:\/\/petrerjove.com\/ca\/evento\/teatre-la-meitat-del-vostre-esser-incapac\/","og_site_name":"Petrer Jove","article_publisher":"https:\/\/www.facebook.com\/petrerjoven\/","article_modified_time":"2026-04-28T11:09:29+00:00","og_image":[{"width":400,"height":290,"url":"https:\/\/petrerjove.com\/wp-content\/uploads\/2026\/04\/teatrocampoamor_8mayo_destacada-1.jpg","type":"image\/jpeg"}],"twitter_card":"summary_large_image","twitter_misc":{"Temps estimat de lectura":"1 minut"},"schema":{"@context":"https:\/\/schema.org","@graph":[{"@type":"WebPage","@id":"https:\/\/petrerjove.com\/ca\/evento\/teatre-la-meitat-del-vostre-esser-incapac\/","url":"https:\/\/petrerjove.com\/ca\/evento\/teatre-la-meitat-del-vostre-esser-incapac\/","name":"Teatre La meitat del vostre \u00e9sser incapa\u00e7 - Petrer Jove","isPartOf":{"@id":"https:\/\/petrerjove.com\/ca\/#website"},"primaryImageOfPage":{"@id":"https:\/\/petrerjove.com\/ca\/evento\/teatre-la-meitat-del-vostre-esser-incapac\/#primaryimage"},"image":{"@id":"https:\/\/petrerjove.com\/ca\/evento\/teatre-la-meitat-del-vostre-esser-incapac\/#primaryimage"},"thumbnailUrl":"https:\/\/petrerjove.com\/wp-content\/uploads\/2026\/04\/teatrocampoamor_8mayo_destacada-1.jpg","datePublished":"2026-04-28T10:20:08+00:00","dateModified":"2026-04-28T11:09:29+00:00","description":"Gaudeix de l'obra La meitat del vostre \u00e9sser incapa\u00e7 teatre sobre el discurs de Clara Campoamor i el sufragi femen\u00ed. Entrada lliure.","breadcrumb":{"@id":"https:\/\/petrerjove.com\/ca\/evento\/teatre-la-meitat-del-vostre-esser-incapac\/#breadcrumb"},"inLanguage":"ca","potentialAction":[{"@type":"ReadAction","target":["https:\/\/petrerjove.com\/ca\/evento\/teatre-la-meitat-del-vostre-esser-incapac\/"]}]},{"@type":"ImageObject","inLanguage":"ca","@id":"https:\/\/petrerjove.com\/ca\/evento\/teatre-la-meitat-del-vostre-esser-incapac\/#primaryimage","url":"https:\/\/petrerjove.com\/wp-content\/uploads\/2026\/04\/teatrocampoamor_8mayo_destacada-1.jpg","contentUrl":"https:\/\/petrerjove.com\/wp-content\/uploads\/2026\/04\/teatrocampoamor_8mayo_destacada-1.jpg","width":400,"height":290},{"@type":"BreadcrumbList","@id":"https:\/\/petrerjove.com\/ca\/evento\/teatre-la-meitat-del-vostre-esser-incapac\/#breadcrumb","itemListElement":[{"@type":"ListItem","position":1,"name":"Portada","item":"https:\/\/petrerjove.com\/ca\/"},{"@type":"ListItem","position":2,"name":"Teatre La meitat del vostre \u00e9sser incapa\u00e7"}]},{"@type":"WebSite","@id":"https:\/\/petrerjove.com\/ca\/#website","url":"https:\/\/petrerjove.com\/ca\/","name":"Petrer Jove","description":"Concejal\u00eda de Infancia y Juventud de Petrer","publisher":{"@id":"https:\/\/petrerjove.com\/ca\/#organization"},"potentialAction":[{"@type":"SearchAction","target":{"@type":"EntryPoint","urlTemplate":"https:\/\/petrerjove.com\/ca\/?s={search_term_string}"},"query-input":{"@type":"PropertyValueSpecification","valueRequired":true,"valueName":"search_term_string"}}],"inLanguage":"ca"},{"@type":"Organization","@id":"https:\/\/petrerjove.com\/ca\/#organization","name":"Concejal\u00eda de Juventud de Petrer","url":"https:\/\/petrerjove.com\/ca\/","logo":{"@type":"ImageObject","inLanguage":"ca","@id":"https:\/\/petrerjove.com\/ca\/#\/schema\/logo\/image\/","url":"https:\/\/petrerjove.com\/wp-content\/uploads\/2024\/02\/petrerjove_horizontal.svg","contentUrl":"https:\/\/petrerjove.com\/wp-content\/uploads\/2024\/02\/petrerjove_horizontal.svg","width":200,"height":70,"caption":"Concejal\u00eda de Juventud de Petrer"},"image":{"@id":"https:\/\/petrerjove.com\/ca\/#\/schema\/logo\/image\/"},"sameAs":["https:\/\/www.facebook.com\/petrerjoven\/","https:\/\/www.instagram.com\/petrerjove\/"]}]}},"_links":{"self":[{"href":"https:\/\/petrerjove.com\/ca\/wp-json\/wp\/v2\/evento\/7767","targetHints":{"allow":["GET"]}}],"collection":[{"href":"https:\/\/petrerjove.com\/ca\/wp-json\/wp\/v2\/evento"}],"about":[{"href":"https:\/\/petrerjove.com\/ca\/wp-json\/wp\/v2\/types\/evento"}],"author":[{"embeddable":true,"href":"https:\/\/petrerjove.com\/ca\/wp-json\/wp\/v2\/users\/1"}],"version-history":[{"count":1,"href":"https:\/\/petrerjove.com\/ca\/wp-json\/wp\/v2\/evento\/7767\/revisions"}],"predecessor-version":[{"id":7768,"href":"https:\/\/petrerjove.com\/ca\/wp-json\/wp\/v2\/evento\/7767\/revisions\/7768"}],"wp:featuredmedia":[{"embeddable":true,"href":"https:\/\/petrerjove.com\/ca\/wp-json\/wp\/v2\/media\/7736"}],"wp:attachment":[{"href":"https:\/\/petrerjove.com\/ca\/wp-json\/wp\/v2\/media?parent=7767"}],"wp:term":[{"taxonomy":"tag-evento","embeddable":true,"href":"https:\/\/petrerjove.com\/ca\/wp-json\/wp\/v2\/tag-evento?post=7767"},{"taxonomy":"edades-eventos","embeddable":true,"href":"https:\/\/petrerjove.com\/ca\/wp-json\/wp\/v2\/edades-eventos?post=7767"},{"taxonomy":"lugar-eventos","embeddable":true,"href":"https:\/\/petrerjove.com\/ca\/wp-json\/wp\/v2\/lugar-eventos?post=7767"}],"curies":[{"name":"wp","href":"https:\/\/api.w.org\/{rel}","templated":true}]}}