{"id":7765,"date":"2026-04-28T12:29:56","date_gmt":"2026-04-28T10:29:56","guid":{"rendered":"https:\/\/petrerjove.com\/evento\/dimarts-de-cinema-a-la-seu-universitaria-pinotxo\/"},"modified":"2026-04-28T13:04:45","modified_gmt":"2026-04-28T11:04:45","slug":"dimarts-de-cinema-a-la-seu-universitaria-pinotxo","status":"publish","type":"evento","link":"https:\/\/petrerjove.com\/ca\/evento\/dimarts-de-cinema-a-la-seu-universitaria-pinotxo\/","title":{"rendered":"Dimarts de cinema a la Seu Universit\u00e0ria &#8211; Pinotxo"},"content":{"rendered":"\n<p>\ud83d\udcc5 Dimarts 5 de maig de 2026<br\/>\ud83d\udd56 19:00 h<br\/>\ud83d\udccd Centre Cultural \u2013 Petrer<\/p>\n\n<p>Nova sessi\u00f3 del cicle Dimarts de cinema a la Seu Universit\u00e0ria amb la projecci\u00f3 de Pinotxo, una adaptaci\u00f3 del cl\u00e0ssic itali\u00e0 que convida a redescobrir aquesta hist\u00f2ria universal des d&#8217;una mirada cinematogr\u00e0fica.<\/p>\n\n<p>La pel\u00b7l\u00edcula es projectar\u00e0 en versi\u00f3 original en itali\u00e0 amb subt\u00edtols en espanyol, oferint una experi\u00e8ncia m\u00e9s fidel a la seva ess\u00e8ncia.<\/p>\n\n<p>\ud83c\udfa5 Durada: 125 minuts<\/p>\n\n<p>\ud83c\udf99\ufe0f Presenta: Israel Gil P\u00e9rez, coordinador de l&#8217;Aula de Cinema i Audiovisual de la Universitat d&#8217;Alacant<\/p>\n\n<p>\ud83d\udc65 Organitza: Seu Universit\u00e0ria de Petrer<br\/>\ud83c\udf9f\ufe0f Entrada lliure fins a completar aforament<\/p>\n\n<div style=\"height:50px\" aria-hidden=\"true\" class=\"wp-block-spacer\"><\/div>\n\n<figure class=\"wp-block-image aligncenter size-large is-resized\"><img fetchpriority=\"high\" decoding=\"async\" width=\"724\" height=\"1024\" src=\"https:\/\/petrerjove.com\/wp-content\/uploads\/2026\/04\/pinocho_cineSEU-1-724x1024.jpg\" alt=\"\" class=\"wp-image-7738\" style=\"width:350px\" srcset=\"https:\/\/petrerjove.com\/wp-content\/uploads\/2026\/04\/pinocho_cineSEU-1-724x1024.jpg 724w, https:\/\/petrerjove.com\/wp-content\/uploads\/2026\/04\/pinocho_cineSEU-1-212x300.jpg 212w, https:\/\/petrerjove.com\/wp-content\/uploads\/2026\/04\/pinocho_cineSEU-1-768x1087.jpg 768w, https:\/\/petrerjove.com\/wp-content\/uploads\/2026\/04\/pinocho_cineSEU-1-1086x1536.jpg 1086w, https:\/\/petrerjove.com\/wp-content\/uploads\/2026\/04\/pinocho_cineSEU-1.jpg 1357w\" sizes=\"(max-width: 724px) 100vw, 724px\" \/><\/figure>\n","protected":false},"author":1,"featured_media":7743,"template":"","tag-evento":[],"edades-eventos":[141],"lugar-eventos":[90],"class_list":["post-7765","evento","type-evento","status-publish","has-post-thumbnail","hentry","edades-eventos-totes-les-edats","lugar-eventos-dimarts-de-cinema-brubaker"],"yoast_head":"<!-- This site is optimized with the Yoast SEO plugin v27.4 - https:\/\/yoast.com\/product\/yoast-seo-wordpress\/ -->\n<title>Dimarts de cinema a la Seu Universit\u00e0ria - Pinotxo - Petrer Jove<\/title>\n<meta name=\"description\" content=\"Projecci\u00f3 de Pinotxo el 5 de maig Centre Cultural. Versi\u00f3 original en itali\u00e0 amb subt\u00edtols. Entrada lliure.\" \/>\n<meta name=\"robots\" content=\"index, follow, max-snippet:-1, max-image-preview:large, max-video-preview:-1\" \/>\n<link rel=\"canonical\" href=\"https:\/\/petrerjove.com\/ca\/evento\/dimarts-de-cinema-a-la-seu-universitaria-pinotxo\/\" \/>\n<meta property=\"og:locale\" content=\"ca_ES\" \/>\n<meta property=\"og:type\" content=\"article\" \/>\n<meta property=\"og:title\" content=\"Dimarts de cinema a la Seu Universit\u00e0ria - Pinotxo - Petrer Jove\" \/>\n<meta property=\"og:description\" content=\"Projecci\u00f3 de Pinotxo el 5 de maig Centre Cultural. Versi\u00f3 original en itali\u00e0 amb subt\u00edtols. Entrada lliure.\" \/>\n<meta property=\"og:url\" content=\"https:\/\/petrerjove.com\/ca\/evento\/dimarts-de-cinema-a-la-seu-universitaria-pinotxo\/\" \/>\n<meta property=\"og:site_name\" content=\"Petrer Jove\" \/>\n<meta property=\"article:publisher\" content=\"https:\/\/www.facebook.com\/petrerjoven\/\" \/>\n<meta property=\"article:modified_time\" content=\"2026-04-28T11:04:45+00:00\" \/>\n<meta property=\"og:image\" content=\"https:\/\/petrerjove.com\/wp-content\/uploads\/2026\/04\/martescine_5mayo_destacada-1.jpg\" \/>\n\t<meta property=\"og:image:width\" content=\"400\" \/>\n\t<meta property=\"og:image:height\" content=\"290\" \/>\n\t<meta property=\"og:image:type\" content=\"image\/jpeg\" \/>\n<meta name=\"twitter:card\" content=\"summary_large_image\" \/>\n<meta name=\"twitter:label1\" content=\"Temps estimat de lectura\" \/>\n\t<meta name=\"twitter:data1\" content=\"1 minut\" \/>\n<script type=\"application\/ld+json\" class=\"yoast-schema-graph\">{\"@context\":\"https:\\\/\\\/schema.org\",\"@graph\":[{\"@type\":\"WebPage\",\"@id\":\"https:\\\/\\\/petrerjove.com\\\/ca\\\/evento\\\/dimarts-de-cinema-a-la-seu-universitaria-pinotxo\\\/\",\"url\":\"https:\\\/\\\/petrerjove.com\\\/ca\\\/evento\\\/dimarts-de-cinema-a-la-seu-universitaria-pinotxo\\\/\",\"name\":\"Dimarts de cinema a la Seu Universit\u00e0ria - Pinotxo - Petrer Jove\",\"isPartOf\":{\"@id\":\"https:\\\/\\\/petrerjove.com\\\/ca\\\/#website\"},\"primaryImageOfPage\":{\"@id\":\"https:\\\/\\\/petrerjove.com\\\/ca\\\/evento\\\/dimarts-de-cinema-a-la-seu-universitaria-pinotxo\\\/#primaryimage\"},\"image\":{\"@id\":\"https:\\\/\\\/petrerjove.com\\\/ca\\\/evento\\\/dimarts-de-cinema-a-la-seu-universitaria-pinotxo\\\/#primaryimage\"},\"thumbnailUrl\":\"https:\\\/\\\/petrerjove.com\\\/wp-content\\\/uploads\\\/2026\\\/04\\\/martescine_5mayo_destacada-1.jpg\",\"datePublished\":\"2026-04-28T10:29:56+00:00\",\"dateModified\":\"2026-04-28T11:04:45+00:00\",\"description\":\"Projecci\u00f3 de Pinotxo el 5 de maig Centre Cultural. Versi\u00f3 original en itali\u00e0 amb subt\u00edtols. Entrada lliure.\",\"breadcrumb\":{\"@id\":\"https:\\\/\\\/petrerjove.com\\\/ca\\\/evento\\\/dimarts-de-cinema-a-la-seu-universitaria-pinotxo\\\/#breadcrumb\"},\"inLanguage\":\"ca\",\"potentialAction\":[{\"@type\":\"ReadAction\",\"target\":[\"https:\\\/\\\/petrerjove.com\\\/ca\\\/evento\\\/dimarts-de-cinema-a-la-seu-universitaria-pinotxo\\\/\"]}]},{\"@type\":\"ImageObject\",\"inLanguage\":\"ca\",\"@id\":\"https:\\\/\\\/petrerjove.com\\\/ca\\\/evento\\\/dimarts-de-cinema-a-la-seu-universitaria-pinotxo\\\/#primaryimage\",\"url\":\"https:\\\/\\\/petrerjove.com\\\/wp-content\\\/uploads\\\/2026\\\/04\\\/martescine_5mayo_destacada-1.jpg\",\"contentUrl\":\"https:\\\/\\\/petrerjove.com\\\/wp-content\\\/uploads\\\/2026\\\/04\\\/martescine_5mayo_destacada-1.jpg\",\"width\":400,\"height\":290},{\"@type\":\"BreadcrumbList\",\"@id\":\"https:\\\/\\\/petrerjove.com\\\/ca\\\/evento\\\/dimarts-de-cinema-a-la-seu-universitaria-pinotxo\\\/#breadcrumb\",\"itemListElement\":[{\"@type\":\"ListItem\",\"position\":1,\"name\":\"Portada\",\"item\":\"https:\\\/\\\/petrerjove.com\\\/ca\\\/\"},{\"@type\":\"ListItem\",\"position\":2,\"name\":\"Dimarts de cinema a la Seu Universit\u00e0ria &#8211; Pinotxo\"}]},{\"@type\":\"WebSite\",\"@id\":\"https:\\\/\\\/petrerjove.com\\\/ca\\\/#website\",\"url\":\"https:\\\/\\\/petrerjove.com\\\/ca\\\/\",\"name\":\"Petrer Jove\",\"description\":\"Concejal\u00eda de Infancia y Juventud de Petrer\",\"publisher\":{\"@id\":\"https:\\\/\\\/petrerjove.com\\\/ca\\\/#organization\"},\"potentialAction\":[{\"@type\":\"SearchAction\",\"target\":{\"@type\":\"EntryPoint\",\"urlTemplate\":\"https:\\\/\\\/petrerjove.com\\\/ca\\\/?s={search_term_string}\"},\"query-input\":{\"@type\":\"PropertyValueSpecification\",\"valueRequired\":true,\"valueName\":\"search_term_string\"}}],\"inLanguage\":\"ca\"},{\"@type\":\"Organization\",\"@id\":\"https:\\\/\\\/petrerjove.com\\\/ca\\\/#organization\",\"name\":\"Concejal\u00eda de Juventud de Petrer\",\"url\":\"https:\\\/\\\/petrerjove.com\\\/ca\\\/\",\"logo\":{\"@type\":\"ImageObject\",\"inLanguage\":\"ca\",\"@id\":\"https:\\\/\\\/petrerjove.com\\\/ca\\\/#\\\/schema\\\/logo\\\/image\\\/\",\"url\":\"https:\\\/\\\/petrerjove.com\\\/wp-content\\\/uploads\\\/2024\\\/02\\\/petrerjove_horizontal.svg\",\"contentUrl\":\"https:\\\/\\\/petrerjove.com\\\/wp-content\\\/uploads\\\/2024\\\/02\\\/petrerjove_horizontal.svg\",\"width\":200,\"height\":70,\"caption\":\"Concejal\u00eda de Juventud de Petrer\"},\"image\":{\"@id\":\"https:\\\/\\\/petrerjove.com\\\/ca\\\/#\\\/schema\\\/logo\\\/image\\\/\"},\"sameAs\":[\"https:\\\/\\\/www.facebook.com\\\/petrerjoven\\\/\",\"https:\\\/\\\/www.instagram.com\\\/petrerjove\\\/\"]}]}<\/script>\n<!-- \/ Yoast SEO plugin. -->","yoast_head_json":{"title":"Dimarts de cinema a la Seu Universit\u00e0ria - Pinotxo - Petrer Jove","description":"Projecci\u00f3 de Pinotxo el 5 de maig Centre Cultural. Versi\u00f3 original en itali\u00e0 amb subt\u00edtols. Entrada lliure.","robots":{"index":"index","follow":"follow","max-snippet":"max-snippet:-1","max-image-preview":"max-image-preview:large","max-video-preview":"max-video-preview:-1"},"canonical":"https:\/\/petrerjove.com\/ca\/evento\/dimarts-de-cinema-a-la-seu-universitaria-pinotxo\/","og_locale":"ca_ES","og_type":"article","og_title":"Dimarts de cinema a la Seu Universit\u00e0ria - Pinotxo - Petrer Jove","og_description":"Projecci\u00f3 de Pinotxo el 5 de maig Centre Cultural. Versi\u00f3 original en itali\u00e0 amb subt\u00edtols. Entrada lliure.","og_url":"https:\/\/petrerjove.com\/ca\/evento\/dimarts-de-cinema-a-la-seu-universitaria-pinotxo\/","og_site_name":"Petrer Jove","article_publisher":"https:\/\/www.facebook.com\/petrerjoven\/","article_modified_time":"2026-04-28T11:04:45+00:00","og_image":[{"width":400,"height":290,"url":"https:\/\/petrerjove.com\/wp-content\/uploads\/2026\/04\/martescine_5mayo_destacada-1.jpg","type":"image\/jpeg"}],"twitter_card":"summary_large_image","twitter_misc":{"Temps estimat de lectura":"1 minut"},"schema":{"@context":"https:\/\/schema.org","@graph":[{"@type":"WebPage","@id":"https:\/\/petrerjove.com\/ca\/evento\/dimarts-de-cinema-a-la-seu-universitaria-pinotxo\/","url":"https:\/\/petrerjove.com\/ca\/evento\/dimarts-de-cinema-a-la-seu-universitaria-pinotxo\/","name":"Dimarts de cinema a la Seu Universit\u00e0ria - Pinotxo - Petrer Jove","isPartOf":{"@id":"https:\/\/petrerjove.com\/ca\/#website"},"primaryImageOfPage":{"@id":"https:\/\/petrerjove.com\/ca\/evento\/dimarts-de-cinema-a-la-seu-universitaria-pinotxo\/#primaryimage"},"image":{"@id":"https:\/\/petrerjove.com\/ca\/evento\/dimarts-de-cinema-a-la-seu-universitaria-pinotxo\/#primaryimage"},"thumbnailUrl":"https:\/\/petrerjove.com\/wp-content\/uploads\/2026\/04\/martescine_5mayo_destacada-1.jpg","datePublished":"2026-04-28T10:29:56+00:00","dateModified":"2026-04-28T11:04:45+00:00","description":"Projecci\u00f3 de Pinotxo el 5 de maig Centre Cultural. Versi\u00f3 original en itali\u00e0 amb subt\u00edtols. Entrada lliure.","breadcrumb":{"@id":"https:\/\/petrerjove.com\/ca\/evento\/dimarts-de-cinema-a-la-seu-universitaria-pinotxo\/#breadcrumb"},"inLanguage":"ca","potentialAction":[{"@type":"ReadAction","target":["https:\/\/petrerjove.com\/ca\/evento\/dimarts-de-cinema-a-la-seu-universitaria-pinotxo\/"]}]},{"@type":"ImageObject","inLanguage":"ca","@id":"https:\/\/petrerjove.com\/ca\/evento\/dimarts-de-cinema-a-la-seu-universitaria-pinotxo\/#primaryimage","url":"https:\/\/petrerjove.com\/wp-content\/uploads\/2026\/04\/martescine_5mayo_destacada-1.jpg","contentUrl":"https:\/\/petrerjove.com\/wp-content\/uploads\/2026\/04\/martescine_5mayo_destacada-1.jpg","width":400,"height":290},{"@type":"BreadcrumbList","@id":"https:\/\/petrerjove.com\/ca\/evento\/dimarts-de-cinema-a-la-seu-universitaria-pinotxo\/#breadcrumb","itemListElement":[{"@type":"ListItem","position":1,"name":"Portada","item":"https:\/\/petrerjove.com\/ca\/"},{"@type":"ListItem","position":2,"name":"Dimarts de cinema a la Seu Universit\u00e0ria &#8211; Pinotxo"}]},{"@type":"WebSite","@id":"https:\/\/petrerjove.com\/ca\/#website","url":"https:\/\/petrerjove.com\/ca\/","name":"Petrer Jove","description":"Concejal\u00eda de Infancia y Juventud de Petrer","publisher":{"@id":"https:\/\/petrerjove.com\/ca\/#organization"},"potentialAction":[{"@type":"SearchAction","target":{"@type":"EntryPoint","urlTemplate":"https:\/\/petrerjove.com\/ca\/?s={search_term_string}"},"query-input":{"@type":"PropertyValueSpecification","valueRequired":true,"valueName":"search_term_string"}}],"inLanguage":"ca"},{"@type":"Organization","@id":"https:\/\/petrerjove.com\/ca\/#organization","name":"Concejal\u00eda de Juventud de Petrer","url":"https:\/\/petrerjove.com\/ca\/","logo":{"@type":"ImageObject","inLanguage":"ca","@id":"https:\/\/petrerjove.com\/ca\/#\/schema\/logo\/image\/","url":"https:\/\/petrerjove.com\/wp-content\/uploads\/2024\/02\/petrerjove_horizontal.svg","contentUrl":"https:\/\/petrerjove.com\/wp-content\/uploads\/2024\/02\/petrerjove_horizontal.svg","width":200,"height":70,"caption":"Concejal\u00eda de Juventud de Petrer"},"image":{"@id":"https:\/\/petrerjove.com\/ca\/#\/schema\/logo\/image\/"},"sameAs":["https:\/\/www.facebook.com\/petrerjoven\/","https:\/\/www.instagram.com\/petrerjove\/"]}]}},"_links":{"self":[{"href":"https:\/\/petrerjove.com\/ca\/wp-json\/wp\/v2\/evento\/7765","targetHints":{"allow":["GET"]}}],"collection":[{"href":"https:\/\/petrerjove.com\/ca\/wp-json\/wp\/v2\/evento"}],"about":[{"href":"https:\/\/petrerjove.com\/ca\/wp-json\/wp\/v2\/types\/evento"}],"author":[{"embeddable":true,"href":"https:\/\/petrerjove.com\/ca\/wp-json\/wp\/v2\/users\/1"}],"version-history":[{"count":1,"href":"https:\/\/petrerjove.com\/ca\/wp-json\/wp\/v2\/evento\/7765\/revisions"}],"predecessor-version":[{"id":7766,"href":"https:\/\/petrerjove.com\/ca\/wp-json\/wp\/v2\/evento\/7765\/revisions\/7766"}],"wp:featuredmedia":[{"embeddable":true,"href":"https:\/\/petrerjove.com\/ca\/wp-json\/wp\/v2\/media\/7743"}],"wp:attachment":[{"href":"https:\/\/petrerjove.com\/ca\/wp-json\/wp\/v2\/media?parent=7765"}],"wp:term":[{"taxonomy":"tag-evento","embeddable":true,"href":"https:\/\/petrerjove.com\/ca\/wp-json\/wp\/v2\/tag-evento?post=7765"},{"taxonomy":"edades-eventos","embeddable":true,"href":"https:\/\/petrerjove.com\/ca\/wp-json\/wp\/v2\/edades-eventos?post=7765"},{"taxonomy":"lugar-eventos","embeddable":true,"href":"https:\/\/petrerjove.com\/ca\/wp-json\/wp\/v2\/lugar-eventos?post=7765"}],"curies":[{"name":"wp","href":"https:\/\/api.w.org\/{rel}","templated":true}]}}