{"id":7106,"date":"2025-12-10T12:00:16","date_gmt":"2025-12-10T11:00:16","guid":{"rendered":"https:\/\/petrerjove.com\/evento\/marian-romero-casos-pendents-mes-enlla-de-la-mort\/"},"modified":"2025-12-10T12:02:56","modified_gmt":"2025-12-10T11:02:56","slug":"marian-romero-casos-pendents-mes-enlla-de-la-mort","status":"publish","type":"evento","link":"https:\/\/petrerjove.com\/ca\/evento\/marian-romero-casos-pendents-mes-enlla-de-la-mort\/","title":{"rendered":"Marian Romero &#8211; Casos pendents m\u00e9s enll\u00e0 de la mort"},"content":{"rendered":"\n<p>\ud83d\udcc5 Divendres 12 de desembre de 2025&#13;\n\ud83d\udd57 20:00 h&#13;\n\ud83d\udccd Forn Cultural<\/p>\n\n<p>L&#8217;escriptora Marian Romero presenta Casos pendents m\u00e9s enll\u00e0 de la mort, una novel\u00b7la on el misteri i el que \u00e9s sobrenatural s&#8217;entrellacen de forma inesperada.&#13;\nLa hist\u00f2ria segueix Ver\u00f3nica, la vida de la qual canvia radicalment despr\u00e9s d&#8217;un accident de tr\u00e0nsit que la deixa un any en coma. En despertar i reprendre els estudis de criminologia, rep la seva primera clienta\u2026 que ja no pertany al m\u00f3n dels vius. Entre dues realitats, Ver\u00f3nica haur\u00e0 de resoldre casos que van quedar oberts m\u00e9s enll\u00e0 de la mort.<\/p>\n\n<p>La presentaci\u00f3 estar\u00e0 a c\u00e0rrec de Silvia Ant\u00f3n, periodista i divulgadora.&#13;\n\ud83c\udf9f\ufe0f Entrada lliure.<\/p>\n\n<div style=\"height:50px\" aria-hidden=\"true\" class=\"wp-block-spacer\"><\/div>\n\n<figure class=\"wp-block-image aligncenter size-large is-resized\"><img fetchpriority=\"high\" decoding=\"async\" width=\"724\" height=\"1024\" src=\"https:\/\/petrerjove.com\/wp-content\/uploads\/2025\/12\/presentacion_MarianRomero-min-724x1024.jpg\" alt=\"\" class=\"wp-image-7087\" style=\"width:350px\" srcset=\"https:\/\/petrerjove.com\/wp-content\/uploads\/2025\/12\/presentacion_MarianRomero-min-724x1024.jpg 724w, https:\/\/petrerjove.com\/wp-content\/uploads\/2025\/12\/presentacion_MarianRomero-min-212x300.jpg 212w, https:\/\/petrerjove.com\/wp-content\/uploads\/2025\/12\/presentacion_MarianRomero-min-768x1087.jpg 768w, https:\/\/petrerjove.com\/wp-content\/uploads\/2025\/12\/presentacion_MarianRomero-min-1086x1536.jpg 1086w, https:\/\/petrerjove.com\/wp-content\/uploads\/2025\/12\/presentacion_MarianRomero-min.jpg 1357w\" sizes=\"(max-width: 724px) 100vw, 724px\" \/><\/figure>\n","protected":false},"author":1,"featured_media":7092,"template":"","tag-evento":[],"edades-eventos":[141],"lugar-eventos":[68],"class_list":["post-7106","evento","type-evento","status-publish","has-post-thumbnail","hentry","edades-eventos-totes-les-edats","lugar-eventos-forn-cultural-petrer-ca"],"yoast_head":"<!-- This site is optimized with the Yoast SEO plugin v27.5 - https:\/\/yoast.com\/product\/yoast-seo-wordpress\/ -->\n<title>Marian Romero - Casos pendents m\u00e9s enll\u00e0 de la mort - Petrer Jove<\/title>\n<meta name=\"description\" content=\"Casos pendents m\u00e9s enll\u00e0 de la mort de Marian Romero, el 12 de desembre a les 20 h al Forn Cultural. Entrada lliure.\" \/>\n<meta name=\"robots\" content=\"index, follow, max-snippet:-1, max-image-preview:large, max-video-preview:-1\" \/>\n<link rel=\"canonical\" href=\"https:\/\/petrerjove.com\/ca\/evento\/marian-romero-casos-pendents-mes-enlla-de-la-mort\/\" \/>\n<meta property=\"og:locale\" content=\"ca_ES\" \/>\n<meta property=\"og:type\" content=\"article\" \/>\n<meta property=\"og:title\" content=\"Marian Romero - Casos pendents m\u00e9s enll\u00e0 de la mort - Petrer Jove\" \/>\n<meta property=\"og:description\" content=\"Casos pendents m\u00e9s enll\u00e0 de la mort de Marian Romero, el 12 de desembre a les 20 h al Forn Cultural. Entrada lliure.\" \/>\n<meta property=\"og:url\" content=\"https:\/\/petrerjove.com\/ca\/evento\/marian-romero-casos-pendents-mes-enlla-de-la-mort\/\" \/>\n<meta property=\"og:site_name\" content=\"Petrer Jove\" \/>\n<meta property=\"article:publisher\" content=\"https:\/\/www.facebook.com\/petrerjoven\/\" \/>\n<meta property=\"article:modified_time\" content=\"2025-12-10T11:02:56+00:00\" \/>\n<meta property=\"og:image\" content=\"https:\/\/petrerjove.com\/wp-content\/uploads\/2025\/12\/presentacionlibro_12dic_destacada-min.jpg\" \/>\n\t<meta property=\"og:image:width\" content=\"400\" \/>\n\t<meta property=\"og:image:height\" content=\"290\" \/>\n\t<meta property=\"og:image:type\" content=\"image\/jpeg\" \/>\n<meta name=\"twitter:card\" content=\"summary_large_image\" \/>\n<meta name=\"twitter:label1\" content=\"Temps estimat de lectura\" \/>\n\t<meta name=\"twitter:data1\" content=\"1 minut\" \/>\n<script type=\"application\/ld+json\" class=\"yoast-schema-graph\">{\"@context\":\"https:\\\/\\\/schema.org\",\"@graph\":[{\"@type\":\"WebPage\",\"@id\":\"https:\\\/\\\/petrerjove.com\\\/ca\\\/evento\\\/marian-romero-casos-pendents-mes-enlla-de-la-mort\\\/\",\"url\":\"https:\\\/\\\/petrerjove.com\\\/ca\\\/evento\\\/marian-romero-casos-pendents-mes-enlla-de-la-mort\\\/\",\"name\":\"Marian Romero - Casos pendents m\u00e9s enll\u00e0 de la mort - Petrer Jove\",\"isPartOf\":{\"@id\":\"https:\\\/\\\/petrerjove.com\\\/ca\\\/#website\"},\"primaryImageOfPage\":{\"@id\":\"https:\\\/\\\/petrerjove.com\\\/ca\\\/evento\\\/marian-romero-casos-pendents-mes-enlla-de-la-mort\\\/#primaryimage\"},\"image\":{\"@id\":\"https:\\\/\\\/petrerjove.com\\\/ca\\\/evento\\\/marian-romero-casos-pendents-mes-enlla-de-la-mort\\\/#primaryimage\"},\"thumbnailUrl\":\"https:\\\/\\\/petrerjove.com\\\/wp-content\\\/uploads\\\/2025\\\/12\\\/presentacionlibro_12dic_destacada-min.jpg\",\"datePublished\":\"2025-12-10T11:00:16+00:00\",\"dateModified\":\"2025-12-10T11:02:56+00:00\",\"description\":\"Casos pendents m\u00e9s enll\u00e0 de la mort de Marian Romero, el 12 de desembre a les 20 h al Forn Cultural. Entrada lliure.\",\"breadcrumb\":{\"@id\":\"https:\\\/\\\/petrerjove.com\\\/ca\\\/evento\\\/marian-romero-casos-pendents-mes-enlla-de-la-mort\\\/#breadcrumb\"},\"inLanguage\":\"ca\",\"potentialAction\":[{\"@type\":\"ReadAction\",\"target\":[\"https:\\\/\\\/petrerjove.com\\\/ca\\\/evento\\\/marian-romero-casos-pendents-mes-enlla-de-la-mort\\\/\"]}]},{\"@type\":\"ImageObject\",\"inLanguage\":\"ca\",\"@id\":\"https:\\\/\\\/petrerjove.com\\\/ca\\\/evento\\\/marian-romero-casos-pendents-mes-enlla-de-la-mort\\\/#primaryimage\",\"url\":\"https:\\\/\\\/petrerjove.com\\\/wp-content\\\/uploads\\\/2025\\\/12\\\/presentacionlibro_12dic_destacada-min.jpg\",\"contentUrl\":\"https:\\\/\\\/petrerjove.com\\\/wp-content\\\/uploads\\\/2025\\\/12\\\/presentacionlibro_12dic_destacada-min.jpg\",\"width\":400,\"height\":290},{\"@type\":\"BreadcrumbList\",\"@id\":\"https:\\\/\\\/petrerjove.com\\\/ca\\\/evento\\\/marian-romero-casos-pendents-mes-enlla-de-la-mort\\\/#breadcrumb\",\"itemListElement\":[{\"@type\":\"ListItem\",\"position\":1,\"name\":\"Portada\",\"item\":\"https:\\\/\\\/petrerjove.com\\\/ca\\\/\"},{\"@type\":\"ListItem\",\"position\":2,\"name\":\"Marian Romero &#8211; Casos pendents m\u00e9s enll\u00e0 de la mort\"}]},{\"@type\":\"WebSite\",\"@id\":\"https:\\\/\\\/petrerjove.com\\\/ca\\\/#website\",\"url\":\"https:\\\/\\\/petrerjove.com\\\/ca\\\/\",\"name\":\"Petrer Jove\",\"description\":\"Concejal\u00eda de Infancia y Juventud de Petrer\",\"publisher\":{\"@id\":\"https:\\\/\\\/petrerjove.com\\\/ca\\\/#organization\"},\"potentialAction\":[{\"@type\":\"SearchAction\",\"target\":{\"@type\":\"EntryPoint\",\"urlTemplate\":\"https:\\\/\\\/petrerjove.com\\\/ca\\\/?s={search_term_string}\"},\"query-input\":{\"@type\":\"PropertyValueSpecification\",\"valueRequired\":true,\"valueName\":\"search_term_string\"}}],\"inLanguage\":\"ca\"},{\"@type\":\"Organization\",\"@id\":\"https:\\\/\\\/petrerjove.com\\\/ca\\\/#organization\",\"name\":\"Concejal\u00eda de Juventud de Petrer\",\"url\":\"https:\\\/\\\/petrerjove.com\\\/ca\\\/\",\"logo\":{\"@type\":\"ImageObject\",\"inLanguage\":\"ca\",\"@id\":\"https:\\\/\\\/petrerjove.com\\\/ca\\\/#\\\/schema\\\/logo\\\/image\\\/\",\"url\":\"https:\\\/\\\/petrerjove.com\\\/wp-content\\\/uploads\\\/2024\\\/02\\\/petrerjove_horizontal.svg\",\"contentUrl\":\"https:\\\/\\\/petrerjove.com\\\/wp-content\\\/uploads\\\/2024\\\/02\\\/petrerjove_horizontal.svg\",\"width\":200,\"height\":70,\"caption\":\"Concejal\u00eda de Juventud de Petrer\"},\"image\":{\"@id\":\"https:\\\/\\\/petrerjove.com\\\/ca\\\/#\\\/schema\\\/logo\\\/image\\\/\"},\"sameAs\":[\"https:\\\/\\\/www.facebook.com\\\/petrerjoven\\\/\",\"https:\\\/\\\/www.instagram.com\\\/petrerjove\\\/\"]}]}<\/script>\n<!-- \/ Yoast SEO plugin. -->","yoast_head_json":{"title":"Marian Romero - Casos pendents m\u00e9s enll\u00e0 de la mort - Petrer Jove","description":"Casos pendents m\u00e9s enll\u00e0 de la mort de Marian Romero, el 12 de desembre a les 20 h al Forn Cultural. Entrada lliure.","robots":{"index":"index","follow":"follow","max-snippet":"max-snippet:-1","max-image-preview":"max-image-preview:large","max-video-preview":"max-video-preview:-1"},"canonical":"https:\/\/petrerjove.com\/ca\/evento\/marian-romero-casos-pendents-mes-enlla-de-la-mort\/","og_locale":"ca_ES","og_type":"article","og_title":"Marian Romero - Casos pendents m\u00e9s enll\u00e0 de la mort - Petrer Jove","og_description":"Casos pendents m\u00e9s enll\u00e0 de la mort de Marian Romero, el 12 de desembre a les 20 h al Forn Cultural. Entrada lliure.","og_url":"https:\/\/petrerjove.com\/ca\/evento\/marian-romero-casos-pendents-mes-enlla-de-la-mort\/","og_site_name":"Petrer Jove","article_publisher":"https:\/\/www.facebook.com\/petrerjoven\/","article_modified_time":"2025-12-10T11:02:56+00:00","og_image":[{"width":400,"height":290,"url":"https:\/\/petrerjove.com\/wp-content\/uploads\/2025\/12\/presentacionlibro_12dic_destacada-min.jpg","type":"image\/jpeg"}],"twitter_card":"summary_large_image","twitter_misc":{"Temps estimat de lectura":"1 minut"},"schema":{"@context":"https:\/\/schema.org","@graph":[{"@type":"WebPage","@id":"https:\/\/petrerjove.com\/ca\/evento\/marian-romero-casos-pendents-mes-enlla-de-la-mort\/","url":"https:\/\/petrerjove.com\/ca\/evento\/marian-romero-casos-pendents-mes-enlla-de-la-mort\/","name":"Marian Romero - Casos pendents m\u00e9s enll\u00e0 de la mort - Petrer Jove","isPartOf":{"@id":"https:\/\/petrerjove.com\/ca\/#website"},"primaryImageOfPage":{"@id":"https:\/\/petrerjove.com\/ca\/evento\/marian-romero-casos-pendents-mes-enlla-de-la-mort\/#primaryimage"},"image":{"@id":"https:\/\/petrerjove.com\/ca\/evento\/marian-romero-casos-pendents-mes-enlla-de-la-mort\/#primaryimage"},"thumbnailUrl":"https:\/\/petrerjove.com\/wp-content\/uploads\/2025\/12\/presentacionlibro_12dic_destacada-min.jpg","datePublished":"2025-12-10T11:00:16+00:00","dateModified":"2025-12-10T11:02:56+00:00","description":"Casos pendents m\u00e9s enll\u00e0 de la mort de Marian Romero, el 12 de desembre a les 20 h al Forn Cultural. Entrada lliure.","breadcrumb":{"@id":"https:\/\/petrerjove.com\/ca\/evento\/marian-romero-casos-pendents-mes-enlla-de-la-mort\/#breadcrumb"},"inLanguage":"ca","potentialAction":[{"@type":"ReadAction","target":["https:\/\/petrerjove.com\/ca\/evento\/marian-romero-casos-pendents-mes-enlla-de-la-mort\/"]}]},{"@type":"ImageObject","inLanguage":"ca","@id":"https:\/\/petrerjove.com\/ca\/evento\/marian-romero-casos-pendents-mes-enlla-de-la-mort\/#primaryimage","url":"https:\/\/petrerjove.com\/wp-content\/uploads\/2025\/12\/presentacionlibro_12dic_destacada-min.jpg","contentUrl":"https:\/\/petrerjove.com\/wp-content\/uploads\/2025\/12\/presentacionlibro_12dic_destacada-min.jpg","width":400,"height":290},{"@type":"BreadcrumbList","@id":"https:\/\/petrerjove.com\/ca\/evento\/marian-romero-casos-pendents-mes-enlla-de-la-mort\/#breadcrumb","itemListElement":[{"@type":"ListItem","position":1,"name":"Portada","item":"https:\/\/petrerjove.com\/ca\/"},{"@type":"ListItem","position":2,"name":"Marian Romero &#8211; Casos pendents m\u00e9s enll\u00e0 de la mort"}]},{"@type":"WebSite","@id":"https:\/\/petrerjove.com\/ca\/#website","url":"https:\/\/petrerjove.com\/ca\/","name":"Petrer Jove","description":"Concejal\u00eda de Infancia y Juventud de Petrer","publisher":{"@id":"https:\/\/petrerjove.com\/ca\/#organization"},"potentialAction":[{"@type":"SearchAction","target":{"@type":"EntryPoint","urlTemplate":"https:\/\/petrerjove.com\/ca\/?s={search_term_string}"},"query-input":{"@type":"PropertyValueSpecification","valueRequired":true,"valueName":"search_term_string"}}],"inLanguage":"ca"},{"@type":"Organization","@id":"https:\/\/petrerjove.com\/ca\/#organization","name":"Concejal\u00eda de Juventud de Petrer","url":"https:\/\/petrerjove.com\/ca\/","logo":{"@type":"ImageObject","inLanguage":"ca","@id":"https:\/\/petrerjove.com\/ca\/#\/schema\/logo\/image\/","url":"https:\/\/petrerjove.com\/wp-content\/uploads\/2024\/02\/petrerjove_horizontal.svg","contentUrl":"https:\/\/petrerjove.com\/wp-content\/uploads\/2024\/02\/petrerjove_horizontal.svg","width":200,"height":70,"caption":"Concejal\u00eda de Juventud de Petrer"},"image":{"@id":"https:\/\/petrerjove.com\/ca\/#\/schema\/logo\/image\/"},"sameAs":["https:\/\/www.facebook.com\/petrerjoven\/","https:\/\/www.instagram.com\/petrerjove\/"]}]}},"_links":{"self":[{"href":"https:\/\/petrerjove.com\/ca\/wp-json\/wp\/v2\/evento\/7106","targetHints":{"allow":["GET"]}}],"collection":[{"href":"https:\/\/petrerjove.com\/ca\/wp-json\/wp\/v2\/evento"}],"about":[{"href":"https:\/\/petrerjove.com\/ca\/wp-json\/wp\/v2\/types\/evento"}],"author":[{"embeddable":true,"href":"https:\/\/petrerjove.com\/ca\/wp-json\/wp\/v2\/users\/1"}],"version-history":[{"count":1,"href":"https:\/\/petrerjove.com\/ca\/wp-json\/wp\/v2\/evento\/7106\/revisions"}],"predecessor-version":[{"id":7107,"href":"https:\/\/petrerjove.com\/ca\/wp-json\/wp\/v2\/evento\/7106\/revisions\/7107"}],"wp:featuredmedia":[{"embeddable":true,"href":"https:\/\/petrerjove.com\/ca\/wp-json\/wp\/v2\/media\/7092"}],"wp:attachment":[{"href":"https:\/\/petrerjove.com\/ca\/wp-json\/wp\/v2\/media?parent=7106"}],"wp:term":[{"taxonomy":"tag-evento","embeddable":true,"href":"https:\/\/petrerjove.com\/ca\/wp-json\/wp\/v2\/tag-evento?post=7106"},{"taxonomy":"edades-eventos","embeddable":true,"href":"https:\/\/petrerjove.com\/ca\/wp-json\/wp\/v2\/edades-eventos?post=7106"},{"taxonomy":"lugar-eventos","embeddable":true,"href":"https:\/\/petrerjove.com\/ca\/wp-json\/wp\/v2\/lugar-eventos?post=7106"}],"curies":[{"name":"wp","href":"https:\/\/api.w.org\/{rel}","templated":true}]}}