{"id":6878,"date":"2025-11-28T14:33:46","date_gmt":"2025-11-28T13:33:46","guid":{"rendered":"https:\/\/petrerjove.com\/evento\/conferencia-factors-de-risc-i-de-proteccio-de-la-violencia-de-genere-i-lus-problematic-a-les-xarxes-socials-una-perspectiva-longitudinal\/"},"modified":"2025-11-28T14:39:46","modified_gmt":"2025-11-28T13:39:46","slug":"conferencia-factors-de-risc-i-de-proteccio-de-la-violencia-de-genere-i-lus-problematic-a-les-xarxes-socials-una-perspectiva-longitudinal","status":"publish","type":"evento","link":"https:\/\/petrerjove.com\/ca\/evento\/conferencia-factors-de-risc-i-de-proteccio-de-la-violencia-de-genere-i-lus-problematic-a-les-xarxes-socials-una-perspectiva-longitudinal\/","title":{"rendered":"Confer\u00e8ncia &#8211; Factors de risc i de protecci\u00f3 de la viol\u00e8ncia de g\u00e8nere i l&#8217;\u00fas problem\u00e0tic a les xarxes socials. Una perspectiva longitudinal"},"content":{"rendered":"\n<p>Dins el III Cicle sobre Feminisme: \u201cLa tecnologia a l&#8217;era de la IA amb una an\u00e0lisi i perspectiva feminista\u201d, aquesta confer\u00e8ncia aprofundeix en com les xarxes socials poden influir en la viol\u00e8ncia de g\u00e8nere des d&#8217;una perspectiva longitudinal, analitzant tant els factors de risc com els elements de protecci\u00f3.<\/p>\n\n<p>La sessi\u00f3 ser\u00e0 a c\u00e0rrec de Carmen Mart\u00ednez Monteagudo, professora del Departament de Psicologia Evolutiva i Did\u00e0ctica de la Universitat d&#8217;Alacant.<\/p>\n\n<p>Organiza: Seu Universit\u00e0ria de Petrer&#13;\nColabora: Asamblea Feminista Vinalop\u00f3 Mitj\u00e0&#13;\nEntrada libre<\/p>\n\n<div style=\"height:50px\" aria-hidden=\"true\" class=\"wp-block-spacer\"><\/div>\n\n<figure class=\"wp-block-image aligncenter size-large is-resized\"><img fetchpriority=\"high\" decoding=\"async\" width=\"717\" height=\"1024\" src=\"https:\/\/petrerjove.com\/wp-content\/uploads\/2025\/11\/Cartel-FEMINISMO-3-11-dic-Mari-Carmen-OK-min-717x1024.jpg\" alt=\"\" class=\"wp-image-6871\" style=\"width:350px\" srcset=\"https:\/\/petrerjove.com\/wp-content\/uploads\/2025\/11\/Cartel-FEMINISMO-3-11-dic-Mari-Carmen-OK-min-717x1024.jpg 717w, https:\/\/petrerjove.com\/wp-content\/uploads\/2025\/11\/Cartel-FEMINISMO-3-11-dic-Mari-Carmen-OK-min-210x300.jpg 210w, https:\/\/petrerjove.com\/wp-content\/uploads\/2025\/11\/Cartel-FEMINISMO-3-11-dic-Mari-Carmen-OK-min-768x1097.jpg 768w, https:\/\/petrerjove.com\/wp-content\/uploads\/2025\/11\/Cartel-FEMINISMO-3-11-dic-Mari-Carmen-OK-min-1075x1536.jpg 1075w, https:\/\/petrerjove.com\/wp-content\/uploads\/2025\/11\/Cartel-FEMINISMO-3-11-dic-Mari-Carmen-OK-min.jpg 1344w\" sizes=\"(max-width: 717px) 100vw, 717px\" \/><\/figure>\n","protected":false},"author":1,"featured_media":6876,"template":"","tag-evento":[],"edades-eventos":[141],"lugar-eventos":[81],"class_list":["post-6878","evento","type-evento","status-publish","has-post-thumbnail","hentry","edades-eventos-totes-les-edats","lugar-eventos-espai-blanc"],"yoast_head":"<!-- This site is optimized with the Yoast SEO plugin v27.5 - https:\/\/yoast.com\/product\/yoast-seo-wordpress\/ -->\n<title>Confer\u00e8ncia - Factors de risc i de protecci\u00f3 de la viol\u00e8ncia de g\u00e8nere i l&#039;\u00fas problem\u00e0tic a les xarxes socials. Una perspectiva longitudinal - Petrer Jove<\/title>\n<meta name=\"description\" content=\"Assisteix a la confer\u00e8ncia sobre viol\u00e8ncia de g\u00e8nere i \u00fas problem\u00e0tic de xarxes socials l&#039;11 de desembre a Espai Blanc. Entrada lliure.\" \/>\n<meta name=\"robots\" content=\"index, follow, max-snippet:-1, max-image-preview:large, max-video-preview:-1\" \/>\n<link rel=\"canonical\" href=\"https:\/\/petrerjove.com\/ca\/evento\/conferencia-factors-de-risc-i-de-proteccio-de-la-violencia-de-genere-i-lus-problematic-a-les-xarxes-socials-una-perspectiva-longitudinal\/\" \/>\n<meta property=\"og:locale\" content=\"ca_ES\" \/>\n<meta property=\"og:type\" content=\"article\" \/>\n<meta property=\"og:title\" content=\"Confer\u00e8ncia - Factors de risc i de protecci\u00f3 de la viol\u00e8ncia de g\u00e8nere i l&#039;\u00fas problem\u00e0tic a les xarxes socials. Una perspectiva longitudinal - Petrer Jove\" \/>\n<meta property=\"og:description\" content=\"Assisteix a la confer\u00e8ncia sobre viol\u00e8ncia de g\u00e8nere i \u00fas problem\u00e0tic de xarxes socials l&#039;11 de desembre a Espai Blanc. Entrada lliure.\" \/>\n<meta property=\"og:url\" content=\"https:\/\/petrerjove.com\/ca\/evento\/conferencia-factors-de-risc-i-de-proteccio-de-la-violencia-de-genere-i-lus-problematic-a-les-xarxes-socials-una-perspectiva-longitudinal\/\" \/>\n<meta property=\"og:site_name\" content=\"Petrer Jove\" \/>\n<meta property=\"article:publisher\" content=\"https:\/\/www.facebook.com\/petrerjoven\/\" \/>\n<meta property=\"article:modified_time\" content=\"2025-11-28T13:39:46+00:00\" \/>\n<meta property=\"og:image\" content=\"https:\/\/petrerjove.com\/wp-content\/uploads\/2025\/11\/conferenciarrss_11dic_destacada-min.jpg\" \/>\n\t<meta property=\"og:image:width\" content=\"400\" \/>\n\t<meta property=\"og:image:height\" content=\"290\" \/>\n\t<meta property=\"og:image:type\" content=\"image\/jpeg\" \/>\n<meta name=\"twitter:card\" content=\"summary_large_image\" \/>\n<script type=\"application\/ld+json\" class=\"yoast-schema-graph\">{\"@context\":\"https:\\\/\\\/schema.org\",\"@graph\":[{\"@type\":\"WebPage\",\"@id\":\"https:\\\/\\\/petrerjove.com\\\/ca\\\/evento\\\/conferencia-factors-de-risc-i-de-proteccio-de-la-violencia-de-genere-i-lus-problematic-a-les-xarxes-socials-una-perspectiva-longitudinal\\\/\",\"url\":\"https:\\\/\\\/petrerjove.com\\\/ca\\\/evento\\\/conferencia-factors-de-risc-i-de-proteccio-de-la-violencia-de-genere-i-lus-problematic-a-les-xarxes-socials-una-perspectiva-longitudinal\\\/\",\"name\":\"Confer\u00e8ncia - Factors de risc i de protecci\u00f3 de la viol\u00e8ncia de g\u00e8nere i l'\u00fas problem\u00e0tic a les xarxes socials. Una perspectiva longitudinal - Petrer Jove\",\"isPartOf\":{\"@id\":\"https:\\\/\\\/petrerjove.com\\\/ca\\\/#website\"},\"primaryImageOfPage\":{\"@id\":\"https:\\\/\\\/petrerjove.com\\\/ca\\\/evento\\\/conferencia-factors-de-risc-i-de-proteccio-de-la-violencia-de-genere-i-lus-problematic-a-les-xarxes-socials-una-perspectiva-longitudinal\\\/#primaryimage\"},\"image\":{\"@id\":\"https:\\\/\\\/petrerjove.com\\\/ca\\\/evento\\\/conferencia-factors-de-risc-i-de-proteccio-de-la-violencia-de-genere-i-lus-problematic-a-les-xarxes-socials-una-perspectiva-longitudinal\\\/#primaryimage\"},\"thumbnailUrl\":\"https:\\\/\\\/petrerjove.com\\\/wp-content\\\/uploads\\\/2025\\\/11\\\/conferenciarrss_11dic_destacada-min.jpg\",\"datePublished\":\"2025-11-28T13:33:46+00:00\",\"dateModified\":\"2025-11-28T13:39:46+00:00\",\"description\":\"Assisteix a la confer\u00e8ncia sobre viol\u00e8ncia de g\u00e8nere i \u00fas problem\u00e0tic de xarxes socials l'11 de desembre a Espai Blanc. Entrada lliure.\",\"breadcrumb\":{\"@id\":\"https:\\\/\\\/petrerjove.com\\\/ca\\\/evento\\\/conferencia-factors-de-risc-i-de-proteccio-de-la-violencia-de-genere-i-lus-problematic-a-les-xarxes-socials-una-perspectiva-longitudinal\\\/#breadcrumb\"},\"inLanguage\":\"ca\",\"potentialAction\":[{\"@type\":\"ReadAction\",\"target\":[\"https:\\\/\\\/petrerjove.com\\\/ca\\\/evento\\\/conferencia-factors-de-risc-i-de-proteccio-de-la-violencia-de-genere-i-lus-problematic-a-les-xarxes-socials-una-perspectiva-longitudinal\\\/\"]}]},{\"@type\":\"ImageObject\",\"inLanguage\":\"ca\",\"@id\":\"https:\\\/\\\/petrerjove.com\\\/ca\\\/evento\\\/conferencia-factors-de-risc-i-de-proteccio-de-la-violencia-de-genere-i-lus-problematic-a-les-xarxes-socials-una-perspectiva-longitudinal\\\/#primaryimage\",\"url\":\"https:\\\/\\\/petrerjove.com\\\/wp-content\\\/uploads\\\/2025\\\/11\\\/conferenciarrss_11dic_destacada-min.jpg\",\"contentUrl\":\"https:\\\/\\\/petrerjove.com\\\/wp-content\\\/uploads\\\/2025\\\/11\\\/conferenciarrss_11dic_destacada-min.jpg\",\"width\":400,\"height\":290},{\"@type\":\"BreadcrumbList\",\"@id\":\"https:\\\/\\\/petrerjove.com\\\/ca\\\/evento\\\/conferencia-factors-de-risc-i-de-proteccio-de-la-violencia-de-genere-i-lus-problematic-a-les-xarxes-socials-una-perspectiva-longitudinal\\\/#breadcrumb\",\"itemListElement\":[{\"@type\":\"ListItem\",\"position\":1,\"name\":\"Portada\",\"item\":\"https:\\\/\\\/petrerjove.com\\\/ca\\\/\"},{\"@type\":\"ListItem\",\"position\":2,\"name\":\"Confer\u00e8ncia &#8211; Factors de risc i de protecci\u00f3 de la viol\u00e8ncia de g\u00e8nere i l&#8217;\u00fas problem\u00e0tic a les xarxes socials. Una perspectiva longitudinal\"}]},{\"@type\":\"WebSite\",\"@id\":\"https:\\\/\\\/petrerjove.com\\\/ca\\\/#website\",\"url\":\"https:\\\/\\\/petrerjove.com\\\/ca\\\/\",\"name\":\"Petrer Jove\",\"description\":\"Concejal\u00eda de Infancia y Juventud de Petrer\",\"publisher\":{\"@id\":\"https:\\\/\\\/petrerjove.com\\\/ca\\\/#organization\"},\"potentialAction\":[{\"@type\":\"SearchAction\",\"target\":{\"@type\":\"EntryPoint\",\"urlTemplate\":\"https:\\\/\\\/petrerjove.com\\\/ca\\\/?s={search_term_string}\"},\"query-input\":{\"@type\":\"PropertyValueSpecification\",\"valueRequired\":true,\"valueName\":\"search_term_string\"}}],\"inLanguage\":\"ca\"},{\"@type\":\"Organization\",\"@id\":\"https:\\\/\\\/petrerjove.com\\\/ca\\\/#organization\",\"name\":\"Concejal\u00eda de Juventud de Petrer\",\"url\":\"https:\\\/\\\/petrerjove.com\\\/ca\\\/\",\"logo\":{\"@type\":\"ImageObject\",\"inLanguage\":\"ca\",\"@id\":\"https:\\\/\\\/petrerjove.com\\\/ca\\\/#\\\/schema\\\/logo\\\/image\\\/\",\"url\":\"https:\\\/\\\/petrerjove.com\\\/wp-content\\\/uploads\\\/2024\\\/02\\\/petrerjove_horizontal.svg\",\"contentUrl\":\"https:\\\/\\\/petrerjove.com\\\/wp-content\\\/uploads\\\/2024\\\/02\\\/petrerjove_horizontal.svg\",\"width\":200,\"height\":70,\"caption\":\"Concejal\u00eda de Juventud de Petrer\"},\"image\":{\"@id\":\"https:\\\/\\\/petrerjove.com\\\/ca\\\/#\\\/schema\\\/logo\\\/image\\\/\"},\"sameAs\":[\"https:\\\/\\\/www.facebook.com\\\/petrerjoven\\\/\",\"https:\\\/\\\/www.instagram.com\\\/petrerjove\\\/\"]}]}<\/script>\n<!-- \/ Yoast SEO plugin. -->","yoast_head_json":{"title":"Confer\u00e8ncia - Factors de risc i de protecci\u00f3 de la viol\u00e8ncia de g\u00e8nere i l'\u00fas problem\u00e0tic a les xarxes socials. Una perspectiva longitudinal - Petrer Jove","description":"Assisteix a la confer\u00e8ncia sobre viol\u00e8ncia de g\u00e8nere i \u00fas problem\u00e0tic de xarxes socials l'11 de desembre a Espai Blanc. Entrada lliure.","robots":{"index":"index","follow":"follow","max-snippet":"max-snippet:-1","max-image-preview":"max-image-preview:large","max-video-preview":"max-video-preview:-1"},"canonical":"https:\/\/petrerjove.com\/ca\/evento\/conferencia-factors-de-risc-i-de-proteccio-de-la-violencia-de-genere-i-lus-problematic-a-les-xarxes-socials-una-perspectiva-longitudinal\/","og_locale":"ca_ES","og_type":"article","og_title":"Confer\u00e8ncia - Factors de risc i de protecci\u00f3 de la viol\u00e8ncia de g\u00e8nere i l'\u00fas problem\u00e0tic a les xarxes socials. Una perspectiva longitudinal - Petrer Jove","og_description":"Assisteix a la confer\u00e8ncia sobre viol\u00e8ncia de g\u00e8nere i \u00fas problem\u00e0tic de xarxes socials l'11 de desembre a Espai Blanc. Entrada lliure.","og_url":"https:\/\/petrerjove.com\/ca\/evento\/conferencia-factors-de-risc-i-de-proteccio-de-la-violencia-de-genere-i-lus-problematic-a-les-xarxes-socials-una-perspectiva-longitudinal\/","og_site_name":"Petrer Jove","article_publisher":"https:\/\/www.facebook.com\/petrerjoven\/","article_modified_time":"2025-11-28T13:39:46+00:00","og_image":[{"width":400,"height":290,"url":"https:\/\/petrerjove.com\/wp-content\/uploads\/2025\/11\/conferenciarrss_11dic_destacada-min.jpg","type":"image\/jpeg"}],"twitter_card":"summary_large_image","schema":{"@context":"https:\/\/schema.org","@graph":[{"@type":"WebPage","@id":"https:\/\/petrerjove.com\/ca\/evento\/conferencia-factors-de-risc-i-de-proteccio-de-la-violencia-de-genere-i-lus-problematic-a-les-xarxes-socials-una-perspectiva-longitudinal\/","url":"https:\/\/petrerjove.com\/ca\/evento\/conferencia-factors-de-risc-i-de-proteccio-de-la-violencia-de-genere-i-lus-problematic-a-les-xarxes-socials-una-perspectiva-longitudinal\/","name":"Confer\u00e8ncia - Factors de risc i de protecci\u00f3 de la viol\u00e8ncia de g\u00e8nere i l'\u00fas problem\u00e0tic a les xarxes socials. Una perspectiva longitudinal - Petrer Jove","isPartOf":{"@id":"https:\/\/petrerjove.com\/ca\/#website"},"primaryImageOfPage":{"@id":"https:\/\/petrerjove.com\/ca\/evento\/conferencia-factors-de-risc-i-de-proteccio-de-la-violencia-de-genere-i-lus-problematic-a-les-xarxes-socials-una-perspectiva-longitudinal\/#primaryimage"},"image":{"@id":"https:\/\/petrerjove.com\/ca\/evento\/conferencia-factors-de-risc-i-de-proteccio-de-la-violencia-de-genere-i-lus-problematic-a-les-xarxes-socials-una-perspectiva-longitudinal\/#primaryimage"},"thumbnailUrl":"https:\/\/petrerjove.com\/wp-content\/uploads\/2025\/11\/conferenciarrss_11dic_destacada-min.jpg","datePublished":"2025-11-28T13:33:46+00:00","dateModified":"2025-11-28T13:39:46+00:00","description":"Assisteix a la confer\u00e8ncia sobre viol\u00e8ncia de g\u00e8nere i \u00fas problem\u00e0tic de xarxes socials l'11 de desembre a Espai Blanc. Entrada lliure.","breadcrumb":{"@id":"https:\/\/petrerjove.com\/ca\/evento\/conferencia-factors-de-risc-i-de-proteccio-de-la-violencia-de-genere-i-lus-problematic-a-les-xarxes-socials-una-perspectiva-longitudinal\/#breadcrumb"},"inLanguage":"ca","potentialAction":[{"@type":"ReadAction","target":["https:\/\/petrerjove.com\/ca\/evento\/conferencia-factors-de-risc-i-de-proteccio-de-la-violencia-de-genere-i-lus-problematic-a-les-xarxes-socials-una-perspectiva-longitudinal\/"]}]},{"@type":"ImageObject","inLanguage":"ca","@id":"https:\/\/petrerjove.com\/ca\/evento\/conferencia-factors-de-risc-i-de-proteccio-de-la-violencia-de-genere-i-lus-problematic-a-les-xarxes-socials-una-perspectiva-longitudinal\/#primaryimage","url":"https:\/\/petrerjove.com\/wp-content\/uploads\/2025\/11\/conferenciarrss_11dic_destacada-min.jpg","contentUrl":"https:\/\/petrerjove.com\/wp-content\/uploads\/2025\/11\/conferenciarrss_11dic_destacada-min.jpg","width":400,"height":290},{"@type":"BreadcrumbList","@id":"https:\/\/petrerjove.com\/ca\/evento\/conferencia-factors-de-risc-i-de-proteccio-de-la-violencia-de-genere-i-lus-problematic-a-les-xarxes-socials-una-perspectiva-longitudinal\/#breadcrumb","itemListElement":[{"@type":"ListItem","position":1,"name":"Portada","item":"https:\/\/petrerjove.com\/ca\/"},{"@type":"ListItem","position":2,"name":"Confer\u00e8ncia &#8211; Factors de risc i de protecci\u00f3 de la viol\u00e8ncia de g\u00e8nere i l&#8217;\u00fas problem\u00e0tic a les xarxes socials. Una perspectiva longitudinal"}]},{"@type":"WebSite","@id":"https:\/\/petrerjove.com\/ca\/#website","url":"https:\/\/petrerjove.com\/ca\/","name":"Petrer Jove","description":"Concejal\u00eda de Infancia y Juventud de Petrer","publisher":{"@id":"https:\/\/petrerjove.com\/ca\/#organization"},"potentialAction":[{"@type":"SearchAction","target":{"@type":"EntryPoint","urlTemplate":"https:\/\/petrerjove.com\/ca\/?s={search_term_string}"},"query-input":{"@type":"PropertyValueSpecification","valueRequired":true,"valueName":"search_term_string"}}],"inLanguage":"ca"},{"@type":"Organization","@id":"https:\/\/petrerjove.com\/ca\/#organization","name":"Concejal\u00eda de Juventud de Petrer","url":"https:\/\/petrerjove.com\/ca\/","logo":{"@type":"ImageObject","inLanguage":"ca","@id":"https:\/\/petrerjove.com\/ca\/#\/schema\/logo\/image\/","url":"https:\/\/petrerjove.com\/wp-content\/uploads\/2024\/02\/petrerjove_horizontal.svg","contentUrl":"https:\/\/petrerjove.com\/wp-content\/uploads\/2024\/02\/petrerjove_horizontal.svg","width":200,"height":70,"caption":"Concejal\u00eda de Juventud de Petrer"},"image":{"@id":"https:\/\/petrerjove.com\/ca\/#\/schema\/logo\/image\/"},"sameAs":["https:\/\/www.facebook.com\/petrerjoven\/","https:\/\/www.instagram.com\/petrerjove\/"]}]}},"_links":{"self":[{"href":"https:\/\/petrerjove.com\/ca\/wp-json\/wp\/v2\/evento\/6878","targetHints":{"allow":["GET"]}}],"collection":[{"href":"https:\/\/petrerjove.com\/ca\/wp-json\/wp\/v2\/evento"}],"about":[{"href":"https:\/\/petrerjove.com\/ca\/wp-json\/wp\/v2\/types\/evento"}],"author":[{"embeddable":true,"href":"https:\/\/petrerjove.com\/ca\/wp-json\/wp\/v2\/users\/1"}],"version-history":[{"count":1,"href":"https:\/\/petrerjove.com\/ca\/wp-json\/wp\/v2\/evento\/6878\/revisions"}],"predecessor-version":[{"id":6879,"href":"https:\/\/petrerjove.com\/ca\/wp-json\/wp\/v2\/evento\/6878\/revisions\/6879"}],"wp:featuredmedia":[{"embeddable":true,"href":"https:\/\/petrerjove.com\/ca\/wp-json\/wp\/v2\/media\/6876"}],"wp:attachment":[{"href":"https:\/\/petrerjove.com\/ca\/wp-json\/wp\/v2\/media?parent=6878"}],"wp:term":[{"taxonomy":"tag-evento","embeddable":true,"href":"https:\/\/petrerjove.com\/ca\/wp-json\/wp\/v2\/tag-evento?post=6878"},{"taxonomy":"edades-eventos","embeddable":true,"href":"https:\/\/petrerjove.com\/ca\/wp-json\/wp\/v2\/edades-eventos?post=6878"},{"taxonomy":"lugar-eventos","embeddable":true,"href":"https:\/\/petrerjove.com\/ca\/wp-json\/wp\/v2\/lugar-eventos?post=6878"}],"curies":[{"name":"wp","href":"https:\/\/api.w.org\/{rel}","templated":true}]}}