{"id":6758,"date":"2025-11-20T13:56:09","date_gmt":"2025-11-20T12:56:09","guid":{"rendered":"https:\/\/petrerjove.com\/evento\/iii-jornades-de-meteovinalopo-riscos-naturals-exposicio-comunicacio-i-possibles-solucions\/"},"modified":"2025-11-20T13:57:45","modified_gmt":"2025-11-20T12:57:45","slug":"iii-jornades-de-meteovinalopo-riscos-naturals-exposicio-comunicacio-i-possibles-solucions","status":"publish","type":"evento","link":"https:\/\/petrerjove.com\/ca\/evento\/iii-jornades-de-meteovinalopo-riscos-naturals-exposicio-comunicacio-i-possibles-solucions\/","title":{"rendered":"III Jornades de Meteovinalop\u00f3 &#8211; Riscos naturals: exposici\u00f3, comunicaci\u00f3 i possibles solucions"},"content":{"rendered":"\n<p>\ud83d\udcc5 Dijous 20 de novembre de 2025&#13;\n\ud83d\udd56 19:00 h&#13;\n\ud83d\udccd Centre Cultural<\/p>\n\n<p>Les III Jornades de MeteoVinalop\u00f3 tornen amb una edici\u00f3 dedicada a un dels grans reptes actuals: els riscos naturals i com ens afecten.&#13;\nUna trobada imprescindible per als que volen comprendre millor com es comuniquen aquests fen\u00f2mens i quines eines hi ha per minimitzar-ne les conseq\u00fc\u00e8ncies.<\/p>\n\n<h3 class=\"wp-block-heading\">\ud83c\udf0d Ponents destacats:<\/h3>\n\n<ul class=\"wp-block-list\">\n<li>Enrique Molt\u00f3 &#8211; Especialista en riscos naturals i professor de Geografia de la Universitat d&#8217;Alacant.<\/li>\n\n\n\n<li>Llu\u00eds Obiols \u2013 Meteor\u00f2leg d&#8217;\u00c0 Punt, meteor\u00f2leg i comunicador.<\/li>\n<\/ul>\n\n<p>Ambd\u00f3s experts aprofundiran en la import\u00e0ncia d&#8217;una comunicaci\u00f3 clara i efica\u00e7 davant de fen\u00f2mens meteorol\u00f2gics extrems, aix\u00ed com possibles solucions per reduir l&#8217;impacte ambiental i social d&#8217;aquests riscos.<\/p>\n\n<p>\ud83d\udce5 Entrada lliure fins a completar aforament.<\/p>\n\n<div style=\"height:50px\" aria-hidden=\"true\" class=\"wp-block-spacer\"><\/div>\n\n<figure class=\"wp-block-image aligncenter size-large is-resized\"><img fetchpriority=\"high\" decoding=\"async\" width=\"724\" height=\"1024\" src=\"https:\/\/petrerjove.com\/wp-content\/uploads\/2025\/11\/579944115_1238720321622877_5325138525515216347_n-min-724x1024.jpg\" alt=\"\" class=\"wp-image-6751\" style=\"width:350px\" srcset=\"https:\/\/petrerjove.com\/wp-content\/uploads\/2025\/11\/579944115_1238720321622877_5325138525515216347_n-min-724x1024.jpg 724w, https:\/\/petrerjove.com\/wp-content\/uploads\/2025\/11\/579944115_1238720321622877_5325138525515216347_n-min-212x300.jpg 212w, https:\/\/petrerjove.com\/wp-content\/uploads\/2025\/11\/579944115_1238720321622877_5325138525515216347_n-min-768x1087.jpg 768w, https:\/\/petrerjove.com\/wp-content\/uploads\/2025\/11\/579944115_1238720321622877_5325138525515216347_n-min-1085x1536.jpg 1085w, https:\/\/petrerjove.com\/wp-content\/uploads\/2025\/11\/579944115_1238720321622877_5325138525515216347_n-min.jpg 1447w\" sizes=\"(max-width: 724px) 100vw, 724px\" \/><\/figure>\n","protected":false},"author":1,"featured_media":6756,"template":"","tag-evento":[],"edades-eventos":[141],"lugar-eventos":[77],"class_list":["post-6758","evento","type-evento","status-publish","has-post-thumbnail","hentry","edades-eventos-totes-les-edats","lugar-eventos-centre-cultural"],"yoast_head":"<!-- This site is optimized with the Yoast SEO plugin v27.5 - https:\/\/yoast.com\/product\/yoast-seo-wordpress\/ -->\n<title>III Jornades de Meteovinalop\u00f3 - Riscos naturals: exposici\u00f3, comunicaci\u00f3 i possibles solucions - Petrer Jove<\/title>\n<meta name=\"description\" content=\"III Jornades de MeteoVinalop\u00f3 el 20 de novembre al Centre Cultural. Trobada sobre riscos naturals, comunicaci\u00f3 i solucions.\" \/>\n<meta name=\"robots\" content=\"index, follow, max-snippet:-1, max-image-preview:large, max-video-preview:-1\" \/>\n<link rel=\"canonical\" href=\"https:\/\/petrerjove.com\/ca\/evento\/iii-jornades-de-meteovinalopo-riscos-naturals-exposicio-comunicacio-i-possibles-solucions\/\" \/>\n<meta property=\"og:locale\" content=\"ca_ES\" \/>\n<meta property=\"og:type\" content=\"article\" \/>\n<meta property=\"og:title\" content=\"III Jornades de Meteovinalop\u00f3 - Riscos naturals: exposici\u00f3, comunicaci\u00f3 i possibles solucions - Petrer Jove\" \/>\n<meta property=\"og:description\" content=\"III Jornades de MeteoVinalop\u00f3 el 20 de novembre al Centre Cultural. Trobada sobre riscos naturals, comunicaci\u00f3 i solucions.\" \/>\n<meta property=\"og:url\" content=\"https:\/\/petrerjove.com\/ca\/evento\/iii-jornades-de-meteovinalopo-riscos-naturals-exposicio-comunicacio-i-possibles-solucions\/\" \/>\n<meta property=\"og:site_name\" content=\"Petrer Jove\" \/>\n<meta property=\"article:publisher\" content=\"https:\/\/www.facebook.com\/petrerjoven\/\" \/>\n<meta property=\"article:modified_time\" content=\"2025-11-20T12:57:45+00:00\" \/>\n<meta property=\"og:image\" content=\"https:\/\/petrerjove.com\/wp-content\/uploads\/2025\/11\/meteovinalopo_20nov_destacada-min.jpg\" \/>\n\t<meta property=\"og:image:width\" content=\"400\" \/>\n\t<meta property=\"og:image:height\" content=\"290\" \/>\n\t<meta property=\"og:image:type\" content=\"image\/jpeg\" \/>\n<meta name=\"twitter:card\" content=\"summary_large_image\" \/>\n<meta name=\"twitter:label1\" content=\"Temps estimat de lectura\" \/>\n\t<meta name=\"twitter:data1\" content=\"1 minut\" \/>\n<script type=\"application\/ld+json\" class=\"yoast-schema-graph\">{\"@context\":\"https:\\\/\\\/schema.org\",\"@graph\":[{\"@type\":\"WebPage\",\"@id\":\"https:\\\/\\\/petrerjove.com\\\/ca\\\/evento\\\/iii-jornades-de-meteovinalopo-riscos-naturals-exposicio-comunicacio-i-possibles-solucions\\\/\",\"url\":\"https:\\\/\\\/petrerjove.com\\\/ca\\\/evento\\\/iii-jornades-de-meteovinalopo-riscos-naturals-exposicio-comunicacio-i-possibles-solucions\\\/\",\"name\":\"III Jornades de Meteovinalop\u00f3 - Riscos naturals: exposici\u00f3, comunicaci\u00f3 i possibles solucions - Petrer Jove\",\"isPartOf\":{\"@id\":\"https:\\\/\\\/petrerjove.com\\\/ca\\\/#website\"},\"primaryImageOfPage\":{\"@id\":\"https:\\\/\\\/petrerjove.com\\\/ca\\\/evento\\\/iii-jornades-de-meteovinalopo-riscos-naturals-exposicio-comunicacio-i-possibles-solucions\\\/#primaryimage\"},\"image\":{\"@id\":\"https:\\\/\\\/petrerjove.com\\\/ca\\\/evento\\\/iii-jornades-de-meteovinalopo-riscos-naturals-exposicio-comunicacio-i-possibles-solucions\\\/#primaryimage\"},\"thumbnailUrl\":\"https:\\\/\\\/petrerjove.com\\\/wp-content\\\/uploads\\\/2025\\\/11\\\/meteovinalopo_20nov_destacada-min.jpg\",\"datePublished\":\"2025-11-20T12:56:09+00:00\",\"dateModified\":\"2025-11-20T12:57:45+00:00\",\"description\":\"III Jornades de MeteoVinalop\u00f3 el 20 de novembre al Centre Cultural. Trobada sobre riscos naturals, comunicaci\u00f3 i solucions.\",\"breadcrumb\":{\"@id\":\"https:\\\/\\\/petrerjove.com\\\/ca\\\/evento\\\/iii-jornades-de-meteovinalopo-riscos-naturals-exposicio-comunicacio-i-possibles-solucions\\\/#breadcrumb\"},\"inLanguage\":\"ca\",\"potentialAction\":[{\"@type\":\"ReadAction\",\"target\":[\"https:\\\/\\\/petrerjove.com\\\/ca\\\/evento\\\/iii-jornades-de-meteovinalopo-riscos-naturals-exposicio-comunicacio-i-possibles-solucions\\\/\"]}]},{\"@type\":\"ImageObject\",\"inLanguage\":\"ca\",\"@id\":\"https:\\\/\\\/petrerjove.com\\\/ca\\\/evento\\\/iii-jornades-de-meteovinalopo-riscos-naturals-exposicio-comunicacio-i-possibles-solucions\\\/#primaryimage\",\"url\":\"https:\\\/\\\/petrerjove.com\\\/wp-content\\\/uploads\\\/2025\\\/11\\\/meteovinalopo_20nov_destacada-min.jpg\",\"contentUrl\":\"https:\\\/\\\/petrerjove.com\\\/wp-content\\\/uploads\\\/2025\\\/11\\\/meteovinalopo_20nov_destacada-min.jpg\",\"width\":400,\"height\":290},{\"@type\":\"BreadcrumbList\",\"@id\":\"https:\\\/\\\/petrerjove.com\\\/ca\\\/evento\\\/iii-jornades-de-meteovinalopo-riscos-naturals-exposicio-comunicacio-i-possibles-solucions\\\/#breadcrumb\",\"itemListElement\":[{\"@type\":\"ListItem\",\"position\":1,\"name\":\"Portada\",\"item\":\"https:\\\/\\\/petrerjove.com\\\/ca\\\/\"},{\"@type\":\"ListItem\",\"position\":2,\"name\":\"III Jornades de Meteovinalop\u00f3 &#8211; Riscos naturals: exposici\u00f3, comunicaci\u00f3 i possibles solucions\"}]},{\"@type\":\"WebSite\",\"@id\":\"https:\\\/\\\/petrerjove.com\\\/ca\\\/#website\",\"url\":\"https:\\\/\\\/petrerjove.com\\\/ca\\\/\",\"name\":\"Petrer Jove\",\"description\":\"Concejal\u00eda de Infancia y Juventud de Petrer\",\"publisher\":{\"@id\":\"https:\\\/\\\/petrerjove.com\\\/ca\\\/#organization\"},\"potentialAction\":[{\"@type\":\"SearchAction\",\"target\":{\"@type\":\"EntryPoint\",\"urlTemplate\":\"https:\\\/\\\/petrerjove.com\\\/ca\\\/?s={search_term_string}\"},\"query-input\":{\"@type\":\"PropertyValueSpecification\",\"valueRequired\":true,\"valueName\":\"search_term_string\"}}],\"inLanguage\":\"ca\"},{\"@type\":\"Organization\",\"@id\":\"https:\\\/\\\/petrerjove.com\\\/ca\\\/#organization\",\"name\":\"Concejal\u00eda de Juventud de Petrer\",\"url\":\"https:\\\/\\\/petrerjove.com\\\/ca\\\/\",\"logo\":{\"@type\":\"ImageObject\",\"inLanguage\":\"ca\",\"@id\":\"https:\\\/\\\/petrerjove.com\\\/ca\\\/#\\\/schema\\\/logo\\\/image\\\/\",\"url\":\"https:\\\/\\\/petrerjove.com\\\/wp-content\\\/uploads\\\/2024\\\/02\\\/petrerjove_horizontal.svg\",\"contentUrl\":\"https:\\\/\\\/petrerjove.com\\\/wp-content\\\/uploads\\\/2024\\\/02\\\/petrerjove_horizontal.svg\",\"width\":200,\"height\":70,\"caption\":\"Concejal\u00eda de Juventud de Petrer\"},\"image\":{\"@id\":\"https:\\\/\\\/petrerjove.com\\\/ca\\\/#\\\/schema\\\/logo\\\/image\\\/\"},\"sameAs\":[\"https:\\\/\\\/www.facebook.com\\\/petrerjoven\\\/\",\"https:\\\/\\\/www.instagram.com\\\/petrerjove\\\/\"]}]}<\/script>\n<!-- \/ Yoast SEO plugin. -->","yoast_head_json":{"title":"III Jornades de Meteovinalop\u00f3 - Riscos naturals: exposici\u00f3, comunicaci\u00f3 i possibles solucions - Petrer Jove","description":"III Jornades de MeteoVinalop\u00f3 el 20 de novembre al Centre Cultural. Trobada sobre riscos naturals, comunicaci\u00f3 i solucions.","robots":{"index":"index","follow":"follow","max-snippet":"max-snippet:-1","max-image-preview":"max-image-preview:large","max-video-preview":"max-video-preview:-1"},"canonical":"https:\/\/petrerjove.com\/ca\/evento\/iii-jornades-de-meteovinalopo-riscos-naturals-exposicio-comunicacio-i-possibles-solucions\/","og_locale":"ca_ES","og_type":"article","og_title":"III Jornades de Meteovinalop\u00f3 - Riscos naturals: exposici\u00f3, comunicaci\u00f3 i possibles solucions - Petrer Jove","og_description":"III Jornades de MeteoVinalop\u00f3 el 20 de novembre al Centre Cultural. Trobada sobre riscos naturals, comunicaci\u00f3 i solucions.","og_url":"https:\/\/petrerjove.com\/ca\/evento\/iii-jornades-de-meteovinalopo-riscos-naturals-exposicio-comunicacio-i-possibles-solucions\/","og_site_name":"Petrer Jove","article_publisher":"https:\/\/www.facebook.com\/petrerjoven\/","article_modified_time":"2025-11-20T12:57:45+00:00","og_image":[{"width":400,"height":290,"url":"https:\/\/petrerjove.com\/wp-content\/uploads\/2025\/11\/meteovinalopo_20nov_destacada-min.jpg","type":"image\/jpeg"}],"twitter_card":"summary_large_image","twitter_misc":{"Temps estimat de lectura":"1 minut"},"schema":{"@context":"https:\/\/schema.org","@graph":[{"@type":"WebPage","@id":"https:\/\/petrerjove.com\/ca\/evento\/iii-jornades-de-meteovinalopo-riscos-naturals-exposicio-comunicacio-i-possibles-solucions\/","url":"https:\/\/petrerjove.com\/ca\/evento\/iii-jornades-de-meteovinalopo-riscos-naturals-exposicio-comunicacio-i-possibles-solucions\/","name":"III Jornades de Meteovinalop\u00f3 - Riscos naturals: exposici\u00f3, comunicaci\u00f3 i possibles solucions - Petrer Jove","isPartOf":{"@id":"https:\/\/petrerjove.com\/ca\/#website"},"primaryImageOfPage":{"@id":"https:\/\/petrerjove.com\/ca\/evento\/iii-jornades-de-meteovinalopo-riscos-naturals-exposicio-comunicacio-i-possibles-solucions\/#primaryimage"},"image":{"@id":"https:\/\/petrerjove.com\/ca\/evento\/iii-jornades-de-meteovinalopo-riscos-naturals-exposicio-comunicacio-i-possibles-solucions\/#primaryimage"},"thumbnailUrl":"https:\/\/petrerjove.com\/wp-content\/uploads\/2025\/11\/meteovinalopo_20nov_destacada-min.jpg","datePublished":"2025-11-20T12:56:09+00:00","dateModified":"2025-11-20T12:57:45+00:00","description":"III Jornades de MeteoVinalop\u00f3 el 20 de novembre al Centre Cultural. Trobada sobre riscos naturals, comunicaci\u00f3 i solucions.","breadcrumb":{"@id":"https:\/\/petrerjove.com\/ca\/evento\/iii-jornades-de-meteovinalopo-riscos-naturals-exposicio-comunicacio-i-possibles-solucions\/#breadcrumb"},"inLanguage":"ca","potentialAction":[{"@type":"ReadAction","target":["https:\/\/petrerjove.com\/ca\/evento\/iii-jornades-de-meteovinalopo-riscos-naturals-exposicio-comunicacio-i-possibles-solucions\/"]}]},{"@type":"ImageObject","inLanguage":"ca","@id":"https:\/\/petrerjove.com\/ca\/evento\/iii-jornades-de-meteovinalopo-riscos-naturals-exposicio-comunicacio-i-possibles-solucions\/#primaryimage","url":"https:\/\/petrerjove.com\/wp-content\/uploads\/2025\/11\/meteovinalopo_20nov_destacada-min.jpg","contentUrl":"https:\/\/petrerjove.com\/wp-content\/uploads\/2025\/11\/meteovinalopo_20nov_destacada-min.jpg","width":400,"height":290},{"@type":"BreadcrumbList","@id":"https:\/\/petrerjove.com\/ca\/evento\/iii-jornades-de-meteovinalopo-riscos-naturals-exposicio-comunicacio-i-possibles-solucions\/#breadcrumb","itemListElement":[{"@type":"ListItem","position":1,"name":"Portada","item":"https:\/\/petrerjove.com\/ca\/"},{"@type":"ListItem","position":2,"name":"III Jornades de Meteovinalop\u00f3 &#8211; Riscos naturals: exposici\u00f3, comunicaci\u00f3 i possibles solucions"}]},{"@type":"WebSite","@id":"https:\/\/petrerjove.com\/ca\/#website","url":"https:\/\/petrerjove.com\/ca\/","name":"Petrer Jove","description":"Concejal\u00eda de Infancia y Juventud de Petrer","publisher":{"@id":"https:\/\/petrerjove.com\/ca\/#organization"},"potentialAction":[{"@type":"SearchAction","target":{"@type":"EntryPoint","urlTemplate":"https:\/\/petrerjove.com\/ca\/?s={search_term_string}"},"query-input":{"@type":"PropertyValueSpecification","valueRequired":true,"valueName":"search_term_string"}}],"inLanguage":"ca"},{"@type":"Organization","@id":"https:\/\/petrerjove.com\/ca\/#organization","name":"Concejal\u00eda de Juventud de Petrer","url":"https:\/\/petrerjove.com\/ca\/","logo":{"@type":"ImageObject","inLanguage":"ca","@id":"https:\/\/petrerjove.com\/ca\/#\/schema\/logo\/image\/","url":"https:\/\/petrerjove.com\/wp-content\/uploads\/2024\/02\/petrerjove_horizontal.svg","contentUrl":"https:\/\/petrerjove.com\/wp-content\/uploads\/2024\/02\/petrerjove_horizontal.svg","width":200,"height":70,"caption":"Concejal\u00eda de Juventud de Petrer"},"image":{"@id":"https:\/\/petrerjove.com\/ca\/#\/schema\/logo\/image\/"},"sameAs":["https:\/\/www.facebook.com\/petrerjoven\/","https:\/\/www.instagram.com\/petrerjove\/"]}]}},"_links":{"self":[{"href":"https:\/\/petrerjove.com\/ca\/wp-json\/wp\/v2\/evento\/6758","targetHints":{"allow":["GET"]}}],"collection":[{"href":"https:\/\/petrerjove.com\/ca\/wp-json\/wp\/v2\/evento"}],"about":[{"href":"https:\/\/petrerjove.com\/ca\/wp-json\/wp\/v2\/types\/evento"}],"author":[{"embeddable":true,"href":"https:\/\/petrerjove.com\/ca\/wp-json\/wp\/v2\/users\/1"}],"version-history":[{"count":1,"href":"https:\/\/petrerjove.com\/ca\/wp-json\/wp\/v2\/evento\/6758\/revisions"}],"predecessor-version":[{"id":6759,"href":"https:\/\/petrerjove.com\/ca\/wp-json\/wp\/v2\/evento\/6758\/revisions\/6759"}],"wp:featuredmedia":[{"embeddable":true,"href":"https:\/\/petrerjove.com\/ca\/wp-json\/wp\/v2\/media\/6756"}],"wp:attachment":[{"href":"https:\/\/petrerjove.com\/ca\/wp-json\/wp\/v2\/media?parent=6758"}],"wp:term":[{"taxonomy":"tag-evento","embeddable":true,"href":"https:\/\/petrerjove.com\/ca\/wp-json\/wp\/v2\/tag-evento?post=6758"},{"taxonomy":"edades-eventos","embeddable":true,"href":"https:\/\/petrerjove.com\/ca\/wp-json\/wp\/v2\/edades-eventos?post=6758"},{"taxonomy":"lugar-eventos","embeddable":true,"href":"https:\/\/petrerjove.com\/ca\/wp-json\/wp\/v2\/lugar-eventos?post=6758"}],"curies":[{"name":"wp","href":"https:\/\/api.w.org\/{rel}","templated":true}]}}