{"id":6670,"date":"2025-11-13T12:11:12","date_gmt":"2025-11-13T11:11:12","guid":{"rendered":"https:\/\/petrerjove.com\/evento\/monoleg-jose-campoy-campoyadas\/"},"modified":"2025-11-13T12:12:24","modified_gmt":"2025-11-13T11:12:24","slug":"monoleg-jose-campoy-campoyadas","status":"publish","type":"evento","link":"https:\/\/petrerjove.com\/ca\/evento\/monoleg-jose-campoy-campoyadas\/","title":{"rendered":"Mon\u00f2leg &#8211; Jos\u00e9 Campoy &#8211; Campoyadas"},"content":{"rendered":"\n<p>\ud83d\udcc5 Dijous 27 de novembre de 2025&#13;\n\ud83d\udd62 21:30 h&#13;\n\ud83d\udccd Teatre Cervantes, Petrer<\/p>\n\n<p>Prepara&#8217;t per a una nit de rialles sense parar amb Jos\u00e9 Campoy, un dels c\u00f2mics m\u00e9s virals de les xarxes socials. Arriba al Teatre Cervantes amb el seu nou espectacle Campoyadas, un xou que barreja mon\u00f2leg, imitacions i acudits amb l&#8217;humor fresc i proper que l&#8217;ha convertit en fenomen a Internet.<\/p>\n\n<p>Una cita imperdible per als amants de la com\u00e8dia, l&#8217;humor intel\u00b7ligent i les riallades assegurades.<\/p>\n\n<p>Entrades: de 8 a 10\u20ac<\/p>\n\n<div style=\"height:50px\" aria-hidden=\"true\" class=\"wp-block-spacer\"><\/div>\n\n<figure class=\"wp-block-image aligncenter size-large is-resized\"><img fetchpriority=\"high\" decoding=\"async\" width=\"819\" height=\"1024\" src=\"https:\/\/petrerjove.com\/wp-content\/uploads\/2025\/11\/JCampoy-min-819x1024.jpg\" alt=\"\" class=\"wp-image-6663\" style=\"width:350px\" srcset=\"https:\/\/petrerjove.com\/wp-content\/uploads\/2025\/11\/JCampoy-min-819x1024.jpg 819w, https:\/\/petrerjove.com\/wp-content\/uploads\/2025\/11\/JCampoy-min-240x300.jpg 240w, https:\/\/petrerjove.com\/wp-content\/uploads\/2025\/11\/JCampoy-min-768x960.jpg 768w, https:\/\/petrerjove.com\/wp-content\/uploads\/2025\/11\/JCampoy-min-1229x1536.jpg 1229w, https:\/\/petrerjove.com\/wp-content\/uploads\/2025\/11\/JCampoy-min.jpg 1536w\" sizes=\"(max-width: 819px) 100vw, 819px\" \/><\/figure>\n","protected":false},"author":1,"featured_media":6668,"template":"","tag-evento":[],"edades-eventos":[141],"lugar-eventos":[71],"class_list":["post-6670","evento","type-evento","status-publish","has-post-thumbnail","hentry","edades-eventos-totes-les-edats","lugar-eventos-teatre-cervantes"],"yoast_head":"<!-- This site is optimized with the Yoast SEO plugin v27.5 - https:\/\/yoast.com\/product\/yoast-seo-wordpress\/ -->\n<title>Mon\u00f2leg - Jos\u00e9 Campoy - Campoyadas - Petrer Jove<\/title>\n<meta name=\"description\" content=\"No us perdeu Campoyadas, l&#039;espectacle d&#039;humor de Jos\u00e9 Campoy al Teatre Cervantes de Petrer el 27 de novembre de 2025.\" \/>\n<meta name=\"robots\" content=\"index, follow, max-snippet:-1, max-image-preview:large, max-video-preview:-1\" \/>\n<link rel=\"canonical\" href=\"https:\/\/petrerjove.com\/ca\/evento\/monoleg-jose-campoy-campoyadas\/\" \/>\n<meta property=\"og:locale\" content=\"ca_ES\" \/>\n<meta property=\"og:type\" content=\"article\" \/>\n<meta property=\"og:title\" content=\"Mon\u00f2leg - Jos\u00e9 Campoy - Campoyadas - Petrer Jove\" \/>\n<meta property=\"og:description\" content=\"No us perdeu Campoyadas, l&#039;espectacle d&#039;humor de Jos\u00e9 Campoy al Teatre Cervantes de Petrer el 27 de novembre de 2025.\" \/>\n<meta property=\"og:url\" content=\"https:\/\/petrerjove.com\/ca\/evento\/monoleg-jose-campoy-campoyadas\/\" \/>\n<meta property=\"og:site_name\" content=\"Petrer Jove\" \/>\n<meta property=\"article:publisher\" content=\"https:\/\/www.facebook.com\/petrerjoven\/\" \/>\n<meta property=\"article:modified_time\" content=\"2025-11-13T11:12:24+00:00\" \/>\n<meta property=\"og:image\" content=\"https:\/\/petrerjove.com\/wp-content\/uploads\/2025\/11\/josecompoy_27nov_destacada-min.jpg\" \/>\n\t<meta property=\"og:image:width\" content=\"400\" \/>\n\t<meta property=\"og:image:height\" content=\"290\" \/>\n\t<meta property=\"og:image:type\" content=\"image\/jpeg\" \/>\n<meta name=\"twitter:card\" content=\"summary_large_image\" \/>\n<script type=\"application\/ld+json\" class=\"yoast-schema-graph\">{\"@context\":\"https:\\\/\\\/schema.org\",\"@graph\":[{\"@type\":\"WebPage\",\"@id\":\"https:\\\/\\\/petrerjove.com\\\/ca\\\/evento\\\/monoleg-jose-campoy-campoyadas\\\/\",\"url\":\"https:\\\/\\\/petrerjove.com\\\/ca\\\/evento\\\/monoleg-jose-campoy-campoyadas\\\/\",\"name\":\"Mon\u00f2leg - Jos\u00e9 Campoy - Campoyadas - Petrer Jove\",\"isPartOf\":{\"@id\":\"https:\\\/\\\/petrerjove.com\\\/ca\\\/#website\"},\"primaryImageOfPage\":{\"@id\":\"https:\\\/\\\/petrerjove.com\\\/ca\\\/evento\\\/monoleg-jose-campoy-campoyadas\\\/#primaryimage\"},\"image\":{\"@id\":\"https:\\\/\\\/petrerjove.com\\\/ca\\\/evento\\\/monoleg-jose-campoy-campoyadas\\\/#primaryimage\"},\"thumbnailUrl\":\"https:\\\/\\\/petrerjove.com\\\/wp-content\\\/uploads\\\/2025\\\/11\\\/josecompoy_27nov_destacada-min.jpg\",\"datePublished\":\"2025-11-13T11:11:12+00:00\",\"dateModified\":\"2025-11-13T11:12:24+00:00\",\"description\":\"No us perdeu Campoyadas, l'espectacle d'humor de Jos\u00e9 Campoy al Teatre Cervantes de Petrer el 27 de novembre de 2025.\",\"breadcrumb\":{\"@id\":\"https:\\\/\\\/petrerjove.com\\\/ca\\\/evento\\\/monoleg-jose-campoy-campoyadas\\\/#breadcrumb\"},\"inLanguage\":\"ca\",\"potentialAction\":[{\"@type\":\"ReadAction\",\"target\":[\"https:\\\/\\\/petrerjove.com\\\/ca\\\/evento\\\/monoleg-jose-campoy-campoyadas\\\/\"]}]},{\"@type\":\"ImageObject\",\"inLanguage\":\"ca\",\"@id\":\"https:\\\/\\\/petrerjove.com\\\/ca\\\/evento\\\/monoleg-jose-campoy-campoyadas\\\/#primaryimage\",\"url\":\"https:\\\/\\\/petrerjove.com\\\/wp-content\\\/uploads\\\/2025\\\/11\\\/josecompoy_27nov_destacada-min.jpg\",\"contentUrl\":\"https:\\\/\\\/petrerjove.com\\\/wp-content\\\/uploads\\\/2025\\\/11\\\/josecompoy_27nov_destacada-min.jpg\",\"width\":400,\"height\":290},{\"@type\":\"BreadcrumbList\",\"@id\":\"https:\\\/\\\/petrerjove.com\\\/ca\\\/evento\\\/monoleg-jose-campoy-campoyadas\\\/#breadcrumb\",\"itemListElement\":[{\"@type\":\"ListItem\",\"position\":1,\"name\":\"Portada\",\"item\":\"https:\\\/\\\/petrerjove.com\\\/ca\\\/\"},{\"@type\":\"ListItem\",\"position\":2,\"name\":\"Mon\u00f2leg &#8211; Jos\u00e9 Campoy &#8211; Campoyadas\"}]},{\"@type\":\"WebSite\",\"@id\":\"https:\\\/\\\/petrerjove.com\\\/ca\\\/#website\",\"url\":\"https:\\\/\\\/petrerjove.com\\\/ca\\\/\",\"name\":\"Petrer Jove\",\"description\":\"Concejal\u00eda de Infancia y Juventud de Petrer\",\"publisher\":{\"@id\":\"https:\\\/\\\/petrerjove.com\\\/ca\\\/#organization\"},\"potentialAction\":[{\"@type\":\"SearchAction\",\"target\":{\"@type\":\"EntryPoint\",\"urlTemplate\":\"https:\\\/\\\/petrerjove.com\\\/ca\\\/?s={search_term_string}\"},\"query-input\":{\"@type\":\"PropertyValueSpecification\",\"valueRequired\":true,\"valueName\":\"search_term_string\"}}],\"inLanguage\":\"ca\"},{\"@type\":\"Organization\",\"@id\":\"https:\\\/\\\/petrerjove.com\\\/ca\\\/#organization\",\"name\":\"Concejal\u00eda de Juventud de Petrer\",\"url\":\"https:\\\/\\\/petrerjove.com\\\/ca\\\/\",\"logo\":{\"@type\":\"ImageObject\",\"inLanguage\":\"ca\",\"@id\":\"https:\\\/\\\/petrerjove.com\\\/ca\\\/#\\\/schema\\\/logo\\\/image\\\/\",\"url\":\"https:\\\/\\\/petrerjove.com\\\/wp-content\\\/uploads\\\/2024\\\/02\\\/petrerjove_horizontal.svg\",\"contentUrl\":\"https:\\\/\\\/petrerjove.com\\\/wp-content\\\/uploads\\\/2024\\\/02\\\/petrerjove_horizontal.svg\",\"width\":200,\"height\":70,\"caption\":\"Concejal\u00eda de Juventud de Petrer\"},\"image\":{\"@id\":\"https:\\\/\\\/petrerjove.com\\\/ca\\\/#\\\/schema\\\/logo\\\/image\\\/\"},\"sameAs\":[\"https:\\\/\\\/www.facebook.com\\\/petrerjoven\\\/\",\"https:\\\/\\\/www.instagram.com\\\/petrerjove\\\/\"]}]}<\/script>\n<!-- \/ Yoast SEO plugin. -->","yoast_head_json":{"title":"Mon\u00f2leg - Jos\u00e9 Campoy - Campoyadas - Petrer Jove","description":"No us perdeu Campoyadas, l'espectacle d'humor de Jos\u00e9 Campoy al Teatre Cervantes de Petrer el 27 de novembre de 2025.","robots":{"index":"index","follow":"follow","max-snippet":"max-snippet:-1","max-image-preview":"max-image-preview:large","max-video-preview":"max-video-preview:-1"},"canonical":"https:\/\/petrerjove.com\/ca\/evento\/monoleg-jose-campoy-campoyadas\/","og_locale":"ca_ES","og_type":"article","og_title":"Mon\u00f2leg - Jos\u00e9 Campoy - Campoyadas - Petrer Jove","og_description":"No us perdeu Campoyadas, l'espectacle d'humor de Jos\u00e9 Campoy al Teatre Cervantes de Petrer el 27 de novembre de 2025.","og_url":"https:\/\/petrerjove.com\/ca\/evento\/monoleg-jose-campoy-campoyadas\/","og_site_name":"Petrer Jove","article_publisher":"https:\/\/www.facebook.com\/petrerjoven\/","article_modified_time":"2025-11-13T11:12:24+00:00","og_image":[{"width":400,"height":290,"url":"https:\/\/petrerjove.com\/wp-content\/uploads\/2025\/11\/josecompoy_27nov_destacada-min.jpg","type":"image\/jpeg"}],"twitter_card":"summary_large_image","schema":{"@context":"https:\/\/schema.org","@graph":[{"@type":"WebPage","@id":"https:\/\/petrerjove.com\/ca\/evento\/monoleg-jose-campoy-campoyadas\/","url":"https:\/\/petrerjove.com\/ca\/evento\/monoleg-jose-campoy-campoyadas\/","name":"Mon\u00f2leg - Jos\u00e9 Campoy - Campoyadas - Petrer Jove","isPartOf":{"@id":"https:\/\/petrerjove.com\/ca\/#website"},"primaryImageOfPage":{"@id":"https:\/\/petrerjove.com\/ca\/evento\/monoleg-jose-campoy-campoyadas\/#primaryimage"},"image":{"@id":"https:\/\/petrerjove.com\/ca\/evento\/monoleg-jose-campoy-campoyadas\/#primaryimage"},"thumbnailUrl":"https:\/\/petrerjove.com\/wp-content\/uploads\/2025\/11\/josecompoy_27nov_destacada-min.jpg","datePublished":"2025-11-13T11:11:12+00:00","dateModified":"2025-11-13T11:12:24+00:00","description":"No us perdeu Campoyadas, l'espectacle d'humor de Jos\u00e9 Campoy al Teatre Cervantes de Petrer el 27 de novembre de 2025.","breadcrumb":{"@id":"https:\/\/petrerjove.com\/ca\/evento\/monoleg-jose-campoy-campoyadas\/#breadcrumb"},"inLanguage":"ca","potentialAction":[{"@type":"ReadAction","target":["https:\/\/petrerjove.com\/ca\/evento\/monoleg-jose-campoy-campoyadas\/"]}]},{"@type":"ImageObject","inLanguage":"ca","@id":"https:\/\/petrerjove.com\/ca\/evento\/monoleg-jose-campoy-campoyadas\/#primaryimage","url":"https:\/\/petrerjove.com\/wp-content\/uploads\/2025\/11\/josecompoy_27nov_destacada-min.jpg","contentUrl":"https:\/\/petrerjove.com\/wp-content\/uploads\/2025\/11\/josecompoy_27nov_destacada-min.jpg","width":400,"height":290},{"@type":"BreadcrumbList","@id":"https:\/\/petrerjove.com\/ca\/evento\/monoleg-jose-campoy-campoyadas\/#breadcrumb","itemListElement":[{"@type":"ListItem","position":1,"name":"Portada","item":"https:\/\/petrerjove.com\/ca\/"},{"@type":"ListItem","position":2,"name":"Mon\u00f2leg &#8211; Jos\u00e9 Campoy &#8211; Campoyadas"}]},{"@type":"WebSite","@id":"https:\/\/petrerjove.com\/ca\/#website","url":"https:\/\/petrerjove.com\/ca\/","name":"Petrer Jove","description":"Concejal\u00eda de Infancia y Juventud de Petrer","publisher":{"@id":"https:\/\/petrerjove.com\/ca\/#organization"},"potentialAction":[{"@type":"SearchAction","target":{"@type":"EntryPoint","urlTemplate":"https:\/\/petrerjove.com\/ca\/?s={search_term_string}"},"query-input":{"@type":"PropertyValueSpecification","valueRequired":true,"valueName":"search_term_string"}}],"inLanguage":"ca"},{"@type":"Organization","@id":"https:\/\/petrerjove.com\/ca\/#organization","name":"Concejal\u00eda de Juventud de Petrer","url":"https:\/\/petrerjove.com\/ca\/","logo":{"@type":"ImageObject","inLanguage":"ca","@id":"https:\/\/petrerjove.com\/ca\/#\/schema\/logo\/image\/","url":"https:\/\/petrerjove.com\/wp-content\/uploads\/2024\/02\/petrerjove_horizontal.svg","contentUrl":"https:\/\/petrerjove.com\/wp-content\/uploads\/2024\/02\/petrerjove_horizontal.svg","width":200,"height":70,"caption":"Concejal\u00eda de Juventud de Petrer"},"image":{"@id":"https:\/\/petrerjove.com\/ca\/#\/schema\/logo\/image\/"},"sameAs":["https:\/\/www.facebook.com\/petrerjoven\/","https:\/\/www.instagram.com\/petrerjove\/"]}]}},"_links":{"self":[{"href":"https:\/\/petrerjove.com\/ca\/wp-json\/wp\/v2\/evento\/6670","targetHints":{"allow":["GET"]}}],"collection":[{"href":"https:\/\/petrerjove.com\/ca\/wp-json\/wp\/v2\/evento"}],"about":[{"href":"https:\/\/petrerjove.com\/ca\/wp-json\/wp\/v2\/types\/evento"}],"author":[{"embeddable":true,"href":"https:\/\/petrerjove.com\/ca\/wp-json\/wp\/v2\/users\/1"}],"version-history":[{"count":1,"href":"https:\/\/petrerjove.com\/ca\/wp-json\/wp\/v2\/evento\/6670\/revisions"}],"predecessor-version":[{"id":6671,"href":"https:\/\/petrerjove.com\/ca\/wp-json\/wp\/v2\/evento\/6670\/revisions\/6671"}],"wp:featuredmedia":[{"embeddable":true,"href":"https:\/\/petrerjove.com\/ca\/wp-json\/wp\/v2\/media\/6668"}],"wp:attachment":[{"href":"https:\/\/petrerjove.com\/ca\/wp-json\/wp\/v2\/media?parent=6670"}],"wp:term":[{"taxonomy":"tag-evento","embeddable":true,"href":"https:\/\/petrerjove.com\/ca\/wp-json\/wp\/v2\/tag-evento?post=6670"},{"taxonomy":"edades-eventos","embeddable":true,"href":"https:\/\/petrerjove.com\/ca\/wp-json\/wp\/v2\/edades-eventos?post=6670"},{"taxonomy":"lugar-eventos","embeddable":true,"href":"https:\/\/petrerjove.com\/ca\/wp-json\/wp\/v2\/lugar-eventos?post=6670"}],"curies":[{"name":"wp","href":"https:\/\/api.w.org\/{rel}","templated":true}]}}