{"id":6621,"date":"2025-11-07T13:25:00","date_gmt":"2025-11-07T12:25:00","guid":{"rendered":"https:\/\/petrerjove.com\/evento\/ruta-de-la-memoria-petrer\/"},"modified":"2025-11-07T13:30:43","modified_gmt":"2025-11-07T12:30:43","slug":"ruta-de-la-memoria-petrer","status":"publish","type":"evento","link":"https:\/\/petrerjove.com\/ca\/evento\/ruta-de-la-memoria-petrer\/","title":{"rendered":"Ruta de la Mem\u00f2ria Petrer"},"content":{"rendered":"\n<p>\ud83d\udcc5 Diumenge 9 de novembre de 2025 \u2013 11:00 h&#13;\n\ud83d\udccd Punt de sortida: Ciutat sense Llei, c\/ Joaqu\u00edn Poveda, 3<\/p>\n\n<p>Descobreix la hist\u00f2ria recent de Petrer a trav\u00e9s de la Ruta de la Mem\u00f2ria, un recorregut guiat per Iv\u00e1n Hern\u00e1ndez Oliv\u00e9, graduat en Hist\u00f2ria per la Universitat d&#8217;Alacant, que convida a reflexionar sobre els esdeveniments i els protagonistes que van marcar el passat del municipi.<\/p>\n\n<p>Durant aquesta visita, els participants podran con\u00e8ixer de prop els espais, testimonis i empremtes que conserva Petrer com a part de la seva mem\u00f2ria col\u00b7lectiva. Una oportunitat per comprendre millor la hist\u00f2ria local i mantenir viu el record dels qui la van construir.<\/p>\n\n<p>\ud83d\udccd Activitat gratu\u00efta i oberta al p\u00fablic.&#13;\nHo organitza: Seu Universit\u00e0ria de Petrer.<\/p>\n\n<div style=\"height:50px\" aria-hidden=\"true\" class=\"wp-block-spacer\"><\/div>\n\n<figure class=\"wp-block-image aligncenter size-large is-resized\"><img fetchpriority=\"high\" decoding=\"async\" width=\"819\" height=\"1024\" src=\"https:\/\/petrerjove.com\/wp-content\/uploads\/2025\/11\/Imagen-de-WhatsApp-2025-11-03-a-las-10.35.58_97561fd6-min-819x1024.jpg\" alt=\"\" class=\"wp-image-6605\" style=\"width:350px\" srcset=\"https:\/\/petrerjove.com\/wp-content\/uploads\/2025\/11\/Imagen-de-WhatsApp-2025-11-03-a-las-10.35.58_97561fd6-min-819x1024.jpg 819w, https:\/\/petrerjove.com\/wp-content\/uploads\/2025\/11\/Imagen-de-WhatsApp-2025-11-03-a-las-10.35.58_97561fd6-min-240x300.jpg 240w, https:\/\/petrerjove.com\/wp-content\/uploads\/2025\/11\/Imagen-de-WhatsApp-2025-11-03-a-las-10.35.58_97561fd6-min-768x960.jpg 768w, https:\/\/petrerjove.com\/wp-content\/uploads\/2025\/11\/Imagen-de-WhatsApp-2025-11-03-a-las-10.35.58_97561fd6-min-1229x1536.jpg 1229w, https:\/\/petrerjove.com\/wp-content\/uploads\/2025\/11\/Imagen-de-WhatsApp-2025-11-03-a-las-10.35.58_97561fd6-min.jpg 1280w\" sizes=\"(max-width: 819px) 100vw, 819px\" \/><\/figure>\n","protected":false},"author":1,"featured_media":6610,"template":"","tag-evento":[],"edades-eventos":[141],"lugar-eventos":[229],"class_list":["post-6621","evento","type-evento","status-publish","has-post-thumbnail","hentry","edades-eventos-totes-les-edats","lugar-eventos-ciutat-sense-llei"],"yoast_head":"<!-- This site is optimized with the Yoast SEO plugin v27.5 - https:\/\/yoast.com\/product\/yoast-seo-wordpress\/ -->\n<title>Ruta de la Mem\u00f2ria Petrer - Petrer Jove<\/title>\n<meta name=\"description\" content=\"Participa a la Ruta de la Mem\u00f2ria de Petrer el 9 de novembre, un recorregut hist\u00f2ric guiat per Iv\u00e1n Hern\u00e1ndez Oliv\u00e9 per descobrir el passat recent del municipi.\" \/>\n<meta name=\"robots\" content=\"index, follow, max-snippet:-1, max-image-preview:large, max-video-preview:-1\" \/>\n<link rel=\"canonical\" href=\"https:\/\/petrerjove.com\/ca\/evento\/ruta-de-la-memoria-petrer\/\" \/>\n<meta property=\"og:locale\" content=\"ca_ES\" \/>\n<meta property=\"og:type\" content=\"article\" \/>\n<meta property=\"og:title\" content=\"Ruta de la Mem\u00f2ria Petrer - Petrer Jove\" \/>\n<meta property=\"og:description\" content=\"Participa a la Ruta de la Mem\u00f2ria de Petrer el 9 de novembre, un recorregut hist\u00f2ric guiat per Iv\u00e1n Hern\u00e1ndez Oliv\u00e9 per descobrir el passat recent del municipi.\" \/>\n<meta property=\"og:url\" content=\"https:\/\/petrerjove.com\/ca\/evento\/ruta-de-la-memoria-petrer\/\" \/>\n<meta property=\"og:site_name\" content=\"Petrer Jove\" \/>\n<meta property=\"article:publisher\" content=\"https:\/\/www.facebook.com\/petrerjoven\/\" \/>\n<meta property=\"article:modified_time\" content=\"2025-11-07T12:30:43+00:00\" \/>\n<meta property=\"og:image\" content=\"https:\/\/petrerjove.com\/wp-content\/uploads\/2025\/11\/rutapetrer_9nov_destacada-min.jpg\" \/>\n\t<meta property=\"og:image:width\" content=\"400\" \/>\n\t<meta property=\"og:image:height\" content=\"290\" \/>\n\t<meta property=\"og:image:type\" content=\"image\/jpeg\" \/>\n<meta name=\"twitter:card\" content=\"summary_large_image\" \/>\n<meta name=\"twitter:label1\" content=\"Temps estimat de lectura\" \/>\n\t<meta name=\"twitter:data1\" content=\"1 minut\" \/>\n<script type=\"application\/ld+json\" class=\"yoast-schema-graph\">{\"@context\":\"https:\\\/\\\/schema.org\",\"@graph\":[{\"@type\":\"WebPage\",\"@id\":\"https:\\\/\\\/petrerjove.com\\\/ca\\\/evento\\\/ruta-de-la-memoria-petrer\\\/\",\"url\":\"https:\\\/\\\/petrerjove.com\\\/ca\\\/evento\\\/ruta-de-la-memoria-petrer\\\/\",\"name\":\"Ruta de la Mem\u00f2ria Petrer - Petrer Jove\",\"isPartOf\":{\"@id\":\"https:\\\/\\\/petrerjove.com\\\/ca\\\/#website\"},\"primaryImageOfPage\":{\"@id\":\"https:\\\/\\\/petrerjove.com\\\/ca\\\/evento\\\/ruta-de-la-memoria-petrer\\\/#primaryimage\"},\"image\":{\"@id\":\"https:\\\/\\\/petrerjove.com\\\/ca\\\/evento\\\/ruta-de-la-memoria-petrer\\\/#primaryimage\"},\"thumbnailUrl\":\"https:\\\/\\\/petrerjove.com\\\/wp-content\\\/uploads\\\/2025\\\/11\\\/rutapetrer_9nov_destacada-min.jpg\",\"datePublished\":\"2025-11-07T12:25:00+00:00\",\"dateModified\":\"2025-11-07T12:30:43+00:00\",\"description\":\"Participa a la Ruta de la Mem\u00f2ria de Petrer el 9 de novembre, un recorregut hist\u00f2ric guiat per Iv\u00e1n Hern\u00e1ndez Oliv\u00e9 per descobrir el passat recent del municipi.\",\"breadcrumb\":{\"@id\":\"https:\\\/\\\/petrerjove.com\\\/ca\\\/evento\\\/ruta-de-la-memoria-petrer\\\/#breadcrumb\"},\"inLanguage\":\"ca\",\"potentialAction\":[{\"@type\":\"ReadAction\",\"target\":[\"https:\\\/\\\/petrerjove.com\\\/ca\\\/evento\\\/ruta-de-la-memoria-petrer\\\/\"]}]},{\"@type\":\"ImageObject\",\"inLanguage\":\"ca\",\"@id\":\"https:\\\/\\\/petrerjove.com\\\/ca\\\/evento\\\/ruta-de-la-memoria-petrer\\\/#primaryimage\",\"url\":\"https:\\\/\\\/petrerjove.com\\\/wp-content\\\/uploads\\\/2025\\\/11\\\/rutapetrer_9nov_destacada-min.jpg\",\"contentUrl\":\"https:\\\/\\\/petrerjove.com\\\/wp-content\\\/uploads\\\/2025\\\/11\\\/rutapetrer_9nov_destacada-min.jpg\",\"width\":400,\"height\":290},{\"@type\":\"BreadcrumbList\",\"@id\":\"https:\\\/\\\/petrerjove.com\\\/ca\\\/evento\\\/ruta-de-la-memoria-petrer\\\/#breadcrumb\",\"itemListElement\":[{\"@type\":\"ListItem\",\"position\":1,\"name\":\"Portada\",\"item\":\"https:\\\/\\\/petrerjove.com\\\/ca\\\/\"},{\"@type\":\"ListItem\",\"position\":2,\"name\":\"Ruta de la Mem\u00f2ria Petrer\"}]},{\"@type\":\"WebSite\",\"@id\":\"https:\\\/\\\/petrerjove.com\\\/ca\\\/#website\",\"url\":\"https:\\\/\\\/petrerjove.com\\\/ca\\\/\",\"name\":\"Petrer Jove\",\"description\":\"Concejal\u00eda de Infancia y Juventud de Petrer\",\"publisher\":{\"@id\":\"https:\\\/\\\/petrerjove.com\\\/ca\\\/#organization\"},\"potentialAction\":[{\"@type\":\"SearchAction\",\"target\":{\"@type\":\"EntryPoint\",\"urlTemplate\":\"https:\\\/\\\/petrerjove.com\\\/ca\\\/?s={search_term_string}\"},\"query-input\":{\"@type\":\"PropertyValueSpecification\",\"valueRequired\":true,\"valueName\":\"search_term_string\"}}],\"inLanguage\":\"ca\"},{\"@type\":\"Organization\",\"@id\":\"https:\\\/\\\/petrerjove.com\\\/ca\\\/#organization\",\"name\":\"Concejal\u00eda de Juventud de Petrer\",\"url\":\"https:\\\/\\\/petrerjove.com\\\/ca\\\/\",\"logo\":{\"@type\":\"ImageObject\",\"inLanguage\":\"ca\",\"@id\":\"https:\\\/\\\/petrerjove.com\\\/ca\\\/#\\\/schema\\\/logo\\\/image\\\/\",\"url\":\"https:\\\/\\\/petrerjove.com\\\/wp-content\\\/uploads\\\/2024\\\/02\\\/petrerjove_horizontal.svg\",\"contentUrl\":\"https:\\\/\\\/petrerjove.com\\\/wp-content\\\/uploads\\\/2024\\\/02\\\/petrerjove_horizontal.svg\",\"width\":200,\"height\":70,\"caption\":\"Concejal\u00eda de Juventud de Petrer\"},\"image\":{\"@id\":\"https:\\\/\\\/petrerjove.com\\\/ca\\\/#\\\/schema\\\/logo\\\/image\\\/\"},\"sameAs\":[\"https:\\\/\\\/www.facebook.com\\\/petrerjoven\\\/\",\"https:\\\/\\\/www.instagram.com\\\/petrerjove\\\/\"]}]}<\/script>\n<!-- \/ Yoast SEO plugin. -->","yoast_head_json":{"title":"Ruta de la Mem\u00f2ria Petrer - Petrer Jove","description":"Participa a la Ruta de la Mem\u00f2ria de Petrer el 9 de novembre, un recorregut hist\u00f2ric guiat per Iv\u00e1n Hern\u00e1ndez Oliv\u00e9 per descobrir el passat recent del municipi.","robots":{"index":"index","follow":"follow","max-snippet":"max-snippet:-1","max-image-preview":"max-image-preview:large","max-video-preview":"max-video-preview:-1"},"canonical":"https:\/\/petrerjove.com\/ca\/evento\/ruta-de-la-memoria-petrer\/","og_locale":"ca_ES","og_type":"article","og_title":"Ruta de la Mem\u00f2ria Petrer - Petrer Jove","og_description":"Participa a la Ruta de la Mem\u00f2ria de Petrer el 9 de novembre, un recorregut hist\u00f2ric guiat per Iv\u00e1n Hern\u00e1ndez Oliv\u00e9 per descobrir el passat recent del municipi.","og_url":"https:\/\/petrerjove.com\/ca\/evento\/ruta-de-la-memoria-petrer\/","og_site_name":"Petrer Jove","article_publisher":"https:\/\/www.facebook.com\/petrerjoven\/","article_modified_time":"2025-11-07T12:30:43+00:00","og_image":[{"width":400,"height":290,"url":"https:\/\/petrerjove.com\/wp-content\/uploads\/2025\/11\/rutapetrer_9nov_destacada-min.jpg","type":"image\/jpeg"}],"twitter_card":"summary_large_image","twitter_misc":{"Temps estimat de lectura":"1 minut"},"schema":{"@context":"https:\/\/schema.org","@graph":[{"@type":"WebPage","@id":"https:\/\/petrerjove.com\/ca\/evento\/ruta-de-la-memoria-petrer\/","url":"https:\/\/petrerjove.com\/ca\/evento\/ruta-de-la-memoria-petrer\/","name":"Ruta de la Mem\u00f2ria Petrer - Petrer Jove","isPartOf":{"@id":"https:\/\/petrerjove.com\/ca\/#website"},"primaryImageOfPage":{"@id":"https:\/\/petrerjove.com\/ca\/evento\/ruta-de-la-memoria-petrer\/#primaryimage"},"image":{"@id":"https:\/\/petrerjove.com\/ca\/evento\/ruta-de-la-memoria-petrer\/#primaryimage"},"thumbnailUrl":"https:\/\/petrerjove.com\/wp-content\/uploads\/2025\/11\/rutapetrer_9nov_destacada-min.jpg","datePublished":"2025-11-07T12:25:00+00:00","dateModified":"2025-11-07T12:30:43+00:00","description":"Participa a la Ruta de la Mem\u00f2ria de Petrer el 9 de novembre, un recorregut hist\u00f2ric guiat per Iv\u00e1n Hern\u00e1ndez Oliv\u00e9 per descobrir el passat recent del municipi.","breadcrumb":{"@id":"https:\/\/petrerjove.com\/ca\/evento\/ruta-de-la-memoria-petrer\/#breadcrumb"},"inLanguage":"ca","potentialAction":[{"@type":"ReadAction","target":["https:\/\/petrerjove.com\/ca\/evento\/ruta-de-la-memoria-petrer\/"]}]},{"@type":"ImageObject","inLanguage":"ca","@id":"https:\/\/petrerjove.com\/ca\/evento\/ruta-de-la-memoria-petrer\/#primaryimage","url":"https:\/\/petrerjove.com\/wp-content\/uploads\/2025\/11\/rutapetrer_9nov_destacada-min.jpg","contentUrl":"https:\/\/petrerjove.com\/wp-content\/uploads\/2025\/11\/rutapetrer_9nov_destacada-min.jpg","width":400,"height":290},{"@type":"BreadcrumbList","@id":"https:\/\/petrerjove.com\/ca\/evento\/ruta-de-la-memoria-petrer\/#breadcrumb","itemListElement":[{"@type":"ListItem","position":1,"name":"Portada","item":"https:\/\/petrerjove.com\/ca\/"},{"@type":"ListItem","position":2,"name":"Ruta de la Mem\u00f2ria Petrer"}]},{"@type":"WebSite","@id":"https:\/\/petrerjove.com\/ca\/#website","url":"https:\/\/petrerjove.com\/ca\/","name":"Petrer Jove","description":"Concejal\u00eda de Infancia y Juventud de Petrer","publisher":{"@id":"https:\/\/petrerjove.com\/ca\/#organization"},"potentialAction":[{"@type":"SearchAction","target":{"@type":"EntryPoint","urlTemplate":"https:\/\/petrerjove.com\/ca\/?s={search_term_string}"},"query-input":{"@type":"PropertyValueSpecification","valueRequired":true,"valueName":"search_term_string"}}],"inLanguage":"ca"},{"@type":"Organization","@id":"https:\/\/petrerjove.com\/ca\/#organization","name":"Concejal\u00eda de Juventud de Petrer","url":"https:\/\/petrerjove.com\/ca\/","logo":{"@type":"ImageObject","inLanguage":"ca","@id":"https:\/\/petrerjove.com\/ca\/#\/schema\/logo\/image\/","url":"https:\/\/petrerjove.com\/wp-content\/uploads\/2024\/02\/petrerjove_horizontal.svg","contentUrl":"https:\/\/petrerjove.com\/wp-content\/uploads\/2024\/02\/petrerjove_horizontal.svg","width":200,"height":70,"caption":"Concejal\u00eda de Juventud de Petrer"},"image":{"@id":"https:\/\/petrerjove.com\/ca\/#\/schema\/logo\/image\/"},"sameAs":["https:\/\/www.facebook.com\/petrerjoven\/","https:\/\/www.instagram.com\/petrerjove\/"]}]}},"_links":{"self":[{"href":"https:\/\/petrerjove.com\/ca\/wp-json\/wp\/v2\/evento\/6621","targetHints":{"allow":["GET"]}}],"collection":[{"href":"https:\/\/petrerjove.com\/ca\/wp-json\/wp\/v2\/evento"}],"about":[{"href":"https:\/\/petrerjove.com\/ca\/wp-json\/wp\/v2\/types\/evento"}],"author":[{"embeddable":true,"href":"https:\/\/petrerjove.com\/ca\/wp-json\/wp\/v2\/users\/1"}],"version-history":[{"count":1,"href":"https:\/\/petrerjove.com\/ca\/wp-json\/wp\/v2\/evento\/6621\/revisions"}],"predecessor-version":[{"id":6622,"href":"https:\/\/petrerjove.com\/ca\/wp-json\/wp\/v2\/evento\/6621\/revisions\/6622"}],"wp:featuredmedia":[{"embeddable":true,"href":"https:\/\/petrerjove.com\/ca\/wp-json\/wp\/v2\/media\/6610"}],"wp:attachment":[{"href":"https:\/\/petrerjove.com\/ca\/wp-json\/wp\/v2\/media?parent=6621"}],"wp:term":[{"taxonomy":"tag-evento","embeddable":true,"href":"https:\/\/petrerjove.com\/ca\/wp-json\/wp\/v2\/tag-evento?post=6621"},{"taxonomy":"edades-eventos","embeddable":true,"href":"https:\/\/petrerjove.com\/ca\/wp-json\/wp\/v2\/edades-eventos?post=6621"},{"taxonomy":"lugar-eventos","embeddable":true,"href":"https:\/\/petrerjove.com\/ca\/wp-json\/wp\/v2\/lugar-eventos?post=6621"}],"curies":[{"name":"wp","href":"https:\/\/api.w.org\/{rel}","templated":true}]}}