{"id":5761,"date":"2025-06-04T11:06:22","date_gmt":"2025-06-04T09:06:22","guid":{"rendered":"https:\/\/petrerjove.com\/evento\/taller-de-sexualitat-i-artterapia\/"},"modified":"2025-06-04T11:13:53","modified_gmt":"2025-06-04T09:13:53","slug":"taller-de-sexualitat-i-artterapia","status":"publish","type":"evento","link":"https:\/\/petrerjove.com\/ca\/evento\/taller-de-sexualitat-i-artterapia\/","title":{"rendered":"Taller de Sexualitat i Artter\u00e0pia"},"content":{"rendered":"\n<p><em>&#8220;Sentir-se sexual, m\u00e9s enll\u00e0 de la performance&#8221;<\/em><\/p>\n\n<p>Un espai de reflexi\u00f3, creativitat i expressi\u00f3 per q\u00fcestionar la representaci\u00f3 del col\u00b7lectiu LGTBIQA+ al gui\u00f3 de la pr\u00e0ctica sexual normativa.<\/p>\n\n<p>Un taller per explorar, q\u00fcestionar i resignificar l\u00b4imaginari col\u00b7lectiu sobre la sexualitat. Parlarem de la representaci\u00f3 del col\u00b7lectiu LGTBIQA+ a la sexualitat normativa, ia trav\u00e9s de l&#8217;artter\u00e0pia, connectarem amb el nostre \u201cjo sexual\u201d.<\/p>\n\n<p><br\/>\ud83d\udcac Reflexionarem sobre el jo sexual a trav\u00e9s d&#8217;eines d&#8217;artter\u00e0pia.<\/p>\n\n<p>\ud83d\udcc5 13 de juny<br\/>\ud83d\udd56 De 19:00 a 21:00 h<br\/>\ud83d\udccd Casal de la Joventut<br\/>\ud83c\udf9f\ufe0f Gratu\u00eft<br\/>\ud83e\uddd1\u200d\u2695\ufe0f Impartit per psic\u00f2logues i sex\u00f2logues especialitzades.<\/p>\n\n<div style=\"height:50px\" aria-hidden=\"true\" class=\"wp-block-spacer\"><\/div>\n\n<figure class=\"wp-block-image aligncenter size-large is-resized\"><img fetchpriority=\"high\" decoding=\"async\" width=\"1024\" height=\"1024\" src=\"https:\/\/petrerjove.com\/wp-content\/uploads\/2025\/06\/Imagen_de_WhatsApp_2025-06-03_a_las_11.28.31_dec88db3-min-1024x1024.jpg\" alt=\"\" class=\"wp-image-5748\" style=\"width:350px\" srcset=\"https:\/\/petrerjove.com\/wp-content\/uploads\/2025\/06\/Imagen_de_WhatsApp_2025-06-03_a_las_11.28.31_dec88db3-min-1024x1024.jpg 1024w, https:\/\/petrerjove.com\/wp-content\/uploads\/2025\/06\/Imagen_de_WhatsApp_2025-06-03_a_las_11.28.31_dec88db3-min-300x300.jpg 300w, https:\/\/petrerjove.com\/wp-content\/uploads\/2025\/06\/Imagen_de_WhatsApp_2025-06-03_a_las_11.28.31_dec88db3-min-150x150.jpg 150w, https:\/\/petrerjove.com\/wp-content\/uploads\/2025\/06\/Imagen_de_WhatsApp_2025-06-03_a_las_11.28.31_dec88db3-min-768x768.jpg 768w, https:\/\/petrerjove.com\/wp-content\/uploads\/2025\/06\/Imagen_de_WhatsApp_2025-06-03_a_las_11.28.31_dec88db3-min.jpg 1080w\" sizes=\"(max-width: 1024px) 100vw, 1024px\" \/><\/figure>\n","protected":false},"author":1,"featured_media":5745,"template":"","tag-evento":[],"edades-eventos":[141],"lugar-eventos":[69],"class_list":["post-5761","evento","type-evento","status-publish","has-post-thumbnail","hentry","edades-eventos-totes-les-edats","lugar-eventos-casal-de-la-joventut"],"yoast_head":"<!-- This site is optimized with the Yoast SEO plugin v27.5 - https:\/\/yoast.com\/product\/yoast-seo-wordpress\/ -->\n<title>Taller de Sexualitat i Artter\u00e0pia - Petrer Jove<\/title>\n<meta name=\"description\" content=\"Taller gratu\u00eft el 13 de juny per reflexionar sobre sexualitat i arteter\u00e0pia amb enfocament LGTBIQA+. De 19 a 21 h Casal de la Joventut Petrer.\" \/>\n<meta name=\"robots\" content=\"index, follow, max-snippet:-1, max-image-preview:large, max-video-preview:-1\" \/>\n<link rel=\"canonical\" href=\"https:\/\/petrerjove.com\/ca\/evento\/taller-de-sexualitat-i-artterapia\/\" \/>\n<meta property=\"og:locale\" content=\"ca_ES\" \/>\n<meta property=\"og:type\" content=\"article\" \/>\n<meta property=\"og:title\" content=\"Taller de Sexualitat i Artter\u00e0pia - Petrer Jove\" \/>\n<meta property=\"og:description\" content=\"Taller gratu\u00eft el 13 de juny per reflexionar sobre sexualitat i arteter\u00e0pia amb enfocament LGTBIQA+. De 19 a 21 h Casal de la Joventut Petrer.\" \/>\n<meta property=\"og:url\" content=\"https:\/\/petrerjove.com\/ca\/evento\/taller-de-sexualitat-i-artterapia\/\" \/>\n<meta property=\"og:site_name\" content=\"Petrer Jove\" \/>\n<meta property=\"article:publisher\" content=\"https:\/\/www.facebook.com\/petrerjoven\/\" \/>\n<meta property=\"article:modified_time\" content=\"2025-06-04T09:13:53+00:00\" \/>\n<meta property=\"og:image\" content=\"https:\/\/petrerjove.com\/wp-content\/uploads\/2025\/06\/sexualidadyarteterapia_13junio_destacada-min.jpg\" \/>\n\t<meta property=\"og:image:width\" content=\"400\" \/>\n\t<meta property=\"og:image:height\" content=\"290\" \/>\n\t<meta property=\"og:image:type\" content=\"image\/jpeg\" \/>\n<meta name=\"twitter:card\" content=\"summary_large_image\" \/>\n<meta name=\"twitter:label1\" content=\"Temps estimat de lectura\" \/>\n\t<meta name=\"twitter:data1\" content=\"1 minut\" \/>\n<script type=\"application\/ld+json\" class=\"yoast-schema-graph\">{\"@context\":\"https:\\\/\\\/schema.org\",\"@graph\":[{\"@type\":\"WebPage\",\"@id\":\"https:\\\/\\\/petrerjove.com\\\/ca\\\/evento\\\/taller-de-sexualitat-i-artterapia\\\/\",\"url\":\"https:\\\/\\\/petrerjove.com\\\/ca\\\/evento\\\/taller-de-sexualitat-i-artterapia\\\/\",\"name\":\"Taller de Sexualitat i Artter\u00e0pia - Petrer Jove\",\"isPartOf\":{\"@id\":\"https:\\\/\\\/petrerjove.com\\\/ca\\\/#website\"},\"primaryImageOfPage\":{\"@id\":\"https:\\\/\\\/petrerjove.com\\\/ca\\\/evento\\\/taller-de-sexualitat-i-artterapia\\\/#primaryimage\"},\"image\":{\"@id\":\"https:\\\/\\\/petrerjove.com\\\/ca\\\/evento\\\/taller-de-sexualitat-i-artterapia\\\/#primaryimage\"},\"thumbnailUrl\":\"https:\\\/\\\/petrerjove.com\\\/wp-content\\\/uploads\\\/2025\\\/06\\\/sexualidadyarteterapia_13junio_destacada-min.jpg\",\"datePublished\":\"2025-06-04T09:06:22+00:00\",\"dateModified\":\"2025-06-04T09:13:53+00:00\",\"description\":\"Taller gratu\u00eft el 13 de juny per reflexionar sobre sexualitat i arteter\u00e0pia amb enfocament LGTBIQA+. De 19 a 21 h Casal de la Joventut Petrer.\",\"breadcrumb\":{\"@id\":\"https:\\\/\\\/petrerjove.com\\\/ca\\\/evento\\\/taller-de-sexualitat-i-artterapia\\\/#breadcrumb\"},\"inLanguage\":\"ca\",\"potentialAction\":[{\"@type\":\"ReadAction\",\"target\":[\"https:\\\/\\\/petrerjove.com\\\/ca\\\/evento\\\/taller-de-sexualitat-i-artterapia\\\/\"]}]},{\"@type\":\"ImageObject\",\"inLanguage\":\"ca\",\"@id\":\"https:\\\/\\\/petrerjove.com\\\/ca\\\/evento\\\/taller-de-sexualitat-i-artterapia\\\/#primaryimage\",\"url\":\"https:\\\/\\\/petrerjove.com\\\/wp-content\\\/uploads\\\/2025\\\/06\\\/sexualidadyarteterapia_13junio_destacada-min.jpg\",\"contentUrl\":\"https:\\\/\\\/petrerjove.com\\\/wp-content\\\/uploads\\\/2025\\\/06\\\/sexualidadyarteterapia_13junio_destacada-min.jpg\",\"width\":400,\"height\":290},{\"@type\":\"BreadcrumbList\",\"@id\":\"https:\\\/\\\/petrerjove.com\\\/ca\\\/evento\\\/taller-de-sexualitat-i-artterapia\\\/#breadcrumb\",\"itemListElement\":[{\"@type\":\"ListItem\",\"position\":1,\"name\":\"Portada\",\"item\":\"https:\\\/\\\/petrerjove.com\\\/ca\\\/\"},{\"@type\":\"ListItem\",\"position\":2,\"name\":\"Taller de Sexualitat i Artter\u00e0pia\"}]},{\"@type\":\"WebSite\",\"@id\":\"https:\\\/\\\/petrerjove.com\\\/ca\\\/#website\",\"url\":\"https:\\\/\\\/petrerjove.com\\\/ca\\\/\",\"name\":\"Petrer Jove\",\"description\":\"Concejal\u00eda de Infancia y Juventud de Petrer\",\"publisher\":{\"@id\":\"https:\\\/\\\/petrerjove.com\\\/ca\\\/#organization\"},\"potentialAction\":[{\"@type\":\"SearchAction\",\"target\":{\"@type\":\"EntryPoint\",\"urlTemplate\":\"https:\\\/\\\/petrerjove.com\\\/ca\\\/?s={search_term_string}\"},\"query-input\":{\"@type\":\"PropertyValueSpecification\",\"valueRequired\":true,\"valueName\":\"search_term_string\"}}],\"inLanguage\":\"ca\"},{\"@type\":\"Organization\",\"@id\":\"https:\\\/\\\/petrerjove.com\\\/ca\\\/#organization\",\"name\":\"Concejal\u00eda de Juventud de Petrer\",\"url\":\"https:\\\/\\\/petrerjove.com\\\/ca\\\/\",\"logo\":{\"@type\":\"ImageObject\",\"inLanguage\":\"ca\",\"@id\":\"https:\\\/\\\/petrerjove.com\\\/ca\\\/#\\\/schema\\\/logo\\\/image\\\/\",\"url\":\"https:\\\/\\\/petrerjove.com\\\/wp-content\\\/uploads\\\/2024\\\/02\\\/petrerjove_horizontal.svg\",\"contentUrl\":\"https:\\\/\\\/petrerjove.com\\\/wp-content\\\/uploads\\\/2024\\\/02\\\/petrerjove_horizontal.svg\",\"width\":200,\"height\":70,\"caption\":\"Concejal\u00eda de Juventud de Petrer\"},\"image\":{\"@id\":\"https:\\\/\\\/petrerjove.com\\\/ca\\\/#\\\/schema\\\/logo\\\/image\\\/\"},\"sameAs\":[\"https:\\\/\\\/www.facebook.com\\\/petrerjoven\\\/\",\"https:\\\/\\\/www.instagram.com\\\/petrerjove\\\/\"]}]}<\/script>\n<!-- \/ Yoast SEO plugin. -->","yoast_head_json":{"title":"Taller de Sexualitat i Artter\u00e0pia - Petrer Jove","description":"Taller gratu\u00eft el 13 de juny per reflexionar sobre sexualitat i arteter\u00e0pia amb enfocament LGTBIQA+. De 19 a 21 h Casal de la Joventut Petrer.","robots":{"index":"index","follow":"follow","max-snippet":"max-snippet:-1","max-image-preview":"max-image-preview:large","max-video-preview":"max-video-preview:-1"},"canonical":"https:\/\/petrerjove.com\/ca\/evento\/taller-de-sexualitat-i-artterapia\/","og_locale":"ca_ES","og_type":"article","og_title":"Taller de Sexualitat i Artter\u00e0pia - Petrer Jove","og_description":"Taller gratu\u00eft el 13 de juny per reflexionar sobre sexualitat i arteter\u00e0pia amb enfocament LGTBIQA+. De 19 a 21 h Casal de la Joventut Petrer.","og_url":"https:\/\/petrerjove.com\/ca\/evento\/taller-de-sexualitat-i-artterapia\/","og_site_name":"Petrer Jove","article_publisher":"https:\/\/www.facebook.com\/petrerjoven\/","article_modified_time":"2025-06-04T09:13:53+00:00","og_image":[{"width":400,"height":290,"url":"https:\/\/petrerjove.com\/wp-content\/uploads\/2025\/06\/sexualidadyarteterapia_13junio_destacada-min.jpg","type":"image\/jpeg"}],"twitter_card":"summary_large_image","twitter_misc":{"Temps estimat de lectura":"1 minut"},"schema":{"@context":"https:\/\/schema.org","@graph":[{"@type":"WebPage","@id":"https:\/\/petrerjove.com\/ca\/evento\/taller-de-sexualitat-i-artterapia\/","url":"https:\/\/petrerjove.com\/ca\/evento\/taller-de-sexualitat-i-artterapia\/","name":"Taller de Sexualitat i Artter\u00e0pia - Petrer Jove","isPartOf":{"@id":"https:\/\/petrerjove.com\/ca\/#website"},"primaryImageOfPage":{"@id":"https:\/\/petrerjove.com\/ca\/evento\/taller-de-sexualitat-i-artterapia\/#primaryimage"},"image":{"@id":"https:\/\/petrerjove.com\/ca\/evento\/taller-de-sexualitat-i-artterapia\/#primaryimage"},"thumbnailUrl":"https:\/\/petrerjove.com\/wp-content\/uploads\/2025\/06\/sexualidadyarteterapia_13junio_destacada-min.jpg","datePublished":"2025-06-04T09:06:22+00:00","dateModified":"2025-06-04T09:13:53+00:00","description":"Taller gratu\u00eft el 13 de juny per reflexionar sobre sexualitat i arteter\u00e0pia amb enfocament LGTBIQA+. De 19 a 21 h Casal de la Joventut Petrer.","breadcrumb":{"@id":"https:\/\/petrerjove.com\/ca\/evento\/taller-de-sexualitat-i-artterapia\/#breadcrumb"},"inLanguage":"ca","potentialAction":[{"@type":"ReadAction","target":["https:\/\/petrerjove.com\/ca\/evento\/taller-de-sexualitat-i-artterapia\/"]}]},{"@type":"ImageObject","inLanguage":"ca","@id":"https:\/\/petrerjove.com\/ca\/evento\/taller-de-sexualitat-i-artterapia\/#primaryimage","url":"https:\/\/petrerjove.com\/wp-content\/uploads\/2025\/06\/sexualidadyarteterapia_13junio_destacada-min.jpg","contentUrl":"https:\/\/petrerjove.com\/wp-content\/uploads\/2025\/06\/sexualidadyarteterapia_13junio_destacada-min.jpg","width":400,"height":290},{"@type":"BreadcrumbList","@id":"https:\/\/petrerjove.com\/ca\/evento\/taller-de-sexualitat-i-artterapia\/#breadcrumb","itemListElement":[{"@type":"ListItem","position":1,"name":"Portada","item":"https:\/\/petrerjove.com\/ca\/"},{"@type":"ListItem","position":2,"name":"Taller de Sexualitat i Artter\u00e0pia"}]},{"@type":"WebSite","@id":"https:\/\/petrerjove.com\/ca\/#website","url":"https:\/\/petrerjove.com\/ca\/","name":"Petrer Jove","description":"Concejal\u00eda de Infancia y Juventud de Petrer","publisher":{"@id":"https:\/\/petrerjove.com\/ca\/#organization"},"potentialAction":[{"@type":"SearchAction","target":{"@type":"EntryPoint","urlTemplate":"https:\/\/petrerjove.com\/ca\/?s={search_term_string}"},"query-input":{"@type":"PropertyValueSpecification","valueRequired":true,"valueName":"search_term_string"}}],"inLanguage":"ca"},{"@type":"Organization","@id":"https:\/\/petrerjove.com\/ca\/#organization","name":"Concejal\u00eda de Juventud de Petrer","url":"https:\/\/petrerjove.com\/ca\/","logo":{"@type":"ImageObject","inLanguage":"ca","@id":"https:\/\/petrerjove.com\/ca\/#\/schema\/logo\/image\/","url":"https:\/\/petrerjove.com\/wp-content\/uploads\/2024\/02\/petrerjove_horizontal.svg","contentUrl":"https:\/\/petrerjove.com\/wp-content\/uploads\/2024\/02\/petrerjove_horizontal.svg","width":200,"height":70,"caption":"Concejal\u00eda de Juventud de Petrer"},"image":{"@id":"https:\/\/petrerjove.com\/ca\/#\/schema\/logo\/image\/"},"sameAs":["https:\/\/www.facebook.com\/petrerjoven\/","https:\/\/www.instagram.com\/petrerjove\/"]}]}},"_links":{"self":[{"href":"https:\/\/petrerjove.com\/ca\/wp-json\/wp\/v2\/evento\/5761","targetHints":{"allow":["GET"]}}],"collection":[{"href":"https:\/\/petrerjove.com\/ca\/wp-json\/wp\/v2\/evento"}],"about":[{"href":"https:\/\/petrerjove.com\/ca\/wp-json\/wp\/v2\/types\/evento"}],"author":[{"embeddable":true,"href":"https:\/\/petrerjove.com\/ca\/wp-json\/wp\/v2\/users\/1"}],"version-history":[{"count":1,"href":"https:\/\/petrerjove.com\/ca\/wp-json\/wp\/v2\/evento\/5761\/revisions"}],"predecessor-version":[{"id":5762,"href":"https:\/\/petrerjove.com\/ca\/wp-json\/wp\/v2\/evento\/5761\/revisions\/5762"}],"wp:featuredmedia":[{"embeddable":true,"href":"https:\/\/petrerjove.com\/ca\/wp-json\/wp\/v2\/media\/5745"}],"wp:attachment":[{"href":"https:\/\/petrerjove.com\/ca\/wp-json\/wp\/v2\/media?parent=5761"}],"wp:term":[{"taxonomy":"tag-evento","embeddable":true,"href":"https:\/\/petrerjove.com\/ca\/wp-json\/wp\/v2\/tag-evento?post=5761"},{"taxonomy":"edades-eventos","embeddable":true,"href":"https:\/\/petrerjove.com\/ca\/wp-json\/wp\/v2\/edades-eventos?post=5761"},{"taxonomy":"lugar-eventos","embeddable":true,"href":"https:\/\/petrerjove.com\/ca\/wp-json\/wp\/v2\/lugar-eventos?post=5761"}],"curies":[{"name":"wp","href":"https:\/\/api.w.org\/{rel}","templated":true}]}}