{"id":5033,"date":"2025-02-10T13:41:34","date_gmt":"2025-02-10T12:41:34","guid":{"rendered":"https:\/\/petrerjove.com\/evento\/tarda-de-cinema-juvenil-sonic-3\/"},"modified":"2025-02-10T13:43:49","modified_gmt":"2025-02-10T12:43:49","slug":"tarda-de-cinema-juvenil-sonic-3","status":"publish","type":"evento","link":"https:\/\/petrerjove.com\/ca\/evento\/tarda-de-cinema-juvenil-sonic-3\/","title":{"rendered":"Tarda de cinema juvenil: Sonic 3"},"content":{"rendered":"\n<p>La Regidoria de Joventut de Petrer us convida a gaudir d&#8217;una incre\u00efble tarda de cinema amb la pel\u00b7l\u00edcula <strong>SONIC 3<\/strong>. No t&#8217;ho perdis! \ud83c\udf9f\ufe0f\ud83c\udf7f<\/p>\n\n<p>\ud83d\udcc5 <strong>Data:<\/strong> Dissabte 22 de febrer<br\/>\u23f0 <strong>Horari:<\/strong> De <strong>16:30h a 20:00h<\/strong><br\/>\ud83d\udccd <strong>Lloc:<\/strong> Cines Yelmo Vinalop\u00f3, Centre<\/p>\n\n<h4 class=\"wp-block-heading\">\ud83d\udccc <strong>Punts de Trobada<\/strong><\/h4>\n\n<p>\u2705 <strong>16:30h<\/strong> \u2013 Punt de trobada a <strong>Cines Yelmo Vinalop\u00f3<\/strong><br\/>\u2705 <strong>20:00h<\/strong> \u2013 Punt de recollida a <strong>Cines Yelmo Vinalop\u00f3<\/strong><\/p>\n\n<p>\ud83d\udcde <strong>Tel\u00e8fons de contacte:<\/strong><br\/>\ud83d\udcf2 677 430 376 | 687 224 881 | 966 950 671<\/p>\n\n<hr class=\"wp-block-separator has-alpha-channel-opacity\"\/>\n\n<h4 class=\"wp-block-heading\">\ud83c\udf9f\ufe0f <strong>INSCRIPCIONS<\/strong><\/h4>\n\n<p>\ud83d\udd39 Places limitades, <strong>s&#8217;assignaran per ordre d&#8217;inscripci\u00f3<\/strong> fins a completar aforament.<br\/>\ud83d\udd39 <strong>Prefer\u00e8ncia per a residents a Petrer<\/strong>.<br\/>\ud83d\udd39 Es confirmar\u00e0 l&#8217;admissi\u00f3 via <strong>WhatsApp o trucada telef\u00f2nica<\/strong>.<str><str> \ud83d\udd39 <strong>Horaris i pel\u00b7l\u00edcula subjectes a possibles canvis<\/strong> per part de la cartellera del cinema.<\/str><\/str><\/p>\n\n<p>\ud83d\udce9 <strong>M\u00e9s informaci\u00f3 i inscripcions:<\/strong> <a>juventud@petrer.es<\/a><\/p>\n\n<p>\ud83c\udfa5 Viu l&#8217;aventura de Sonic a la gran pantalla amb nosaltres! \ud83e\udd94\ud83d\udca8<\/p>\n\n<div style=\"height:50px\" aria-hidden=\"true\" class=\"wp-block-spacer\"><\/div>\n\n<figure class=\"wp-block-image aligncenter size-large is-resized\"><img fetchpriority=\"high\" decoding=\"async\" width=\"1024\" height=\"1024\" src=\"https:\/\/petrerjove.com\/wp-content\/uploads\/2025\/02\/Imagen_de_WhatsApp_2025-02-10_a_las_10.51.55_d4af4eb3-min-1024x1024.jpg\" alt=\"\" class=\"wp-image-5030\" style=\"width:350px\" srcset=\"https:\/\/petrerjove.com\/wp-content\/uploads\/2025\/02\/Imagen_de_WhatsApp_2025-02-10_a_las_10.51.55_d4af4eb3-min-1024x1024.jpg 1024w, https:\/\/petrerjove.com\/wp-content\/uploads\/2025\/02\/Imagen_de_WhatsApp_2025-02-10_a_las_10.51.55_d4af4eb3-min-300x300.jpg 300w, https:\/\/petrerjove.com\/wp-content\/uploads\/2025\/02\/Imagen_de_WhatsApp_2025-02-10_a_las_10.51.55_d4af4eb3-min-150x150.jpg 150w, https:\/\/petrerjove.com\/wp-content\/uploads\/2025\/02\/Imagen_de_WhatsApp_2025-02-10_a_las_10.51.55_d4af4eb3-min-768x768.jpg 768w, https:\/\/petrerjove.com\/wp-content\/uploads\/2025\/02\/Imagen_de_WhatsApp_2025-02-10_a_las_10.51.55_d4af4eb3-min.jpg 1080w\" sizes=\"(max-width: 1024px) 100vw, 1024px\" \/><\/figure>\n","protected":false},"author":1,"featured_media":5026,"template":"","tag-evento":[],"edades-eventos":[186],"lugar-eventos":[187],"class_list":["post-5033","evento","type-evento","status-publish","has-post-thumbnail","hentry","edades-eventos-de-6-a-12-anys","lugar-eventos-cinemes-yelmo-vinalopo-petrer"],"yoast_head":"<!-- This site is optimized with the Yoast SEO plugin v27.5 - https:\/\/yoast.com\/product\/yoast-seo-wordpress\/ -->\n<title>Tarda de cinema juvenil: Sonic 3 - Petrer Jove<\/title>\n<meta name=\"robots\" content=\"index, follow, max-snippet:-1, max-image-preview:large, max-video-preview:-1\" \/>\n<link rel=\"canonical\" href=\"https:\/\/petrerjove.com\/ca\/evento\/tarda-de-cinema-juvenil-sonic-3\/\" \/>\n<meta property=\"og:locale\" content=\"ca_ES\" \/>\n<meta property=\"og:type\" content=\"article\" \/>\n<meta property=\"og:title\" content=\"Tarda de cinema juvenil: Sonic 3 - Petrer Jove\" \/>\n<meta property=\"og:description\" content=\"La Regidoria de Joventut de Petrer us convida a gaudir d&#8217;una incre\u00efble tarda de cinema amb la pel\u00b7l\u00edcula SONIC 3. No t&#8217;ho perdis! \ud83c\udf9f\ufe0f\ud83c\udf7f \ud83d\udcc5 Data: Dissabte 22 de febrer\u23f0 Horari: De 16:30h a 20:00h\ud83d\udccd Lloc: Cines Yelmo Vinalop\u00f3, Centre \ud83d\udccc Punts de Trobada \u2705 16:30h \u2013 Punt de trobada a Cines Yelmo Vinalop\u00f3\u2705 20:00h [&hellip;]\" \/>\n<meta property=\"og:url\" content=\"https:\/\/petrerjove.com\/ca\/evento\/tarda-de-cinema-juvenil-sonic-3\/\" \/>\n<meta property=\"og:site_name\" content=\"Petrer Jove\" \/>\n<meta property=\"article:publisher\" content=\"https:\/\/www.facebook.com\/petrerjoven\/\" \/>\n<meta property=\"article:modified_time\" content=\"2025-02-10T12:43:49+00:00\" \/>\n<meta property=\"og:image\" content=\"https:\/\/petrerjove.com\/wp-content\/uploads\/2025\/02\/sonic_22feb_destacada-min.jpg\" \/>\n\t<meta property=\"og:image:width\" content=\"400\" \/>\n\t<meta property=\"og:image:height\" content=\"290\" \/>\n\t<meta property=\"og:image:type\" content=\"image\/jpeg\" \/>\n<meta name=\"twitter:card\" content=\"summary_large_image\" \/>\n<meta name=\"twitter:label1\" content=\"Temps estimat de lectura\" \/>\n\t<meta name=\"twitter:data1\" content=\"1 minut\" \/>\n<script type=\"application\/ld+json\" class=\"yoast-schema-graph\">{\"@context\":\"https:\\\/\\\/schema.org\",\"@graph\":[{\"@type\":\"WebPage\",\"@id\":\"https:\\\/\\\/petrerjove.com\\\/ca\\\/evento\\\/tarda-de-cinema-juvenil-sonic-3\\\/\",\"url\":\"https:\\\/\\\/petrerjove.com\\\/ca\\\/evento\\\/tarda-de-cinema-juvenil-sonic-3\\\/\",\"name\":\"Tarda de cinema juvenil: Sonic 3 - Petrer Jove\",\"isPartOf\":{\"@id\":\"https:\\\/\\\/petrerjove.com\\\/ca\\\/#website\"},\"primaryImageOfPage\":{\"@id\":\"https:\\\/\\\/petrerjove.com\\\/ca\\\/evento\\\/tarda-de-cinema-juvenil-sonic-3\\\/#primaryimage\"},\"image\":{\"@id\":\"https:\\\/\\\/petrerjove.com\\\/ca\\\/evento\\\/tarda-de-cinema-juvenil-sonic-3\\\/#primaryimage\"},\"thumbnailUrl\":\"https:\\\/\\\/petrerjove.com\\\/wp-content\\\/uploads\\\/2025\\\/02\\\/sonic_22feb_destacada-min.jpg\",\"datePublished\":\"2025-02-10T12:41:34+00:00\",\"dateModified\":\"2025-02-10T12:43:49+00:00\",\"breadcrumb\":{\"@id\":\"https:\\\/\\\/petrerjove.com\\\/ca\\\/evento\\\/tarda-de-cinema-juvenil-sonic-3\\\/#breadcrumb\"},\"inLanguage\":\"ca\",\"potentialAction\":[{\"@type\":\"ReadAction\",\"target\":[\"https:\\\/\\\/petrerjove.com\\\/ca\\\/evento\\\/tarda-de-cinema-juvenil-sonic-3\\\/\"]}]},{\"@type\":\"ImageObject\",\"inLanguage\":\"ca\",\"@id\":\"https:\\\/\\\/petrerjove.com\\\/ca\\\/evento\\\/tarda-de-cinema-juvenil-sonic-3\\\/#primaryimage\",\"url\":\"https:\\\/\\\/petrerjove.com\\\/wp-content\\\/uploads\\\/2025\\\/02\\\/sonic_22feb_destacada-min.jpg\",\"contentUrl\":\"https:\\\/\\\/petrerjove.com\\\/wp-content\\\/uploads\\\/2025\\\/02\\\/sonic_22feb_destacada-min.jpg\",\"width\":400,\"height\":290},{\"@type\":\"BreadcrumbList\",\"@id\":\"https:\\\/\\\/petrerjove.com\\\/ca\\\/evento\\\/tarda-de-cinema-juvenil-sonic-3\\\/#breadcrumb\",\"itemListElement\":[{\"@type\":\"ListItem\",\"position\":1,\"name\":\"Portada\",\"item\":\"https:\\\/\\\/petrerjove.com\\\/ca\\\/\"},{\"@type\":\"ListItem\",\"position\":2,\"name\":\"Tarda de cinema juvenil: Sonic 3\"}]},{\"@type\":\"WebSite\",\"@id\":\"https:\\\/\\\/petrerjove.com\\\/ca\\\/#website\",\"url\":\"https:\\\/\\\/petrerjove.com\\\/ca\\\/\",\"name\":\"Petrer Jove\",\"description\":\"Concejal\u00eda de Infancia y Juventud de Petrer\",\"publisher\":{\"@id\":\"https:\\\/\\\/petrerjove.com\\\/ca\\\/#organization\"},\"potentialAction\":[{\"@type\":\"SearchAction\",\"target\":{\"@type\":\"EntryPoint\",\"urlTemplate\":\"https:\\\/\\\/petrerjove.com\\\/ca\\\/?s={search_term_string}\"},\"query-input\":{\"@type\":\"PropertyValueSpecification\",\"valueRequired\":true,\"valueName\":\"search_term_string\"}}],\"inLanguage\":\"ca\"},{\"@type\":\"Organization\",\"@id\":\"https:\\\/\\\/petrerjove.com\\\/ca\\\/#organization\",\"name\":\"Concejal\u00eda de Juventud de Petrer\",\"url\":\"https:\\\/\\\/petrerjove.com\\\/ca\\\/\",\"logo\":{\"@type\":\"ImageObject\",\"inLanguage\":\"ca\",\"@id\":\"https:\\\/\\\/petrerjove.com\\\/ca\\\/#\\\/schema\\\/logo\\\/image\\\/\",\"url\":\"https:\\\/\\\/petrerjove.com\\\/wp-content\\\/uploads\\\/2024\\\/02\\\/petrerjove_horizontal.svg\",\"contentUrl\":\"https:\\\/\\\/petrerjove.com\\\/wp-content\\\/uploads\\\/2024\\\/02\\\/petrerjove_horizontal.svg\",\"width\":200,\"height\":70,\"caption\":\"Concejal\u00eda de Juventud de Petrer\"},\"image\":{\"@id\":\"https:\\\/\\\/petrerjove.com\\\/ca\\\/#\\\/schema\\\/logo\\\/image\\\/\"},\"sameAs\":[\"https:\\\/\\\/www.facebook.com\\\/petrerjoven\\\/\",\"https:\\\/\\\/www.instagram.com\\\/petrerjove\\\/\"]}]}<\/script>\n<!-- \/ Yoast SEO plugin. -->","yoast_head_json":{"title":"Tarda de cinema juvenil: Sonic 3 - Petrer Jove","robots":{"index":"index","follow":"follow","max-snippet":"max-snippet:-1","max-image-preview":"max-image-preview:large","max-video-preview":"max-video-preview:-1"},"canonical":"https:\/\/petrerjove.com\/ca\/evento\/tarda-de-cinema-juvenil-sonic-3\/","og_locale":"ca_ES","og_type":"article","og_title":"Tarda de cinema juvenil: Sonic 3 - Petrer Jove","og_description":"La Regidoria de Joventut de Petrer us convida a gaudir d&#8217;una incre\u00efble tarda de cinema amb la pel\u00b7l\u00edcula SONIC 3. No t&#8217;ho perdis! \ud83c\udf9f\ufe0f\ud83c\udf7f \ud83d\udcc5 Data: Dissabte 22 de febrer\u23f0 Horari: De 16:30h a 20:00h\ud83d\udccd Lloc: Cines Yelmo Vinalop\u00f3, Centre \ud83d\udccc Punts de Trobada \u2705 16:30h \u2013 Punt de trobada a Cines Yelmo Vinalop\u00f3\u2705 20:00h [&hellip;]","og_url":"https:\/\/petrerjove.com\/ca\/evento\/tarda-de-cinema-juvenil-sonic-3\/","og_site_name":"Petrer Jove","article_publisher":"https:\/\/www.facebook.com\/petrerjoven\/","article_modified_time":"2025-02-10T12:43:49+00:00","og_image":[{"width":400,"height":290,"url":"https:\/\/petrerjove.com\/wp-content\/uploads\/2025\/02\/sonic_22feb_destacada-min.jpg","type":"image\/jpeg"}],"twitter_card":"summary_large_image","twitter_misc":{"Temps estimat de lectura":"1 minut"},"schema":{"@context":"https:\/\/schema.org","@graph":[{"@type":"WebPage","@id":"https:\/\/petrerjove.com\/ca\/evento\/tarda-de-cinema-juvenil-sonic-3\/","url":"https:\/\/petrerjove.com\/ca\/evento\/tarda-de-cinema-juvenil-sonic-3\/","name":"Tarda de cinema juvenil: Sonic 3 - Petrer Jove","isPartOf":{"@id":"https:\/\/petrerjove.com\/ca\/#website"},"primaryImageOfPage":{"@id":"https:\/\/petrerjove.com\/ca\/evento\/tarda-de-cinema-juvenil-sonic-3\/#primaryimage"},"image":{"@id":"https:\/\/petrerjove.com\/ca\/evento\/tarda-de-cinema-juvenil-sonic-3\/#primaryimage"},"thumbnailUrl":"https:\/\/petrerjove.com\/wp-content\/uploads\/2025\/02\/sonic_22feb_destacada-min.jpg","datePublished":"2025-02-10T12:41:34+00:00","dateModified":"2025-02-10T12:43:49+00:00","breadcrumb":{"@id":"https:\/\/petrerjove.com\/ca\/evento\/tarda-de-cinema-juvenil-sonic-3\/#breadcrumb"},"inLanguage":"ca","potentialAction":[{"@type":"ReadAction","target":["https:\/\/petrerjove.com\/ca\/evento\/tarda-de-cinema-juvenil-sonic-3\/"]}]},{"@type":"ImageObject","inLanguage":"ca","@id":"https:\/\/petrerjove.com\/ca\/evento\/tarda-de-cinema-juvenil-sonic-3\/#primaryimage","url":"https:\/\/petrerjove.com\/wp-content\/uploads\/2025\/02\/sonic_22feb_destacada-min.jpg","contentUrl":"https:\/\/petrerjove.com\/wp-content\/uploads\/2025\/02\/sonic_22feb_destacada-min.jpg","width":400,"height":290},{"@type":"BreadcrumbList","@id":"https:\/\/petrerjove.com\/ca\/evento\/tarda-de-cinema-juvenil-sonic-3\/#breadcrumb","itemListElement":[{"@type":"ListItem","position":1,"name":"Portada","item":"https:\/\/petrerjove.com\/ca\/"},{"@type":"ListItem","position":2,"name":"Tarda de cinema juvenil: Sonic 3"}]},{"@type":"WebSite","@id":"https:\/\/petrerjove.com\/ca\/#website","url":"https:\/\/petrerjove.com\/ca\/","name":"Petrer Jove","description":"Concejal\u00eda de Infancia y Juventud de Petrer","publisher":{"@id":"https:\/\/petrerjove.com\/ca\/#organization"},"potentialAction":[{"@type":"SearchAction","target":{"@type":"EntryPoint","urlTemplate":"https:\/\/petrerjove.com\/ca\/?s={search_term_string}"},"query-input":{"@type":"PropertyValueSpecification","valueRequired":true,"valueName":"search_term_string"}}],"inLanguage":"ca"},{"@type":"Organization","@id":"https:\/\/petrerjove.com\/ca\/#organization","name":"Concejal\u00eda de Juventud de Petrer","url":"https:\/\/petrerjove.com\/ca\/","logo":{"@type":"ImageObject","inLanguage":"ca","@id":"https:\/\/petrerjove.com\/ca\/#\/schema\/logo\/image\/","url":"https:\/\/petrerjove.com\/wp-content\/uploads\/2024\/02\/petrerjove_horizontal.svg","contentUrl":"https:\/\/petrerjove.com\/wp-content\/uploads\/2024\/02\/petrerjove_horizontal.svg","width":200,"height":70,"caption":"Concejal\u00eda de Juventud de Petrer"},"image":{"@id":"https:\/\/petrerjove.com\/ca\/#\/schema\/logo\/image\/"},"sameAs":["https:\/\/www.facebook.com\/petrerjoven\/","https:\/\/www.instagram.com\/petrerjove\/"]}]}},"_links":{"self":[{"href":"https:\/\/petrerjove.com\/ca\/wp-json\/wp\/v2\/evento\/5033","targetHints":{"allow":["GET"]}}],"collection":[{"href":"https:\/\/petrerjove.com\/ca\/wp-json\/wp\/v2\/evento"}],"about":[{"href":"https:\/\/petrerjove.com\/ca\/wp-json\/wp\/v2\/types\/evento"}],"author":[{"embeddable":true,"href":"https:\/\/petrerjove.com\/ca\/wp-json\/wp\/v2\/users\/1"}],"version-history":[{"count":2,"href":"https:\/\/petrerjove.com\/ca\/wp-json\/wp\/v2\/evento\/5033\/revisions"}],"predecessor-version":[{"id":5036,"href":"https:\/\/petrerjove.com\/ca\/wp-json\/wp\/v2\/evento\/5033\/revisions\/5036"}],"wp:featuredmedia":[{"embeddable":true,"href":"https:\/\/petrerjove.com\/ca\/wp-json\/wp\/v2\/media\/5026"}],"wp:attachment":[{"href":"https:\/\/petrerjove.com\/ca\/wp-json\/wp\/v2\/media?parent=5033"}],"wp:term":[{"taxonomy":"tag-evento","embeddable":true,"href":"https:\/\/petrerjove.com\/ca\/wp-json\/wp\/v2\/tag-evento?post=5033"},{"taxonomy":"edades-eventos","embeddable":true,"href":"https:\/\/petrerjove.com\/ca\/wp-json\/wp\/v2\/edades-eventos?post=5033"},{"taxonomy":"lugar-eventos","embeddable":true,"href":"https:\/\/petrerjove.com\/ca\/wp-json\/wp\/v2\/lugar-eventos?post=5033"}],"curies":[{"name":"wp","href":"https:\/\/api.w.org\/{rel}","templated":true}]}}