{"id":4994,"date":"2025-02-05T10:25:46","date_gmt":"2025-02-05T09:25:46","guid":{"rendered":"https:\/\/petrerjove.com\/evento\/aventura-via-ferrata-villena-k2\/"},"modified":"2025-02-05T10:28:11","modified_gmt":"2025-02-05T09:28:11","slug":"aventura-via-ferrata-villena-k2","status":"publish","type":"evento","link":"https:\/\/petrerjove.com\/ca\/evento\/aventura-via-ferrata-villena-k2\/","title":{"rendered":"Aventura: Via Ferrata Villena K2"},"content":{"rendered":"\n<p>\ud83d\udcc5 <strong>Quan?<\/strong> Diumenge 2 de mar\u00e7 de 2025<br\/>\ud83d\udccd <strong>On?<\/strong> Via Ferrada de Villella (K2)<br\/>\ud83d\udcb0 <strong>Activitat gratu\u00efta<\/strong><br\/>\ud83d\ude8c <strong>Inclou<\/strong><\/p>\n\n<h3 class=\"wp-block-heading\">\ud83d\udd39 Horaris i Punt de Trobada<\/h3>\n\n<p>\ud83d\udccd <strong>8:45h<\/strong> \u2013 Punt de trobada (es facilitar\u00e0 la ubicaci\u00f3 pel grup de WhatsApp)<br\/>\ud83d\udd58 <strong>09:00h<\/strong> \u2013 Inici de l&#8217;activitat<\/p>\n\n<p>Veniu a gaudir d&#8217;una experi\u00e8ncia \u00fanica en plena natura! \ud83c\udf3f\ud83d\udcaa<\/p>\n\n<h3 class=\"wp-block-heading\">\ud83d\udd39 Requisits per participar<\/h3>\n\n<p>\u2714\ufe0f Fer esport habitualment i estar en bona condici\u00f3 f\u00edsica<\/p>\n\n<h3 class=\"wp-block-heading\">\ud83d\udd39 Material necessari<\/h3>\n\n<p>\ud83c\udf92 Motxilla per cada participant<br\/>\ud83d\udca6 Aigua<br\/>\ud83e\udde2 Gorra<br\/>\ud83d\udc55 Samarreta t\u00e8cnica<br\/>\ud83e\udd7e Cal\u00e7at esportiu c\u00f2mode o botes de muntanya<br\/>\ud83c\udf4f Dinar o fruita<br\/>\ud83d\udc8a Medicaci\u00f3 personal (si es requereix)<\/p>\n\n<p>\ud83d\udce9 <strong>PLA\u00c7ES LIMITADES! M\u00e9s informaci\u00f3 i inscripcions:<\/strong><br\/>\ud83d\udce7 <strong><a>juventud@petrer.es<\/a><\/strong><\/p>\n\n<p>Apunta&#8217;t i viu una aventura inoblidable! \ud83c\udf04\ud83d\udd25<\/p>\n\n<div style=\"height:50px\" aria-hidden=\"true\" class=\"wp-block-spacer\"><\/div>\n\n<figure class=\"wp-block-image aligncenter size-large is-resized\"><img fetchpriority=\"high\" decoding=\"async\" width=\"900\" height=\"1600\" src=\"https:\/\/petrerjove.com\/wp-content\/uploads\/2025\/02\/Imagen_de_WhatsApp_2025-02-05_a_las_10.09.27_d33a82b7-min.jpg\" alt=\"\" class=\"wp-image-4992\" style=\"width:350px\" srcset=\"https:\/\/petrerjove.com\/wp-content\/uploads\/2025\/02\/Imagen_de_WhatsApp_2025-02-05_a_las_10.09.27_d33a82b7-min.jpg 900w, https:\/\/petrerjove.com\/wp-content\/uploads\/2025\/02\/Imagen_de_WhatsApp_2025-02-05_a_las_10.09.27_d33a82b7-min-169x300.jpg 169w, https:\/\/petrerjove.com\/wp-content\/uploads\/2025\/02\/Imagen_de_WhatsApp_2025-02-05_a_las_10.09.27_d33a82b7-min-576x1024.jpg 576w, https:\/\/petrerjove.com\/wp-content\/uploads\/2025\/02\/Imagen_de_WhatsApp_2025-02-05_a_las_10.09.27_d33a82b7-min-768x1365.jpg 768w, https:\/\/petrerjove.com\/wp-content\/uploads\/2025\/02\/Imagen_de_WhatsApp_2025-02-05_a_las_10.09.27_d33a82b7-min-864x1536.jpg 864w\" sizes=\"(max-width: 900px) 100vw, 900px\" \/><\/figure>\n","protected":false},"author":1,"featured_media":4990,"template":"","tag-evento":[],"edades-eventos":[111],"lugar-eventos":[],"class_list":["post-4994","evento","type-evento","status-publish","has-post-thumbnail","hentry","edades-eventos-a-partir-de-16-anys"],"yoast_head":"<!-- This site is optimized with the Yoast SEO plugin v27.5 - https:\/\/yoast.com\/product\/yoast-seo-wordpress\/ -->\n<title>Aventura: Via Ferrata Villena K2 - Petrer Jove<\/title>\n<meta name=\"robots\" content=\"index, follow, max-snippet:-1, max-image-preview:large, max-video-preview:-1\" \/>\n<link rel=\"canonical\" href=\"https:\/\/petrerjove.com\/ca\/evento\/aventura-via-ferrata-villena-k2\/\" \/>\n<meta property=\"og:locale\" content=\"ca_ES\" \/>\n<meta property=\"og:type\" content=\"article\" \/>\n<meta property=\"og:title\" content=\"Aventura: Via Ferrata Villena K2 - Petrer Jove\" \/>\n<meta property=\"og:description\" content=\"\ud83d\udcc5 Quan? Diumenge 2 de mar\u00e7 de 2025\ud83d\udccd On? Via Ferrada de Villella (K2)\ud83d\udcb0 Activitat gratu\u00efta\ud83d\ude8c Inclou \ud83d\udd39 Horaris i Punt de Trobada \ud83d\udccd 8:45h \u2013 Punt de trobada (es facilitar\u00e0 la ubicaci\u00f3 pel grup de WhatsApp)\ud83d\udd58 09:00h \u2013 Inici de l&#8217;activitat Veniu a gaudir d&#8217;una experi\u00e8ncia \u00fanica en plena natura! \ud83c\udf3f\ud83d\udcaa \ud83d\udd39 Requisits per [&hellip;]\" \/>\n<meta property=\"og:url\" content=\"https:\/\/petrerjove.com\/ca\/evento\/aventura-via-ferrata-villena-k2\/\" \/>\n<meta property=\"og:site_name\" content=\"Petrer Jove\" \/>\n<meta property=\"article:publisher\" content=\"https:\/\/www.facebook.com\/petrerjoven\/\" \/>\n<meta property=\"article:modified_time\" content=\"2025-02-05T09:28:11+00:00\" \/>\n<meta property=\"og:image\" content=\"https:\/\/petrerjove.com\/wp-content\/uploads\/2025\/02\/viaferrata_2marz_destacada-min.jpg\" \/>\n\t<meta property=\"og:image:width\" content=\"400\" \/>\n\t<meta property=\"og:image:height\" content=\"290\" \/>\n\t<meta property=\"og:image:type\" content=\"image\/jpeg\" \/>\n<meta name=\"twitter:card\" content=\"summary_large_image\" \/>\n<meta name=\"twitter:label1\" content=\"Temps estimat de lectura\" \/>\n\t<meta name=\"twitter:data1\" content=\"1 minut\" \/>\n<script type=\"application\/ld+json\" class=\"yoast-schema-graph\">{\"@context\":\"https:\\\/\\\/schema.org\",\"@graph\":[{\"@type\":\"WebPage\",\"@id\":\"https:\\\/\\\/petrerjove.com\\\/ca\\\/evento\\\/aventura-via-ferrata-villena-k2\\\/\",\"url\":\"https:\\\/\\\/petrerjove.com\\\/ca\\\/evento\\\/aventura-via-ferrata-villena-k2\\\/\",\"name\":\"Aventura: Via Ferrata Villena K2 - Petrer Jove\",\"isPartOf\":{\"@id\":\"https:\\\/\\\/petrerjove.com\\\/ca\\\/#website\"},\"primaryImageOfPage\":{\"@id\":\"https:\\\/\\\/petrerjove.com\\\/ca\\\/evento\\\/aventura-via-ferrata-villena-k2\\\/#primaryimage\"},\"image\":{\"@id\":\"https:\\\/\\\/petrerjove.com\\\/ca\\\/evento\\\/aventura-via-ferrata-villena-k2\\\/#primaryimage\"},\"thumbnailUrl\":\"https:\\\/\\\/petrerjove.com\\\/wp-content\\\/uploads\\\/2025\\\/02\\\/viaferrata_2marz_destacada-min.jpg\",\"datePublished\":\"2025-02-05T09:25:46+00:00\",\"dateModified\":\"2025-02-05T09:28:11+00:00\",\"breadcrumb\":{\"@id\":\"https:\\\/\\\/petrerjove.com\\\/ca\\\/evento\\\/aventura-via-ferrata-villena-k2\\\/#breadcrumb\"},\"inLanguage\":\"ca\",\"potentialAction\":[{\"@type\":\"ReadAction\",\"target\":[\"https:\\\/\\\/petrerjove.com\\\/ca\\\/evento\\\/aventura-via-ferrata-villena-k2\\\/\"]}]},{\"@type\":\"ImageObject\",\"inLanguage\":\"ca\",\"@id\":\"https:\\\/\\\/petrerjove.com\\\/ca\\\/evento\\\/aventura-via-ferrata-villena-k2\\\/#primaryimage\",\"url\":\"https:\\\/\\\/petrerjove.com\\\/wp-content\\\/uploads\\\/2025\\\/02\\\/viaferrata_2marz_destacada-min.jpg\",\"contentUrl\":\"https:\\\/\\\/petrerjove.com\\\/wp-content\\\/uploads\\\/2025\\\/02\\\/viaferrata_2marz_destacada-min.jpg\",\"width\":400,\"height\":290},{\"@type\":\"BreadcrumbList\",\"@id\":\"https:\\\/\\\/petrerjove.com\\\/ca\\\/evento\\\/aventura-via-ferrata-villena-k2\\\/#breadcrumb\",\"itemListElement\":[{\"@type\":\"ListItem\",\"position\":1,\"name\":\"Portada\",\"item\":\"https:\\\/\\\/petrerjove.com\\\/ca\\\/\"},{\"@type\":\"ListItem\",\"position\":2,\"name\":\"Aventura: Via Ferrata Villena K2\"}]},{\"@type\":\"WebSite\",\"@id\":\"https:\\\/\\\/petrerjove.com\\\/ca\\\/#website\",\"url\":\"https:\\\/\\\/petrerjove.com\\\/ca\\\/\",\"name\":\"Petrer Jove\",\"description\":\"Concejal\u00eda de Infancia y Juventud de Petrer\",\"publisher\":{\"@id\":\"https:\\\/\\\/petrerjove.com\\\/ca\\\/#organization\"},\"potentialAction\":[{\"@type\":\"SearchAction\",\"target\":{\"@type\":\"EntryPoint\",\"urlTemplate\":\"https:\\\/\\\/petrerjove.com\\\/ca\\\/?s={search_term_string}\"},\"query-input\":{\"@type\":\"PropertyValueSpecification\",\"valueRequired\":true,\"valueName\":\"search_term_string\"}}],\"inLanguage\":\"ca\"},{\"@type\":\"Organization\",\"@id\":\"https:\\\/\\\/petrerjove.com\\\/ca\\\/#organization\",\"name\":\"Concejal\u00eda de Juventud de Petrer\",\"url\":\"https:\\\/\\\/petrerjove.com\\\/ca\\\/\",\"logo\":{\"@type\":\"ImageObject\",\"inLanguage\":\"ca\",\"@id\":\"https:\\\/\\\/petrerjove.com\\\/ca\\\/#\\\/schema\\\/logo\\\/image\\\/\",\"url\":\"https:\\\/\\\/petrerjove.com\\\/wp-content\\\/uploads\\\/2024\\\/02\\\/petrerjove_horizontal.svg\",\"contentUrl\":\"https:\\\/\\\/petrerjove.com\\\/wp-content\\\/uploads\\\/2024\\\/02\\\/petrerjove_horizontal.svg\",\"width\":200,\"height\":70,\"caption\":\"Concejal\u00eda de Juventud de Petrer\"},\"image\":{\"@id\":\"https:\\\/\\\/petrerjove.com\\\/ca\\\/#\\\/schema\\\/logo\\\/image\\\/\"},\"sameAs\":[\"https:\\\/\\\/www.facebook.com\\\/petrerjoven\\\/\",\"https:\\\/\\\/www.instagram.com\\\/petrerjove\\\/\"]}]}<\/script>\n<!-- \/ Yoast SEO plugin. -->","yoast_head_json":{"title":"Aventura: Via Ferrata Villena K2 - Petrer Jove","robots":{"index":"index","follow":"follow","max-snippet":"max-snippet:-1","max-image-preview":"max-image-preview:large","max-video-preview":"max-video-preview:-1"},"canonical":"https:\/\/petrerjove.com\/ca\/evento\/aventura-via-ferrata-villena-k2\/","og_locale":"ca_ES","og_type":"article","og_title":"Aventura: Via Ferrata Villena K2 - Petrer Jove","og_description":"\ud83d\udcc5 Quan? Diumenge 2 de mar\u00e7 de 2025\ud83d\udccd On? Via Ferrada de Villella (K2)\ud83d\udcb0 Activitat gratu\u00efta\ud83d\ude8c Inclou \ud83d\udd39 Horaris i Punt de Trobada \ud83d\udccd 8:45h \u2013 Punt de trobada (es facilitar\u00e0 la ubicaci\u00f3 pel grup de WhatsApp)\ud83d\udd58 09:00h \u2013 Inici de l&#8217;activitat Veniu a gaudir d&#8217;una experi\u00e8ncia \u00fanica en plena natura! \ud83c\udf3f\ud83d\udcaa \ud83d\udd39 Requisits per [&hellip;]","og_url":"https:\/\/petrerjove.com\/ca\/evento\/aventura-via-ferrata-villena-k2\/","og_site_name":"Petrer Jove","article_publisher":"https:\/\/www.facebook.com\/petrerjoven\/","article_modified_time":"2025-02-05T09:28:11+00:00","og_image":[{"width":400,"height":290,"url":"https:\/\/petrerjove.com\/wp-content\/uploads\/2025\/02\/viaferrata_2marz_destacada-min.jpg","type":"image\/jpeg"}],"twitter_card":"summary_large_image","twitter_misc":{"Temps estimat de lectura":"1 minut"},"schema":{"@context":"https:\/\/schema.org","@graph":[{"@type":"WebPage","@id":"https:\/\/petrerjove.com\/ca\/evento\/aventura-via-ferrata-villena-k2\/","url":"https:\/\/petrerjove.com\/ca\/evento\/aventura-via-ferrata-villena-k2\/","name":"Aventura: Via Ferrata Villena K2 - Petrer Jove","isPartOf":{"@id":"https:\/\/petrerjove.com\/ca\/#website"},"primaryImageOfPage":{"@id":"https:\/\/petrerjove.com\/ca\/evento\/aventura-via-ferrata-villena-k2\/#primaryimage"},"image":{"@id":"https:\/\/petrerjove.com\/ca\/evento\/aventura-via-ferrata-villena-k2\/#primaryimage"},"thumbnailUrl":"https:\/\/petrerjove.com\/wp-content\/uploads\/2025\/02\/viaferrata_2marz_destacada-min.jpg","datePublished":"2025-02-05T09:25:46+00:00","dateModified":"2025-02-05T09:28:11+00:00","breadcrumb":{"@id":"https:\/\/petrerjove.com\/ca\/evento\/aventura-via-ferrata-villena-k2\/#breadcrumb"},"inLanguage":"ca","potentialAction":[{"@type":"ReadAction","target":["https:\/\/petrerjove.com\/ca\/evento\/aventura-via-ferrata-villena-k2\/"]}]},{"@type":"ImageObject","inLanguage":"ca","@id":"https:\/\/petrerjove.com\/ca\/evento\/aventura-via-ferrata-villena-k2\/#primaryimage","url":"https:\/\/petrerjove.com\/wp-content\/uploads\/2025\/02\/viaferrata_2marz_destacada-min.jpg","contentUrl":"https:\/\/petrerjove.com\/wp-content\/uploads\/2025\/02\/viaferrata_2marz_destacada-min.jpg","width":400,"height":290},{"@type":"BreadcrumbList","@id":"https:\/\/petrerjove.com\/ca\/evento\/aventura-via-ferrata-villena-k2\/#breadcrumb","itemListElement":[{"@type":"ListItem","position":1,"name":"Portada","item":"https:\/\/petrerjove.com\/ca\/"},{"@type":"ListItem","position":2,"name":"Aventura: Via Ferrata Villena K2"}]},{"@type":"WebSite","@id":"https:\/\/petrerjove.com\/ca\/#website","url":"https:\/\/petrerjove.com\/ca\/","name":"Petrer Jove","description":"Concejal\u00eda de Infancia y Juventud de Petrer","publisher":{"@id":"https:\/\/petrerjove.com\/ca\/#organization"},"potentialAction":[{"@type":"SearchAction","target":{"@type":"EntryPoint","urlTemplate":"https:\/\/petrerjove.com\/ca\/?s={search_term_string}"},"query-input":{"@type":"PropertyValueSpecification","valueRequired":true,"valueName":"search_term_string"}}],"inLanguage":"ca"},{"@type":"Organization","@id":"https:\/\/petrerjove.com\/ca\/#organization","name":"Concejal\u00eda de Juventud de Petrer","url":"https:\/\/petrerjove.com\/ca\/","logo":{"@type":"ImageObject","inLanguage":"ca","@id":"https:\/\/petrerjove.com\/ca\/#\/schema\/logo\/image\/","url":"https:\/\/petrerjove.com\/wp-content\/uploads\/2024\/02\/petrerjove_horizontal.svg","contentUrl":"https:\/\/petrerjove.com\/wp-content\/uploads\/2024\/02\/petrerjove_horizontal.svg","width":200,"height":70,"caption":"Concejal\u00eda de Juventud de Petrer"},"image":{"@id":"https:\/\/petrerjove.com\/ca\/#\/schema\/logo\/image\/"},"sameAs":["https:\/\/www.facebook.com\/petrerjoven\/","https:\/\/www.instagram.com\/petrerjove\/"]}]}},"_links":{"self":[{"href":"https:\/\/petrerjove.com\/ca\/wp-json\/wp\/v2\/evento\/4994","targetHints":{"allow":["GET"]}}],"collection":[{"href":"https:\/\/petrerjove.com\/ca\/wp-json\/wp\/v2\/evento"}],"about":[{"href":"https:\/\/petrerjove.com\/ca\/wp-json\/wp\/v2\/types\/evento"}],"author":[{"embeddable":true,"href":"https:\/\/petrerjove.com\/ca\/wp-json\/wp\/v2\/users\/1"}],"version-history":[{"count":1,"href":"https:\/\/petrerjove.com\/ca\/wp-json\/wp\/v2\/evento\/4994\/revisions"}],"predecessor-version":[{"id":4995,"href":"https:\/\/petrerjove.com\/ca\/wp-json\/wp\/v2\/evento\/4994\/revisions\/4995"}],"wp:featuredmedia":[{"embeddable":true,"href":"https:\/\/petrerjove.com\/ca\/wp-json\/wp\/v2\/media\/4990"}],"wp:attachment":[{"href":"https:\/\/petrerjove.com\/ca\/wp-json\/wp\/v2\/media?parent=4994"}],"wp:term":[{"taxonomy":"tag-evento","embeddable":true,"href":"https:\/\/petrerjove.com\/ca\/wp-json\/wp\/v2\/tag-evento?post=4994"},{"taxonomy":"edades-eventos","embeddable":true,"href":"https:\/\/petrerjove.com\/ca\/wp-json\/wp\/v2\/edades-eventos?post=4994"},{"taxonomy":"lugar-eventos","embeddable":true,"href":"https:\/\/petrerjove.com\/ca\/wp-json\/wp\/v2\/lugar-eventos?post=4994"}],"curies":[{"name":"wp","href":"https:\/\/api.w.org\/{rel}","templated":true}]}}