{"id":4762,"date":"2025-01-10T09:19:43","date_gmt":"2025-01-10T08:19:43","guid":{"rendered":"https:\/\/petrerjove.com\/?post_type=evento&#038;p=4762"},"modified":"2025-01-10T09:19:44","modified_gmt":"2025-01-10T08:19:44","slug":"teatro-familiar-el-maravilloso-mundo-de-drilo","status":"publish","type":"evento","link":"https:\/\/petrerjove.com\/ca\/evento\/teatro-familiar-el-maravilloso-mundo-de-drilo\/","title":{"rendered":"Teatro familiar &#8211; El maravilloso mundo de Drilo"},"content":{"rendered":"\n<p>\u2728 <strong>La Pandilla de Drilo vuelve para sorprenderte!<\/strong><br>Tras el \u00e9xito arrollador en 2019, con m\u00e1s de cuatro meses en el Teatro Reina Victoria y el Teatro Soho Club en la Gran V\u00eda de Madrid, Drilo y sus amigos, Guau, Peligre, Huga y el resto de la pandilla, llegan a tu ciudad con una historia m\u00e1gica y divertida.<\/p>\n\n\n\n<p>\ud83d\udc67 <strong>La historia de Marta:<\/strong><br>Marta es una ni\u00f1a curiosa y responsable con sus estudios. Durante un fin de semana, descubre junto a su mejor amiga, Teresa, una aplicaci\u00f3n llamada <strong>&#8220;El maravilloso mundo de Drilo&#8221;<\/strong> en su tablet. Lo que parec\u00eda un simple juego se convierte en un viaje a un mundo m\u00e1gico lleno de personajes entra\u00f1ables y canciones inolvidables.<\/p>\n\n\n\n<p>\ud83c\udfb6 <strong>Canciones, aventuras y mucha diversi\u00f3n para toda la familia.<\/strong><br>\u00a1Acompa\u00f1a a Marta y Teresa en esta aventura que demuestra que hay mundos incre\u00edbles m\u00e1s all\u00e1 de una pantalla!<\/p>\n\n\n\n<p>\ud83d\udcc5 <strong>Domingo, 2 de febrero<\/strong><br>\ud83d\udd61 <strong>18:30 h<\/strong><br>\ud83d\udccd <strong>Teatro Cervantes<\/strong><br>\ud83c\udf9f\ufe0f  <strong>Entrada anticipada:<\/strong> 8\u20ac \/ <strong>Entrada grupo (m\u00ednimo 4)<\/strong>: 6\u20ac \/ <strong>Entrada general:<\/strong> 10\u20ac<\/p>\n\n\n\n<p>\ud83c\udf9f\ufe0f <strong>No te pierdas este espect\u00e1culo lleno de magia y m\u00fasica.<\/strong><br>\u00a1Te esperamos en el Teatro Cervantes!<\/p>\n\n\n\n<div style=\"height:50px\" aria-hidden=\"true\" class=\"wp-block-spacer\"><\/div>\n\n\n\n<figure class=\"wp-block-image aligncenter size-large is-resized\"><img fetchpriority=\"high\" decoding=\"async\" width=\"725\" height=\"1024\" src=\"https:\/\/petrerjove.com\/wp-content\/uploads\/2024\/12\/YDRAY-CARTEL-DRILO-NUEVO-min-725x1024.jpg\" alt=\"\" class=\"wp-image-4805\" style=\"width:350px\" srcset=\"https:\/\/petrerjove.com\/wp-content\/uploads\/2024\/12\/YDRAY-CARTEL-DRILO-NUEVO-min-725x1024.jpg 725w, https:\/\/petrerjove.com\/wp-content\/uploads\/2024\/12\/YDRAY-CARTEL-DRILO-NUEVO-min-212x300.jpg 212w, https:\/\/petrerjove.com\/wp-content\/uploads\/2024\/12\/YDRAY-CARTEL-DRILO-NUEVO-min-768x1085.jpg 768w, https:\/\/petrerjove.com\/wp-content\/uploads\/2024\/12\/YDRAY-CARTEL-DRILO-NUEVO-min-1087x1536.jpg 1087w, https:\/\/petrerjove.com\/wp-content\/uploads\/2024\/12\/YDRAY-CARTEL-DRILO-NUEVO-min.jpg 1359w\" sizes=\"(max-width: 725px) 100vw, 725px\" \/><\/figure>\n","protected":false},"author":1,"featured_media":4801,"template":"","tag-evento":[],"edades-eventos":[136],"lugar-eventos":[39],"class_list":["post-4762","evento","type-evento","status-publish","has-post-thumbnail","hentry","edades-eventos-todas-las-edades","lugar-eventos-teatro-cervantes"],"yoast_head":"<!-- This site is optimized with the Yoast SEO plugin v27.5 - https:\/\/yoast.com\/product\/yoast-seo-wordpress\/ -->\n<title>Teatro familiar - El maravilloso mundo de Drilo - Petrer Jove<\/title>\n<meta name=\"robots\" content=\"index, follow, max-snippet:-1, max-image-preview:large, max-video-preview:-1\" \/>\n<link rel=\"canonical\" href=\"https:\/\/petrerjove.com\/ca\/evento\/teatro-familiar-el-maravilloso-mundo-de-drilo\/\" \/>\n<meta property=\"og:locale\" content=\"ca_ES\" \/>\n<meta property=\"og:type\" content=\"article\" \/>\n<meta property=\"og:title\" content=\"Teatro familiar - El maravilloso mundo de Drilo - Petrer Jove\" \/>\n<meta property=\"og:description\" content=\"\u2728 La Pandilla de Drilo vuelve para sorprenderte!Tras el \u00e9xito arrollador en 2019, con m\u00e1s de cuatro meses en el Teatro Reina Victoria y el Teatro Soho Club en la Gran V\u00eda de Madrid, Drilo y sus amigos, Guau, Peligre, Huga y el resto de la pandilla, llegan a tu ciudad con una historia m\u00e1gica [&hellip;]\" \/>\n<meta property=\"og:url\" content=\"https:\/\/petrerjove.com\/ca\/evento\/teatro-familiar-el-maravilloso-mundo-de-drilo\/\" \/>\n<meta property=\"og:site_name\" content=\"Petrer Jove\" \/>\n<meta property=\"article:publisher\" content=\"https:\/\/www.facebook.com\/petrerjoven\/\" \/>\n<meta property=\"article:modified_time\" content=\"2025-01-10T08:19:44+00:00\" \/>\n<meta property=\"og:image\" content=\"https:\/\/petrerjove.com\/wp-content\/uploads\/2024\/12\/teatrofamiliar_2feb_destacada-min.jpg\" \/>\n\t<meta property=\"og:image:width\" content=\"400\" \/>\n\t<meta property=\"og:image:height\" content=\"290\" \/>\n\t<meta property=\"og:image:type\" content=\"image\/jpeg\" \/>\n<meta name=\"twitter:card\" content=\"summary_large_image\" \/>\n<meta name=\"twitter:label1\" content=\"Temps estimat de lectura\" \/>\n\t<meta name=\"twitter:data1\" content=\"2 minuts\" \/>\n<script type=\"application\/ld+json\" class=\"yoast-schema-graph\">{\"@context\":\"https:\\\/\\\/schema.org\",\"@graph\":[{\"@type\":\"WebPage\",\"@id\":\"https:\\\/\\\/petrerjove.com\\\/ca\\\/evento\\\/teatro-familiar-el-maravilloso-mundo-de-drilo\\\/\",\"url\":\"https:\\\/\\\/petrerjove.com\\\/ca\\\/evento\\\/teatro-familiar-el-maravilloso-mundo-de-drilo\\\/\",\"name\":\"Teatro familiar - El maravilloso mundo de Drilo - Petrer Jove\",\"isPartOf\":{\"@id\":\"https:\\\/\\\/petrerjove.com\\\/ca\\\/#website\"},\"primaryImageOfPage\":{\"@id\":\"https:\\\/\\\/petrerjove.com\\\/ca\\\/evento\\\/teatro-familiar-el-maravilloso-mundo-de-drilo\\\/#primaryimage\"},\"image\":{\"@id\":\"https:\\\/\\\/petrerjove.com\\\/ca\\\/evento\\\/teatro-familiar-el-maravilloso-mundo-de-drilo\\\/#primaryimage\"},\"thumbnailUrl\":\"https:\\\/\\\/petrerjove.com\\\/wp-content\\\/uploads\\\/2024\\\/12\\\/teatrofamiliar_2feb_destacada-min.jpg\",\"datePublished\":\"2025-01-10T08:19:43+00:00\",\"dateModified\":\"2025-01-10T08:19:44+00:00\",\"breadcrumb\":{\"@id\":\"https:\\\/\\\/petrerjove.com\\\/ca\\\/evento\\\/teatro-familiar-el-maravilloso-mundo-de-drilo\\\/#breadcrumb\"},\"inLanguage\":\"ca\",\"potentialAction\":[{\"@type\":\"ReadAction\",\"target\":[\"https:\\\/\\\/petrerjove.com\\\/ca\\\/evento\\\/teatro-familiar-el-maravilloso-mundo-de-drilo\\\/\"]}]},{\"@type\":\"ImageObject\",\"inLanguage\":\"ca\",\"@id\":\"https:\\\/\\\/petrerjove.com\\\/ca\\\/evento\\\/teatro-familiar-el-maravilloso-mundo-de-drilo\\\/#primaryimage\",\"url\":\"https:\\\/\\\/petrerjove.com\\\/wp-content\\\/uploads\\\/2024\\\/12\\\/teatrofamiliar_2feb_destacada-min.jpg\",\"contentUrl\":\"https:\\\/\\\/petrerjove.com\\\/wp-content\\\/uploads\\\/2024\\\/12\\\/teatrofamiliar_2feb_destacada-min.jpg\",\"width\":400,\"height\":290},{\"@type\":\"BreadcrumbList\",\"@id\":\"https:\\\/\\\/petrerjove.com\\\/ca\\\/evento\\\/teatro-familiar-el-maravilloso-mundo-de-drilo\\\/#breadcrumb\",\"itemListElement\":[{\"@type\":\"ListItem\",\"position\":1,\"name\":\"Portada\",\"item\":\"https:\\\/\\\/petrerjove.com\\\/ca\\\/\"},{\"@type\":\"ListItem\",\"position\":2,\"name\":\"Teatro familiar &#8211; El maravilloso mundo de Drilo\"}]},{\"@type\":\"WebSite\",\"@id\":\"https:\\\/\\\/petrerjove.com\\\/ca\\\/#website\",\"url\":\"https:\\\/\\\/petrerjove.com\\\/ca\\\/\",\"name\":\"Petrer Jove\",\"description\":\"Concejal\u00eda de Infancia y Juventud de Petrer\",\"publisher\":{\"@id\":\"https:\\\/\\\/petrerjove.com\\\/ca\\\/#organization\"},\"potentialAction\":[{\"@type\":\"SearchAction\",\"target\":{\"@type\":\"EntryPoint\",\"urlTemplate\":\"https:\\\/\\\/petrerjove.com\\\/ca\\\/?s={search_term_string}\"},\"query-input\":{\"@type\":\"PropertyValueSpecification\",\"valueRequired\":true,\"valueName\":\"search_term_string\"}}],\"inLanguage\":\"ca\"},{\"@type\":\"Organization\",\"@id\":\"https:\\\/\\\/petrerjove.com\\\/ca\\\/#organization\",\"name\":\"Concejal\u00eda de Juventud de Petrer\",\"url\":\"https:\\\/\\\/petrerjove.com\\\/ca\\\/\",\"logo\":{\"@type\":\"ImageObject\",\"inLanguage\":\"ca\",\"@id\":\"https:\\\/\\\/petrerjove.com\\\/ca\\\/#\\\/schema\\\/logo\\\/image\\\/\",\"url\":\"https:\\\/\\\/petrerjove.com\\\/wp-content\\\/uploads\\\/2024\\\/02\\\/petrerjove_horizontal.svg\",\"contentUrl\":\"https:\\\/\\\/petrerjove.com\\\/wp-content\\\/uploads\\\/2024\\\/02\\\/petrerjove_horizontal.svg\",\"width\":200,\"height\":70,\"caption\":\"Concejal\u00eda de Juventud de Petrer\"},\"image\":{\"@id\":\"https:\\\/\\\/petrerjove.com\\\/ca\\\/#\\\/schema\\\/logo\\\/image\\\/\"},\"sameAs\":[\"https:\\\/\\\/www.facebook.com\\\/petrerjoven\\\/\",\"https:\\\/\\\/www.instagram.com\\\/petrerjove\\\/\"]}]}<\/script>\n<!-- \/ Yoast SEO plugin. -->","yoast_head_json":{"title":"Teatro familiar - El maravilloso mundo de Drilo - Petrer Jove","robots":{"index":"index","follow":"follow","max-snippet":"max-snippet:-1","max-image-preview":"max-image-preview:large","max-video-preview":"max-video-preview:-1"},"canonical":"https:\/\/petrerjove.com\/ca\/evento\/teatro-familiar-el-maravilloso-mundo-de-drilo\/","og_locale":"ca_ES","og_type":"article","og_title":"Teatro familiar - El maravilloso mundo de Drilo - Petrer Jove","og_description":"\u2728 La Pandilla de Drilo vuelve para sorprenderte!Tras el \u00e9xito arrollador en 2019, con m\u00e1s de cuatro meses en el Teatro Reina Victoria y el Teatro Soho Club en la Gran V\u00eda de Madrid, Drilo y sus amigos, Guau, Peligre, Huga y el resto de la pandilla, llegan a tu ciudad con una historia m\u00e1gica [&hellip;]","og_url":"https:\/\/petrerjove.com\/ca\/evento\/teatro-familiar-el-maravilloso-mundo-de-drilo\/","og_site_name":"Petrer Jove","article_publisher":"https:\/\/www.facebook.com\/petrerjoven\/","article_modified_time":"2025-01-10T08:19:44+00:00","og_image":[{"width":400,"height":290,"url":"https:\/\/petrerjove.com\/wp-content\/uploads\/2024\/12\/teatrofamiliar_2feb_destacada-min.jpg","type":"image\/jpeg"}],"twitter_card":"summary_large_image","twitter_misc":{"Temps estimat de lectura":"2 minuts"},"schema":{"@context":"https:\/\/schema.org","@graph":[{"@type":"WebPage","@id":"https:\/\/petrerjove.com\/ca\/evento\/teatro-familiar-el-maravilloso-mundo-de-drilo\/","url":"https:\/\/petrerjove.com\/ca\/evento\/teatro-familiar-el-maravilloso-mundo-de-drilo\/","name":"Teatro familiar - El maravilloso mundo de Drilo - Petrer Jove","isPartOf":{"@id":"https:\/\/petrerjove.com\/ca\/#website"},"primaryImageOfPage":{"@id":"https:\/\/petrerjove.com\/ca\/evento\/teatro-familiar-el-maravilloso-mundo-de-drilo\/#primaryimage"},"image":{"@id":"https:\/\/petrerjove.com\/ca\/evento\/teatro-familiar-el-maravilloso-mundo-de-drilo\/#primaryimage"},"thumbnailUrl":"https:\/\/petrerjove.com\/wp-content\/uploads\/2024\/12\/teatrofamiliar_2feb_destacada-min.jpg","datePublished":"2025-01-10T08:19:43+00:00","dateModified":"2025-01-10T08:19:44+00:00","breadcrumb":{"@id":"https:\/\/petrerjove.com\/ca\/evento\/teatro-familiar-el-maravilloso-mundo-de-drilo\/#breadcrumb"},"inLanguage":"ca","potentialAction":[{"@type":"ReadAction","target":["https:\/\/petrerjove.com\/ca\/evento\/teatro-familiar-el-maravilloso-mundo-de-drilo\/"]}]},{"@type":"ImageObject","inLanguage":"ca","@id":"https:\/\/petrerjove.com\/ca\/evento\/teatro-familiar-el-maravilloso-mundo-de-drilo\/#primaryimage","url":"https:\/\/petrerjove.com\/wp-content\/uploads\/2024\/12\/teatrofamiliar_2feb_destacada-min.jpg","contentUrl":"https:\/\/petrerjove.com\/wp-content\/uploads\/2024\/12\/teatrofamiliar_2feb_destacada-min.jpg","width":400,"height":290},{"@type":"BreadcrumbList","@id":"https:\/\/petrerjove.com\/ca\/evento\/teatro-familiar-el-maravilloso-mundo-de-drilo\/#breadcrumb","itemListElement":[{"@type":"ListItem","position":1,"name":"Portada","item":"https:\/\/petrerjove.com\/ca\/"},{"@type":"ListItem","position":2,"name":"Teatro familiar &#8211; El maravilloso mundo de Drilo"}]},{"@type":"WebSite","@id":"https:\/\/petrerjove.com\/ca\/#website","url":"https:\/\/petrerjove.com\/ca\/","name":"Petrer Jove","description":"Concejal\u00eda de Infancia y Juventud de Petrer","publisher":{"@id":"https:\/\/petrerjove.com\/ca\/#organization"},"potentialAction":[{"@type":"SearchAction","target":{"@type":"EntryPoint","urlTemplate":"https:\/\/petrerjove.com\/ca\/?s={search_term_string}"},"query-input":{"@type":"PropertyValueSpecification","valueRequired":true,"valueName":"search_term_string"}}],"inLanguage":"ca"},{"@type":"Organization","@id":"https:\/\/petrerjove.com\/ca\/#organization","name":"Concejal\u00eda de Juventud de Petrer","url":"https:\/\/petrerjove.com\/ca\/","logo":{"@type":"ImageObject","inLanguage":"ca","@id":"https:\/\/petrerjove.com\/ca\/#\/schema\/logo\/image\/","url":"https:\/\/petrerjove.com\/wp-content\/uploads\/2024\/02\/petrerjove_horizontal.svg","contentUrl":"https:\/\/petrerjove.com\/wp-content\/uploads\/2024\/02\/petrerjove_horizontal.svg","width":200,"height":70,"caption":"Concejal\u00eda de Juventud de Petrer"},"image":{"@id":"https:\/\/petrerjove.com\/ca\/#\/schema\/logo\/image\/"},"sameAs":["https:\/\/www.facebook.com\/petrerjoven\/","https:\/\/www.instagram.com\/petrerjove\/"]}]}},"_links":{"self":[{"href":"https:\/\/petrerjove.com\/ca\/wp-json\/wp\/v2\/evento\/4762","targetHints":{"allow":["GET"]}}],"collection":[{"href":"https:\/\/petrerjove.com\/ca\/wp-json\/wp\/v2\/evento"}],"about":[{"href":"https:\/\/petrerjove.com\/ca\/wp-json\/wp\/v2\/types\/evento"}],"author":[{"embeddable":true,"href":"https:\/\/petrerjove.com\/ca\/wp-json\/wp\/v2\/users\/1"}],"version-history":[{"count":1,"href":"https:\/\/petrerjove.com\/ca\/wp-json\/wp\/v2\/evento\/4762\/revisions"}],"predecessor-version":[{"id":4807,"href":"https:\/\/petrerjove.com\/ca\/wp-json\/wp\/v2\/evento\/4762\/revisions\/4807"}],"wp:featuredmedia":[{"embeddable":true,"href":"https:\/\/petrerjove.com\/ca\/wp-json\/wp\/v2\/media\/4801"}],"wp:attachment":[{"href":"https:\/\/petrerjove.com\/ca\/wp-json\/wp\/v2\/media?parent=4762"}],"wp:term":[{"taxonomy":"tag-evento","embeddable":true,"href":"https:\/\/petrerjove.com\/ca\/wp-json\/wp\/v2\/tag-evento?post=4762"},{"taxonomy":"edades-eventos","embeddable":true,"href":"https:\/\/petrerjove.com\/ca\/wp-json\/wp\/v2\/edades-eventos?post=4762"},{"taxonomy":"lugar-eventos","embeddable":true,"href":"https:\/\/petrerjove.com\/ca\/wp-json\/wp\/v2\/lugar-eventos?post=4762"}],"curies":[{"name":"wp","href":"https:\/\/api.w.org\/{rel}","templated":true}]}}