{"id":4244,"date":"2024-10-15T08:51:46","date_gmt":"2024-10-15T06:51:46","guid":{"rendered":"https:\/\/petrerjove.com\/evento\/cicle-de-conferencies-tardor-cultural\/"},"modified":"2024-10-15T09:51:43","modified_gmt":"2024-10-15T07:51:43","slug":"cicle-de-conferencies-tardor-cultural","status":"publish","type":"evento","link":"https:\/\/petrerjove.com\/ca\/evento\/cicle-de-conferencies-tardor-cultural\/","title":{"rendered":"Cicle de confer\u00e8ncies Tardor Cultural"},"content":{"rendered":"\n<p>El <em>Cicle de confer\u00e8ncies Tardor Cultural<\/em> arrencar\u00e0 el 18 d&#8217;octubre i s&#8217;estendr\u00e0 fins al 29 de novembre a la sala d&#8217;actes de Caixapetrer. Aquest esdeveniment comptar\u00e0 amb cinc confer\u00e8ncies de diversos experts en m\u00fasica, fotografia, museologia i periodisme.<\/p>\n\n<p>La confer\u00e8ncia inaugural ser\u00e0 el <strong>divendres 18 d&#8217;octubre a les 19.30 h<\/strong>, titulada <em>\u201cDones a la M\u00fasica: Un Estudi Comparatiu de les Bandes d&#8217;Aspe, Mutxamel i Petrer\u201d<\/em> , presentada pel music\u00f2leg Manuel P\u00e9rez Tovar. En aquesta xerrada, proposada per l&#8217;Associaci\u00f3 Musical Verge del Remei, s&#8217;analitzar\u00e0 la incorporaci\u00f3 de les dones a les bandes musicals i l&#8217;impacte de la participaci\u00f3 en el desenvolupament cultural i musical local.<\/p>\n\n<p>El cicle continuar\u00e0 el <strong>25 d&#8217;octubre<\/strong>amb la fot\u00f2grafa i gestora cultural Ana Becerra Melgar, que oferir\u00e0 la confer\u00e8ncia <em>\u201cPensament creatiu. Aprendre a mirar\u201d<\/em>, en col\u00b7laboraci\u00f3 amb la Seu Universit\u00e0ria de Petrer i el Grup fotogr\u00e0fic de Petrer. Ana parlar\u00e0 sobre com crear projectes aut\u00e8ntics combinant t\u00e8cnica i psicologia.<\/p>\n\n<p><strong>El 8 de novembre<\/strong>, Bernardo Pajares Duro, del Museu Nacional del Prado, compartir\u00e0 la seva experi\u00e8ncia sobre la comunicaci\u00f3 digital en museus amb la xerrada <em>\u201cEl Museu del Prado a les xarxes socials: apropant-nos al p\u00fablic virtual\u201d<\/em>, destacant la import\u00e0ncia de la transpar\u00e8ncia i la humanitat a les xarxes.<\/p>\n\n<p>El viernes <strong>22 de noviembre<\/strong>, Josep Vicent Frechina, cr\u00edtico musical y coordinador de la revista <em>Caramella<\/em>, analizar\u00e1 las <em>\u201cM\u00fasiques tradicionals de la Mediterr\u00e0nia. Una mirada contempor\u00e0nia\u201d<\/em>, abordando los elementos comunes entre la m\u00fasica tradicional mediterr\u00e1nea y la contempor\u00e1nea.<\/p>\n\n<p>Finalment, <strong>el 29 de novembre<\/strong>, la periodista \u00c1ngeles Blanco Gonz\u00e1lez tancar\u00e0 el cicle amb <em>Fake news, propaganda i desinformaci\u00f3<\/em>, abordant el creixent problema de les not\u00edcies falses a l&#8217;era digital.<\/p>\n\n<p><strong>Datas i llocs:<\/strong> \ud83d\udcc5 18 d&#8217;octubre &#8211; 29 de novembre<br\/>\ud83d\udccd Sal\u00f3 d&#8217;actes de Caixapetrer<br\/>\ud83d\udd55 19:30 h<br\/>\ud83c\udf9f\ufe0f Entrada lliure<\/p>\n\n<div style=\"height:50px\" aria-hidden=\"true\" class=\"wp-block-spacer\"><\/div>\n\n<figure class=\"wp-block-image aligncenter size-large is-resized\"><img fetchpriority=\"high\" decoding=\"async\" width=\"724\" height=\"1024\" src=\"https:\/\/petrerjove.com\/wp-content\/uploads\/2024\/10\/tardor_cultural_2024-min-724x1024.jpg\" alt=\"\" class=\"wp-image-4193\" style=\"width:350px\" srcset=\"https:\/\/petrerjove.com\/wp-content\/uploads\/2024\/10\/tardor_cultural_2024-min-724x1024.jpg 724w, https:\/\/petrerjove.com\/wp-content\/uploads\/2024\/10\/tardor_cultural_2024-min-212x300.jpg 212w, https:\/\/petrerjove.com\/wp-content\/uploads\/2024\/10\/tardor_cultural_2024-min-768x1086.jpg 768w, https:\/\/petrerjove.com\/wp-content\/uploads\/2024\/10\/tardor_cultural_2024-min-1086x1536.jpg 1086w, https:\/\/petrerjove.com\/wp-content\/uploads\/2024\/10\/tardor_cultural_2024-min.jpg 1358w\" sizes=\"(max-width: 724px) 100vw, 724px\" \/><\/figure>\n","protected":false},"author":1,"featured_media":4196,"template":"","tag-evento":[],"edades-eventos":[141],"lugar-eventos":[143],"class_list":["post-4244","evento","type-evento","status-publish","has-post-thumbnail","hentry","edades-eventos-totes-les-edats","lugar-eventos-salo-dactes-de-caixapetrer"],"yoast_head":"<!-- This site is optimized with the Yoast SEO plugin v27.5 - https:\/\/yoast.com\/product\/yoast-seo-wordpress\/ -->\n<title>Cicle de confer\u00e8ncies Tardor Cultural - Petrer Jove<\/title>\n<meta name=\"robots\" content=\"index, follow, max-snippet:-1, max-image-preview:large, max-video-preview:-1\" \/>\n<link rel=\"canonical\" href=\"https:\/\/petrerjove.com\/ca\/evento\/cicle-de-conferencies-tardor-cultural\/\" \/>\n<meta property=\"og:locale\" content=\"ca_ES\" \/>\n<meta property=\"og:type\" content=\"article\" \/>\n<meta property=\"og:title\" content=\"Cicle de confer\u00e8ncies Tardor Cultural - Petrer Jove\" \/>\n<meta property=\"og:description\" content=\"El Cicle de confer\u00e8ncies Tardor Cultural arrencar\u00e0 el 18 d&#8217;octubre i s&#8217;estendr\u00e0 fins al 29 de novembre a la sala d&#8217;actes de Caixapetrer. Aquest esdeveniment comptar\u00e0 amb cinc confer\u00e8ncies de diversos experts en m\u00fasica, fotografia, museologia i periodisme. La confer\u00e8ncia inaugural ser\u00e0 el divendres 18 d&#8217;octubre a les 19.30 h, titulada \u201cDones a la M\u00fasica: [&hellip;]\" \/>\n<meta property=\"og:url\" content=\"https:\/\/petrerjove.com\/ca\/evento\/cicle-de-conferencies-tardor-cultural\/\" \/>\n<meta property=\"og:site_name\" content=\"Petrer Jove\" \/>\n<meta property=\"article:publisher\" content=\"https:\/\/www.facebook.com\/petrerjoven\/\" \/>\n<meta property=\"article:modified_time\" content=\"2024-10-15T07:51:43+00:00\" \/>\n<meta property=\"og:image\" content=\"https:\/\/petrerjove.com\/wp-content\/uploads\/2024\/10\/conferencia_18oct_destacada-min.jpg\" \/>\n\t<meta property=\"og:image:width\" content=\"400\" \/>\n\t<meta property=\"og:image:height\" content=\"290\" \/>\n\t<meta property=\"og:image:type\" content=\"image\/jpeg\" \/>\n<meta name=\"twitter:card\" content=\"summary_large_image\" \/>\n<meta name=\"twitter:label1\" content=\"Temps estimat de lectura\" \/>\n\t<meta name=\"twitter:data1\" content=\"2 minuts\" \/>\n<script type=\"application\/ld+json\" class=\"yoast-schema-graph\">{\"@context\":\"https:\\\/\\\/schema.org\",\"@graph\":[{\"@type\":\"WebPage\",\"@id\":\"https:\\\/\\\/petrerjove.com\\\/ca\\\/evento\\\/cicle-de-conferencies-tardor-cultural\\\/\",\"url\":\"https:\\\/\\\/petrerjove.com\\\/ca\\\/evento\\\/cicle-de-conferencies-tardor-cultural\\\/\",\"name\":\"Cicle de confer\u00e8ncies Tardor Cultural - Petrer Jove\",\"isPartOf\":{\"@id\":\"https:\\\/\\\/petrerjove.com\\\/ca\\\/#website\"},\"primaryImageOfPage\":{\"@id\":\"https:\\\/\\\/petrerjove.com\\\/ca\\\/evento\\\/cicle-de-conferencies-tardor-cultural\\\/#primaryimage\"},\"image\":{\"@id\":\"https:\\\/\\\/petrerjove.com\\\/ca\\\/evento\\\/cicle-de-conferencies-tardor-cultural\\\/#primaryimage\"},\"thumbnailUrl\":\"https:\\\/\\\/petrerjove.com\\\/wp-content\\\/uploads\\\/2024\\\/10\\\/conferencia_18oct_destacada-min.jpg\",\"datePublished\":\"2024-10-15T06:51:46+00:00\",\"dateModified\":\"2024-10-15T07:51:43+00:00\",\"breadcrumb\":{\"@id\":\"https:\\\/\\\/petrerjove.com\\\/ca\\\/evento\\\/cicle-de-conferencies-tardor-cultural\\\/#breadcrumb\"},\"inLanguage\":\"ca\",\"potentialAction\":[{\"@type\":\"ReadAction\",\"target\":[\"https:\\\/\\\/petrerjove.com\\\/ca\\\/evento\\\/cicle-de-conferencies-tardor-cultural\\\/\"]}]},{\"@type\":\"ImageObject\",\"inLanguage\":\"ca\",\"@id\":\"https:\\\/\\\/petrerjove.com\\\/ca\\\/evento\\\/cicle-de-conferencies-tardor-cultural\\\/#primaryimage\",\"url\":\"https:\\\/\\\/petrerjove.com\\\/wp-content\\\/uploads\\\/2024\\\/10\\\/conferencia_18oct_destacada-min.jpg\",\"contentUrl\":\"https:\\\/\\\/petrerjove.com\\\/wp-content\\\/uploads\\\/2024\\\/10\\\/conferencia_18oct_destacada-min.jpg\",\"width\":400,\"height\":290},{\"@type\":\"BreadcrumbList\",\"@id\":\"https:\\\/\\\/petrerjove.com\\\/ca\\\/evento\\\/cicle-de-conferencies-tardor-cultural\\\/#breadcrumb\",\"itemListElement\":[{\"@type\":\"ListItem\",\"position\":1,\"name\":\"Portada\",\"item\":\"https:\\\/\\\/petrerjove.com\\\/ca\\\/\"},{\"@type\":\"ListItem\",\"position\":2,\"name\":\"Cicle de confer\u00e8ncies Tardor Cultural\"}]},{\"@type\":\"WebSite\",\"@id\":\"https:\\\/\\\/petrerjove.com\\\/ca\\\/#website\",\"url\":\"https:\\\/\\\/petrerjove.com\\\/ca\\\/\",\"name\":\"Petrer Jove\",\"description\":\"Concejal\u00eda de Infancia y Juventud de Petrer\",\"publisher\":{\"@id\":\"https:\\\/\\\/petrerjove.com\\\/ca\\\/#organization\"},\"potentialAction\":[{\"@type\":\"SearchAction\",\"target\":{\"@type\":\"EntryPoint\",\"urlTemplate\":\"https:\\\/\\\/petrerjove.com\\\/ca\\\/?s={search_term_string}\"},\"query-input\":{\"@type\":\"PropertyValueSpecification\",\"valueRequired\":true,\"valueName\":\"search_term_string\"}}],\"inLanguage\":\"ca\"},{\"@type\":\"Organization\",\"@id\":\"https:\\\/\\\/petrerjove.com\\\/ca\\\/#organization\",\"name\":\"Concejal\u00eda de Juventud de Petrer\",\"url\":\"https:\\\/\\\/petrerjove.com\\\/ca\\\/\",\"logo\":{\"@type\":\"ImageObject\",\"inLanguage\":\"ca\",\"@id\":\"https:\\\/\\\/petrerjove.com\\\/ca\\\/#\\\/schema\\\/logo\\\/image\\\/\",\"url\":\"https:\\\/\\\/petrerjove.com\\\/wp-content\\\/uploads\\\/2024\\\/02\\\/petrerjove_horizontal.svg\",\"contentUrl\":\"https:\\\/\\\/petrerjove.com\\\/wp-content\\\/uploads\\\/2024\\\/02\\\/petrerjove_horizontal.svg\",\"width\":200,\"height\":70,\"caption\":\"Concejal\u00eda de Juventud de Petrer\"},\"image\":{\"@id\":\"https:\\\/\\\/petrerjove.com\\\/ca\\\/#\\\/schema\\\/logo\\\/image\\\/\"},\"sameAs\":[\"https:\\\/\\\/www.facebook.com\\\/petrerjoven\\\/\",\"https:\\\/\\\/www.instagram.com\\\/petrerjove\\\/\"]}]}<\/script>\n<!-- \/ Yoast SEO plugin. -->","yoast_head_json":{"title":"Cicle de confer\u00e8ncies Tardor Cultural - Petrer Jove","robots":{"index":"index","follow":"follow","max-snippet":"max-snippet:-1","max-image-preview":"max-image-preview:large","max-video-preview":"max-video-preview:-1"},"canonical":"https:\/\/petrerjove.com\/ca\/evento\/cicle-de-conferencies-tardor-cultural\/","og_locale":"ca_ES","og_type":"article","og_title":"Cicle de confer\u00e8ncies Tardor Cultural - Petrer Jove","og_description":"El Cicle de confer\u00e8ncies Tardor Cultural arrencar\u00e0 el 18 d&#8217;octubre i s&#8217;estendr\u00e0 fins al 29 de novembre a la sala d&#8217;actes de Caixapetrer. Aquest esdeveniment comptar\u00e0 amb cinc confer\u00e8ncies de diversos experts en m\u00fasica, fotografia, museologia i periodisme. La confer\u00e8ncia inaugural ser\u00e0 el divendres 18 d&#8217;octubre a les 19.30 h, titulada \u201cDones a la M\u00fasica: [&hellip;]","og_url":"https:\/\/petrerjove.com\/ca\/evento\/cicle-de-conferencies-tardor-cultural\/","og_site_name":"Petrer Jove","article_publisher":"https:\/\/www.facebook.com\/petrerjoven\/","article_modified_time":"2024-10-15T07:51:43+00:00","og_image":[{"width":400,"height":290,"url":"https:\/\/petrerjove.com\/wp-content\/uploads\/2024\/10\/conferencia_18oct_destacada-min.jpg","type":"image\/jpeg"}],"twitter_card":"summary_large_image","twitter_misc":{"Temps estimat de lectura":"2 minuts"},"schema":{"@context":"https:\/\/schema.org","@graph":[{"@type":"WebPage","@id":"https:\/\/petrerjove.com\/ca\/evento\/cicle-de-conferencies-tardor-cultural\/","url":"https:\/\/petrerjove.com\/ca\/evento\/cicle-de-conferencies-tardor-cultural\/","name":"Cicle de confer\u00e8ncies Tardor Cultural - Petrer Jove","isPartOf":{"@id":"https:\/\/petrerjove.com\/ca\/#website"},"primaryImageOfPage":{"@id":"https:\/\/petrerjove.com\/ca\/evento\/cicle-de-conferencies-tardor-cultural\/#primaryimage"},"image":{"@id":"https:\/\/petrerjove.com\/ca\/evento\/cicle-de-conferencies-tardor-cultural\/#primaryimage"},"thumbnailUrl":"https:\/\/petrerjove.com\/wp-content\/uploads\/2024\/10\/conferencia_18oct_destacada-min.jpg","datePublished":"2024-10-15T06:51:46+00:00","dateModified":"2024-10-15T07:51:43+00:00","breadcrumb":{"@id":"https:\/\/petrerjove.com\/ca\/evento\/cicle-de-conferencies-tardor-cultural\/#breadcrumb"},"inLanguage":"ca","potentialAction":[{"@type":"ReadAction","target":["https:\/\/petrerjove.com\/ca\/evento\/cicle-de-conferencies-tardor-cultural\/"]}]},{"@type":"ImageObject","inLanguage":"ca","@id":"https:\/\/petrerjove.com\/ca\/evento\/cicle-de-conferencies-tardor-cultural\/#primaryimage","url":"https:\/\/petrerjove.com\/wp-content\/uploads\/2024\/10\/conferencia_18oct_destacada-min.jpg","contentUrl":"https:\/\/petrerjove.com\/wp-content\/uploads\/2024\/10\/conferencia_18oct_destacada-min.jpg","width":400,"height":290},{"@type":"BreadcrumbList","@id":"https:\/\/petrerjove.com\/ca\/evento\/cicle-de-conferencies-tardor-cultural\/#breadcrumb","itemListElement":[{"@type":"ListItem","position":1,"name":"Portada","item":"https:\/\/petrerjove.com\/ca\/"},{"@type":"ListItem","position":2,"name":"Cicle de confer\u00e8ncies Tardor Cultural"}]},{"@type":"WebSite","@id":"https:\/\/petrerjove.com\/ca\/#website","url":"https:\/\/petrerjove.com\/ca\/","name":"Petrer Jove","description":"Concejal\u00eda de Infancia y Juventud de Petrer","publisher":{"@id":"https:\/\/petrerjove.com\/ca\/#organization"},"potentialAction":[{"@type":"SearchAction","target":{"@type":"EntryPoint","urlTemplate":"https:\/\/petrerjove.com\/ca\/?s={search_term_string}"},"query-input":{"@type":"PropertyValueSpecification","valueRequired":true,"valueName":"search_term_string"}}],"inLanguage":"ca"},{"@type":"Organization","@id":"https:\/\/petrerjove.com\/ca\/#organization","name":"Concejal\u00eda de Juventud de Petrer","url":"https:\/\/petrerjove.com\/ca\/","logo":{"@type":"ImageObject","inLanguage":"ca","@id":"https:\/\/petrerjove.com\/ca\/#\/schema\/logo\/image\/","url":"https:\/\/petrerjove.com\/wp-content\/uploads\/2024\/02\/petrerjove_horizontal.svg","contentUrl":"https:\/\/petrerjove.com\/wp-content\/uploads\/2024\/02\/petrerjove_horizontal.svg","width":200,"height":70,"caption":"Concejal\u00eda de Juventud de Petrer"},"image":{"@id":"https:\/\/petrerjove.com\/ca\/#\/schema\/logo\/image\/"},"sameAs":["https:\/\/www.facebook.com\/petrerjoven\/","https:\/\/www.instagram.com\/petrerjove\/"]}]}},"_links":{"self":[{"href":"https:\/\/petrerjove.com\/ca\/wp-json\/wp\/v2\/evento\/4244","targetHints":{"allow":["GET"]}}],"collection":[{"href":"https:\/\/petrerjove.com\/ca\/wp-json\/wp\/v2\/evento"}],"about":[{"href":"https:\/\/petrerjove.com\/ca\/wp-json\/wp\/v2\/types\/evento"}],"author":[{"embeddable":true,"href":"https:\/\/petrerjove.com\/ca\/wp-json\/wp\/v2\/users\/1"}],"version-history":[{"count":1,"href":"https:\/\/petrerjove.com\/ca\/wp-json\/wp\/v2\/evento\/4244\/revisions"}],"predecessor-version":[{"id":4245,"href":"https:\/\/petrerjove.com\/ca\/wp-json\/wp\/v2\/evento\/4244\/revisions\/4245"}],"wp:featuredmedia":[{"embeddable":true,"href":"https:\/\/petrerjove.com\/ca\/wp-json\/wp\/v2\/media\/4196"}],"wp:attachment":[{"href":"https:\/\/petrerjove.com\/ca\/wp-json\/wp\/v2\/media?parent=4244"}],"wp:term":[{"taxonomy":"tag-evento","embeddable":true,"href":"https:\/\/petrerjove.com\/ca\/wp-json\/wp\/v2\/tag-evento?post=4244"},{"taxonomy":"edades-eventos","embeddable":true,"href":"https:\/\/petrerjove.com\/ca\/wp-json\/wp\/v2\/edades-eventos?post=4244"},{"taxonomy":"lugar-eventos","embeddable":true,"href":"https:\/\/petrerjove.com\/ca\/wp-json\/wp\/v2\/lugar-eventos?post=4244"}],"curies":[{"name":"wp","href":"https:\/\/api.w.org\/{rel}","templated":true}]}}