{"id":4242,"date":"2024-10-15T09:08:35","date_gmt":"2024-10-15T07:08:35","guid":{"rendered":"https:\/\/petrerjove.com\/evento\/i-trobada-descoles-de-musica-tradicional-de-la-fvdit\/"},"modified":"2024-10-15T09:49:35","modified_gmt":"2024-10-15T07:49:35","slug":"i-trobada-descoles-de-musica-tradicional-de-la-fvdit","status":"publish","type":"evento","link":"https:\/\/petrerjove.com\/ca\/evento\/i-trobada-descoles-de-musica-tradicional-de-la-fvdit\/","title":{"rendered":"I Trobada d&#8217;Escoles de M\u00fasica Tradicional de la FVDiT"},"content":{"rendered":"\n<p>La <em>I Trobada d&#8217;Escoles de M\u00fasica Tradicional de la FVDiT<\/em> se celebrar\u00e0 els dies 18 i 19 d&#8217;octubre del 2024, reunint diferents escoles de m\u00fasica tradicional de la Comunitat Valenciana en un esdeveniment \u00fanic. Durant aquesta trobada, els participants podran gaudir d&#8217;actuacions, tallers i activitats relacionades amb la m\u00fasica tradicional valenciana, fomentant la preservaci\u00f3 i la difusi\u00f3 d&#8217;aquesta part tan important de la nostra cultura.<\/p>\n\n<p>Aquest esdeveniment esdev\u00e9 una oportunitat excepcional per aprendre m\u00e9s sobre les arrels musicals i gaudir de la interpretaci\u00f3 d&#8217;instruments i melodies t\u00edpiques de la regi\u00f3, alhora que s&#8217;enforteix el teixit cultural i la conviv\u00e8ncia entre els m\u00fasics i les comunitats participants.<\/p>\n\n<p><strong>\ud83d\udcc5 18 i 19 d&#8217;octubre de 2024<\/strong><br\/><strong>\ud83d\udccd Veure programaci\u00f3 per con\u00e8ixer tots els esdeveniments<\/strong><br\/><strong>\ud83c\udf9f\ufe0f Entrada lliure<\/strong><\/p>\n\n<div style=\"height:50px\" aria-hidden=\"true\" class=\"wp-block-spacer\"><\/div>\n\n<figure class=\"wp-block-image aligncenter size-large is-resized\"><img fetchpriority=\"high\" decoding=\"async\" width=\"724\" height=\"1024\" src=\"https:\/\/petrerjove.com\/wp-content\/uploads\/2024\/10\/PHOTO-2024-09-23-12-37-03-1-min-724x1024.jpg\" alt=\"\" class=\"wp-image-4201\" style=\"width:350px\" srcset=\"https:\/\/petrerjove.com\/wp-content\/uploads\/2024\/10\/PHOTO-2024-09-23-12-37-03-1-min-724x1024.jpg 724w, https:\/\/petrerjove.com\/wp-content\/uploads\/2024\/10\/PHOTO-2024-09-23-12-37-03-1-min-212x300.jpg 212w, https:\/\/petrerjove.com\/wp-content\/uploads\/2024\/10\/PHOTO-2024-09-23-12-37-03-1-min-768x1086.jpg 768w, https:\/\/petrerjove.com\/wp-content\/uploads\/2024\/10\/PHOTO-2024-09-23-12-37-03-1-min-1086x1536.jpg 1086w, https:\/\/petrerjove.com\/wp-content\/uploads\/2024\/10\/PHOTO-2024-09-23-12-37-03-1-min.jpg 1131w\" sizes=\"(max-width: 724px) 100vw, 724px\" \/><\/figure>\n","protected":false},"author":1,"featured_media":4206,"template":"","tag-evento":[],"edades-eventos":[141],"lugar-eventos":[88,144,142,116,145,143],"class_list":["post-4242","evento","type-evento","status-publish","has-post-thumbnail","hentry","edades-eventos-totes-les-edats","lugar-eventos-placa-de-dalt-ca","lugar-eventos-el-campus-ca","lugar-eventos-esglesia-de-sant-bartomeu","lugar-eventos-placa-de-baix-ca","lugar-eventos-placa-del-derrocat-ca","lugar-eventos-salo-dactes-de-caixapetrer"],"yoast_head":"<!-- This site is optimized with the Yoast SEO plugin v27.5 - https:\/\/yoast.com\/product\/yoast-seo-wordpress\/ -->\n<title>I Trobada d&#039;Escoles de M\u00fasica Tradicional de la FVDiT - Petrer Jove<\/title>\n<meta name=\"robots\" content=\"index, follow, max-snippet:-1, max-image-preview:large, max-video-preview:-1\" \/>\n<link rel=\"canonical\" href=\"https:\/\/petrerjove.com\/ca\/evento\/i-trobada-descoles-de-musica-tradicional-de-la-fvdit\/\" \/>\n<meta property=\"og:locale\" content=\"ca_ES\" \/>\n<meta property=\"og:type\" content=\"article\" \/>\n<meta property=\"og:title\" content=\"I Trobada d&#039;Escoles de M\u00fasica Tradicional de la FVDiT - Petrer Jove\" \/>\n<meta property=\"og:description\" content=\"La I Trobada d&#8217;Escoles de M\u00fasica Tradicional de la FVDiT se celebrar\u00e0 els dies 18 i 19 d&#8217;octubre del 2024, reunint diferents escoles de m\u00fasica tradicional de la Comunitat Valenciana en un esdeveniment \u00fanic. Durant aquesta trobada, els participants podran gaudir d&#8217;actuacions, tallers i activitats relacionades amb la m\u00fasica tradicional valenciana, fomentant la preservaci\u00f3 i [&hellip;]\" \/>\n<meta property=\"og:url\" content=\"https:\/\/petrerjove.com\/ca\/evento\/i-trobada-descoles-de-musica-tradicional-de-la-fvdit\/\" \/>\n<meta property=\"og:site_name\" content=\"Petrer Jove\" \/>\n<meta property=\"article:publisher\" content=\"https:\/\/www.facebook.com\/petrerjoven\/\" \/>\n<meta property=\"article:modified_time\" content=\"2024-10-15T07:49:35+00:00\" \/>\n<meta property=\"og:image\" content=\"https:\/\/petrerjove.com\/wp-content\/uploads\/2024\/10\/trobada_19oct_destacada-min.jpg\" \/>\n\t<meta property=\"og:image:width\" content=\"400\" \/>\n\t<meta property=\"og:image:height\" content=\"290\" \/>\n\t<meta property=\"og:image:type\" content=\"image\/jpeg\" \/>\n<meta name=\"twitter:card\" content=\"summary_large_image\" \/>\n<meta name=\"twitter:label1\" content=\"Temps estimat de lectura\" \/>\n\t<meta name=\"twitter:data1\" content=\"1 minut\" \/>\n<script type=\"application\/ld+json\" class=\"yoast-schema-graph\">{\"@context\":\"https:\\\/\\\/schema.org\",\"@graph\":[{\"@type\":\"WebPage\",\"@id\":\"https:\\\/\\\/petrerjove.com\\\/ca\\\/evento\\\/i-trobada-descoles-de-musica-tradicional-de-la-fvdit\\\/\",\"url\":\"https:\\\/\\\/petrerjove.com\\\/ca\\\/evento\\\/i-trobada-descoles-de-musica-tradicional-de-la-fvdit\\\/\",\"name\":\"I Trobada d'Escoles de M\u00fasica Tradicional de la FVDiT - Petrer Jove\",\"isPartOf\":{\"@id\":\"https:\\\/\\\/petrerjove.com\\\/ca\\\/#website\"},\"primaryImageOfPage\":{\"@id\":\"https:\\\/\\\/petrerjove.com\\\/ca\\\/evento\\\/i-trobada-descoles-de-musica-tradicional-de-la-fvdit\\\/#primaryimage\"},\"image\":{\"@id\":\"https:\\\/\\\/petrerjove.com\\\/ca\\\/evento\\\/i-trobada-descoles-de-musica-tradicional-de-la-fvdit\\\/#primaryimage\"},\"thumbnailUrl\":\"https:\\\/\\\/petrerjove.com\\\/wp-content\\\/uploads\\\/2024\\\/10\\\/trobada_19oct_destacada-min.jpg\",\"datePublished\":\"2024-10-15T07:08:35+00:00\",\"dateModified\":\"2024-10-15T07:49:35+00:00\",\"breadcrumb\":{\"@id\":\"https:\\\/\\\/petrerjove.com\\\/ca\\\/evento\\\/i-trobada-descoles-de-musica-tradicional-de-la-fvdit\\\/#breadcrumb\"},\"inLanguage\":\"ca\",\"potentialAction\":[{\"@type\":\"ReadAction\",\"target\":[\"https:\\\/\\\/petrerjove.com\\\/ca\\\/evento\\\/i-trobada-descoles-de-musica-tradicional-de-la-fvdit\\\/\"]}]},{\"@type\":\"ImageObject\",\"inLanguage\":\"ca\",\"@id\":\"https:\\\/\\\/petrerjove.com\\\/ca\\\/evento\\\/i-trobada-descoles-de-musica-tradicional-de-la-fvdit\\\/#primaryimage\",\"url\":\"https:\\\/\\\/petrerjove.com\\\/wp-content\\\/uploads\\\/2024\\\/10\\\/trobada_19oct_destacada-min.jpg\",\"contentUrl\":\"https:\\\/\\\/petrerjove.com\\\/wp-content\\\/uploads\\\/2024\\\/10\\\/trobada_19oct_destacada-min.jpg\",\"width\":400,\"height\":290},{\"@type\":\"BreadcrumbList\",\"@id\":\"https:\\\/\\\/petrerjove.com\\\/ca\\\/evento\\\/i-trobada-descoles-de-musica-tradicional-de-la-fvdit\\\/#breadcrumb\",\"itemListElement\":[{\"@type\":\"ListItem\",\"position\":1,\"name\":\"Portada\",\"item\":\"https:\\\/\\\/petrerjove.com\\\/ca\\\/\"},{\"@type\":\"ListItem\",\"position\":2,\"name\":\"I Trobada d&#8217;Escoles de M\u00fasica Tradicional de la FVDiT\"}]},{\"@type\":\"WebSite\",\"@id\":\"https:\\\/\\\/petrerjove.com\\\/ca\\\/#website\",\"url\":\"https:\\\/\\\/petrerjove.com\\\/ca\\\/\",\"name\":\"Petrer Jove\",\"description\":\"Concejal\u00eda de Infancia y Juventud de Petrer\",\"publisher\":{\"@id\":\"https:\\\/\\\/petrerjove.com\\\/ca\\\/#organization\"},\"potentialAction\":[{\"@type\":\"SearchAction\",\"target\":{\"@type\":\"EntryPoint\",\"urlTemplate\":\"https:\\\/\\\/petrerjove.com\\\/ca\\\/?s={search_term_string}\"},\"query-input\":{\"@type\":\"PropertyValueSpecification\",\"valueRequired\":true,\"valueName\":\"search_term_string\"}}],\"inLanguage\":\"ca\"},{\"@type\":\"Organization\",\"@id\":\"https:\\\/\\\/petrerjove.com\\\/ca\\\/#organization\",\"name\":\"Concejal\u00eda de Juventud de Petrer\",\"url\":\"https:\\\/\\\/petrerjove.com\\\/ca\\\/\",\"logo\":{\"@type\":\"ImageObject\",\"inLanguage\":\"ca\",\"@id\":\"https:\\\/\\\/petrerjove.com\\\/ca\\\/#\\\/schema\\\/logo\\\/image\\\/\",\"url\":\"https:\\\/\\\/petrerjove.com\\\/wp-content\\\/uploads\\\/2024\\\/02\\\/petrerjove_horizontal.svg\",\"contentUrl\":\"https:\\\/\\\/petrerjove.com\\\/wp-content\\\/uploads\\\/2024\\\/02\\\/petrerjove_horizontal.svg\",\"width\":200,\"height\":70,\"caption\":\"Concejal\u00eda de Juventud de Petrer\"},\"image\":{\"@id\":\"https:\\\/\\\/petrerjove.com\\\/ca\\\/#\\\/schema\\\/logo\\\/image\\\/\"},\"sameAs\":[\"https:\\\/\\\/www.facebook.com\\\/petrerjoven\\\/\",\"https:\\\/\\\/www.instagram.com\\\/petrerjove\\\/\"]}]}<\/script>\n<!-- \/ Yoast SEO plugin. -->","yoast_head_json":{"title":"I Trobada d'Escoles de M\u00fasica Tradicional de la FVDiT - Petrer Jove","robots":{"index":"index","follow":"follow","max-snippet":"max-snippet:-1","max-image-preview":"max-image-preview:large","max-video-preview":"max-video-preview:-1"},"canonical":"https:\/\/petrerjove.com\/ca\/evento\/i-trobada-descoles-de-musica-tradicional-de-la-fvdit\/","og_locale":"ca_ES","og_type":"article","og_title":"I Trobada d'Escoles de M\u00fasica Tradicional de la FVDiT - Petrer Jove","og_description":"La I Trobada d&#8217;Escoles de M\u00fasica Tradicional de la FVDiT se celebrar\u00e0 els dies 18 i 19 d&#8217;octubre del 2024, reunint diferents escoles de m\u00fasica tradicional de la Comunitat Valenciana en un esdeveniment \u00fanic. Durant aquesta trobada, els participants podran gaudir d&#8217;actuacions, tallers i activitats relacionades amb la m\u00fasica tradicional valenciana, fomentant la preservaci\u00f3 i [&hellip;]","og_url":"https:\/\/petrerjove.com\/ca\/evento\/i-trobada-descoles-de-musica-tradicional-de-la-fvdit\/","og_site_name":"Petrer Jove","article_publisher":"https:\/\/www.facebook.com\/petrerjoven\/","article_modified_time":"2024-10-15T07:49:35+00:00","og_image":[{"width":400,"height":290,"url":"https:\/\/petrerjove.com\/wp-content\/uploads\/2024\/10\/trobada_19oct_destacada-min.jpg","type":"image\/jpeg"}],"twitter_card":"summary_large_image","twitter_misc":{"Temps estimat de lectura":"1 minut"},"schema":{"@context":"https:\/\/schema.org","@graph":[{"@type":"WebPage","@id":"https:\/\/petrerjove.com\/ca\/evento\/i-trobada-descoles-de-musica-tradicional-de-la-fvdit\/","url":"https:\/\/petrerjove.com\/ca\/evento\/i-trobada-descoles-de-musica-tradicional-de-la-fvdit\/","name":"I Trobada d'Escoles de M\u00fasica Tradicional de la FVDiT - Petrer Jove","isPartOf":{"@id":"https:\/\/petrerjove.com\/ca\/#website"},"primaryImageOfPage":{"@id":"https:\/\/petrerjove.com\/ca\/evento\/i-trobada-descoles-de-musica-tradicional-de-la-fvdit\/#primaryimage"},"image":{"@id":"https:\/\/petrerjove.com\/ca\/evento\/i-trobada-descoles-de-musica-tradicional-de-la-fvdit\/#primaryimage"},"thumbnailUrl":"https:\/\/petrerjove.com\/wp-content\/uploads\/2024\/10\/trobada_19oct_destacada-min.jpg","datePublished":"2024-10-15T07:08:35+00:00","dateModified":"2024-10-15T07:49:35+00:00","breadcrumb":{"@id":"https:\/\/petrerjove.com\/ca\/evento\/i-trobada-descoles-de-musica-tradicional-de-la-fvdit\/#breadcrumb"},"inLanguage":"ca","potentialAction":[{"@type":"ReadAction","target":["https:\/\/petrerjove.com\/ca\/evento\/i-trobada-descoles-de-musica-tradicional-de-la-fvdit\/"]}]},{"@type":"ImageObject","inLanguage":"ca","@id":"https:\/\/petrerjove.com\/ca\/evento\/i-trobada-descoles-de-musica-tradicional-de-la-fvdit\/#primaryimage","url":"https:\/\/petrerjove.com\/wp-content\/uploads\/2024\/10\/trobada_19oct_destacada-min.jpg","contentUrl":"https:\/\/petrerjove.com\/wp-content\/uploads\/2024\/10\/trobada_19oct_destacada-min.jpg","width":400,"height":290},{"@type":"BreadcrumbList","@id":"https:\/\/petrerjove.com\/ca\/evento\/i-trobada-descoles-de-musica-tradicional-de-la-fvdit\/#breadcrumb","itemListElement":[{"@type":"ListItem","position":1,"name":"Portada","item":"https:\/\/petrerjove.com\/ca\/"},{"@type":"ListItem","position":2,"name":"I Trobada d&#8217;Escoles de M\u00fasica Tradicional de la FVDiT"}]},{"@type":"WebSite","@id":"https:\/\/petrerjove.com\/ca\/#website","url":"https:\/\/petrerjove.com\/ca\/","name":"Petrer Jove","description":"Concejal\u00eda de Infancia y Juventud de Petrer","publisher":{"@id":"https:\/\/petrerjove.com\/ca\/#organization"},"potentialAction":[{"@type":"SearchAction","target":{"@type":"EntryPoint","urlTemplate":"https:\/\/petrerjove.com\/ca\/?s={search_term_string}"},"query-input":{"@type":"PropertyValueSpecification","valueRequired":true,"valueName":"search_term_string"}}],"inLanguage":"ca"},{"@type":"Organization","@id":"https:\/\/petrerjove.com\/ca\/#organization","name":"Concejal\u00eda de Juventud de Petrer","url":"https:\/\/petrerjove.com\/ca\/","logo":{"@type":"ImageObject","inLanguage":"ca","@id":"https:\/\/petrerjove.com\/ca\/#\/schema\/logo\/image\/","url":"https:\/\/petrerjove.com\/wp-content\/uploads\/2024\/02\/petrerjove_horizontal.svg","contentUrl":"https:\/\/petrerjove.com\/wp-content\/uploads\/2024\/02\/petrerjove_horizontal.svg","width":200,"height":70,"caption":"Concejal\u00eda de Juventud de Petrer"},"image":{"@id":"https:\/\/petrerjove.com\/ca\/#\/schema\/logo\/image\/"},"sameAs":["https:\/\/www.facebook.com\/petrerjoven\/","https:\/\/www.instagram.com\/petrerjove\/"]}]}},"_links":{"self":[{"href":"https:\/\/petrerjove.com\/ca\/wp-json\/wp\/v2\/evento\/4242","targetHints":{"allow":["GET"]}}],"collection":[{"href":"https:\/\/petrerjove.com\/ca\/wp-json\/wp\/v2\/evento"}],"about":[{"href":"https:\/\/petrerjove.com\/ca\/wp-json\/wp\/v2\/types\/evento"}],"author":[{"embeddable":true,"href":"https:\/\/petrerjove.com\/ca\/wp-json\/wp\/v2\/users\/1"}],"version-history":[{"count":1,"href":"https:\/\/petrerjove.com\/ca\/wp-json\/wp\/v2\/evento\/4242\/revisions"}],"predecessor-version":[{"id":4243,"href":"https:\/\/petrerjove.com\/ca\/wp-json\/wp\/v2\/evento\/4242\/revisions\/4243"}],"wp:featuredmedia":[{"embeddable":true,"href":"https:\/\/petrerjove.com\/ca\/wp-json\/wp\/v2\/media\/4206"}],"wp:attachment":[{"href":"https:\/\/petrerjove.com\/ca\/wp-json\/wp\/v2\/media?parent=4242"}],"wp:term":[{"taxonomy":"tag-evento","embeddable":true,"href":"https:\/\/petrerjove.com\/ca\/wp-json\/wp\/v2\/tag-evento?post=4242"},{"taxonomy":"edades-eventos","embeddable":true,"href":"https:\/\/petrerjove.com\/ca\/wp-json\/wp\/v2\/edades-eventos?post=4242"},{"taxonomy":"lugar-eventos","embeddable":true,"href":"https:\/\/petrerjove.com\/ca\/wp-json\/wp\/v2\/lugar-eventos?post=4242"}],"curies":[{"name":"wp","href":"https:\/\/api.w.org\/{rel}","templated":true}]}}