{"id":3935,"date":"2024-09-12T13:28:22","date_gmt":"2024-09-12T11:28:22","guid":{"rendered":"https:\/\/petrerjove.com\/evento\/exposicio-dacorelles-naturart\/"},"modified":"2024-09-12T13:30:11","modified_gmt":"2024-09-12T11:30:11","slug":"exposicio-dacorelles-naturart","status":"publish","type":"evento","link":"https:\/\/petrerjove.com\/ca\/evento\/exposicio-dacorelles-naturart\/","title":{"rendered":"Exposici\u00f3 d&#8217;acorelles Naturart"},"content":{"rendered":"\n<p>L&#8217;artista <strong>Maria Jos\u00e9 Bernab\u00e9 Chico de Guzm\u00e1n<\/strong> presenta <em>Naturart<\/em>, una col\u00b7lecci\u00f3 d&#8217;aquarel\u00b7les que destaca per la seva representaci\u00f3 de la natura en tota la seva esplendor. L&#8217;exposici\u00f3 es dur\u00e0 a terme a la <strong>Seu del Grup Fotogr\u00e0fic Petrer<\/strong> i promet una experi\u00e8ncia visual \u00fanica on l&#8217;art i la natura es fonen a cada obra.<\/p>\n\n<p>La inauguraci\u00f3 tindr\u00e0 lloc el <strong>divendres 13 de setembre a les 18.30 h<\/strong>, i l&#8217;exposici\u00f3 estar\u00e0 oberta al p\u00fablic fins al <strong>29 de setembre<\/strong>. No us perdeu l&#8217;oportunitat de gaudir d&#8217;aquesta mostra d&#8217;art natural!<\/p>\n\n<p>\ud83d\udcc6 <strong>Data:<\/strong> Del 13 al 29 de setembre de 2024<br\/>\ud83d\udccd <strong>Lloc:<\/strong> Seu del Grup Fotogr\u00e0fic Petrer, Pla\u00e7a Ramon i Cajal, 3<br\/><strong>\ud83e\udd73 Inauguraci\u00f3:<\/strong> Divendres 13 de setembre \u2013 18:30 h<br\/>\ud83d\udd55 <strong>Horari de visites:<\/strong> Dissabtes de 18:30 a 20:00 h, diumenges d&#8217;11:00 a 13:00 h<\/p>\n\n<div style=\"height:50px\" aria-hidden=\"true\" class=\"wp-block-spacer\"><\/div>\n\n<figure class=\"wp-block-image aligncenter size-large is-resized\"><img fetchpriority=\"high\" decoding=\"async\" width=\"724\" height=\"1024\" src=\"https:\/\/petrerjove.com\/wp-content\/uploads\/2024\/09\/Cartel-Expo-Naturart_Maria_Jose_Beltran-764x1080-1-min-724x1024.jpg\" alt=\"\" class=\"wp-image-3928\" style=\"width:350px\" srcset=\"https:\/\/petrerjove.com\/wp-content\/uploads\/2024\/09\/Cartel-Expo-Naturart_Maria_Jose_Beltran-764x1080-1-min-724x1024.jpg 724w, https:\/\/petrerjove.com\/wp-content\/uploads\/2024\/09\/Cartel-Expo-Naturart_Maria_Jose_Beltran-764x1080-1-min-212x300.jpg 212w, https:\/\/petrerjove.com\/wp-content\/uploads\/2024\/09\/Cartel-Expo-Naturart_Maria_Jose_Beltran-764x1080-1-min.jpg 764w\" sizes=\"(max-width: 724px) 100vw, 724px\" \/><\/figure>\n","protected":false},"author":1,"featured_media":3933,"template":"","tag-evento":[],"edades-eventos":[],"lugar-eventos":[107],"class_list":["post-3935","evento","type-evento","status-publish","has-post-thumbnail","hentry","lugar-eventos-sede-del-grup-fotografic-de-petrer-ca"],"yoast_head":"<!-- This site is optimized with the Yoast SEO plugin v27.5 - https:\/\/yoast.com\/product\/yoast-seo-wordpress\/ -->\n<title>Exposici\u00f3 d&#039;acorelles Naturart - Petrer Jove<\/title>\n<meta name=\"description\" content=\"Gaudiu de l&#039;exposici\u00f3 d&#039;aquarel\u00b7les Naturart de Maria Jos\u00e9 Bernab\u00e9 a la Seu del Grup Fotogr\u00e0fic Petrer del 13 al 29 de setembre.\" \/>\n<meta name=\"robots\" content=\"index, follow, max-snippet:-1, max-image-preview:large, max-video-preview:-1\" \/>\n<link rel=\"canonical\" href=\"https:\/\/petrerjove.com\/ca\/evento\/exposicio-dacorelles-naturart\/\" \/>\n<meta property=\"og:locale\" content=\"ca_ES\" \/>\n<meta property=\"og:type\" content=\"article\" \/>\n<meta property=\"og:title\" content=\"Exposici\u00f3 d&#039;acorelles Naturart - Petrer Jove\" \/>\n<meta property=\"og:description\" content=\"Gaudiu de l&#039;exposici\u00f3 d&#039;aquarel\u00b7les Naturart de Maria Jos\u00e9 Bernab\u00e9 a la Seu del Grup Fotogr\u00e0fic Petrer del 13 al 29 de setembre.\" \/>\n<meta property=\"og:url\" content=\"https:\/\/petrerjove.com\/ca\/evento\/exposicio-dacorelles-naturart\/\" \/>\n<meta property=\"og:site_name\" content=\"Petrer Jove\" \/>\n<meta property=\"article:publisher\" content=\"https:\/\/www.facebook.com\/petrerjoven\/\" \/>\n<meta property=\"article:modified_time\" content=\"2024-09-12T11:30:11+00:00\" \/>\n<meta property=\"og:image\" content=\"https:\/\/petrerjove.com\/wp-content\/uploads\/2024\/09\/exposicionacuarelas_13septiembre_destacada-min.jpg\" \/>\n\t<meta property=\"og:image:width\" content=\"400\" \/>\n\t<meta property=\"og:image:height\" content=\"290\" \/>\n\t<meta property=\"og:image:type\" content=\"image\/jpeg\" \/>\n<meta name=\"twitter:card\" content=\"summary_large_image\" \/>\n<meta name=\"twitter:label1\" content=\"Temps estimat de lectura\" \/>\n\t<meta name=\"twitter:data1\" content=\"1 minut\" \/>\n<script type=\"application\/ld+json\" class=\"yoast-schema-graph\">{\"@context\":\"https:\\\/\\\/schema.org\",\"@graph\":[{\"@type\":\"WebPage\",\"@id\":\"https:\\\/\\\/petrerjove.com\\\/ca\\\/evento\\\/exposicio-dacorelles-naturart\\\/\",\"url\":\"https:\\\/\\\/petrerjove.com\\\/ca\\\/evento\\\/exposicio-dacorelles-naturart\\\/\",\"name\":\"Exposici\u00f3 d'acorelles Naturart - Petrer Jove\",\"isPartOf\":{\"@id\":\"https:\\\/\\\/petrerjove.com\\\/ca\\\/#website\"},\"primaryImageOfPage\":{\"@id\":\"https:\\\/\\\/petrerjove.com\\\/ca\\\/evento\\\/exposicio-dacorelles-naturart\\\/#primaryimage\"},\"image\":{\"@id\":\"https:\\\/\\\/petrerjove.com\\\/ca\\\/evento\\\/exposicio-dacorelles-naturart\\\/#primaryimage\"},\"thumbnailUrl\":\"https:\\\/\\\/petrerjove.com\\\/wp-content\\\/uploads\\\/2024\\\/09\\\/exposicionacuarelas_13septiembre_destacada-min.jpg\",\"datePublished\":\"2024-09-12T11:28:22+00:00\",\"dateModified\":\"2024-09-12T11:30:11+00:00\",\"description\":\"Gaudiu de l'exposici\u00f3 d'aquarel\u00b7les Naturart de Maria Jos\u00e9 Bernab\u00e9 a la Seu del Grup Fotogr\u00e0fic Petrer del 13 al 29 de setembre.\",\"breadcrumb\":{\"@id\":\"https:\\\/\\\/petrerjove.com\\\/ca\\\/evento\\\/exposicio-dacorelles-naturart\\\/#breadcrumb\"},\"inLanguage\":\"ca\",\"potentialAction\":[{\"@type\":\"ReadAction\",\"target\":[\"https:\\\/\\\/petrerjove.com\\\/ca\\\/evento\\\/exposicio-dacorelles-naturart\\\/\"]}]},{\"@type\":\"ImageObject\",\"inLanguage\":\"ca\",\"@id\":\"https:\\\/\\\/petrerjove.com\\\/ca\\\/evento\\\/exposicio-dacorelles-naturart\\\/#primaryimage\",\"url\":\"https:\\\/\\\/petrerjove.com\\\/wp-content\\\/uploads\\\/2024\\\/09\\\/exposicionacuarelas_13septiembre_destacada-min.jpg\",\"contentUrl\":\"https:\\\/\\\/petrerjove.com\\\/wp-content\\\/uploads\\\/2024\\\/09\\\/exposicionacuarelas_13septiembre_destacada-min.jpg\",\"width\":400,\"height\":290},{\"@type\":\"BreadcrumbList\",\"@id\":\"https:\\\/\\\/petrerjove.com\\\/ca\\\/evento\\\/exposicio-dacorelles-naturart\\\/#breadcrumb\",\"itemListElement\":[{\"@type\":\"ListItem\",\"position\":1,\"name\":\"Portada\",\"item\":\"https:\\\/\\\/petrerjove.com\\\/ca\\\/\"},{\"@type\":\"ListItem\",\"position\":2,\"name\":\"Exposici\u00f3 d&#8217;acorelles Naturart\"}]},{\"@type\":\"WebSite\",\"@id\":\"https:\\\/\\\/petrerjove.com\\\/ca\\\/#website\",\"url\":\"https:\\\/\\\/petrerjove.com\\\/ca\\\/\",\"name\":\"Petrer Jove\",\"description\":\"Concejal\u00eda de Infancia y Juventud de Petrer\",\"publisher\":{\"@id\":\"https:\\\/\\\/petrerjove.com\\\/ca\\\/#organization\"},\"potentialAction\":[{\"@type\":\"SearchAction\",\"target\":{\"@type\":\"EntryPoint\",\"urlTemplate\":\"https:\\\/\\\/petrerjove.com\\\/ca\\\/?s={search_term_string}\"},\"query-input\":{\"@type\":\"PropertyValueSpecification\",\"valueRequired\":true,\"valueName\":\"search_term_string\"}}],\"inLanguage\":\"ca\"},{\"@type\":\"Organization\",\"@id\":\"https:\\\/\\\/petrerjove.com\\\/ca\\\/#organization\",\"name\":\"Concejal\u00eda de Juventud de Petrer\",\"url\":\"https:\\\/\\\/petrerjove.com\\\/ca\\\/\",\"logo\":{\"@type\":\"ImageObject\",\"inLanguage\":\"ca\",\"@id\":\"https:\\\/\\\/petrerjove.com\\\/ca\\\/#\\\/schema\\\/logo\\\/image\\\/\",\"url\":\"https:\\\/\\\/petrerjove.com\\\/wp-content\\\/uploads\\\/2024\\\/02\\\/petrerjove_horizontal.svg\",\"contentUrl\":\"https:\\\/\\\/petrerjove.com\\\/wp-content\\\/uploads\\\/2024\\\/02\\\/petrerjove_horizontal.svg\",\"width\":200,\"height\":70,\"caption\":\"Concejal\u00eda de Juventud de Petrer\"},\"image\":{\"@id\":\"https:\\\/\\\/petrerjove.com\\\/ca\\\/#\\\/schema\\\/logo\\\/image\\\/\"},\"sameAs\":[\"https:\\\/\\\/www.facebook.com\\\/petrerjoven\\\/\",\"https:\\\/\\\/www.instagram.com\\\/petrerjove\\\/\"]}]}<\/script>\n<!-- \/ Yoast SEO plugin. -->","yoast_head_json":{"title":"Exposici\u00f3 d'acorelles Naturart - Petrer Jove","description":"Gaudiu de l'exposici\u00f3 d'aquarel\u00b7les Naturart de Maria Jos\u00e9 Bernab\u00e9 a la Seu del Grup Fotogr\u00e0fic Petrer del 13 al 29 de setembre.","robots":{"index":"index","follow":"follow","max-snippet":"max-snippet:-1","max-image-preview":"max-image-preview:large","max-video-preview":"max-video-preview:-1"},"canonical":"https:\/\/petrerjove.com\/ca\/evento\/exposicio-dacorelles-naturart\/","og_locale":"ca_ES","og_type":"article","og_title":"Exposici\u00f3 d'acorelles Naturart - Petrer Jove","og_description":"Gaudiu de l'exposici\u00f3 d'aquarel\u00b7les Naturart de Maria Jos\u00e9 Bernab\u00e9 a la Seu del Grup Fotogr\u00e0fic Petrer del 13 al 29 de setembre.","og_url":"https:\/\/petrerjove.com\/ca\/evento\/exposicio-dacorelles-naturart\/","og_site_name":"Petrer Jove","article_publisher":"https:\/\/www.facebook.com\/petrerjoven\/","article_modified_time":"2024-09-12T11:30:11+00:00","og_image":[{"width":400,"height":290,"url":"https:\/\/petrerjove.com\/wp-content\/uploads\/2024\/09\/exposicionacuarelas_13septiembre_destacada-min.jpg","type":"image\/jpeg"}],"twitter_card":"summary_large_image","twitter_misc":{"Temps estimat de lectura":"1 minut"},"schema":{"@context":"https:\/\/schema.org","@graph":[{"@type":"WebPage","@id":"https:\/\/petrerjove.com\/ca\/evento\/exposicio-dacorelles-naturart\/","url":"https:\/\/petrerjove.com\/ca\/evento\/exposicio-dacorelles-naturart\/","name":"Exposici\u00f3 d'acorelles Naturart - Petrer Jove","isPartOf":{"@id":"https:\/\/petrerjove.com\/ca\/#website"},"primaryImageOfPage":{"@id":"https:\/\/petrerjove.com\/ca\/evento\/exposicio-dacorelles-naturart\/#primaryimage"},"image":{"@id":"https:\/\/petrerjove.com\/ca\/evento\/exposicio-dacorelles-naturart\/#primaryimage"},"thumbnailUrl":"https:\/\/petrerjove.com\/wp-content\/uploads\/2024\/09\/exposicionacuarelas_13septiembre_destacada-min.jpg","datePublished":"2024-09-12T11:28:22+00:00","dateModified":"2024-09-12T11:30:11+00:00","description":"Gaudiu de l'exposici\u00f3 d'aquarel\u00b7les Naturart de Maria Jos\u00e9 Bernab\u00e9 a la Seu del Grup Fotogr\u00e0fic Petrer del 13 al 29 de setembre.","breadcrumb":{"@id":"https:\/\/petrerjove.com\/ca\/evento\/exposicio-dacorelles-naturart\/#breadcrumb"},"inLanguage":"ca","potentialAction":[{"@type":"ReadAction","target":["https:\/\/petrerjove.com\/ca\/evento\/exposicio-dacorelles-naturart\/"]}]},{"@type":"ImageObject","inLanguage":"ca","@id":"https:\/\/petrerjove.com\/ca\/evento\/exposicio-dacorelles-naturart\/#primaryimage","url":"https:\/\/petrerjove.com\/wp-content\/uploads\/2024\/09\/exposicionacuarelas_13septiembre_destacada-min.jpg","contentUrl":"https:\/\/petrerjove.com\/wp-content\/uploads\/2024\/09\/exposicionacuarelas_13septiembre_destacada-min.jpg","width":400,"height":290},{"@type":"BreadcrumbList","@id":"https:\/\/petrerjove.com\/ca\/evento\/exposicio-dacorelles-naturart\/#breadcrumb","itemListElement":[{"@type":"ListItem","position":1,"name":"Portada","item":"https:\/\/petrerjove.com\/ca\/"},{"@type":"ListItem","position":2,"name":"Exposici\u00f3 d&#8217;acorelles Naturart"}]},{"@type":"WebSite","@id":"https:\/\/petrerjove.com\/ca\/#website","url":"https:\/\/petrerjove.com\/ca\/","name":"Petrer Jove","description":"Concejal\u00eda de Infancia y Juventud de Petrer","publisher":{"@id":"https:\/\/petrerjove.com\/ca\/#organization"},"potentialAction":[{"@type":"SearchAction","target":{"@type":"EntryPoint","urlTemplate":"https:\/\/petrerjove.com\/ca\/?s={search_term_string}"},"query-input":{"@type":"PropertyValueSpecification","valueRequired":true,"valueName":"search_term_string"}}],"inLanguage":"ca"},{"@type":"Organization","@id":"https:\/\/petrerjove.com\/ca\/#organization","name":"Concejal\u00eda de Juventud de Petrer","url":"https:\/\/petrerjove.com\/ca\/","logo":{"@type":"ImageObject","inLanguage":"ca","@id":"https:\/\/petrerjove.com\/ca\/#\/schema\/logo\/image\/","url":"https:\/\/petrerjove.com\/wp-content\/uploads\/2024\/02\/petrerjove_horizontal.svg","contentUrl":"https:\/\/petrerjove.com\/wp-content\/uploads\/2024\/02\/petrerjove_horizontal.svg","width":200,"height":70,"caption":"Concejal\u00eda de Juventud de Petrer"},"image":{"@id":"https:\/\/petrerjove.com\/ca\/#\/schema\/logo\/image\/"},"sameAs":["https:\/\/www.facebook.com\/petrerjoven\/","https:\/\/www.instagram.com\/petrerjove\/"]}]}},"_links":{"self":[{"href":"https:\/\/petrerjove.com\/ca\/wp-json\/wp\/v2\/evento\/3935","targetHints":{"allow":["GET"]}}],"collection":[{"href":"https:\/\/petrerjove.com\/ca\/wp-json\/wp\/v2\/evento"}],"about":[{"href":"https:\/\/petrerjove.com\/ca\/wp-json\/wp\/v2\/types\/evento"}],"author":[{"embeddable":true,"href":"https:\/\/petrerjove.com\/ca\/wp-json\/wp\/v2\/users\/1"}],"version-history":[{"count":1,"href":"https:\/\/petrerjove.com\/ca\/wp-json\/wp\/v2\/evento\/3935\/revisions"}],"predecessor-version":[{"id":3936,"href":"https:\/\/petrerjove.com\/ca\/wp-json\/wp\/v2\/evento\/3935\/revisions\/3936"}],"wp:featuredmedia":[{"embeddable":true,"href":"https:\/\/petrerjove.com\/ca\/wp-json\/wp\/v2\/media\/3933"}],"wp:attachment":[{"href":"https:\/\/petrerjove.com\/ca\/wp-json\/wp\/v2\/media?parent=3935"}],"wp:term":[{"taxonomy":"tag-evento","embeddable":true,"href":"https:\/\/petrerjove.com\/ca\/wp-json\/wp\/v2\/tag-evento?post=3935"},{"taxonomy":"edades-eventos","embeddable":true,"href":"https:\/\/petrerjove.com\/ca\/wp-json\/wp\/v2\/edades-eventos?post=3935"},{"taxonomy":"lugar-eventos","embeddable":true,"href":"https:\/\/petrerjove.com\/ca\/wp-json\/wp\/v2\/lugar-eventos?post=3935"}],"curies":[{"name":"wp","href":"https:\/\/api.w.org\/{rel}","templated":true}]}}