{"id":3869,"date":"2024-08-13T07:44:41","date_gmt":"2024-08-13T05:44:41","guid":{"rendered":"https:\/\/petrerjove.com\/evento\/penya-lirica-alacantina-contrabandistes-indians-i-mariners\/"},"modified":"2024-08-13T08:03:52","modified_gmt":"2024-08-13T06:03:52","slug":"penya-lirica-alacantina-contrabandistes-indians-i-mariners","status":"publish","type":"evento","link":"https:\/\/petrerjove.com\/ca\/evento\/penya-lirica-alacantina-contrabandistes-indians-i-mariners\/","title":{"rendered":"Penya L\u00edrica Alacantina: &#8220;Contrabandistes, indians i mariners&#8221;"},"content":{"rendered":"\n<p>El proper <strong>dissabte 21 de setembre<\/strong> a les <strong>19:30 h<\/strong>, el <strong>Teatre Cervantes<\/strong> ser\u00e0 l&#8217;escenari d&#8217;un esdeveniment musical excepcional amb la presentaci\u00f3 de la <strong>Penya L\u00edrica Alacantina<\/strong> i la seva antologia l\u00edrica titulada <strong>&#8220;Contrabandistes, Indians i Mariners&#8221;<\/strong>.<\/p>\n\n<p>Aquesta antologia l\u00edrica, presentada per la Penya L\u00edrica Alacantina, promet portar el p\u00fablic en un viatge a trav\u00e9s de les hist\u00f2ries i melodies que evoquen la vida de contrabandistes, indians i mariners. Amb una selecci\u00f3 acurada de peces, l&#8217;espectacle combinar\u00e0 la passi\u00f3, el drama i la nost\u00e0lgia t\u00edpics d&#8217;aquests personatges tan representatius a la cultura l\u00edrica espanyola.<\/p>\n\n<p>\ud83d\udcc6 <strong>Data:<\/strong> Dissabte, 21 de setembre de 2024<br\/>\ud83d\udd55 <strong>Hora:<\/strong> 19:30 h<br\/>\ud83d\udccd <strong>Lloc:<\/strong> Teatre Cervantes<br\/>\ud83c\udf9f\ufe0f <strong>Entrada:<\/strong> Lliure<\/p>\n\n<p>La <strong>Penya L\u00edrica Alacantina<\/strong> ofereix una oportunitat \u00fanica per gaudir d&#8217;una vetllada l\u00edrica plena d&#8217;emoci\u00f3 i de tradici\u00f3. Aquest esdeveniment forma part de la <strong>Campanya de M\u00fasica i Teatre de la Diputaci\u00f3<\/strong>, i \u00e9s una excel\u00b7lent ocasi\u00f3 per als amants de la m\u00fasica cl\u00e0ssica i la l\u00edrica espanyola.<\/p>\n\n<p>No et perdis aquesta experi\u00e8ncia musical al <strong>Teatre Cervantes<\/strong> i acompanya&#8217;ns en un viatge a trav\u00e9s de les hist\u00f2ries de <strong>&#8220;Contrabandistes, Indians i Mariners&#8221;<\/strong>.<\/p>\n\n<p>T&#8217;esperem per gaudir d&#8217;una nit l\u00edrica inoblidable!<\/p>\n\n<div style=\"height:50px\" aria-hidden=\"true\" class=\"wp-block-spacer\"><\/div>\n\n<figure class=\"wp-block-image aligncenter size-large is-resized\"><img fetchpriority=\"high\" decoding=\"async\" width=\"819\" height=\"1024\" src=\"https:\/\/petrerjove.com\/wp-content\/uploads\/2024\/07\/2024-09-21-Zarzuela_carteles40-50-min-819x1024.jpg\" alt=\"\" class=\"wp-image-3852\" style=\"width:350px\" srcset=\"https:\/\/petrerjove.com\/wp-content\/uploads\/2024\/07\/2024-09-21-Zarzuela_carteles40-50-min-819x1024.jpg 819w, https:\/\/petrerjove.com\/wp-content\/uploads\/2024\/07\/2024-09-21-Zarzuela_carteles40-50-min-240x300.jpg 240w, https:\/\/petrerjove.com\/wp-content\/uploads\/2024\/07\/2024-09-21-Zarzuela_carteles40-50-min-768x960.jpg 768w, https:\/\/petrerjove.com\/wp-content\/uploads\/2024\/07\/2024-09-21-Zarzuela_carteles40-50-min-1229x1536.jpg 1229w, https:\/\/petrerjove.com\/wp-content\/uploads\/2024\/07\/2024-09-21-Zarzuela_carteles40-50-min.jpg 1536w\" sizes=\"(max-width: 819px) 100vw, 819px\" \/><\/figure>\n","protected":false},"author":1,"featured_media":3857,"template":"","tag-evento":[],"edades-eventos":[],"lugar-eventos":[71],"class_list":["post-3869","evento","type-evento","status-publish","has-post-thumbnail","hentry","lugar-eventos-teatre-cervantes"],"yoast_head":"<!-- This site is optimized with the Yoast SEO plugin v27.5 - https:\/\/yoast.com\/product\/yoast-seo-wordpress\/ -->\n<title>Penya L\u00edrica Alacantina: &quot;Contrabandistes, indians i mariners&quot; - Petrer Jove<\/title>\n<meta name=\"robots\" content=\"index, follow, max-snippet:-1, max-image-preview:large, max-video-preview:-1\" \/>\n<link rel=\"canonical\" href=\"https:\/\/petrerjove.com\/ca\/evento\/penya-lirica-alacantina-contrabandistes-indians-i-mariners\/\" \/>\n<meta property=\"og:locale\" content=\"ca_ES\" \/>\n<meta property=\"og:type\" content=\"article\" \/>\n<meta property=\"og:title\" content=\"Penya L\u00edrica Alacantina: &quot;Contrabandistes, indians i mariners&quot; - Petrer Jove\" \/>\n<meta property=\"og:description\" content=\"El proper dissabte 21 de setembre a les 19:30 h, el Teatre Cervantes ser\u00e0 l&#8217;escenari d&#8217;un esdeveniment musical excepcional amb la presentaci\u00f3 de la Penya L\u00edrica Alacantina i la seva antologia l\u00edrica titulada &#8220;Contrabandistes, Indians i Mariners&#8221;. Aquesta antologia l\u00edrica, presentada per la Penya L\u00edrica Alacantina, promet portar el p\u00fablic en un viatge a trav\u00e9s [&hellip;]\" \/>\n<meta property=\"og:url\" content=\"https:\/\/petrerjove.com\/ca\/evento\/penya-lirica-alacantina-contrabandistes-indians-i-mariners\/\" \/>\n<meta property=\"og:site_name\" content=\"Petrer Jove\" \/>\n<meta property=\"article:publisher\" content=\"https:\/\/www.facebook.com\/petrerjoven\/\" \/>\n<meta property=\"article:modified_time\" content=\"2024-08-13T06:03:52+00:00\" \/>\n<meta property=\"og:image\" content=\"https:\/\/petrerjove.com\/wp-content\/uploads\/2024\/07\/penalirica_21sep_destacada-min.jpg\" \/>\n\t<meta property=\"og:image:width\" content=\"400\" \/>\n\t<meta property=\"og:image:height\" content=\"290\" \/>\n\t<meta property=\"og:image:type\" content=\"image\/jpeg\" \/>\n<meta name=\"twitter:card\" content=\"summary_large_image\" \/>\n<meta name=\"twitter:label1\" content=\"Temps estimat de lectura\" \/>\n\t<meta name=\"twitter:data1\" content=\"1 minut\" \/>\n<script type=\"application\/ld+json\" class=\"yoast-schema-graph\">{\"@context\":\"https:\\\/\\\/schema.org\",\"@graph\":[{\"@type\":\"WebPage\",\"@id\":\"https:\\\/\\\/petrerjove.com\\\/ca\\\/evento\\\/penya-lirica-alacantina-contrabandistes-indians-i-mariners\\\/\",\"url\":\"https:\\\/\\\/petrerjove.com\\\/ca\\\/evento\\\/penya-lirica-alacantina-contrabandistes-indians-i-mariners\\\/\",\"name\":\"Penya L\u00edrica Alacantina: \\\"Contrabandistes, indians i mariners\\\" - Petrer Jove\",\"isPartOf\":{\"@id\":\"https:\\\/\\\/petrerjove.com\\\/ca\\\/#website\"},\"primaryImageOfPage\":{\"@id\":\"https:\\\/\\\/petrerjove.com\\\/ca\\\/evento\\\/penya-lirica-alacantina-contrabandistes-indians-i-mariners\\\/#primaryimage\"},\"image\":{\"@id\":\"https:\\\/\\\/petrerjove.com\\\/ca\\\/evento\\\/penya-lirica-alacantina-contrabandistes-indians-i-mariners\\\/#primaryimage\"},\"thumbnailUrl\":\"https:\\\/\\\/petrerjove.com\\\/wp-content\\\/uploads\\\/2024\\\/07\\\/penalirica_21sep_destacada-min.jpg\",\"datePublished\":\"2024-08-13T05:44:41+00:00\",\"dateModified\":\"2024-08-13T06:03:52+00:00\",\"breadcrumb\":{\"@id\":\"https:\\\/\\\/petrerjove.com\\\/ca\\\/evento\\\/penya-lirica-alacantina-contrabandistes-indians-i-mariners\\\/#breadcrumb\"},\"inLanguage\":\"ca\",\"potentialAction\":[{\"@type\":\"ReadAction\",\"target\":[\"https:\\\/\\\/petrerjove.com\\\/ca\\\/evento\\\/penya-lirica-alacantina-contrabandistes-indians-i-mariners\\\/\"]}]},{\"@type\":\"ImageObject\",\"inLanguage\":\"ca\",\"@id\":\"https:\\\/\\\/petrerjove.com\\\/ca\\\/evento\\\/penya-lirica-alacantina-contrabandistes-indians-i-mariners\\\/#primaryimage\",\"url\":\"https:\\\/\\\/petrerjove.com\\\/wp-content\\\/uploads\\\/2024\\\/07\\\/penalirica_21sep_destacada-min.jpg\",\"contentUrl\":\"https:\\\/\\\/petrerjove.com\\\/wp-content\\\/uploads\\\/2024\\\/07\\\/penalirica_21sep_destacada-min.jpg\",\"width\":400,\"height\":290},{\"@type\":\"BreadcrumbList\",\"@id\":\"https:\\\/\\\/petrerjove.com\\\/ca\\\/evento\\\/penya-lirica-alacantina-contrabandistes-indians-i-mariners\\\/#breadcrumb\",\"itemListElement\":[{\"@type\":\"ListItem\",\"position\":1,\"name\":\"Portada\",\"item\":\"https:\\\/\\\/petrerjove.com\\\/ca\\\/\"},{\"@type\":\"ListItem\",\"position\":2,\"name\":\"Penya L\u00edrica Alacantina: \u00abContrabandistes, indians i mariners\u00bb\"}]},{\"@type\":\"WebSite\",\"@id\":\"https:\\\/\\\/petrerjove.com\\\/ca\\\/#website\",\"url\":\"https:\\\/\\\/petrerjove.com\\\/ca\\\/\",\"name\":\"Petrer Jove\",\"description\":\"Concejal\u00eda de Infancia y Juventud de Petrer\",\"publisher\":{\"@id\":\"https:\\\/\\\/petrerjove.com\\\/ca\\\/#organization\"},\"potentialAction\":[{\"@type\":\"SearchAction\",\"target\":{\"@type\":\"EntryPoint\",\"urlTemplate\":\"https:\\\/\\\/petrerjove.com\\\/ca\\\/?s={search_term_string}\"},\"query-input\":{\"@type\":\"PropertyValueSpecification\",\"valueRequired\":true,\"valueName\":\"search_term_string\"}}],\"inLanguage\":\"ca\"},{\"@type\":\"Organization\",\"@id\":\"https:\\\/\\\/petrerjove.com\\\/ca\\\/#organization\",\"name\":\"Concejal\u00eda de Juventud de Petrer\",\"url\":\"https:\\\/\\\/petrerjove.com\\\/ca\\\/\",\"logo\":{\"@type\":\"ImageObject\",\"inLanguage\":\"ca\",\"@id\":\"https:\\\/\\\/petrerjove.com\\\/ca\\\/#\\\/schema\\\/logo\\\/image\\\/\",\"url\":\"https:\\\/\\\/petrerjove.com\\\/wp-content\\\/uploads\\\/2024\\\/02\\\/petrerjove_horizontal.svg\",\"contentUrl\":\"https:\\\/\\\/petrerjove.com\\\/wp-content\\\/uploads\\\/2024\\\/02\\\/petrerjove_horizontal.svg\",\"width\":200,\"height\":70,\"caption\":\"Concejal\u00eda de Juventud de Petrer\"},\"image\":{\"@id\":\"https:\\\/\\\/petrerjove.com\\\/ca\\\/#\\\/schema\\\/logo\\\/image\\\/\"},\"sameAs\":[\"https:\\\/\\\/www.facebook.com\\\/petrerjoven\\\/\",\"https:\\\/\\\/www.instagram.com\\\/petrerjove\\\/\"]}]}<\/script>\n<!-- \/ Yoast SEO plugin. -->","yoast_head_json":{"title":"Penya L\u00edrica Alacantina: \"Contrabandistes, indians i mariners\" - Petrer Jove","robots":{"index":"index","follow":"follow","max-snippet":"max-snippet:-1","max-image-preview":"max-image-preview:large","max-video-preview":"max-video-preview:-1"},"canonical":"https:\/\/petrerjove.com\/ca\/evento\/penya-lirica-alacantina-contrabandistes-indians-i-mariners\/","og_locale":"ca_ES","og_type":"article","og_title":"Penya L\u00edrica Alacantina: \"Contrabandistes, indians i mariners\" - Petrer Jove","og_description":"El proper dissabte 21 de setembre a les 19:30 h, el Teatre Cervantes ser\u00e0 l&#8217;escenari d&#8217;un esdeveniment musical excepcional amb la presentaci\u00f3 de la Penya L\u00edrica Alacantina i la seva antologia l\u00edrica titulada &#8220;Contrabandistes, Indians i Mariners&#8221;. Aquesta antologia l\u00edrica, presentada per la Penya L\u00edrica Alacantina, promet portar el p\u00fablic en un viatge a trav\u00e9s [&hellip;]","og_url":"https:\/\/petrerjove.com\/ca\/evento\/penya-lirica-alacantina-contrabandistes-indians-i-mariners\/","og_site_name":"Petrer Jove","article_publisher":"https:\/\/www.facebook.com\/petrerjoven\/","article_modified_time":"2024-08-13T06:03:52+00:00","og_image":[{"width":400,"height":290,"url":"https:\/\/petrerjove.com\/wp-content\/uploads\/2024\/07\/penalirica_21sep_destacada-min.jpg","type":"image\/jpeg"}],"twitter_card":"summary_large_image","twitter_misc":{"Temps estimat de lectura":"1 minut"},"schema":{"@context":"https:\/\/schema.org","@graph":[{"@type":"WebPage","@id":"https:\/\/petrerjove.com\/ca\/evento\/penya-lirica-alacantina-contrabandistes-indians-i-mariners\/","url":"https:\/\/petrerjove.com\/ca\/evento\/penya-lirica-alacantina-contrabandistes-indians-i-mariners\/","name":"Penya L\u00edrica Alacantina: \"Contrabandistes, indians i mariners\" - Petrer Jove","isPartOf":{"@id":"https:\/\/petrerjove.com\/ca\/#website"},"primaryImageOfPage":{"@id":"https:\/\/petrerjove.com\/ca\/evento\/penya-lirica-alacantina-contrabandistes-indians-i-mariners\/#primaryimage"},"image":{"@id":"https:\/\/petrerjove.com\/ca\/evento\/penya-lirica-alacantina-contrabandistes-indians-i-mariners\/#primaryimage"},"thumbnailUrl":"https:\/\/petrerjove.com\/wp-content\/uploads\/2024\/07\/penalirica_21sep_destacada-min.jpg","datePublished":"2024-08-13T05:44:41+00:00","dateModified":"2024-08-13T06:03:52+00:00","breadcrumb":{"@id":"https:\/\/petrerjove.com\/ca\/evento\/penya-lirica-alacantina-contrabandistes-indians-i-mariners\/#breadcrumb"},"inLanguage":"ca","potentialAction":[{"@type":"ReadAction","target":["https:\/\/petrerjove.com\/ca\/evento\/penya-lirica-alacantina-contrabandistes-indians-i-mariners\/"]}]},{"@type":"ImageObject","inLanguage":"ca","@id":"https:\/\/petrerjove.com\/ca\/evento\/penya-lirica-alacantina-contrabandistes-indians-i-mariners\/#primaryimage","url":"https:\/\/petrerjove.com\/wp-content\/uploads\/2024\/07\/penalirica_21sep_destacada-min.jpg","contentUrl":"https:\/\/petrerjove.com\/wp-content\/uploads\/2024\/07\/penalirica_21sep_destacada-min.jpg","width":400,"height":290},{"@type":"BreadcrumbList","@id":"https:\/\/petrerjove.com\/ca\/evento\/penya-lirica-alacantina-contrabandistes-indians-i-mariners\/#breadcrumb","itemListElement":[{"@type":"ListItem","position":1,"name":"Portada","item":"https:\/\/petrerjove.com\/ca\/"},{"@type":"ListItem","position":2,"name":"Penya L\u00edrica Alacantina: \u00abContrabandistes, indians i mariners\u00bb"}]},{"@type":"WebSite","@id":"https:\/\/petrerjove.com\/ca\/#website","url":"https:\/\/petrerjove.com\/ca\/","name":"Petrer Jove","description":"Concejal\u00eda de Infancia y Juventud de Petrer","publisher":{"@id":"https:\/\/petrerjove.com\/ca\/#organization"},"potentialAction":[{"@type":"SearchAction","target":{"@type":"EntryPoint","urlTemplate":"https:\/\/petrerjove.com\/ca\/?s={search_term_string}"},"query-input":{"@type":"PropertyValueSpecification","valueRequired":true,"valueName":"search_term_string"}}],"inLanguage":"ca"},{"@type":"Organization","@id":"https:\/\/petrerjove.com\/ca\/#organization","name":"Concejal\u00eda de Juventud de Petrer","url":"https:\/\/petrerjove.com\/ca\/","logo":{"@type":"ImageObject","inLanguage":"ca","@id":"https:\/\/petrerjove.com\/ca\/#\/schema\/logo\/image\/","url":"https:\/\/petrerjove.com\/wp-content\/uploads\/2024\/02\/petrerjove_horizontal.svg","contentUrl":"https:\/\/petrerjove.com\/wp-content\/uploads\/2024\/02\/petrerjove_horizontal.svg","width":200,"height":70,"caption":"Concejal\u00eda de Juventud de Petrer"},"image":{"@id":"https:\/\/petrerjove.com\/ca\/#\/schema\/logo\/image\/"},"sameAs":["https:\/\/www.facebook.com\/petrerjoven\/","https:\/\/www.instagram.com\/petrerjove\/"]}]}},"_links":{"self":[{"href":"https:\/\/petrerjove.com\/ca\/wp-json\/wp\/v2\/evento\/3869","targetHints":{"allow":["GET"]}}],"collection":[{"href":"https:\/\/petrerjove.com\/ca\/wp-json\/wp\/v2\/evento"}],"about":[{"href":"https:\/\/petrerjove.com\/ca\/wp-json\/wp\/v2\/types\/evento"}],"author":[{"embeddable":true,"href":"https:\/\/petrerjove.com\/ca\/wp-json\/wp\/v2\/users\/1"}],"version-history":[{"count":1,"href":"https:\/\/petrerjove.com\/ca\/wp-json\/wp\/v2\/evento\/3869\/revisions"}],"predecessor-version":[{"id":3870,"href":"https:\/\/petrerjove.com\/ca\/wp-json\/wp\/v2\/evento\/3869\/revisions\/3870"}],"wp:featuredmedia":[{"embeddable":true,"href":"https:\/\/petrerjove.com\/ca\/wp-json\/wp\/v2\/media\/3857"}],"wp:attachment":[{"href":"https:\/\/petrerjove.com\/ca\/wp-json\/wp\/v2\/media?parent=3869"}],"wp:term":[{"taxonomy":"tag-evento","embeddable":true,"href":"https:\/\/petrerjove.com\/ca\/wp-json\/wp\/v2\/tag-evento?post=3869"},{"taxonomy":"edades-eventos","embeddable":true,"href":"https:\/\/petrerjove.com\/ca\/wp-json\/wp\/v2\/edades-eventos?post=3869"},{"taxonomy":"lugar-eventos","embeddable":true,"href":"https:\/\/petrerjove.com\/ca\/wp-json\/wp\/v2\/lugar-eventos?post=3869"}],"curies":[{"name":"wp","href":"https:\/\/api.w.org\/{rel}","templated":true}]}}