{"id":3660,"date":"2024-06-13T12:32:37","date_gmt":"2024-06-13T10:32:37","guid":{"rendered":"https:\/\/petrerjove.com\/evento\/raul-barrero-calendari-solidari-acmavi-2024\/"},"modified":"2024-07-02T12:45:35","modified_gmt":"2024-07-02T10:45:35","slug":"raul-barrero-calendari-solidari-acmavi-2024","status":"publish","type":"evento","link":"https:\/\/petrerjove.com\/ca\/evento\/raul-barrero-calendari-solidari-acmavi-2024\/","title":{"rendered":"Ra\u00fal Barrero: Calendari Solidari AcMavi 2024"},"content":{"rendered":"\n<p>Visibilitat, ter\u00e0pia, il\u00b7lusi\u00f3, experi\u00e8ncies, companyonia, emoci\u00f3,&#8230; solidaritat<br\/><br\/>AcMAVI va fer el seu primer calendari el 2016. A dia d&#8217;avui, el 2024, hem arribat a la novena edici\u00f3. Les models que apareixen en tots ells s\u00f3n pacients de c\u00e0ncer de mama.<br\/><br\/>En aquesta exposici\u00f3 fotogr\u00e0fica presentem &#8220;TOTES PER A UNA I UNA PER A TOTES&#8221;, Calendari AcMAVI 2024. De la m\u00e0 del fot\u00f2graf Ra\u00fal Barrero, un any m\u00e9s, ens unim per donar vida a les dones que han tingut c\u00e0ncer de mama. En aquesta ocasi\u00f3 amb un lema molt demostratiu del sentir m\u00e9s profund d&#8217;AcMAVI.<br\/><br\/><strong>Inauguraci\u00f3:<br\/><\/strong>\ud83d\udcc6 Dijous 20 de juny<br\/>\ud83d\udccdCentre Cultural<br\/>\ud83d\udd62 19:30h<br\/><br\/><strong>Horari de visites<br\/><\/strong>\ud83d\udcc6 Dijous a diumenge fins al 7 de juliol<br\/>\ud83d\udccdCentre Cultural<br\/>\ud83d\udd62 18h a 20h<\/p>\n\n<div style=\"height:50px\" aria-hidden=\"true\" class=\"wp-block-spacer\"><\/div>\n\n<figure class=\"wp-block-image aligncenter size-large is-resized\"><img fetchpriority=\"high\" decoding=\"async\" width=\"717\" height=\"1024\" src=\"https:\/\/petrerjove.com\/wp-content\/uploads\/2024\/06\/CARTEL-EXPO-FOTOS-CSCM-24-C-70X100-1-1-min-717x1024.jpg\" alt=\"\" class=\"wp-image-3591\" style=\"width:350px\" srcset=\"https:\/\/petrerjove.com\/wp-content\/uploads\/2024\/06\/CARTEL-EXPO-FOTOS-CSCM-24-C-70X100-1-1-min-717x1024.jpg 717w, https:\/\/petrerjove.com\/wp-content\/uploads\/2024\/06\/CARTEL-EXPO-FOTOS-CSCM-24-C-70X100-1-1-min-210x300.jpg 210w, https:\/\/petrerjove.com\/wp-content\/uploads\/2024\/06\/CARTEL-EXPO-FOTOS-CSCM-24-C-70X100-1-1-min-768x1097.jpg 768w, https:\/\/petrerjove.com\/wp-content\/uploads\/2024\/06\/CARTEL-EXPO-FOTOS-CSCM-24-C-70X100-1-1-min-1075x1536.jpg 1075w, https:\/\/petrerjove.com\/wp-content\/uploads\/2024\/06\/CARTEL-EXPO-FOTOS-CSCM-24-C-70X100-1-1-min.jpg 1344w\" sizes=\"(max-width: 717px) 100vw, 717px\" \/><\/figure>\n","protected":false},"author":1,"featured_media":3594,"template":"","tag-evento":[],"edades-eventos":[],"lugar-eventos":[77],"class_list":["post-3660","evento","type-evento","status-publish","has-post-thumbnail","hentry","lugar-eventos-centre-cultural"],"yoast_head":"<!-- This site is optimized with the Yoast SEO plugin v27.5 - https:\/\/yoast.com\/product\/yoast-seo-wordpress\/ -->\n<title>Ra\u00fal Barrero: Calendari Solidari AcMavi 2024 - Petrer Jove<\/title>\n<meta name=\"description\" content=\"Ra\u00fal Barrero: Calendari Solidari AcMavi 2024\" \/>\n<meta name=\"robots\" content=\"index, follow, max-snippet:-1, max-image-preview:large, max-video-preview:-1\" \/>\n<link rel=\"canonical\" href=\"https:\/\/petrerjove.com\/ca\/evento\/raul-barrero-calendari-solidari-acmavi-2024\/\" \/>\n<meta property=\"og:locale\" content=\"ca_ES\" \/>\n<meta property=\"og:type\" content=\"article\" \/>\n<meta property=\"og:title\" content=\"Ra\u00fal Barrero: Calendari Solidari AcMavi 2024 - Petrer Jove\" \/>\n<meta property=\"og:description\" content=\"Ra\u00fal Barrero: Calendari Solidari AcMavi 2024\" \/>\n<meta property=\"og:url\" content=\"https:\/\/petrerjove.com\/ca\/evento\/raul-barrero-calendari-solidari-acmavi-2024\/\" \/>\n<meta property=\"og:site_name\" content=\"Petrer Jove\" \/>\n<meta property=\"article:publisher\" content=\"https:\/\/www.facebook.com\/petrerjoven\/\" \/>\n<meta property=\"article:modified_time\" content=\"2024-07-02T10:45:35+00:00\" \/>\n<meta property=\"og:image\" content=\"https:\/\/petrerjove.com\/wp-content\/uploads\/2024\/06\/raulbarrero_20junio_destacada-min.jpg\" \/>\n\t<meta property=\"og:image:width\" content=\"400\" \/>\n\t<meta property=\"og:image:height\" content=\"290\" \/>\n\t<meta property=\"og:image:type\" content=\"image\/jpeg\" \/>\n<meta name=\"twitter:card\" content=\"summary_large_image\" \/>\n<meta name=\"twitter:label1\" content=\"Temps estimat de lectura\" \/>\n\t<meta name=\"twitter:data1\" content=\"1 minut\" \/>\n<script type=\"application\/ld+json\" class=\"yoast-schema-graph\">{\"@context\":\"https:\\\/\\\/schema.org\",\"@graph\":[{\"@type\":\"WebPage\",\"@id\":\"https:\\\/\\\/petrerjove.com\\\/ca\\\/evento\\\/raul-barrero-calendari-solidari-acmavi-2024\\\/\",\"url\":\"https:\\\/\\\/petrerjove.com\\\/ca\\\/evento\\\/raul-barrero-calendari-solidari-acmavi-2024\\\/\",\"name\":\"Ra\u00fal Barrero: Calendari Solidari AcMavi 2024 - Petrer Jove\",\"isPartOf\":{\"@id\":\"https:\\\/\\\/petrerjove.com\\\/ca\\\/#website\"},\"primaryImageOfPage\":{\"@id\":\"https:\\\/\\\/petrerjove.com\\\/ca\\\/evento\\\/raul-barrero-calendari-solidari-acmavi-2024\\\/#primaryimage\"},\"image\":{\"@id\":\"https:\\\/\\\/petrerjove.com\\\/ca\\\/evento\\\/raul-barrero-calendari-solidari-acmavi-2024\\\/#primaryimage\"},\"thumbnailUrl\":\"https:\\\/\\\/petrerjove.com\\\/wp-content\\\/uploads\\\/2024\\\/06\\\/raulbarrero_20junio_destacada-min.jpg\",\"datePublished\":\"2024-06-13T10:32:37+00:00\",\"dateModified\":\"2024-07-02T10:45:35+00:00\",\"description\":\"Ra\u00fal Barrero: Calendari Solidari AcMavi 2024\",\"breadcrumb\":{\"@id\":\"https:\\\/\\\/petrerjove.com\\\/ca\\\/evento\\\/raul-barrero-calendari-solidari-acmavi-2024\\\/#breadcrumb\"},\"inLanguage\":\"ca\",\"potentialAction\":[{\"@type\":\"ReadAction\",\"target\":[\"https:\\\/\\\/petrerjove.com\\\/ca\\\/evento\\\/raul-barrero-calendari-solidari-acmavi-2024\\\/\"]}]},{\"@type\":\"ImageObject\",\"inLanguage\":\"ca\",\"@id\":\"https:\\\/\\\/petrerjove.com\\\/ca\\\/evento\\\/raul-barrero-calendari-solidari-acmavi-2024\\\/#primaryimage\",\"url\":\"https:\\\/\\\/petrerjove.com\\\/wp-content\\\/uploads\\\/2024\\\/06\\\/raulbarrero_20junio_destacada-min.jpg\",\"contentUrl\":\"https:\\\/\\\/petrerjove.com\\\/wp-content\\\/uploads\\\/2024\\\/06\\\/raulbarrero_20junio_destacada-min.jpg\",\"width\":400,\"height\":290},{\"@type\":\"BreadcrumbList\",\"@id\":\"https:\\\/\\\/petrerjove.com\\\/ca\\\/evento\\\/raul-barrero-calendari-solidari-acmavi-2024\\\/#breadcrumb\",\"itemListElement\":[{\"@type\":\"ListItem\",\"position\":1,\"name\":\"Portada\",\"item\":\"https:\\\/\\\/petrerjove.com\\\/ca\\\/\"},{\"@type\":\"ListItem\",\"position\":2,\"name\":\"Ra\u00fal Barrero: Calendari Solidari AcMavi 2024\"}]},{\"@type\":\"WebSite\",\"@id\":\"https:\\\/\\\/petrerjove.com\\\/ca\\\/#website\",\"url\":\"https:\\\/\\\/petrerjove.com\\\/ca\\\/\",\"name\":\"Petrer Jove\",\"description\":\"Concejal\u00eda de Infancia y Juventud de Petrer\",\"publisher\":{\"@id\":\"https:\\\/\\\/petrerjove.com\\\/ca\\\/#organization\"},\"potentialAction\":[{\"@type\":\"SearchAction\",\"target\":{\"@type\":\"EntryPoint\",\"urlTemplate\":\"https:\\\/\\\/petrerjove.com\\\/ca\\\/?s={search_term_string}\"},\"query-input\":{\"@type\":\"PropertyValueSpecification\",\"valueRequired\":true,\"valueName\":\"search_term_string\"}}],\"inLanguage\":\"ca\"},{\"@type\":\"Organization\",\"@id\":\"https:\\\/\\\/petrerjove.com\\\/ca\\\/#organization\",\"name\":\"Concejal\u00eda de Juventud de Petrer\",\"url\":\"https:\\\/\\\/petrerjove.com\\\/ca\\\/\",\"logo\":{\"@type\":\"ImageObject\",\"inLanguage\":\"ca\",\"@id\":\"https:\\\/\\\/petrerjove.com\\\/ca\\\/#\\\/schema\\\/logo\\\/image\\\/\",\"url\":\"https:\\\/\\\/petrerjove.com\\\/wp-content\\\/uploads\\\/2024\\\/02\\\/petrerjove_horizontal.svg\",\"contentUrl\":\"https:\\\/\\\/petrerjove.com\\\/wp-content\\\/uploads\\\/2024\\\/02\\\/petrerjove_horizontal.svg\",\"width\":200,\"height\":70,\"caption\":\"Concejal\u00eda de Juventud de Petrer\"},\"image\":{\"@id\":\"https:\\\/\\\/petrerjove.com\\\/ca\\\/#\\\/schema\\\/logo\\\/image\\\/\"},\"sameAs\":[\"https:\\\/\\\/www.facebook.com\\\/petrerjoven\\\/\",\"https:\\\/\\\/www.instagram.com\\\/petrerjove\\\/\"]}]}<\/script>\n<!-- \/ Yoast SEO plugin. -->","yoast_head_json":{"title":"Ra\u00fal Barrero: Calendari Solidari AcMavi 2024 - Petrer Jove","description":"Ra\u00fal Barrero: Calendari Solidari AcMavi 2024","robots":{"index":"index","follow":"follow","max-snippet":"max-snippet:-1","max-image-preview":"max-image-preview:large","max-video-preview":"max-video-preview:-1"},"canonical":"https:\/\/petrerjove.com\/ca\/evento\/raul-barrero-calendari-solidari-acmavi-2024\/","og_locale":"ca_ES","og_type":"article","og_title":"Ra\u00fal Barrero: Calendari Solidari AcMavi 2024 - Petrer Jove","og_description":"Ra\u00fal Barrero: Calendari Solidari AcMavi 2024","og_url":"https:\/\/petrerjove.com\/ca\/evento\/raul-barrero-calendari-solidari-acmavi-2024\/","og_site_name":"Petrer Jove","article_publisher":"https:\/\/www.facebook.com\/petrerjoven\/","article_modified_time":"2024-07-02T10:45:35+00:00","og_image":[{"width":400,"height":290,"url":"https:\/\/petrerjove.com\/wp-content\/uploads\/2024\/06\/raulbarrero_20junio_destacada-min.jpg","type":"image\/jpeg"}],"twitter_card":"summary_large_image","twitter_misc":{"Temps estimat de lectura":"1 minut"},"schema":{"@context":"https:\/\/schema.org","@graph":[{"@type":"WebPage","@id":"https:\/\/petrerjove.com\/ca\/evento\/raul-barrero-calendari-solidari-acmavi-2024\/","url":"https:\/\/petrerjove.com\/ca\/evento\/raul-barrero-calendari-solidari-acmavi-2024\/","name":"Ra\u00fal Barrero: Calendari Solidari AcMavi 2024 - Petrer Jove","isPartOf":{"@id":"https:\/\/petrerjove.com\/ca\/#website"},"primaryImageOfPage":{"@id":"https:\/\/petrerjove.com\/ca\/evento\/raul-barrero-calendari-solidari-acmavi-2024\/#primaryimage"},"image":{"@id":"https:\/\/petrerjove.com\/ca\/evento\/raul-barrero-calendari-solidari-acmavi-2024\/#primaryimage"},"thumbnailUrl":"https:\/\/petrerjove.com\/wp-content\/uploads\/2024\/06\/raulbarrero_20junio_destacada-min.jpg","datePublished":"2024-06-13T10:32:37+00:00","dateModified":"2024-07-02T10:45:35+00:00","description":"Ra\u00fal Barrero: Calendari Solidari AcMavi 2024","breadcrumb":{"@id":"https:\/\/petrerjove.com\/ca\/evento\/raul-barrero-calendari-solidari-acmavi-2024\/#breadcrumb"},"inLanguage":"ca","potentialAction":[{"@type":"ReadAction","target":["https:\/\/petrerjove.com\/ca\/evento\/raul-barrero-calendari-solidari-acmavi-2024\/"]}]},{"@type":"ImageObject","inLanguage":"ca","@id":"https:\/\/petrerjove.com\/ca\/evento\/raul-barrero-calendari-solidari-acmavi-2024\/#primaryimage","url":"https:\/\/petrerjove.com\/wp-content\/uploads\/2024\/06\/raulbarrero_20junio_destacada-min.jpg","contentUrl":"https:\/\/petrerjove.com\/wp-content\/uploads\/2024\/06\/raulbarrero_20junio_destacada-min.jpg","width":400,"height":290},{"@type":"BreadcrumbList","@id":"https:\/\/petrerjove.com\/ca\/evento\/raul-barrero-calendari-solidari-acmavi-2024\/#breadcrumb","itemListElement":[{"@type":"ListItem","position":1,"name":"Portada","item":"https:\/\/petrerjove.com\/ca\/"},{"@type":"ListItem","position":2,"name":"Ra\u00fal Barrero: Calendari Solidari AcMavi 2024"}]},{"@type":"WebSite","@id":"https:\/\/petrerjove.com\/ca\/#website","url":"https:\/\/petrerjove.com\/ca\/","name":"Petrer Jove","description":"Concejal\u00eda de Infancia y Juventud de Petrer","publisher":{"@id":"https:\/\/petrerjove.com\/ca\/#organization"},"potentialAction":[{"@type":"SearchAction","target":{"@type":"EntryPoint","urlTemplate":"https:\/\/petrerjove.com\/ca\/?s={search_term_string}"},"query-input":{"@type":"PropertyValueSpecification","valueRequired":true,"valueName":"search_term_string"}}],"inLanguage":"ca"},{"@type":"Organization","@id":"https:\/\/petrerjove.com\/ca\/#organization","name":"Concejal\u00eda de Juventud de Petrer","url":"https:\/\/petrerjove.com\/ca\/","logo":{"@type":"ImageObject","inLanguage":"ca","@id":"https:\/\/petrerjove.com\/ca\/#\/schema\/logo\/image\/","url":"https:\/\/petrerjove.com\/wp-content\/uploads\/2024\/02\/petrerjove_horizontal.svg","contentUrl":"https:\/\/petrerjove.com\/wp-content\/uploads\/2024\/02\/petrerjove_horizontal.svg","width":200,"height":70,"caption":"Concejal\u00eda de Juventud de Petrer"},"image":{"@id":"https:\/\/petrerjove.com\/ca\/#\/schema\/logo\/image\/"},"sameAs":["https:\/\/www.facebook.com\/petrerjoven\/","https:\/\/www.instagram.com\/petrerjove\/"]}]}},"_links":{"self":[{"href":"https:\/\/petrerjove.com\/ca\/wp-json\/wp\/v2\/evento\/3660","targetHints":{"allow":["GET"]}}],"collection":[{"href":"https:\/\/petrerjove.com\/ca\/wp-json\/wp\/v2\/evento"}],"about":[{"href":"https:\/\/petrerjove.com\/ca\/wp-json\/wp\/v2\/types\/evento"}],"author":[{"embeddable":true,"href":"https:\/\/petrerjove.com\/ca\/wp-json\/wp\/v2\/users\/1"}],"version-history":[{"count":1,"href":"https:\/\/petrerjove.com\/ca\/wp-json\/wp\/v2\/evento\/3660\/revisions"}],"predecessor-version":[{"id":3661,"href":"https:\/\/petrerjove.com\/ca\/wp-json\/wp\/v2\/evento\/3660\/revisions\/3661"}],"wp:featuredmedia":[{"embeddable":true,"href":"https:\/\/petrerjove.com\/ca\/wp-json\/wp\/v2\/media\/3594"}],"wp:attachment":[{"href":"https:\/\/petrerjove.com\/ca\/wp-json\/wp\/v2\/media?parent=3660"}],"wp:term":[{"taxonomy":"tag-evento","embeddable":true,"href":"https:\/\/petrerjove.com\/ca\/wp-json\/wp\/v2\/tag-evento?post=3660"},{"taxonomy":"edades-eventos","embeddable":true,"href":"https:\/\/petrerjove.com\/ca\/wp-json\/wp\/v2\/edades-eventos?post=3660"},{"taxonomy":"lugar-eventos","embeddable":true,"href":"https:\/\/petrerjove.com\/ca\/wp-json\/wp\/v2\/lugar-eventos?post=3660"}],"curies":[{"name":"wp","href":"https:\/\/api.w.org\/{rel}","templated":true}]}}