{"id":3387,"date":"2024-05-20T09:03:48","date_gmt":"2024-05-20T07:03:48","guid":{"rendered":"https:\/\/petrerjove.com\/evento\/dia-orgull-friki-petrer-jove\/"},"modified":"2024-05-24T12:38:42","modified_gmt":"2024-05-24T10:38:42","slug":"dia-orgull-friki-petrer-jove","status":"publish","type":"evento","link":"https:\/\/petrerjove.com\/ca\/evento\/dia-orgull-friki-petrer-jove\/","title":{"rendered":"Dia Orgull Friki Petrer Jove"},"content":{"rendered":"\n<p>Saps per qu\u00e8 se celebra el \ud835\udc0e\ud835\udc2b\ud835\udc20\ud835\udc2e\ud835\udc25\ud835\udc25\ud835\udc28 \ud835\udc05\ud835\udc2b\ud835\udc22\ud835\udc24\ud835\udc22 el 25 de maig\ud83d\udd96? Aquest mateix dia el 1977 es va estrenar la primera pel\u00b7li de \ud835\ude4e\ud835\ude69\ud835\ude56\ud835\ude67 \ud835\ude52\ud835\ude56\ud835\ude67\ud835\ude68\ud83c\udf0c i 30 anys despr\u00e9s es va triar aquesta data per celebrar el \ud835\udc0e\ud835\udc2b\ud835\udc20\ud835\udc2e\ud835\udc25\ud835\udc25\ud835\udc1d \ud83d\udd79\ufe0f\ud83d\udc7e. \u00c9s un dia especial per a tots els fan\u00e0tics de la cultura pop, els videojocs i la ci\u00e8ncia ficci\u00f3!<\/p>\n\n<h4 class=\"wp-block-heading\">\ud83c\udf89 Petrer s&#8217;Uneix a la Celebraci\u00f3! \ud83c\udf89<\/h4>\n\n<p>Aquest any, Petrer ho celebrar\u00e0 portant els jocs i mogudes friquis m\u00e9s \ud835\ude69\ud835\ude67\ud835\ude5a\ud835\ude63\ud835\ude59:<\/p>\n\n<ul class=\"wp-block-list\">\n<li><strong>Xerrada: \ud835\ude3f\ud835\ude5a\ud835\ude68\ud835\ude58\ud835\ude6a\ud835\ude57\ud835\ude67\ud835\ude5e\ud835\ude5a\ud835\ude63\ud835\ude59\ud835\ude64 \ud835\ude5f\ud835\ude6a\ud835\ude5a\ud835\ude5c\ud835\ude64\ud835\ude68\ud83d\udcbb<\/strong><\/li>\n\n\n\n<li><strong>M\u00e9s alt: \ud835\ude43\ud835\ude56\ud835\ude62\ud835\ude56 \ud835\ude3d\ud835\ude5a\ud835\ude56\ud835\ude59\ud835\ude68\ud83d\udd35<\/strong><\/li>\n\n\n\n<li><strong>Zona Friki de Jocs \ud83d\udc78\ud83c\udffd<\/strong><\/li>\n\n\n\n<li><strong>Concurs Cosplay \ud83e\uddb9\ud83c\udffb<\/strong><\/li>\n\n\n\n<li><strong>\ud835\udc19\ud835\udc28\ud835\udc26\ud835\udc1b\ud835\udc22\ud835\udc1e\ud835\udc2c\ud83e\udddf\u200d\u2640\ufe0f i Supervivents \ud83e\udddd\ud83c\udffb\u200d\u2642\ufe0f<\/strong><\/li>\n\n\n\n<li><strong>Projecci\u00f3 de la Pel\u00b7l\u00edcula &#8220;Retorn al Futur&#8221; \ud83d\udcfa<\/strong><\/li>\n<\/ul>\n\n<h4 class=\"wp-block-heading\">\ud83d\udcc5 Detalls de l&#8217;esdeveniment<\/h4>\n\n<ul class=\"wp-block-list\">\n<li><strong>Data:<\/strong> Dissabte, 25 de maig<\/li>\n\n\n\n<li><strong>Hora:<\/strong> 19:00 h<\/li>\n\n\n\n<li><strong>Lloc:<\/strong> Casal de la Joventut (c\/ Ortega i Gasset, 26)<\/li>\n<\/ul>\n\n<p>Aquest \u00e9s lesdeveniment perfecte per a tots els friquis de cor. Vine disfressat del teu personatge favorit, participa als tallers i activitats, i gaudeix d&#8217;una tarda plena de diversi\u00f3 i passi\u00f3 pel geek! No et perdis aquesta oportunitat de celebrar el teu amor per la cultura friqui amb altres entusiastes com tu.<\/p>\n\n<p>T&#8217;esperem a Petrer el 25 de maig per viure una experi\u00e8ncia inoblidable! \ud83d\ude80<\/p>\n","protected":false},"author":1,"featured_media":3319,"template":"","tag-evento":[],"edades-eventos":[],"lugar-eventos":[69],"class_list":["post-3387","evento","type-evento","status-publish","has-post-thumbnail","hentry","lugar-eventos-casal-de-la-joventut"],"yoast_head":"<!-- This site is optimized with the Yoast SEO plugin v27.5 - https:\/\/yoast.com\/product\/yoast-seo-wordpress\/ -->\n<title>Dia Orgull Friki Petrer Jove - Petrer Jove<\/title>\n<meta name=\"description\" content=\"25 de maig a les 19:00h al Casal de la Joventut vine a gaudir d\u00b4un Dia de l\u00b4Orgull Friki ple d\u00b4activitats.\" \/>\n<meta name=\"robots\" content=\"index, follow, max-snippet:-1, max-image-preview:large, max-video-preview:-1\" \/>\n<link rel=\"canonical\" href=\"https:\/\/petrerjove.com\/ca\/evento\/dia-orgull-friki-petrer-jove\/\" \/>\n<meta property=\"og:locale\" content=\"ca_ES\" \/>\n<meta property=\"og:type\" content=\"article\" \/>\n<meta property=\"og:title\" content=\"Dia Orgull Friki Petrer Jove - Petrer Jove\" \/>\n<meta property=\"og:description\" content=\"25 de maig a les 19:00h al Casal de la Joventut vine a gaudir d\u00b4un Dia de l\u00b4Orgull Friki ple d\u00b4activitats.\" \/>\n<meta property=\"og:url\" content=\"https:\/\/petrerjove.com\/ca\/evento\/dia-orgull-friki-petrer-jove\/\" \/>\n<meta property=\"og:site_name\" content=\"Petrer Jove\" \/>\n<meta property=\"article:publisher\" content=\"https:\/\/www.facebook.com\/petrerjoven\/\" \/>\n<meta property=\"article:modified_time\" content=\"2024-05-24T10:38:42+00:00\" \/>\n<meta property=\"og:image\" content=\"https:\/\/petrerjove.com\/wp-content\/uploads\/2024\/05\/cosplay_25mayo_destacada-min.jpg\" \/>\n\t<meta property=\"og:image:width\" content=\"400\" \/>\n\t<meta property=\"og:image:height\" content=\"290\" \/>\n\t<meta property=\"og:image:type\" content=\"image\/jpeg\" \/>\n<meta name=\"twitter:card\" content=\"summary_large_image\" \/>\n<meta name=\"twitter:label1\" content=\"Temps estimat de lectura\" \/>\n\t<meta name=\"twitter:data1\" content=\"1 minut\" \/>\n<script type=\"application\/ld+json\" class=\"yoast-schema-graph\">{\"@context\":\"https:\\\/\\\/schema.org\",\"@graph\":[{\"@type\":\"WebPage\",\"@id\":\"https:\\\/\\\/petrerjove.com\\\/ca\\\/evento\\\/dia-orgull-friki-petrer-jove\\\/\",\"url\":\"https:\\\/\\\/petrerjove.com\\\/ca\\\/evento\\\/dia-orgull-friki-petrer-jove\\\/\",\"name\":\"Dia Orgull Friki Petrer Jove - Petrer Jove\",\"isPartOf\":{\"@id\":\"https:\\\/\\\/petrerjove.com\\\/ca\\\/#website\"},\"primaryImageOfPage\":{\"@id\":\"https:\\\/\\\/petrerjove.com\\\/ca\\\/evento\\\/dia-orgull-friki-petrer-jove\\\/#primaryimage\"},\"image\":{\"@id\":\"https:\\\/\\\/petrerjove.com\\\/ca\\\/evento\\\/dia-orgull-friki-petrer-jove\\\/#primaryimage\"},\"thumbnailUrl\":\"https:\\\/\\\/petrerjove.com\\\/wp-content\\\/uploads\\\/2024\\\/05\\\/cosplay_25mayo_destacada-min.jpg\",\"datePublished\":\"2024-05-20T07:03:48+00:00\",\"dateModified\":\"2024-05-24T10:38:42+00:00\",\"description\":\"25 de maig a les 19:00h al Casal de la Joventut vine a gaudir d\u00b4un Dia de l\u00b4Orgull Friki ple d\u00b4activitats.\",\"breadcrumb\":{\"@id\":\"https:\\\/\\\/petrerjove.com\\\/ca\\\/evento\\\/dia-orgull-friki-petrer-jove\\\/#breadcrumb\"},\"inLanguage\":\"ca\",\"potentialAction\":[{\"@type\":\"ReadAction\",\"target\":[\"https:\\\/\\\/petrerjove.com\\\/ca\\\/evento\\\/dia-orgull-friki-petrer-jove\\\/\"]}]},{\"@type\":\"ImageObject\",\"inLanguage\":\"ca\",\"@id\":\"https:\\\/\\\/petrerjove.com\\\/ca\\\/evento\\\/dia-orgull-friki-petrer-jove\\\/#primaryimage\",\"url\":\"https:\\\/\\\/petrerjove.com\\\/wp-content\\\/uploads\\\/2024\\\/05\\\/cosplay_25mayo_destacada-min.jpg\",\"contentUrl\":\"https:\\\/\\\/petrerjove.com\\\/wp-content\\\/uploads\\\/2024\\\/05\\\/cosplay_25mayo_destacada-min.jpg\",\"width\":400,\"height\":290,\"caption\":\"cosplay_25mayo_destacada-min\"},{\"@type\":\"BreadcrumbList\",\"@id\":\"https:\\\/\\\/petrerjove.com\\\/ca\\\/evento\\\/dia-orgull-friki-petrer-jove\\\/#breadcrumb\",\"itemListElement\":[{\"@type\":\"ListItem\",\"position\":1,\"name\":\"Portada\",\"item\":\"https:\\\/\\\/petrerjove.com\\\/ca\\\/\"},{\"@type\":\"ListItem\",\"position\":2,\"name\":\"Dia Orgull Friki Petrer Jove\"}]},{\"@type\":\"WebSite\",\"@id\":\"https:\\\/\\\/petrerjove.com\\\/ca\\\/#website\",\"url\":\"https:\\\/\\\/petrerjove.com\\\/ca\\\/\",\"name\":\"Petrer Jove\",\"description\":\"Concejal\u00eda de Infancia y Juventud de Petrer\",\"publisher\":{\"@id\":\"https:\\\/\\\/petrerjove.com\\\/ca\\\/#organization\"},\"potentialAction\":[{\"@type\":\"SearchAction\",\"target\":{\"@type\":\"EntryPoint\",\"urlTemplate\":\"https:\\\/\\\/petrerjove.com\\\/ca\\\/?s={search_term_string}\"},\"query-input\":{\"@type\":\"PropertyValueSpecification\",\"valueRequired\":true,\"valueName\":\"search_term_string\"}}],\"inLanguage\":\"ca\"},{\"@type\":\"Organization\",\"@id\":\"https:\\\/\\\/petrerjove.com\\\/ca\\\/#organization\",\"name\":\"Concejal\u00eda de Juventud de Petrer\",\"url\":\"https:\\\/\\\/petrerjove.com\\\/ca\\\/\",\"logo\":{\"@type\":\"ImageObject\",\"inLanguage\":\"ca\",\"@id\":\"https:\\\/\\\/petrerjove.com\\\/ca\\\/#\\\/schema\\\/logo\\\/image\\\/\",\"url\":\"https:\\\/\\\/petrerjove.com\\\/wp-content\\\/uploads\\\/2024\\\/02\\\/petrerjove_horizontal.svg\",\"contentUrl\":\"https:\\\/\\\/petrerjove.com\\\/wp-content\\\/uploads\\\/2024\\\/02\\\/petrerjove_horizontal.svg\",\"width\":200,\"height\":70,\"caption\":\"Concejal\u00eda de Juventud de Petrer\"},\"image\":{\"@id\":\"https:\\\/\\\/petrerjove.com\\\/ca\\\/#\\\/schema\\\/logo\\\/image\\\/\"},\"sameAs\":[\"https:\\\/\\\/www.facebook.com\\\/petrerjoven\\\/\",\"https:\\\/\\\/www.instagram.com\\\/petrerjove\\\/\"]}]}<\/script>\n<!-- \/ Yoast SEO plugin. -->","yoast_head_json":{"title":"Dia Orgull Friki Petrer Jove - Petrer Jove","description":"25 de maig a les 19:00h al Casal de la Joventut vine a gaudir d\u00b4un Dia de l\u00b4Orgull Friki ple d\u00b4activitats.","robots":{"index":"index","follow":"follow","max-snippet":"max-snippet:-1","max-image-preview":"max-image-preview:large","max-video-preview":"max-video-preview:-1"},"canonical":"https:\/\/petrerjove.com\/ca\/evento\/dia-orgull-friki-petrer-jove\/","og_locale":"ca_ES","og_type":"article","og_title":"Dia Orgull Friki Petrer Jove - Petrer Jove","og_description":"25 de maig a les 19:00h al Casal de la Joventut vine a gaudir d\u00b4un Dia de l\u00b4Orgull Friki ple d\u00b4activitats.","og_url":"https:\/\/petrerjove.com\/ca\/evento\/dia-orgull-friki-petrer-jove\/","og_site_name":"Petrer Jove","article_publisher":"https:\/\/www.facebook.com\/petrerjoven\/","article_modified_time":"2024-05-24T10:38:42+00:00","og_image":[{"width":400,"height":290,"url":"https:\/\/petrerjove.com\/wp-content\/uploads\/2024\/05\/cosplay_25mayo_destacada-min.jpg","type":"image\/jpeg"}],"twitter_card":"summary_large_image","twitter_misc":{"Temps estimat de lectura":"1 minut"},"schema":{"@context":"https:\/\/schema.org","@graph":[{"@type":"WebPage","@id":"https:\/\/petrerjove.com\/ca\/evento\/dia-orgull-friki-petrer-jove\/","url":"https:\/\/petrerjove.com\/ca\/evento\/dia-orgull-friki-petrer-jove\/","name":"Dia Orgull Friki Petrer Jove - Petrer Jove","isPartOf":{"@id":"https:\/\/petrerjove.com\/ca\/#website"},"primaryImageOfPage":{"@id":"https:\/\/petrerjove.com\/ca\/evento\/dia-orgull-friki-petrer-jove\/#primaryimage"},"image":{"@id":"https:\/\/petrerjove.com\/ca\/evento\/dia-orgull-friki-petrer-jove\/#primaryimage"},"thumbnailUrl":"https:\/\/petrerjove.com\/wp-content\/uploads\/2024\/05\/cosplay_25mayo_destacada-min.jpg","datePublished":"2024-05-20T07:03:48+00:00","dateModified":"2024-05-24T10:38:42+00:00","description":"25 de maig a les 19:00h al Casal de la Joventut vine a gaudir d\u00b4un Dia de l\u00b4Orgull Friki ple d\u00b4activitats.","breadcrumb":{"@id":"https:\/\/petrerjove.com\/ca\/evento\/dia-orgull-friki-petrer-jove\/#breadcrumb"},"inLanguage":"ca","potentialAction":[{"@type":"ReadAction","target":["https:\/\/petrerjove.com\/ca\/evento\/dia-orgull-friki-petrer-jove\/"]}]},{"@type":"ImageObject","inLanguage":"ca","@id":"https:\/\/petrerjove.com\/ca\/evento\/dia-orgull-friki-petrer-jove\/#primaryimage","url":"https:\/\/petrerjove.com\/wp-content\/uploads\/2024\/05\/cosplay_25mayo_destacada-min.jpg","contentUrl":"https:\/\/petrerjove.com\/wp-content\/uploads\/2024\/05\/cosplay_25mayo_destacada-min.jpg","width":400,"height":290,"caption":"cosplay_25mayo_destacada-min"},{"@type":"BreadcrumbList","@id":"https:\/\/petrerjove.com\/ca\/evento\/dia-orgull-friki-petrer-jove\/#breadcrumb","itemListElement":[{"@type":"ListItem","position":1,"name":"Portada","item":"https:\/\/petrerjove.com\/ca\/"},{"@type":"ListItem","position":2,"name":"Dia Orgull Friki Petrer Jove"}]},{"@type":"WebSite","@id":"https:\/\/petrerjove.com\/ca\/#website","url":"https:\/\/petrerjove.com\/ca\/","name":"Petrer Jove","description":"Concejal\u00eda de Infancia y Juventud de Petrer","publisher":{"@id":"https:\/\/petrerjove.com\/ca\/#organization"},"potentialAction":[{"@type":"SearchAction","target":{"@type":"EntryPoint","urlTemplate":"https:\/\/petrerjove.com\/ca\/?s={search_term_string}"},"query-input":{"@type":"PropertyValueSpecification","valueRequired":true,"valueName":"search_term_string"}}],"inLanguage":"ca"},{"@type":"Organization","@id":"https:\/\/petrerjove.com\/ca\/#organization","name":"Concejal\u00eda de Juventud de Petrer","url":"https:\/\/petrerjove.com\/ca\/","logo":{"@type":"ImageObject","inLanguage":"ca","@id":"https:\/\/petrerjove.com\/ca\/#\/schema\/logo\/image\/","url":"https:\/\/petrerjove.com\/wp-content\/uploads\/2024\/02\/petrerjove_horizontal.svg","contentUrl":"https:\/\/petrerjove.com\/wp-content\/uploads\/2024\/02\/petrerjove_horizontal.svg","width":200,"height":70,"caption":"Concejal\u00eda de Juventud de Petrer"},"image":{"@id":"https:\/\/petrerjove.com\/ca\/#\/schema\/logo\/image\/"},"sameAs":["https:\/\/www.facebook.com\/petrerjoven\/","https:\/\/www.instagram.com\/petrerjove\/"]}]}},"_links":{"self":[{"href":"https:\/\/petrerjove.com\/ca\/wp-json\/wp\/v2\/evento\/3387","targetHints":{"allow":["GET"]}}],"collection":[{"href":"https:\/\/petrerjove.com\/ca\/wp-json\/wp\/v2\/evento"}],"about":[{"href":"https:\/\/petrerjove.com\/ca\/wp-json\/wp\/v2\/types\/evento"}],"author":[{"embeddable":true,"href":"https:\/\/petrerjove.com\/ca\/wp-json\/wp\/v2\/users\/1"}],"version-history":[{"count":1,"href":"https:\/\/petrerjove.com\/ca\/wp-json\/wp\/v2\/evento\/3387\/revisions"}],"predecessor-version":[{"id":3388,"href":"https:\/\/petrerjove.com\/ca\/wp-json\/wp\/v2\/evento\/3387\/revisions\/3388"}],"wp:featuredmedia":[{"embeddable":true,"href":"https:\/\/petrerjove.com\/ca\/wp-json\/wp\/v2\/media\/3319"}],"wp:attachment":[{"href":"https:\/\/petrerjove.com\/ca\/wp-json\/wp\/v2\/media?parent=3387"}],"wp:term":[{"taxonomy":"tag-evento","embeddable":true,"href":"https:\/\/petrerjove.com\/ca\/wp-json\/wp\/v2\/tag-evento?post=3387"},{"taxonomy":"edades-eventos","embeddable":true,"href":"https:\/\/petrerjove.com\/ca\/wp-json\/wp\/v2\/edades-eventos?post=3387"},{"taxonomy":"lugar-eventos","embeddable":true,"href":"https:\/\/petrerjove.com\/ca\/wp-json\/wp\/v2\/lugar-eventos?post=3387"}],"curies":[{"name":"wp","href":"https:\/\/api.w.org\/{rel}","templated":true}]}}