{"id":3241,"date":"2024-05-09T08:13:26","date_gmt":"2024-05-09T06:13:26","guid":{"rendered":"https:\/\/petrerjove.com\/evento\/dimarts-de-cinema-dersu-uzala-el-cacador\/"},"modified":"2024-05-09T08:14:24","modified_gmt":"2024-05-09T06:14:24","slug":"dimarts-de-cinema-dersu-uzala-el-cacador","status":"publish","type":"evento","link":"https:\/\/petrerjove.com\/ca\/evento\/dimarts-de-cinema-dersu-uzala-el-cacador\/","title":{"rendered":"Dimarts de cinema &#8211; Ders\u00fa Uzal\u00e1 (El ca\u00e7ador)"},"content":{"rendered":"\n<p>Seguim amb els dimarts de cinema!<br\/><br\/>Aquest cop toca, en la seva versi\u00f3 original russa amb subt\u00edtols en espanyol, Ders\u00fa Uzal\u00e1 (El Ca\u00e7ador), d&#8217;Akira Kurosawa (1975).<br\/><br\/> \/&gt;Sinopsi: El capit\u00e0 Vladimir Arseniev i el seu destacament han de realitzar unes prospeccions geol\u00f2giques als boscos de la taiga siberiana. La immensitat del territori i la duresa del clima fan que s&#8217;extravi\u00ef. Condemnat a vagar per una terra salvatge, Vladimir coneix Dersu Uzala, un ca\u00e7ador n\u00f2mada que coneix el territori com el palmell de la m\u00e0 i sap com afrontar les inclem\u00e8ncies del temps. Dersu ensenyar\u00e0 a Vladimir a respectar la natura ia conviure en plena harmonia amb ella, una lli\u00e7\u00f3 que dif\u00edcilment oblidar\u00e0 la resta de la seva vida.<br\/><br\/>Dimarts 4 de juny a les 19:00h al Centre Cultural. <br\/><br\/>L&#8217;entrada \u00e9s lliure fins a completar aforament!<\/p>\n\n<div style=\"height:50px\" aria-hidden=\"true\" class=\"wp-block-spacer\"><\/div>\n\n<figure class=\"wp-block-image aligncenter size-large is-resized\"><img fetchpriority=\"high\" decoding=\"async\" width=\"724\" height=\"1024\" src=\"https:\/\/petrerjove.com\/wp-content\/uploads\/2024\/05\/Dersu_cineSEU-min-724x1024.jpg\" alt=\"\" class=\"wp-image-3234\" style=\"width:350px\" srcset=\"https:\/\/petrerjove.com\/wp-content\/uploads\/2024\/05\/Dersu_cineSEU-min-724x1024.jpg 724w, https:\/\/petrerjove.com\/wp-content\/uploads\/2024\/05\/Dersu_cineSEU-min-212x300.jpg 212w, https:\/\/petrerjove.com\/wp-content\/uploads\/2024\/05\/Dersu_cineSEU-min-768x1087.jpg 768w, https:\/\/petrerjove.com\/wp-content\/uploads\/2024\/05\/Dersu_cineSEU-min-1086x1536.jpg 1086w, https:\/\/petrerjove.com\/wp-content\/uploads\/2024\/05\/Dersu_cineSEU-min.jpg 1357w\" sizes=\"(max-width: 724px) 100vw, 724px\" \/><\/figure>\n","protected":false},"author":1,"featured_media":3239,"template":"","tag-evento":[],"edades-eventos":[],"lugar-eventos":[77],"class_list":["post-3241","evento","type-evento","status-publish","has-post-thumbnail","hentry","lugar-eventos-centre-cultural"],"yoast_head":"<!-- This site is optimized with the Yoast SEO plugin v27.5 - https:\/\/yoast.com\/product\/yoast-seo-wordpress\/ -->\n<title>Dimarts de cinema - Ders\u00fa Uzal\u00e1 (El ca\u00e7ador) - Petrer Jove<\/title>\n<meta name=\"description\" content=\"Dimarts 4 de juny a les 19:00h al Centre Cultural, segueixen els dimarts de cinema amb Ders\u00fa Uzal\u00e1 (El Ca\u00e7ador), d&#039;Akira Kurosawa (1975).\" \/>\n<meta name=\"robots\" content=\"index, follow, max-snippet:-1, max-image-preview:large, max-video-preview:-1\" \/>\n<link rel=\"canonical\" href=\"https:\/\/petrerjove.com\/ca\/evento\/dimarts-de-cinema-dersu-uzala-el-cacador\/\" \/>\n<meta property=\"og:locale\" content=\"ca_ES\" \/>\n<meta property=\"og:type\" content=\"article\" \/>\n<meta property=\"og:title\" content=\"Dimarts de cinema - Ders\u00fa Uzal\u00e1 (El ca\u00e7ador) - Petrer Jove\" \/>\n<meta property=\"og:description\" content=\"Dimarts 4 de juny a les 19:00h al Centre Cultural, segueixen els dimarts de cinema amb Ders\u00fa Uzal\u00e1 (El Ca\u00e7ador), d&#039;Akira Kurosawa (1975).\" \/>\n<meta property=\"og:url\" content=\"https:\/\/petrerjove.com\/ca\/evento\/dimarts-de-cinema-dersu-uzala-el-cacador\/\" \/>\n<meta property=\"og:site_name\" content=\"Petrer Jove\" \/>\n<meta property=\"article:publisher\" content=\"https:\/\/www.facebook.com\/petrerjoven\/\" \/>\n<meta property=\"article:modified_time\" content=\"2024-05-09T06:14:24+00:00\" \/>\n<meta property=\"og:image\" content=\"https:\/\/petrerjove.com\/wp-content\/uploads\/2024\/05\/martescine_4junio_destacada-min.jpg\" \/>\n\t<meta property=\"og:image:width\" content=\"400\" \/>\n\t<meta property=\"og:image:height\" content=\"290\" \/>\n\t<meta property=\"og:image:type\" content=\"image\/jpeg\" \/>\n<meta name=\"twitter:card\" content=\"summary_large_image\" \/>\n<meta name=\"twitter:label1\" content=\"Temps estimat de lectura\" \/>\n\t<meta name=\"twitter:data1\" content=\"1 minut\" \/>\n<script type=\"application\/ld+json\" class=\"yoast-schema-graph\">{\"@context\":\"https:\\\/\\\/schema.org\",\"@graph\":[{\"@type\":\"WebPage\",\"@id\":\"https:\\\/\\\/petrerjove.com\\\/ca\\\/evento\\\/dimarts-de-cinema-dersu-uzala-el-cacador\\\/\",\"url\":\"https:\\\/\\\/petrerjove.com\\\/ca\\\/evento\\\/dimarts-de-cinema-dersu-uzala-el-cacador\\\/\",\"name\":\"Dimarts de cinema - Ders\u00fa Uzal\u00e1 (El ca\u00e7ador) - Petrer Jove\",\"isPartOf\":{\"@id\":\"https:\\\/\\\/petrerjove.com\\\/ca\\\/#website\"},\"primaryImageOfPage\":{\"@id\":\"https:\\\/\\\/petrerjove.com\\\/ca\\\/evento\\\/dimarts-de-cinema-dersu-uzala-el-cacador\\\/#primaryimage\"},\"image\":{\"@id\":\"https:\\\/\\\/petrerjove.com\\\/ca\\\/evento\\\/dimarts-de-cinema-dersu-uzala-el-cacador\\\/#primaryimage\"},\"thumbnailUrl\":\"https:\\\/\\\/petrerjove.com\\\/wp-content\\\/uploads\\\/2024\\\/05\\\/martescine_4junio_destacada-min.jpg\",\"datePublished\":\"2024-05-09T06:13:26+00:00\",\"dateModified\":\"2024-05-09T06:14:24+00:00\",\"description\":\"Dimarts 4 de juny a les 19:00h al Centre Cultural, segueixen els dimarts de cinema amb Ders\u00fa Uzal\u00e1 (El Ca\u00e7ador), d'Akira Kurosawa (1975).\",\"breadcrumb\":{\"@id\":\"https:\\\/\\\/petrerjove.com\\\/ca\\\/evento\\\/dimarts-de-cinema-dersu-uzala-el-cacador\\\/#breadcrumb\"},\"inLanguage\":\"ca\",\"potentialAction\":[{\"@type\":\"ReadAction\",\"target\":[\"https:\\\/\\\/petrerjove.com\\\/ca\\\/evento\\\/dimarts-de-cinema-dersu-uzala-el-cacador\\\/\"]}]},{\"@type\":\"ImageObject\",\"inLanguage\":\"ca\",\"@id\":\"https:\\\/\\\/petrerjove.com\\\/ca\\\/evento\\\/dimarts-de-cinema-dersu-uzala-el-cacador\\\/#primaryimage\",\"url\":\"https:\\\/\\\/petrerjove.com\\\/wp-content\\\/uploads\\\/2024\\\/05\\\/martescine_4junio_destacada-min.jpg\",\"contentUrl\":\"https:\\\/\\\/petrerjove.com\\\/wp-content\\\/uploads\\\/2024\\\/05\\\/martescine_4junio_destacada-min.jpg\",\"width\":400,\"height\":290},{\"@type\":\"BreadcrumbList\",\"@id\":\"https:\\\/\\\/petrerjove.com\\\/ca\\\/evento\\\/dimarts-de-cinema-dersu-uzala-el-cacador\\\/#breadcrumb\",\"itemListElement\":[{\"@type\":\"ListItem\",\"position\":1,\"name\":\"Portada\",\"item\":\"https:\\\/\\\/petrerjove.com\\\/ca\\\/\"},{\"@type\":\"ListItem\",\"position\":2,\"name\":\"Dimarts de cinema &#8211; Ders\u00fa Uzal\u00e1 (El ca\u00e7ador)\"}]},{\"@type\":\"WebSite\",\"@id\":\"https:\\\/\\\/petrerjove.com\\\/ca\\\/#website\",\"url\":\"https:\\\/\\\/petrerjove.com\\\/ca\\\/\",\"name\":\"Petrer Jove\",\"description\":\"Concejal\u00eda de Infancia y Juventud de Petrer\",\"publisher\":{\"@id\":\"https:\\\/\\\/petrerjove.com\\\/ca\\\/#organization\"},\"potentialAction\":[{\"@type\":\"SearchAction\",\"target\":{\"@type\":\"EntryPoint\",\"urlTemplate\":\"https:\\\/\\\/petrerjove.com\\\/ca\\\/?s={search_term_string}\"},\"query-input\":{\"@type\":\"PropertyValueSpecification\",\"valueRequired\":true,\"valueName\":\"search_term_string\"}}],\"inLanguage\":\"ca\"},{\"@type\":\"Organization\",\"@id\":\"https:\\\/\\\/petrerjove.com\\\/ca\\\/#organization\",\"name\":\"Concejal\u00eda de Juventud de Petrer\",\"url\":\"https:\\\/\\\/petrerjove.com\\\/ca\\\/\",\"logo\":{\"@type\":\"ImageObject\",\"inLanguage\":\"ca\",\"@id\":\"https:\\\/\\\/petrerjove.com\\\/ca\\\/#\\\/schema\\\/logo\\\/image\\\/\",\"url\":\"https:\\\/\\\/petrerjove.com\\\/wp-content\\\/uploads\\\/2024\\\/02\\\/petrerjove_horizontal.svg\",\"contentUrl\":\"https:\\\/\\\/petrerjove.com\\\/wp-content\\\/uploads\\\/2024\\\/02\\\/petrerjove_horizontal.svg\",\"width\":200,\"height\":70,\"caption\":\"Concejal\u00eda de Juventud de Petrer\"},\"image\":{\"@id\":\"https:\\\/\\\/petrerjove.com\\\/ca\\\/#\\\/schema\\\/logo\\\/image\\\/\"},\"sameAs\":[\"https:\\\/\\\/www.facebook.com\\\/petrerjoven\\\/\",\"https:\\\/\\\/www.instagram.com\\\/petrerjove\\\/\"]}]}<\/script>\n<!-- \/ Yoast SEO plugin. -->","yoast_head_json":{"title":"Dimarts de cinema - Ders\u00fa Uzal\u00e1 (El ca\u00e7ador) - Petrer Jove","description":"Dimarts 4 de juny a les 19:00h al Centre Cultural, segueixen els dimarts de cinema amb Ders\u00fa Uzal\u00e1 (El Ca\u00e7ador), d'Akira Kurosawa (1975).","robots":{"index":"index","follow":"follow","max-snippet":"max-snippet:-1","max-image-preview":"max-image-preview:large","max-video-preview":"max-video-preview:-1"},"canonical":"https:\/\/petrerjove.com\/ca\/evento\/dimarts-de-cinema-dersu-uzala-el-cacador\/","og_locale":"ca_ES","og_type":"article","og_title":"Dimarts de cinema - Ders\u00fa Uzal\u00e1 (El ca\u00e7ador) - Petrer Jove","og_description":"Dimarts 4 de juny a les 19:00h al Centre Cultural, segueixen els dimarts de cinema amb Ders\u00fa Uzal\u00e1 (El Ca\u00e7ador), d'Akira Kurosawa (1975).","og_url":"https:\/\/petrerjove.com\/ca\/evento\/dimarts-de-cinema-dersu-uzala-el-cacador\/","og_site_name":"Petrer Jove","article_publisher":"https:\/\/www.facebook.com\/petrerjoven\/","article_modified_time":"2024-05-09T06:14:24+00:00","og_image":[{"width":400,"height":290,"url":"https:\/\/petrerjove.com\/wp-content\/uploads\/2024\/05\/martescine_4junio_destacada-min.jpg","type":"image\/jpeg"}],"twitter_card":"summary_large_image","twitter_misc":{"Temps estimat de lectura":"1 minut"},"schema":{"@context":"https:\/\/schema.org","@graph":[{"@type":"WebPage","@id":"https:\/\/petrerjove.com\/ca\/evento\/dimarts-de-cinema-dersu-uzala-el-cacador\/","url":"https:\/\/petrerjove.com\/ca\/evento\/dimarts-de-cinema-dersu-uzala-el-cacador\/","name":"Dimarts de cinema - Ders\u00fa Uzal\u00e1 (El ca\u00e7ador) - Petrer Jove","isPartOf":{"@id":"https:\/\/petrerjove.com\/ca\/#website"},"primaryImageOfPage":{"@id":"https:\/\/petrerjove.com\/ca\/evento\/dimarts-de-cinema-dersu-uzala-el-cacador\/#primaryimage"},"image":{"@id":"https:\/\/petrerjove.com\/ca\/evento\/dimarts-de-cinema-dersu-uzala-el-cacador\/#primaryimage"},"thumbnailUrl":"https:\/\/petrerjove.com\/wp-content\/uploads\/2024\/05\/martescine_4junio_destacada-min.jpg","datePublished":"2024-05-09T06:13:26+00:00","dateModified":"2024-05-09T06:14:24+00:00","description":"Dimarts 4 de juny a les 19:00h al Centre Cultural, segueixen els dimarts de cinema amb Ders\u00fa Uzal\u00e1 (El Ca\u00e7ador), d'Akira Kurosawa (1975).","breadcrumb":{"@id":"https:\/\/petrerjove.com\/ca\/evento\/dimarts-de-cinema-dersu-uzala-el-cacador\/#breadcrumb"},"inLanguage":"ca","potentialAction":[{"@type":"ReadAction","target":["https:\/\/petrerjove.com\/ca\/evento\/dimarts-de-cinema-dersu-uzala-el-cacador\/"]}]},{"@type":"ImageObject","inLanguage":"ca","@id":"https:\/\/petrerjove.com\/ca\/evento\/dimarts-de-cinema-dersu-uzala-el-cacador\/#primaryimage","url":"https:\/\/petrerjove.com\/wp-content\/uploads\/2024\/05\/martescine_4junio_destacada-min.jpg","contentUrl":"https:\/\/petrerjove.com\/wp-content\/uploads\/2024\/05\/martescine_4junio_destacada-min.jpg","width":400,"height":290},{"@type":"BreadcrumbList","@id":"https:\/\/petrerjove.com\/ca\/evento\/dimarts-de-cinema-dersu-uzala-el-cacador\/#breadcrumb","itemListElement":[{"@type":"ListItem","position":1,"name":"Portada","item":"https:\/\/petrerjove.com\/ca\/"},{"@type":"ListItem","position":2,"name":"Dimarts de cinema &#8211; Ders\u00fa Uzal\u00e1 (El ca\u00e7ador)"}]},{"@type":"WebSite","@id":"https:\/\/petrerjove.com\/ca\/#website","url":"https:\/\/petrerjove.com\/ca\/","name":"Petrer Jove","description":"Concejal\u00eda de Infancia y Juventud de Petrer","publisher":{"@id":"https:\/\/petrerjove.com\/ca\/#organization"},"potentialAction":[{"@type":"SearchAction","target":{"@type":"EntryPoint","urlTemplate":"https:\/\/petrerjove.com\/ca\/?s={search_term_string}"},"query-input":{"@type":"PropertyValueSpecification","valueRequired":true,"valueName":"search_term_string"}}],"inLanguage":"ca"},{"@type":"Organization","@id":"https:\/\/petrerjove.com\/ca\/#organization","name":"Concejal\u00eda de Juventud de Petrer","url":"https:\/\/petrerjove.com\/ca\/","logo":{"@type":"ImageObject","inLanguage":"ca","@id":"https:\/\/petrerjove.com\/ca\/#\/schema\/logo\/image\/","url":"https:\/\/petrerjove.com\/wp-content\/uploads\/2024\/02\/petrerjove_horizontal.svg","contentUrl":"https:\/\/petrerjove.com\/wp-content\/uploads\/2024\/02\/petrerjove_horizontal.svg","width":200,"height":70,"caption":"Concejal\u00eda de Juventud de Petrer"},"image":{"@id":"https:\/\/petrerjove.com\/ca\/#\/schema\/logo\/image\/"},"sameAs":["https:\/\/www.facebook.com\/petrerjoven\/","https:\/\/www.instagram.com\/petrerjove\/"]}]}},"_links":{"self":[{"href":"https:\/\/petrerjove.com\/ca\/wp-json\/wp\/v2\/evento\/3241","targetHints":{"allow":["GET"]}}],"collection":[{"href":"https:\/\/petrerjove.com\/ca\/wp-json\/wp\/v2\/evento"}],"about":[{"href":"https:\/\/petrerjove.com\/ca\/wp-json\/wp\/v2\/types\/evento"}],"author":[{"embeddable":true,"href":"https:\/\/petrerjove.com\/ca\/wp-json\/wp\/v2\/users\/1"}],"version-history":[{"count":3,"href":"https:\/\/petrerjove.com\/ca\/wp-json\/wp\/v2\/evento\/3241\/revisions"}],"predecessor-version":[{"id":3244,"href":"https:\/\/petrerjove.com\/ca\/wp-json\/wp\/v2\/evento\/3241\/revisions\/3244"}],"wp:featuredmedia":[{"embeddable":true,"href":"https:\/\/petrerjove.com\/ca\/wp-json\/wp\/v2\/media\/3239"}],"wp:attachment":[{"href":"https:\/\/petrerjove.com\/ca\/wp-json\/wp\/v2\/media?parent=3241"}],"wp:term":[{"taxonomy":"tag-evento","embeddable":true,"href":"https:\/\/petrerjove.com\/ca\/wp-json\/wp\/v2\/tag-evento?post=3241"},{"taxonomy":"edades-eventos","embeddable":true,"href":"https:\/\/petrerjove.com\/ca\/wp-json\/wp\/v2\/edades-eventos?post=3241"},{"taxonomy":"lugar-eventos","embeddable":true,"href":"https:\/\/petrerjove.com\/ca\/wp-json\/wp\/v2\/lugar-eventos?post=3241"}],"curies":[{"name":"wp","href":"https:\/\/api.w.org\/{rel}","templated":true}]}}