{"id":2668,"date":"2024-02-22T11:10:19","date_gmt":"2024-02-22T10:10:19","guid":{"rendered":"https:\/\/petrerjove.com\/evento\/construint-entorns-segurs-prevencio-deteccio-i-actuacio-davant-la-violencia-digital\/"},"modified":"2024-04-23T07:49:10","modified_gmt":"2024-04-23T05:49:10","slug":"construint-entorns-segurs-prevencio-deteccio-i-actuacio-davant-la-violencia-digital","status":"publish","type":"evento","link":"https:\/\/petrerjove.com\/ca\/evento\/construint-entorns-segurs-prevencio-deteccio-i-actuacio-davant-la-violencia-digital\/","title":{"rendered":"Construint entorns segurs: prevenci\u00f3, detecci\u00f3 i actuaci\u00f3 davant la viol\u00e8ncia digital"},"content":{"rendered":"\n<p>Els dies 1 i 2 de mar\u00e7 t&#8217;esperem en el Centre Cultural de Petrer per a parlar sobre la viol\u00e8ncia digital i la vulneraci\u00f3 dels nostres drets a trav\u00e9s d&#8217;estos servicis. <\/p>\n\n<p>Durem a terme la III Jornada Petrer, *Ciutat Educadora. Es tracta d&#8217;unes jornades dirigides especialment a docents i fam\u00edlies amb menors adolescents, per\u00f2 tamb\u00e9 obertes al p\u00fablic en general, que la seua tem\u00e0tica entronca: amb el treball que fan els nostres agents tutors en els centres escolars, tant col\u00b7legis com instituts\u201d a trav\u00e9s de xarrades i tallers.<\/p>\n\n<div style=\"height:30px\" aria-hidden=\"true\" class=\"wp-block-spacer\"><\/div>\n\n<figure class=\"wp-block-image aligncenter size-large\"><img fetchpriority=\"high\" decoding=\"async\" width=\"724\" height=\"1024\" src=\"https:\/\/petrerjove.com\/wp-content\/uploads\/2024\/02\/Cartel_III_Jornadas_Petrer_Ciudad_educadora_val-764x1080-1-724x1024.jpeg\" alt=\"\" class=\"wp-image-997\" srcset=\"https:\/\/petrerjove.com\/wp-content\/uploads\/2024\/02\/Cartel_III_Jornadas_Petrer_Ciudad_educadora_val-764x1080-1-724x1024.jpeg 724w, https:\/\/petrerjove.com\/wp-content\/uploads\/2024\/02\/Cartel_III_Jornadas_Petrer_Ciudad_educadora_val-764x1080-1-212x300.jpeg 212w, https:\/\/petrerjove.com\/wp-content\/uploads\/2024\/02\/Cartel_III_Jornadas_Petrer_Ciudad_educadora_val-764x1080-1.jpeg 764w\" sizes=\"(max-width: 724px) 100vw, 724px\" \/><\/figure>\n\n<div style=\"height:30px\" aria-hidden=\"true\" class=\"wp-block-spacer\"><\/div>\n\n<p>Les Jornades estaran compreses en dos dies, 1 i 2 de mar\u00e7, amb la seg\u00fcent programaci\u00f3:<\/p>\n\n<div style=\"height:20px\" aria-hidden=\"true\" class=\"wp-block-spacer\"><\/div>\n\n<h2 class=\"wp-block-heading\">Divendres 1 de Mar\u00e7<\/h2>\n\n<p><strong>16.30 &#8211; 17:*15h<\/strong> &#8211; Recepci\u00f3 d&#8217;assistents, acreditaci\u00f3 i lliurament de documentaci\u00f3.<\/p>\n\n<p><strong>17.15 &#8211; 17:*30h<\/strong> &#8211; Inauguraci\u00f3 de la jornada a c\u00e0rrec de les autoritats.<\/p>\n\n<p><strong>17.30 &#8211; 19:*00h<\/strong> &#8211; Pon\u00e8ncia &#8220;El que ves i escolta la nostra adolesc\u00e8ncia: con\u00e9ixer els seus codis&#8221;, de Carmen Ruiz *Repullo. Soci\u00f2loga, professora i experta en viol\u00e8ncia de g\u00e8nere.<\/p>\n\n<p><strong>19.00 &#8211; 19:*15h &#8211;<\/strong> Pausa-caf\u00e9.<\/p>\n\n<p><strong>19.15 &#8211; 20:*30h &#8211;<\/strong> Pon\u00e8ncia &#8220;Ciberassetjament: El paper decisiu de fam\u00edlies, docents i policia. La rellev\u00e0ncia de la protecci\u00f3 de dades i els mitjans de prova&#8221;, de Juan Antonio Jover Pineda. Brigada de la Gu\u00e0rdia Civil, expert en operacions contra la *delicuencia criminal i comuna.<\/p>\n\n<p><strong>20:*30h<\/strong> &#8211; Tancament de la jornada.<\/p>\n\n<div style=\"height:20px\" aria-hidden=\"true\" class=\"wp-block-spacer\"><\/div>\n\n<h2 class=\"wp-block-heading\">Divendres 1 de Mar\u00e7<\/h2>\n\n<p><strong>09.30 &#8211; 10:*00h<\/strong> &#8211; Firma d&#8217;assist\u00e8ncia.<\/p>\n\n<p><strong>10.00 &#8211; 11:*30h<\/strong> &#8211; Pon\u00e8ncia &#8220;Els teus fills veuran porno. Qu\u00e8 far\u00e0s?&#8221; de Jos\u00e9 Luis Garc\u00eda Fern\u00e1ndez. Psic\u00f2leg cl\u00ednic, sex\u00f2leg, conferenciant i escriptor.<\/p>\n\n<p><strong>11.30 &#8211; 13:*00h<\/strong> &#8211; Pon\u00e8ncia &#8220;El vector de la viol\u00e8ncia en el ciberespai. Prevenci\u00f3 de la viol\u00e8ncia en l\u00ednia i offline&#8221; d&#8217;Eva Bernal Serrano. Criminologia, educadora social, integradora social, *TASOC i *TAFAD. Experta en Viol\u00e8ncia i Comunicaci\u00f3, en G\u00e8nere, Coeducaci\u00f3 i en Educaci\u00f3 Sexual. Agent d&#8217;Igualtat.<\/p>\n\n<p><strong>13.00 &#8211; 13:*15h<\/strong> &#8211; Clausura de la jornada per part de la regidora d&#8217;educaci\u00f3, Patricia Mart\u00ednez Carbonell, i del regidor de Policia i Seguretat Ciutadana, Pablo *Liz\u00e1n M\u00ednguez.<\/p>\n\n<p><strong>13.15 &#8211; 13:*45h<\/strong> &#8211; *Picaeta de clausura.<\/p>\n\n<div style=\"height:30px\" aria-hidden=\"true\" class=\"wp-block-spacer\"><\/div>\n\n<p><strong>Recorda que la informaci\u00f3 \u00e9s poder.<\/strong><\/p>\n","protected":false},"author":1,"featured_media":2670,"template":"","tag-evento":[92],"edades-eventos":[],"lugar-eventos":[77],"class_list":["post-2668","evento","type-evento","status-publish","has-post-thumbnail","hentry","tag-evento-destacat","lugar-eventos-centre-cultural"],"yoast_head":"<!-- This site is optimized with the Yoast SEO plugin v27.5 - https:\/\/yoast.com\/product\/yoast-seo-wordpress\/ -->\n<title>Construint entorns segurs: prevenci\u00f3, detecci\u00f3 i actuaci\u00f3 davant la viol\u00e8ncia digital - Petrer Jove<\/title>\n<meta name=\"robots\" content=\"index, follow, max-snippet:-1, max-image-preview:large, max-video-preview:-1\" \/>\n<link rel=\"canonical\" href=\"https:\/\/petrerjove.com\/ca\/evento\/construint-entorns-segurs-prevencio-deteccio-i-actuacio-davant-la-violencia-digital\/\" \/>\n<meta property=\"og:locale\" content=\"ca_ES\" \/>\n<meta property=\"og:type\" content=\"article\" \/>\n<meta property=\"og:title\" content=\"Construint entorns segurs: prevenci\u00f3, detecci\u00f3 i actuaci\u00f3 davant la viol\u00e8ncia digital - Petrer Jove\" \/>\n<meta property=\"og:description\" content=\"Els dies 1 i 2 de mar\u00e7 t&#8217;esperem en el Centre Cultural de Petrer per a parlar sobre la viol\u00e8ncia digital i la vulneraci\u00f3 dels nostres drets a trav\u00e9s d&#8217;estos servicis. Durem a terme la III Jornada Petrer, *Ciutat Educadora. Es tracta d&#8217;unes jornades dirigides especialment a docents i fam\u00edlies amb menors adolescents, per\u00f2 tamb\u00e9 [&hellip;]\" \/>\n<meta property=\"og:url\" content=\"https:\/\/petrerjove.com\/ca\/evento\/construint-entorns-segurs-prevencio-deteccio-i-actuacio-davant-la-violencia-digital\/\" \/>\n<meta property=\"og:site_name\" content=\"Petrer Jove\" \/>\n<meta property=\"article:publisher\" content=\"https:\/\/www.facebook.com\/petrerjoven\/\" \/>\n<meta property=\"article:modified_time\" content=\"2024-04-23T05:49:10+00:00\" \/>\n<meta property=\"og:image\" content=\"https:\/\/petrerjove.com\/wp-content\/uploads\/2024\/02\/violenciadigital_1y2marzo_destacada-min.jpeg\" \/>\n\t<meta property=\"og:image:width\" content=\"400\" \/>\n\t<meta property=\"og:image:height\" content=\"290\" \/>\n\t<meta property=\"og:image:type\" content=\"image\/jpeg\" \/>\n<meta name=\"twitter:card\" content=\"summary_large_image\" \/>\n<meta name=\"twitter:label1\" content=\"Temps estimat de lectura\" \/>\n\t<meta name=\"twitter:data1\" content=\"2 minuts\" \/>\n<script type=\"application\/ld+json\" class=\"yoast-schema-graph\">{\"@context\":\"https:\\\/\\\/schema.org\",\"@graph\":[{\"@type\":\"WebPage\",\"@id\":\"https:\\\/\\\/petrerjove.com\\\/ca\\\/evento\\\/construint-entorns-segurs-prevencio-deteccio-i-actuacio-davant-la-violencia-digital\\\/\",\"url\":\"https:\\\/\\\/petrerjove.com\\\/ca\\\/evento\\\/construint-entorns-segurs-prevencio-deteccio-i-actuacio-davant-la-violencia-digital\\\/\",\"name\":\"Construint entorns segurs: prevenci\u00f3, detecci\u00f3 i actuaci\u00f3 davant la viol\u00e8ncia digital - Petrer Jove\",\"isPartOf\":{\"@id\":\"https:\\\/\\\/petrerjove.com\\\/ca\\\/#website\"},\"primaryImageOfPage\":{\"@id\":\"https:\\\/\\\/petrerjove.com\\\/ca\\\/evento\\\/construint-entorns-segurs-prevencio-deteccio-i-actuacio-davant-la-violencia-digital\\\/#primaryimage\"},\"image\":{\"@id\":\"https:\\\/\\\/petrerjove.com\\\/ca\\\/evento\\\/construint-entorns-segurs-prevencio-deteccio-i-actuacio-davant-la-violencia-digital\\\/#primaryimage\"},\"thumbnailUrl\":\"https:\\\/\\\/petrerjove.com\\\/wp-content\\\/uploads\\\/2024\\\/02\\\/violenciadigital_1y2marzo_destacada-min.jpeg\",\"datePublished\":\"2024-02-22T10:10:19+00:00\",\"dateModified\":\"2024-04-23T05:49:10+00:00\",\"breadcrumb\":{\"@id\":\"https:\\\/\\\/petrerjove.com\\\/ca\\\/evento\\\/construint-entorns-segurs-prevencio-deteccio-i-actuacio-davant-la-violencia-digital\\\/#breadcrumb\"},\"inLanguage\":\"ca\",\"potentialAction\":[{\"@type\":\"ReadAction\",\"target\":[\"https:\\\/\\\/petrerjove.com\\\/ca\\\/evento\\\/construint-entorns-segurs-prevencio-deteccio-i-actuacio-davant-la-violencia-digital\\\/\"]}]},{\"@type\":\"ImageObject\",\"inLanguage\":\"ca\",\"@id\":\"https:\\\/\\\/petrerjove.com\\\/ca\\\/evento\\\/construint-entorns-segurs-prevencio-deteccio-i-actuacio-davant-la-violencia-digital\\\/#primaryimage\",\"url\":\"https:\\\/\\\/petrerjove.com\\\/wp-content\\\/uploads\\\/2024\\\/02\\\/violenciadigital_1y2marzo_destacada-min.jpeg\",\"contentUrl\":\"https:\\\/\\\/petrerjove.com\\\/wp-content\\\/uploads\\\/2024\\\/02\\\/violenciadigital_1y2marzo_destacada-min.jpeg\",\"width\":400,\"height\":290},{\"@type\":\"BreadcrumbList\",\"@id\":\"https:\\\/\\\/petrerjove.com\\\/ca\\\/evento\\\/construint-entorns-segurs-prevencio-deteccio-i-actuacio-davant-la-violencia-digital\\\/#breadcrumb\",\"itemListElement\":[{\"@type\":\"ListItem\",\"position\":1,\"name\":\"Portada\",\"item\":\"https:\\\/\\\/petrerjove.com\\\/ca\\\/\"},{\"@type\":\"ListItem\",\"position\":2,\"name\":\"Construint entorns segurs: prevenci\u00f3, detecci\u00f3 i actuaci\u00f3 davant la viol\u00e8ncia digital\"}]},{\"@type\":\"WebSite\",\"@id\":\"https:\\\/\\\/petrerjove.com\\\/ca\\\/#website\",\"url\":\"https:\\\/\\\/petrerjove.com\\\/ca\\\/\",\"name\":\"Petrer Jove\",\"description\":\"Concejal\u00eda de Infancia y Juventud de Petrer\",\"publisher\":{\"@id\":\"https:\\\/\\\/petrerjove.com\\\/ca\\\/#organization\"},\"potentialAction\":[{\"@type\":\"SearchAction\",\"target\":{\"@type\":\"EntryPoint\",\"urlTemplate\":\"https:\\\/\\\/petrerjove.com\\\/ca\\\/?s={search_term_string}\"},\"query-input\":{\"@type\":\"PropertyValueSpecification\",\"valueRequired\":true,\"valueName\":\"search_term_string\"}}],\"inLanguage\":\"ca\"},{\"@type\":\"Organization\",\"@id\":\"https:\\\/\\\/petrerjove.com\\\/ca\\\/#organization\",\"name\":\"Concejal\u00eda de Juventud de Petrer\",\"url\":\"https:\\\/\\\/petrerjove.com\\\/ca\\\/\",\"logo\":{\"@type\":\"ImageObject\",\"inLanguage\":\"ca\",\"@id\":\"https:\\\/\\\/petrerjove.com\\\/ca\\\/#\\\/schema\\\/logo\\\/image\\\/\",\"url\":\"https:\\\/\\\/petrerjove.com\\\/wp-content\\\/uploads\\\/2024\\\/02\\\/petrerjove_horizontal.svg\",\"contentUrl\":\"https:\\\/\\\/petrerjove.com\\\/wp-content\\\/uploads\\\/2024\\\/02\\\/petrerjove_horizontal.svg\",\"width\":200,\"height\":70,\"caption\":\"Concejal\u00eda de Juventud de Petrer\"},\"image\":{\"@id\":\"https:\\\/\\\/petrerjove.com\\\/ca\\\/#\\\/schema\\\/logo\\\/image\\\/\"},\"sameAs\":[\"https:\\\/\\\/www.facebook.com\\\/petrerjoven\\\/\",\"https:\\\/\\\/www.instagram.com\\\/petrerjove\\\/\"]}]}<\/script>\n<!-- \/ Yoast SEO plugin. -->","yoast_head_json":{"title":"Construint entorns segurs: prevenci\u00f3, detecci\u00f3 i actuaci\u00f3 davant la viol\u00e8ncia digital - Petrer Jove","robots":{"index":"index","follow":"follow","max-snippet":"max-snippet:-1","max-image-preview":"max-image-preview:large","max-video-preview":"max-video-preview:-1"},"canonical":"https:\/\/petrerjove.com\/ca\/evento\/construint-entorns-segurs-prevencio-deteccio-i-actuacio-davant-la-violencia-digital\/","og_locale":"ca_ES","og_type":"article","og_title":"Construint entorns segurs: prevenci\u00f3, detecci\u00f3 i actuaci\u00f3 davant la viol\u00e8ncia digital - Petrer Jove","og_description":"Els dies 1 i 2 de mar\u00e7 t&#8217;esperem en el Centre Cultural de Petrer per a parlar sobre la viol\u00e8ncia digital i la vulneraci\u00f3 dels nostres drets a trav\u00e9s d&#8217;estos servicis. Durem a terme la III Jornada Petrer, *Ciutat Educadora. Es tracta d&#8217;unes jornades dirigides especialment a docents i fam\u00edlies amb menors adolescents, per\u00f2 tamb\u00e9 [&hellip;]","og_url":"https:\/\/petrerjove.com\/ca\/evento\/construint-entorns-segurs-prevencio-deteccio-i-actuacio-davant-la-violencia-digital\/","og_site_name":"Petrer Jove","article_publisher":"https:\/\/www.facebook.com\/petrerjoven\/","article_modified_time":"2024-04-23T05:49:10+00:00","og_image":[{"width":400,"height":290,"url":"https:\/\/petrerjove.com\/wp-content\/uploads\/2024\/02\/violenciadigital_1y2marzo_destacada-min.jpeg","type":"image\/jpeg"}],"twitter_card":"summary_large_image","twitter_misc":{"Temps estimat de lectura":"2 minuts"},"schema":{"@context":"https:\/\/schema.org","@graph":[{"@type":"WebPage","@id":"https:\/\/petrerjove.com\/ca\/evento\/construint-entorns-segurs-prevencio-deteccio-i-actuacio-davant-la-violencia-digital\/","url":"https:\/\/petrerjove.com\/ca\/evento\/construint-entorns-segurs-prevencio-deteccio-i-actuacio-davant-la-violencia-digital\/","name":"Construint entorns segurs: prevenci\u00f3, detecci\u00f3 i actuaci\u00f3 davant la viol\u00e8ncia digital - Petrer Jove","isPartOf":{"@id":"https:\/\/petrerjove.com\/ca\/#website"},"primaryImageOfPage":{"@id":"https:\/\/petrerjove.com\/ca\/evento\/construint-entorns-segurs-prevencio-deteccio-i-actuacio-davant-la-violencia-digital\/#primaryimage"},"image":{"@id":"https:\/\/petrerjove.com\/ca\/evento\/construint-entorns-segurs-prevencio-deteccio-i-actuacio-davant-la-violencia-digital\/#primaryimage"},"thumbnailUrl":"https:\/\/petrerjove.com\/wp-content\/uploads\/2024\/02\/violenciadigital_1y2marzo_destacada-min.jpeg","datePublished":"2024-02-22T10:10:19+00:00","dateModified":"2024-04-23T05:49:10+00:00","breadcrumb":{"@id":"https:\/\/petrerjove.com\/ca\/evento\/construint-entorns-segurs-prevencio-deteccio-i-actuacio-davant-la-violencia-digital\/#breadcrumb"},"inLanguage":"ca","potentialAction":[{"@type":"ReadAction","target":["https:\/\/petrerjove.com\/ca\/evento\/construint-entorns-segurs-prevencio-deteccio-i-actuacio-davant-la-violencia-digital\/"]}]},{"@type":"ImageObject","inLanguage":"ca","@id":"https:\/\/petrerjove.com\/ca\/evento\/construint-entorns-segurs-prevencio-deteccio-i-actuacio-davant-la-violencia-digital\/#primaryimage","url":"https:\/\/petrerjove.com\/wp-content\/uploads\/2024\/02\/violenciadigital_1y2marzo_destacada-min.jpeg","contentUrl":"https:\/\/petrerjove.com\/wp-content\/uploads\/2024\/02\/violenciadigital_1y2marzo_destacada-min.jpeg","width":400,"height":290},{"@type":"BreadcrumbList","@id":"https:\/\/petrerjove.com\/ca\/evento\/construint-entorns-segurs-prevencio-deteccio-i-actuacio-davant-la-violencia-digital\/#breadcrumb","itemListElement":[{"@type":"ListItem","position":1,"name":"Portada","item":"https:\/\/petrerjove.com\/ca\/"},{"@type":"ListItem","position":2,"name":"Construint entorns segurs: prevenci\u00f3, detecci\u00f3 i actuaci\u00f3 davant la viol\u00e8ncia digital"}]},{"@type":"WebSite","@id":"https:\/\/petrerjove.com\/ca\/#website","url":"https:\/\/petrerjove.com\/ca\/","name":"Petrer Jove","description":"Concejal\u00eda de Infancia y Juventud de Petrer","publisher":{"@id":"https:\/\/petrerjove.com\/ca\/#organization"},"potentialAction":[{"@type":"SearchAction","target":{"@type":"EntryPoint","urlTemplate":"https:\/\/petrerjove.com\/ca\/?s={search_term_string}"},"query-input":{"@type":"PropertyValueSpecification","valueRequired":true,"valueName":"search_term_string"}}],"inLanguage":"ca"},{"@type":"Organization","@id":"https:\/\/petrerjove.com\/ca\/#organization","name":"Concejal\u00eda de Juventud de Petrer","url":"https:\/\/petrerjove.com\/ca\/","logo":{"@type":"ImageObject","inLanguage":"ca","@id":"https:\/\/petrerjove.com\/ca\/#\/schema\/logo\/image\/","url":"https:\/\/petrerjove.com\/wp-content\/uploads\/2024\/02\/petrerjove_horizontal.svg","contentUrl":"https:\/\/petrerjove.com\/wp-content\/uploads\/2024\/02\/petrerjove_horizontal.svg","width":200,"height":70,"caption":"Concejal\u00eda de Juventud de Petrer"},"image":{"@id":"https:\/\/petrerjove.com\/ca\/#\/schema\/logo\/image\/"},"sameAs":["https:\/\/www.facebook.com\/petrerjoven\/","https:\/\/www.instagram.com\/petrerjove\/"]}]}},"_links":{"self":[{"href":"https:\/\/petrerjove.com\/ca\/wp-json\/wp\/v2\/evento\/2668","targetHints":{"allow":["GET"]}}],"collection":[{"href":"https:\/\/petrerjove.com\/ca\/wp-json\/wp\/v2\/evento"}],"about":[{"href":"https:\/\/petrerjove.com\/ca\/wp-json\/wp\/v2\/types\/evento"}],"author":[{"embeddable":true,"href":"https:\/\/petrerjove.com\/ca\/wp-json\/wp\/v2\/users\/1"}],"version-history":[{"count":3,"href":"https:\/\/petrerjove.com\/ca\/wp-json\/wp\/v2\/evento\/2668\/revisions"}],"predecessor-version":[{"id":2881,"href":"https:\/\/petrerjove.com\/ca\/wp-json\/wp\/v2\/evento\/2668\/revisions\/2881"}],"wp:featuredmedia":[{"embeddable":true,"href":"https:\/\/petrerjove.com\/ca\/wp-json\/wp\/v2\/media\/2670"}],"wp:attachment":[{"href":"https:\/\/petrerjove.com\/ca\/wp-json\/wp\/v2\/media?parent=2668"}],"wp:term":[{"taxonomy":"tag-evento","embeddable":true,"href":"https:\/\/petrerjove.com\/ca\/wp-json\/wp\/v2\/tag-evento?post=2668"},{"taxonomy":"edades-eventos","embeddable":true,"href":"https:\/\/petrerjove.com\/ca\/wp-json\/wp\/v2\/edades-eventos?post=2668"},{"taxonomy":"lugar-eventos","embeddable":true,"href":"https:\/\/petrerjove.com\/ca\/wp-json\/wp\/v2\/lugar-eventos?post=2668"}],"curies":[{"name":"wp","href":"https:\/\/api.w.org\/{rel}","templated":true}]}}