{"id":2610,"date":"2024-03-20T12:00:30","date_gmt":"2024-03-20T11:00:30","guid":{"rendered":"https:\/\/petrerjove.com\/evento\/exposicio-de-dibuix-i-pintura-cea-petrer-activar-te\/"},"modified":"2024-04-23T07:46:09","modified_gmt":"2024-04-23T05:46:09","slug":"exposicio-de-dibuix-i-pintura-cea-petrer-activar-te","status":"publish","type":"evento","link":"https:\/\/petrerjove.com\/ca\/evento\/exposicio-de-dibuix-i-pintura-cea-petrer-activar-te\/","title":{"rendered":"Exposici\u00f3 de dibuix i pintura \u2013 CEA Petrer \u2013 Activar-te"},"content":{"rendered":"\n<p>El taller de dibuix i pintura del CEA de Petrer reunix m\u00e9s de 40 persones amb un gran afany de superaci\u00f3, totes elles majors de 60 anys. Estes persones tenen moltes ganes d&#8217;aprendre, algunes porten anys entre llapis, pinzells i pintures, mentres que unes altres acaben de comen\u00e7ar. I han pogut fer una Exposici\u00f3 de dibuix i pintura amb les seues creacions. No obstant aix\u00f2, totes experimenten una evoluci\u00f3 i gran satisfacci\u00f3 en realitzar els seus projectes.&#13;\n&#13;\nEsta mostra ens oferix el fruit d&#8217;eixe proc\u00e9s creatiu, a vegades senzill i altres complex, en el qual els participants no deixen de superar-se utilitzant diverses t\u00e8cniques art\u00edstiques com a grafit, aquarel\u00b7la, acr\u00edlic i oli, entre altres.&#13;\n&#13;\nEstes persones es mantenen actives no sols en l&#8217;\u00e0mbit art\u00edstic, sin\u00f3 en tots els aspectes de la vida, motivades tamb\u00e9 per la relaci\u00f3 i conviv\u00e8ncia amb persones que compartixes els seus mateixos interessos.&#13;\n&#13;\nNo et perdes l&#8217;Exposici\u00f3 de dibuix i pintura Activar-te!&#13;\n&#13;\n\ud83d\udcc5 Del divendres 8 de mar\u00e7 al diumenge 24 de mar\u00e7 2024.&#13;\n\ud83d\udd62 De dijous a diumenge de 18:*00h a 20:*00h.&#13;\n\ud83d\udccdSala d&#8217;exposicions Vicente Poveda, Centre Cultural, C\/ Sant Bartolom\u00e9, 5 Petrer<\/p>\n\n<div style=\"height:51px\" aria-hidden=\"true\" class=\"wp-block-spacer\"><\/div>\n\n<figure class=\"wp-block-image aligncenter size-large is-resized\"><img fetchpriority=\"high\" decoding=\"async\" width=\"724\" height=\"1024\" src=\"https:\/\/petrerjove.com\/wp-content\/uploads\/2024\/03\/2d704352-a415-42c8-b221-4d8d9de58cc1-min-724x1024.jpg\" alt=\"Activar-te exposici&#xF3; de dibuixa i pintura del CEA de Petrer\" class=\"wp-image-1595\" style=\"width:350px;height:auto\" srcset=\"https:\/\/petrerjove.com\/wp-content\/uploads\/2024\/03\/2d704352-a415-42c8-b221-4d8d9de58cc1-min-724x1024.jpg 724w, https:\/\/petrerjove.com\/wp-content\/uploads\/2024\/03\/2d704352-a415-42c8-b221-4d8d9de58cc1-min-212x300.jpg 212w, https:\/\/petrerjove.com\/wp-content\/uploads\/2024\/03\/2d704352-a415-42c8-b221-4d8d9de58cc1-min-768x1086.jpg 768w, https:\/\/petrerjove.com\/wp-content\/uploads\/2024\/03\/2d704352-a415-42c8-b221-4d8d9de58cc1-min-1086x1536.jpg 1086w, https:\/\/petrerjove.com\/wp-content\/uploads\/2024\/03\/2d704352-a415-42c8-b221-4d8d9de58cc1-min.jpg 1131w\" sizes=\"(max-width: 724px) 100vw, 724px\" \/><\/figure>\n\n<figure class=\"wp-block-image aligncenter size-large is-resized\"><img decoding=\"async\" width=\"1024\" height=\"724\" src=\"https:\/\/petrerjove.com\/wp-content\/uploads\/2024\/03\/expo_CEA_1-min-1024x724.jpg\" alt=\"Activar-te exposici&#xF3; de dibuixa i pintura del CEA de Petrer\" class=\"wp-image-1596\" style=\"width:350px\" srcset=\"https:\/\/petrerjove.com\/wp-content\/uploads\/2024\/03\/expo_CEA_1-min-1024x724.jpg 1024w, https:\/\/petrerjove.com\/wp-content\/uploads\/2024\/03\/expo_CEA_1-min-300x212.jpg 300w, https:\/\/petrerjove.com\/wp-content\/uploads\/2024\/03\/expo_CEA_1-min-768x543.jpg 768w, https:\/\/petrerjove.com\/wp-content\/uploads\/2024\/03\/expo_CEA_1-min-1536x1086.jpg 1536w, https:\/\/petrerjove.com\/wp-content\/uploads\/2024\/03\/expo_CEA_1-min.jpg 1800w\" sizes=\"(max-width: 1024px) 100vw, 1024px\" \/><\/figure>\n","protected":false},"author":1,"featured_media":2614,"template":"","tag-evento":[],"edades-eventos":[],"lugar-eventos":[77],"class_list":["post-2610","evento","type-evento","status-publish","has-post-thumbnail","hentry","lugar-eventos-centre-cultural"],"yoast_head":"<!-- This site is optimized with the Yoast SEO plugin v27.5 - https:\/\/yoast.com\/product\/yoast-seo-wordpress\/ -->\n<title>Exposici\u00f3 de dibuix i pintura \u2013 CEA Petrer \u2013 Activar-te - Petrer Jove<\/title>\n<meta name=\"description\" content=\"No et perdes l&#039;exposici\u00f3 de dibuix i pintura del CEA de Petrer: Activar-te. On han participat persones majors de 60 anys.\" \/>\n<meta name=\"robots\" content=\"index, follow, max-snippet:-1, max-image-preview:large, max-video-preview:-1\" \/>\n<link rel=\"canonical\" href=\"https:\/\/petrerjove.com\/ca\/evento\/exposicio-de-dibuix-i-pintura-cea-petrer-activar-te\/\" \/>\n<meta property=\"og:locale\" content=\"ca_ES\" \/>\n<meta property=\"og:type\" content=\"article\" \/>\n<meta property=\"og:title\" content=\"Exposici\u00f3 de dibuix i pintura \u2013 CEA Petrer \u2013 Activar-te - Petrer Jove\" \/>\n<meta property=\"og:description\" content=\"No et perdes l&#039;exposici\u00f3 de dibuix i pintura del CEA de Petrer: Activar-te. On han participat persones majors de 60 anys.\" \/>\n<meta property=\"og:url\" content=\"https:\/\/petrerjove.com\/ca\/evento\/exposicio-de-dibuix-i-pintura-cea-petrer-activar-te\/\" \/>\n<meta property=\"og:site_name\" content=\"Petrer Jove\" \/>\n<meta property=\"article:publisher\" content=\"https:\/\/www.facebook.com\/petrerjoven\/\" \/>\n<meta property=\"article:modified_time\" content=\"2024-04-23T05:46:09+00:00\" \/>\n<meta property=\"og:image\" content=\"https:\/\/petrerjove.com\/wp-content\/uploads\/2024\/03\/activarte_8marzo_destacada-min.jpg\" \/>\n\t<meta property=\"og:image:width\" content=\"400\" \/>\n\t<meta property=\"og:image:height\" content=\"290\" \/>\n\t<meta property=\"og:image:type\" content=\"image\/jpeg\" \/>\n<meta name=\"twitter:card\" content=\"summary_large_image\" \/>\n<meta name=\"twitter:label1\" content=\"Temps estimat de lectura\" \/>\n\t<meta name=\"twitter:data1\" content=\"1 minut\" \/>\n<script type=\"application\/ld+json\" class=\"yoast-schema-graph\">{\"@context\":\"https:\\\/\\\/schema.org\",\"@graph\":[{\"@type\":\"WebPage\",\"@id\":\"https:\\\/\\\/petrerjove.com\\\/ca\\\/evento\\\/exposicio-de-dibuix-i-pintura-cea-petrer-activar-te\\\/\",\"url\":\"https:\\\/\\\/petrerjove.com\\\/ca\\\/evento\\\/exposicio-de-dibuix-i-pintura-cea-petrer-activar-te\\\/\",\"name\":\"Exposici\u00f3 de dibuix i pintura \u2013 CEA Petrer \u2013 Activar-te - Petrer Jove\",\"isPartOf\":{\"@id\":\"https:\\\/\\\/petrerjove.com\\\/ca\\\/#website\"},\"primaryImageOfPage\":{\"@id\":\"https:\\\/\\\/petrerjove.com\\\/ca\\\/evento\\\/exposicio-de-dibuix-i-pintura-cea-petrer-activar-te\\\/#primaryimage\"},\"image\":{\"@id\":\"https:\\\/\\\/petrerjove.com\\\/ca\\\/evento\\\/exposicio-de-dibuix-i-pintura-cea-petrer-activar-te\\\/#primaryimage\"},\"thumbnailUrl\":\"https:\\\/\\\/petrerjove.com\\\/wp-content\\\/uploads\\\/2024\\\/03\\\/activarte_8marzo_destacada-min.jpg\",\"datePublished\":\"2024-03-20T11:00:30+00:00\",\"dateModified\":\"2024-04-23T05:46:09+00:00\",\"description\":\"No et perdes l'exposici\u00f3 de dibuix i pintura del CEA de Petrer: Activar-te. On han participat persones majors de 60 anys.\",\"breadcrumb\":{\"@id\":\"https:\\\/\\\/petrerjove.com\\\/ca\\\/evento\\\/exposicio-de-dibuix-i-pintura-cea-petrer-activar-te\\\/#breadcrumb\"},\"inLanguage\":\"ca\",\"potentialAction\":[{\"@type\":\"ReadAction\",\"target\":[\"https:\\\/\\\/petrerjove.com\\\/ca\\\/evento\\\/exposicio-de-dibuix-i-pintura-cea-petrer-activar-te\\\/\"]}]},{\"@type\":\"ImageObject\",\"inLanguage\":\"ca\",\"@id\":\"https:\\\/\\\/petrerjove.com\\\/ca\\\/evento\\\/exposicio-de-dibuix-i-pintura-cea-petrer-activar-te\\\/#primaryimage\",\"url\":\"https:\\\/\\\/petrerjove.com\\\/wp-content\\\/uploads\\\/2024\\\/03\\\/activarte_8marzo_destacada-min.jpg\",\"contentUrl\":\"https:\\\/\\\/petrerjove.com\\\/wp-content\\\/uploads\\\/2024\\\/03\\\/activarte_8marzo_destacada-min.jpg\",\"width\":400,\"height\":290},{\"@type\":\"BreadcrumbList\",\"@id\":\"https:\\\/\\\/petrerjove.com\\\/ca\\\/evento\\\/exposicio-de-dibuix-i-pintura-cea-petrer-activar-te\\\/#breadcrumb\",\"itemListElement\":[{\"@type\":\"ListItem\",\"position\":1,\"name\":\"Portada\",\"item\":\"https:\\\/\\\/petrerjove.com\\\/ca\\\/\"},{\"@type\":\"ListItem\",\"position\":2,\"name\":\"Exposici\u00f3 de dibuix i pintura \u2013 CEA Petrer \u2013 Activar-te\"}]},{\"@type\":\"WebSite\",\"@id\":\"https:\\\/\\\/petrerjove.com\\\/ca\\\/#website\",\"url\":\"https:\\\/\\\/petrerjove.com\\\/ca\\\/\",\"name\":\"Petrer Jove\",\"description\":\"Concejal\u00eda de Infancia y Juventud de Petrer\",\"publisher\":{\"@id\":\"https:\\\/\\\/petrerjove.com\\\/ca\\\/#organization\"},\"potentialAction\":[{\"@type\":\"SearchAction\",\"target\":{\"@type\":\"EntryPoint\",\"urlTemplate\":\"https:\\\/\\\/petrerjove.com\\\/ca\\\/?s={search_term_string}\"},\"query-input\":{\"@type\":\"PropertyValueSpecification\",\"valueRequired\":true,\"valueName\":\"search_term_string\"}}],\"inLanguage\":\"ca\"},{\"@type\":\"Organization\",\"@id\":\"https:\\\/\\\/petrerjove.com\\\/ca\\\/#organization\",\"name\":\"Concejal\u00eda de Juventud de Petrer\",\"url\":\"https:\\\/\\\/petrerjove.com\\\/ca\\\/\",\"logo\":{\"@type\":\"ImageObject\",\"inLanguage\":\"ca\",\"@id\":\"https:\\\/\\\/petrerjove.com\\\/ca\\\/#\\\/schema\\\/logo\\\/image\\\/\",\"url\":\"https:\\\/\\\/petrerjove.com\\\/wp-content\\\/uploads\\\/2024\\\/02\\\/petrerjove_horizontal.svg\",\"contentUrl\":\"https:\\\/\\\/petrerjove.com\\\/wp-content\\\/uploads\\\/2024\\\/02\\\/petrerjove_horizontal.svg\",\"width\":200,\"height\":70,\"caption\":\"Concejal\u00eda de Juventud de Petrer\"},\"image\":{\"@id\":\"https:\\\/\\\/petrerjove.com\\\/ca\\\/#\\\/schema\\\/logo\\\/image\\\/\"},\"sameAs\":[\"https:\\\/\\\/www.facebook.com\\\/petrerjoven\\\/\",\"https:\\\/\\\/www.instagram.com\\\/petrerjove\\\/\"]}]}<\/script>\n<!-- \/ Yoast SEO plugin. -->","yoast_head_json":{"title":"Exposici\u00f3 de dibuix i pintura \u2013 CEA Petrer \u2013 Activar-te - Petrer Jove","description":"No et perdes l'exposici\u00f3 de dibuix i pintura del CEA de Petrer: Activar-te. On han participat persones majors de 60 anys.","robots":{"index":"index","follow":"follow","max-snippet":"max-snippet:-1","max-image-preview":"max-image-preview:large","max-video-preview":"max-video-preview:-1"},"canonical":"https:\/\/petrerjove.com\/ca\/evento\/exposicio-de-dibuix-i-pintura-cea-petrer-activar-te\/","og_locale":"ca_ES","og_type":"article","og_title":"Exposici\u00f3 de dibuix i pintura \u2013 CEA Petrer \u2013 Activar-te - Petrer Jove","og_description":"No et perdes l'exposici\u00f3 de dibuix i pintura del CEA de Petrer: Activar-te. On han participat persones majors de 60 anys.","og_url":"https:\/\/petrerjove.com\/ca\/evento\/exposicio-de-dibuix-i-pintura-cea-petrer-activar-te\/","og_site_name":"Petrer Jove","article_publisher":"https:\/\/www.facebook.com\/petrerjoven\/","article_modified_time":"2024-04-23T05:46:09+00:00","og_image":[{"width":400,"height":290,"url":"https:\/\/petrerjove.com\/wp-content\/uploads\/2024\/03\/activarte_8marzo_destacada-min.jpg","type":"image\/jpeg"}],"twitter_card":"summary_large_image","twitter_misc":{"Temps estimat de lectura":"1 minut"},"schema":{"@context":"https:\/\/schema.org","@graph":[{"@type":"WebPage","@id":"https:\/\/petrerjove.com\/ca\/evento\/exposicio-de-dibuix-i-pintura-cea-petrer-activar-te\/","url":"https:\/\/petrerjove.com\/ca\/evento\/exposicio-de-dibuix-i-pintura-cea-petrer-activar-te\/","name":"Exposici\u00f3 de dibuix i pintura \u2013 CEA Petrer \u2013 Activar-te - Petrer Jove","isPartOf":{"@id":"https:\/\/petrerjove.com\/ca\/#website"},"primaryImageOfPage":{"@id":"https:\/\/petrerjove.com\/ca\/evento\/exposicio-de-dibuix-i-pintura-cea-petrer-activar-te\/#primaryimage"},"image":{"@id":"https:\/\/petrerjove.com\/ca\/evento\/exposicio-de-dibuix-i-pintura-cea-petrer-activar-te\/#primaryimage"},"thumbnailUrl":"https:\/\/petrerjove.com\/wp-content\/uploads\/2024\/03\/activarte_8marzo_destacada-min.jpg","datePublished":"2024-03-20T11:00:30+00:00","dateModified":"2024-04-23T05:46:09+00:00","description":"No et perdes l'exposici\u00f3 de dibuix i pintura del CEA de Petrer: Activar-te. On han participat persones majors de 60 anys.","breadcrumb":{"@id":"https:\/\/petrerjove.com\/ca\/evento\/exposicio-de-dibuix-i-pintura-cea-petrer-activar-te\/#breadcrumb"},"inLanguage":"ca","potentialAction":[{"@type":"ReadAction","target":["https:\/\/petrerjove.com\/ca\/evento\/exposicio-de-dibuix-i-pintura-cea-petrer-activar-te\/"]}]},{"@type":"ImageObject","inLanguage":"ca","@id":"https:\/\/petrerjove.com\/ca\/evento\/exposicio-de-dibuix-i-pintura-cea-petrer-activar-te\/#primaryimage","url":"https:\/\/petrerjove.com\/wp-content\/uploads\/2024\/03\/activarte_8marzo_destacada-min.jpg","contentUrl":"https:\/\/petrerjove.com\/wp-content\/uploads\/2024\/03\/activarte_8marzo_destacada-min.jpg","width":400,"height":290},{"@type":"BreadcrumbList","@id":"https:\/\/petrerjove.com\/ca\/evento\/exposicio-de-dibuix-i-pintura-cea-petrer-activar-te\/#breadcrumb","itemListElement":[{"@type":"ListItem","position":1,"name":"Portada","item":"https:\/\/petrerjove.com\/ca\/"},{"@type":"ListItem","position":2,"name":"Exposici\u00f3 de dibuix i pintura \u2013 CEA Petrer \u2013 Activar-te"}]},{"@type":"WebSite","@id":"https:\/\/petrerjove.com\/ca\/#website","url":"https:\/\/petrerjove.com\/ca\/","name":"Petrer Jove","description":"Concejal\u00eda de Infancia y Juventud de Petrer","publisher":{"@id":"https:\/\/petrerjove.com\/ca\/#organization"},"potentialAction":[{"@type":"SearchAction","target":{"@type":"EntryPoint","urlTemplate":"https:\/\/petrerjove.com\/ca\/?s={search_term_string}"},"query-input":{"@type":"PropertyValueSpecification","valueRequired":true,"valueName":"search_term_string"}}],"inLanguage":"ca"},{"@type":"Organization","@id":"https:\/\/petrerjove.com\/ca\/#organization","name":"Concejal\u00eda de Juventud de Petrer","url":"https:\/\/petrerjove.com\/ca\/","logo":{"@type":"ImageObject","inLanguage":"ca","@id":"https:\/\/petrerjove.com\/ca\/#\/schema\/logo\/image\/","url":"https:\/\/petrerjove.com\/wp-content\/uploads\/2024\/02\/petrerjove_horizontal.svg","contentUrl":"https:\/\/petrerjove.com\/wp-content\/uploads\/2024\/02\/petrerjove_horizontal.svg","width":200,"height":70,"caption":"Concejal\u00eda de Juventud de Petrer"},"image":{"@id":"https:\/\/petrerjove.com\/ca\/#\/schema\/logo\/image\/"},"sameAs":["https:\/\/www.facebook.com\/petrerjoven\/","https:\/\/www.instagram.com\/petrerjove\/"]}]}},"_links":{"self":[{"href":"https:\/\/petrerjove.com\/ca\/wp-json\/wp\/v2\/evento\/2610","targetHints":{"allow":["GET"]}}],"collection":[{"href":"https:\/\/petrerjove.com\/ca\/wp-json\/wp\/v2\/evento"}],"about":[{"href":"https:\/\/petrerjove.com\/ca\/wp-json\/wp\/v2\/types\/evento"}],"author":[{"embeddable":true,"href":"https:\/\/petrerjove.com\/ca\/wp-json\/wp\/v2\/users\/1"}],"version-history":[{"count":3,"href":"https:\/\/petrerjove.com\/ca\/wp-json\/wp\/v2\/evento\/2610\/revisions"}],"predecessor-version":[{"id":2855,"href":"https:\/\/petrerjove.com\/ca\/wp-json\/wp\/v2\/evento\/2610\/revisions\/2855"}],"wp:featuredmedia":[{"embeddable":true,"href":"https:\/\/petrerjove.com\/ca\/wp-json\/wp\/v2\/media\/2614"}],"wp:attachment":[{"href":"https:\/\/petrerjove.com\/ca\/wp-json\/wp\/v2\/media?parent=2610"}],"wp:term":[{"taxonomy":"tag-evento","embeddable":true,"href":"https:\/\/petrerjove.com\/ca\/wp-json\/wp\/v2\/tag-evento?post=2610"},{"taxonomy":"edades-eventos","embeddable":true,"href":"https:\/\/petrerjove.com\/ca\/wp-json\/wp\/v2\/edades-eventos?post=2610"},{"taxonomy":"lugar-eventos","embeddable":true,"href":"https:\/\/petrerjove.com\/ca\/wp-json\/wp\/v2\/lugar-eventos?post=2610"}],"curies":[{"name":"wp","href":"https:\/\/api.w.org\/{rel}","templated":true}]}}