{"id":2605,"date":"2024-03-20T12:12:27","date_gmt":"2024-03-20T11:12:27","guid":{"rendered":"https:\/\/petrerjove.com\/evento\/la-celestina-arriba-a-petrer\/"},"modified":"2024-04-23T07:46:06","modified_gmt":"2024-04-23T05:46:06","slug":"la-celestina-arriba-a-petrer","status":"publish","type":"evento","link":"https:\/\/petrerjove.com\/ca\/evento\/la-celestina-arriba-a-petrer\/","title":{"rendered":"La Celestina arriba a Petrer"},"content":{"rendered":"\n<p>\u00a1&#8221;La Celestina&#8221; llega al Teatro Cervantes de Petrer!<\/p>\n\n<p><strong>Diumenge que ve 24 de mar\u00e7 a les 19.00 h<\/strong>, el Teatre Cervantes de Petrer es vestir\u00e0 de m\u00e0gia i passi\u00f3 amb l&#8217;aclamada obra de teatre &#8220;La Celestina&#8221;. Esta adaptaci\u00f3, que ha captivat a audi\u00e8ncies de tot el m\u00f3n, promet una experi\u00e8ncia teatral \u00fanica i inoblidable.<\/p>\n\n<p>Considerada una de les obres m\u00e9s importants de la literatura espanyola, &#8220;La Celestina&#8221; de Fernando de Rojas \u00e9s un cl\u00e0ssic atemporal que continua fascinant a espectadors de totes les edats. Esta tragicom\u00e8dia del segle XV, tamb\u00e9 coneguda com a &#8220;Tragicom\u00e8dia de *Calisto i *Melibea&#8221;, ens submergix en un m\u00f3n d&#8217;amor, desig, intriga i tra\u00efci\u00f3, a trav\u00e9s dels embolics entre els personatges i les maquinacions de l&#8217;astuta Celestina.<\/p>\n\n<p>No et perdes l&#8217;oportunitat de ser testimoni d&#8217;esta obra mestra de la literatura en viu i en directe.&#13;\n&#13;\nFes-te amb les teues entrades el mateix dia de l&#8217;obra, el diumenge 24 de mar\u00e7 a les 19.00 h en el Teatre Cervantes de Petrer en l&#8217;enlla\u00e7 de baix \u2b07\ufe0f&#13;\n&#13;\nPrepara&#8217;t per a viure una experi\u00e8ncia teatral que et deixar\u00e0 sense al\u00e9!<\/p>\n\n<div style=\"height:50px\" aria-hidden=\"true\" class=\"wp-block-spacer\"><\/div>\n\n<figure class=\"wp-block-image aligncenter size-large is-resized\"><img fetchpriority=\"high\" decoding=\"async\" width=\"819\" height=\"1024\" src=\"https:\/\/petrerjove.com\/wp-content\/uploads\/2024\/03\/2024-03-24-laCelestina-min-819x1024.jpg\" alt=\"Cartell La Celestina Teatre Cervantes\" class=\"wp-image-1648\" style=\"width:350px\" srcset=\"https:\/\/petrerjove.com\/wp-content\/uploads\/2024\/03\/2024-03-24-laCelestina-min-819x1024.jpg 819w, https:\/\/petrerjove.com\/wp-content\/uploads\/2024\/03\/2024-03-24-laCelestina-min-240x300.jpg 240w, https:\/\/petrerjove.com\/wp-content\/uploads\/2024\/03\/2024-03-24-laCelestina-min-768x960.jpg 768w, https:\/\/petrerjove.com\/wp-content\/uploads\/2024\/03\/2024-03-24-laCelestina-min-1229x1536.jpg 1229w, https:\/\/petrerjove.com\/wp-content\/uploads\/2024\/03\/2024-03-24-laCelestina-min.jpg 1440w\" sizes=\"(max-width: 819px) 100vw, 819px\" \/><\/figure>\n","protected":false},"author":1,"featured_media":2607,"template":"","tag-evento":[],"edades-eventos":[],"lugar-eventos":[71],"class_list":["post-2605","evento","type-evento","status-publish","has-post-thumbnail","hentry","lugar-eventos-teatre-cervantes"],"yoast_head":"<!-- This site is optimized with the Yoast SEO plugin v27.5 - https:\/\/yoast.com\/product\/yoast-seo-wordpress\/ -->\n<title>La Celestina arriba a Petrer - Petrer Jove<\/title>\n<meta name=\"description\" content=\"No et perdes la cl\u00e0ssica obra de teatre La Celestina, que arriba a Petrer en el Teatre Cervantes el 24 de mar\u00e7 a les *19h.\" \/>\n<meta name=\"robots\" content=\"index, follow, max-snippet:-1, max-image-preview:large, max-video-preview:-1\" \/>\n<link rel=\"canonical\" href=\"https:\/\/petrerjove.com\/ca\/evento\/la-celestina-arriba-a-petrer\/\" \/>\n<meta property=\"og:locale\" content=\"ca_ES\" \/>\n<meta property=\"og:type\" content=\"article\" \/>\n<meta property=\"og:title\" content=\"La Celestina arriba a Petrer - Petrer Jove\" \/>\n<meta property=\"og:description\" content=\"No et perdes la cl\u00e0ssica obra de teatre La Celestina, que arriba a Petrer en el Teatre Cervantes el 24 de mar\u00e7 a les *19h.\" \/>\n<meta property=\"og:url\" content=\"https:\/\/petrerjove.com\/ca\/evento\/la-celestina-arriba-a-petrer\/\" \/>\n<meta property=\"og:site_name\" content=\"Petrer Jove\" \/>\n<meta property=\"article:publisher\" content=\"https:\/\/www.facebook.com\/petrerjoven\/\" \/>\n<meta property=\"article:modified_time\" content=\"2024-04-23T05:46:06+00:00\" \/>\n<meta property=\"og:image\" content=\"https:\/\/petrerjove.com\/wp-content\/uploads\/2024\/03\/lacelestina_24marzo_destacada-min.jpg\" \/>\n\t<meta property=\"og:image:width\" content=\"400\" \/>\n\t<meta property=\"og:image:height\" content=\"290\" \/>\n\t<meta property=\"og:image:type\" content=\"image\/jpeg\" \/>\n<meta name=\"twitter:card\" content=\"summary_large_image\" \/>\n<meta name=\"twitter:label1\" content=\"Temps estimat de lectura\" \/>\n\t<meta name=\"twitter:data1\" content=\"1 minut\" \/>\n<script type=\"application\/ld+json\" class=\"yoast-schema-graph\">{\"@context\":\"https:\\\/\\\/schema.org\",\"@graph\":[{\"@type\":\"WebPage\",\"@id\":\"https:\\\/\\\/petrerjove.com\\\/ca\\\/evento\\\/la-celestina-arriba-a-petrer\\\/\",\"url\":\"https:\\\/\\\/petrerjove.com\\\/ca\\\/evento\\\/la-celestina-arriba-a-petrer\\\/\",\"name\":\"La Celestina arriba a Petrer - Petrer Jove\",\"isPartOf\":{\"@id\":\"https:\\\/\\\/petrerjove.com\\\/ca\\\/#website\"},\"primaryImageOfPage\":{\"@id\":\"https:\\\/\\\/petrerjove.com\\\/ca\\\/evento\\\/la-celestina-arriba-a-petrer\\\/#primaryimage\"},\"image\":{\"@id\":\"https:\\\/\\\/petrerjove.com\\\/ca\\\/evento\\\/la-celestina-arriba-a-petrer\\\/#primaryimage\"},\"thumbnailUrl\":\"https:\\\/\\\/petrerjove.com\\\/wp-content\\\/uploads\\\/2024\\\/03\\\/lacelestina_24marzo_destacada-min.jpg\",\"datePublished\":\"2024-03-20T11:12:27+00:00\",\"dateModified\":\"2024-04-23T05:46:06+00:00\",\"description\":\"No et perdes la cl\u00e0ssica obra de teatre La Celestina, que arriba a Petrer en el Teatre Cervantes el 24 de mar\u00e7 a les *19h.\",\"breadcrumb\":{\"@id\":\"https:\\\/\\\/petrerjove.com\\\/ca\\\/evento\\\/la-celestina-arriba-a-petrer\\\/#breadcrumb\"},\"inLanguage\":\"ca\",\"potentialAction\":[{\"@type\":\"ReadAction\",\"target\":[\"https:\\\/\\\/petrerjove.com\\\/ca\\\/evento\\\/la-celestina-arriba-a-petrer\\\/\"]}]},{\"@type\":\"ImageObject\",\"inLanguage\":\"ca\",\"@id\":\"https:\\\/\\\/petrerjove.com\\\/ca\\\/evento\\\/la-celestina-arriba-a-petrer\\\/#primaryimage\",\"url\":\"https:\\\/\\\/petrerjove.com\\\/wp-content\\\/uploads\\\/2024\\\/03\\\/lacelestina_24marzo_destacada-min.jpg\",\"contentUrl\":\"https:\\\/\\\/petrerjove.com\\\/wp-content\\\/uploads\\\/2024\\\/03\\\/lacelestina_24marzo_destacada-min.jpg\",\"width\":400,\"height\":290},{\"@type\":\"BreadcrumbList\",\"@id\":\"https:\\\/\\\/petrerjove.com\\\/ca\\\/evento\\\/la-celestina-arriba-a-petrer\\\/#breadcrumb\",\"itemListElement\":[{\"@type\":\"ListItem\",\"position\":1,\"name\":\"Portada\",\"item\":\"https:\\\/\\\/petrerjove.com\\\/ca\\\/\"},{\"@type\":\"ListItem\",\"position\":2,\"name\":\"La Celestina arriba a Petrer\"}]},{\"@type\":\"WebSite\",\"@id\":\"https:\\\/\\\/petrerjove.com\\\/ca\\\/#website\",\"url\":\"https:\\\/\\\/petrerjove.com\\\/ca\\\/\",\"name\":\"Petrer Jove\",\"description\":\"Concejal\u00eda de Infancia y Juventud de Petrer\",\"publisher\":{\"@id\":\"https:\\\/\\\/petrerjove.com\\\/ca\\\/#organization\"},\"potentialAction\":[{\"@type\":\"SearchAction\",\"target\":{\"@type\":\"EntryPoint\",\"urlTemplate\":\"https:\\\/\\\/petrerjove.com\\\/ca\\\/?s={search_term_string}\"},\"query-input\":{\"@type\":\"PropertyValueSpecification\",\"valueRequired\":true,\"valueName\":\"search_term_string\"}}],\"inLanguage\":\"ca\"},{\"@type\":\"Organization\",\"@id\":\"https:\\\/\\\/petrerjove.com\\\/ca\\\/#organization\",\"name\":\"Concejal\u00eda de Juventud de Petrer\",\"url\":\"https:\\\/\\\/petrerjove.com\\\/ca\\\/\",\"logo\":{\"@type\":\"ImageObject\",\"inLanguage\":\"ca\",\"@id\":\"https:\\\/\\\/petrerjove.com\\\/ca\\\/#\\\/schema\\\/logo\\\/image\\\/\",\"url\":\"https:\\\/\\\/petrerjove.com\\\/wp-content\\\/uploads\\\/2024\\\/02\\\/petrerjove_horizontal.svg\",\"contentUrl\":\"https:\\\/\\\/petrerjove.com\\\/wp-content\\\/uploads\\\/2024\\\/02\\\/petrerjove_horizontal.svg\",\"width\":200,\"height\":70,\"caption\":\"Concejal\u00eda de Juventud de Petrer\"},\"image\":{\"@id\":\"https:\\\/\\\/petrerjove.com\\\/ca\\\/#\\\/schema\\\/logo\\\/image\\\/\"},\"sameAs\":[\"https:\\\/\\\/www.facebook.com\\\/petrerjoven\\\/\",\"https:\\\/\\\/www.instagram.com\\\/petrerjove\\\/\"]}]}<\/script>\n<!-- \/ Yoast SEO plugin. -->","yoast_head_json":{"title":"La Celestina arriba a Petrer - Petrer Jove","description":"No et perdes la cl\u00e0ssica obra de teatre La Celestina, que arriba a Petrer en el Teatre Cervantes el 24 de mar\u00e7 a les *19h.","robots":{"index":"index","follow":"follow","max-snippet":"max-snippet:-1","max-image-preview":"max-image-preview:large","max-video-preview":"max-video-preview:-1"},"canonical":"https:\/\/petrerjove.com\/ca\/evento\/la-celestina-arriba-a-petrer\/","og_locale":"ca_ES","og_type":"article","og_title":"La Celestina arriba a Petrer - Petrer Jove","og_description":"No et perdes la cl\u00e0ssica obra de teatre La Celestina, que arriba a Petrer en el Teatre Cervantes el 24 de mar\u00e7 a les *19h.","og_url":"https:\/\/petrerjove.com\/ca\/evento\/la-celestina-arriba-a-petrer\/","og_site_name":"Petrer Jove","article_publisher":"https:\/\/www.facebook.com\/petrerjoven\/","article_modified_time":"2024-04-23T05:46:06+00:00","og_image":[{"width":400,"height":290,"url":"https:\/\/petrerjove.com\/wp-content\/uploads\/2024\/03\/lacelestina_24marzo_destacada-min.jpg","type":"image\/jpeg"}],"twitter_card":"summary_large_image","twitter_misc":{"Temps estimat de lectura":"1 minut"},"schema":{"@context":"https:\/\/schema.org","@graph":[{"@type":"WebPage","@id":"https:\/\/petrerjove.com\/ca\/evento\/la-celestina-arriba-a-petrer\/","url":"https:\/\/petrerjove.com\/ca\/evento\/la-celestina-arriba-a-petrer\/","name":"La Celestina arriba a Petrer - Petrer Jove","isPartOf":{"@id":"https:\/\/petrerjove.com\/ca\/#website"},"primaryImageOfPage":{"@id":"https:\/\/petrerjove.com\/ca\/evento\/la-celestina-arriba-a-petrer\/#primaryimage"},"image":{"@id":"https:\/\/petrerjove.com\/ca\/evento\/la-celestina-arriba-a-petrer\/#primaryimage"},"thumbnailUrl":"https:\/\/petrerjove.com\/wp-content\/uploads\/2024\/03\/lacelestina_24marzo_destacada-min.jpg","datePublished":"2024-03-20T11:12:27+00:00","dateModified":"2024-04-23T05:46:06+00:00","description":"No et perdes la cl\u00e0ssica obra de teatre La Celestina, que arriba a Petrer en el Teatre Cervantes el 24 de mar\u00e7 a les *19h.","breadcrumb":{"@id":"https:\/\/petrerjove.com\/ca\/evento\/la-celestina-arriba-a-petrer\/#breadcrumb"},"inLanguage":"ca","potentialAction":[{"@type":"ReadAction","target":["https:\/\/petrerjove.com\/ca\/evento\/la-celestina-arriba-a-petrer\/"]}]},{"@type":"ImageObject","inLanguage":"ca","@id":"https:\/\/petrerjove.com\/ca\/evento\/la-celestina-arriba-a-petrer\/#primaryimage","url":"https:\/\/petrerjove.com\/wp-content\/uploads\/2024\/03\/lacelestina_24marzo_destacada-min.jpg","contentUrl":"https:\/\/petrerjove.com\/wp-content\/uploads\/2024\/03\/lacelestina_24marzo_destacada-min.jpg","width":400,"height":290},{"@type":"BreadcrumbList","@id":"https:\/\/petrerjove.com\/ca\/evento\/la-celestina-arriba-a-petrer\/#breadcrumb","itemListElement":[{"@type":"ListItem","position":1,"name":"Portada","item":"https:\/\/petrerjove.com\/ca\/"},{"@type":"ListItem","position":2,"name":"La Celestina arriba a Petrer"}]},{"@type":"WebSite","@id":"https:\/\/petrerjove.com\/ca\/#website","url":"https:\/\/petrerjove.com\/ca\/","name":"Petrer Jove","description":"Concejal\u00eda de Infancia y Juventud de Petrer","publisher":{"@id":"https:\/\/petrerjove.com\/ca\/#organization"},"potentialAction":[{"@type":"SearchAction","target":{"@type":"EntryPoint","urlTemplate":"https:\/\/petrerjove.com\/ca\/?s={search_term_string}"},"query-input":{"@type":"PropertyValueSpecification","valueRequired":true,"valueName":"search_term_string"}}],"inLanguage":"ca"},{"@type":"Organization","@id":"https:\/\/petrerjove.com\/ca\/#organization","name":"Concejal\u00eda de Juventud de Petrer","url":"https:\/\/petrerjove.com\/ca\/","logo":{"@type":"ImageObject","inLanguage":"ca","@id":"https:\/\/petrerjove.com\/ca\/#\/schema\/logo\/image\/","url":"https:\/\/petrerjove.com\/wp-content\/uploads\/2024\/02\/petrerjove_horizontal.svg","contentUrl":"https:\/\/petrerjove.com\/wp-content\/uploads\/2024\/02\/petrerjove_horizontal.svg","width":200,"height":70,"caption":"Concejal\u00eda de Juventud de Petrer"},"image":{"@id":"https:\/\/petrerjove.com\/ca\/#\/schema\/logo\/image\/"},"sameAs":["https:\/\/www.facebook.com\/petrerjoven\/","https:\/\/www.instagram.com\/petrerjove\/"]}]}},"_links":{"self":[{"href":"https:\/\/petrerjove.com\/ca\/wp-json\/wp\/v2\/evento\/2605","targetHints":{"allow":["GET"]}}],"collection":[{"href":"https:\/\/petrerjove.com\/ca\/wp-json\/wp\/v2\/evento"}],"about":[{"href":"https:\/\/petrerjove.com\/ca\/wp-json\/wp\/v2\/types\/evento"}],"author":[{"embeddable":true,"href":"https:\/\/petrerjove.com\/ca\/wp-json\/wp\/v2\/users\/1"}],"version-history":[{"count":5,"href":"https:\/\/petrerjove.com\/ca\/wp-json\/wp\/v2\/evento\/2605\/revisions"}],"predecessor-version":[{"id":2853,"href":"https:\/\/petrerjove.com\/ca\/wp-json\/wp\/v2\/evento\/2605\/revisions\/2853"}],"wp:featuredmedia":[{"embeddable":true,"href":"https:\/\/petrerjove.com\/ca\/wp-json\/wp\/v2\/media\/2607"}],"wp:attachment":[{"href":"https:\/\/petrerjove.com\/ca\/wp-json\/wp\/v2\/media?parent=2605"}],"wp:term":[{"taxonomy":"tag-evento","embeddable":true,"href":"https:\/\/petrerjove.com\/ca\/wp-json\/wp\/v2\/tag-evento?post=2605"},{"taxonomy":"edades-eventos","embeddable":true,"href":"https:\/\/petrerjove.com\/ca\/wp-json\/wp\/v2\/edades-eventos?post=2605"},{"taxonomy":"lugar-eventos","embeddable":true,"href":"https:\/\/petrerjove.com\/ca\/wp-json\/wp\/v2\/lugar-eventos?post=2605"}],"curies":[{"name":"wp","href":"https:\/\/api.w.org\/{rel}","templated":true}]}}