{"id":2551,"date":"2024-04-03T08:00:57","date_gmt":"2024-04-03T06:00:57","guid":{"rendered":"https:\/\/petrerjove.com\/evento\/taller-de-sabo-amb-oli-de-cuina-usat\/"},"modified":"2024-04-23T07:42:19","modified_gmt":"2024-04-23T05:42:19","slug":"taller-de-sabo-amb-oli-de-cuina-usat","status":"publish","type":"evento","link":"https:\/\/petrerjove.com\/ca\/evento\/taller-de-sabo-amb-oli-de-cuina-usat\/","title":{"rendered":"Taller de sab\u00f3 amb oli de cuina usat"},"content":{"rendered":"\n<p>Ser \ud83d\udfe2<strong>ecologista<\/strong>\ud83d\udfe2 no consistix nom\u00e9s a reciclar\u267b\ufe0f. Si vols fer <strong>un pas m\u00e9s,<\/strong> este taller \u00e9s per a tu\ud83e\udd17&#13;\n&#13;\n<strong>Qu\u00e8 cal portar?<\/strong>&#13;\n&#13;\n&#8211; *Tetabrik net (o qualsevol motle on vulgues deixar assecar el sab\u00f3)\ud83e\uddc3&#13;\n&#8211; Oli de cuina usat\ud83e\uddf4&#13;\n&#8211; Davantal \ud83d\udc69\ud83c\udffd\u200d\ud83c\udf73&#13;\nI&#8230;&#13;\n<strong>Ganes de passar-ho b\u00e9!<\/strong>\ud83e\udd73&#13;\n&#13;\n\ud83e\uddd2\ud83c\udffdEls <strong>menors<\/strong> d&#8217;edat aniran acompanyats d&#8217;un adult\ud83d\udc67\ud83c\udffc&#13;\n&#13;\n\ud83e\uddfc<strong>Apr\u00e9n a fer sab\u00f3 i dona-li una altra vida als residus que generes!<\/strong>\ud83e\uddfc&#13;\n&#13;\n\ud83d\udcc5 Divendres 5 d&#8217;abril&#13;\n\ud83d\udd62 A les 18:*00h&#13;\n\ud83d\udccd Seu de l&#8217;Associaci\u00f3 de Ve\u00efns Barri San Jos\u00e9, C\/ Riu Serpis, 70&#13;\n&#13;\n<strong>Necessites m\u00e9s informaci\u00f3?<\/strong> \ud83e\udd14&#13;\n&#13;\nContacta amb les educadores de Consorci Crea al 655 25 03 26 o escrivint al sm-hernandez@creaconsorci.org<\/p>\n\n<figure class=\"wp-block-image aligncenter size-full is-resized\"><img fetchpriority=\"high\" decoding=\"async\" width=\"873\" height=\"871\" src=\"https:\/\/petrerjove.com\/wp-content\/uploads\/2024\/04\/Captura-de-pantalla-2024-04-03-a-las-7.59.31-min.png\" alt=\"\" class=\"wp-image-1743\" style=\"width:350px\" srcset=\"https:\/\/petrerjove.com\/wp-content\/uploads\/2024\/04\/Captura-de-pantalla-2024-04-03-a-las-7.59.31-min.png 873w, https:\/\/petrerjove.com\/wp-content\/uploads\/2024\/04\/Captura-de-pantalla-2024-04-03-a-las-7.59.31-min-300x300.png 300w, https:\/\/petrerjove.com\/wp-content\/uploads\/2024\/04\/Captura-de-pantalla-2024-04-03-a-las-7.59.31-min-150x150.png 150w, https:\/\/petrerjove.com\/wp-content\/uploads\/2024\/04\/Captura-de-pantalla-2024-04-03-a-las-7.59.31-min-768x766.png 768w\" sizes=\"(max-width: 873px) 100vw, 873px\" \/><\/figure>\n","protected":false},"author":1,"featured_media":2553,"template":"","tag-evento":[],"edades-eventos":[],"lugar-eventos":[82],"class_list":["post-2551","evento","type-evento","status-publish","has-post-thumbnail","hentry","lugar-eventos-av-barri-san-jose"],"yoast_head":"<!-- This site is optimized with the Yoast SEO plugin v27.5 - https:\/\/yoast.com\/product\/yoast-seo-wordpress\/ -->\n<title>Taller de sab\u00f3 amb oli de cuina usat - Petrer Jove<\/title>\n<meta name=\"description\" content=\"Taller de sab\u00f3 amb oli de cuina usat el 5 d&#039;abril a les *18h en AV. Barri San Jos\u00e9, C\/ Riu Serpis, 70.\" \/>\n<meta name=\"robots\" content=\"index, follow, max-snippet:-1, max-image-preview:large, max-video-preview:-1\" \/>\n<link rel=\"canonical\" href=\"https:\/\/petrerjove.com\/ca\/evento\/taller-de-sabo-amb-oli-de-cuina-usat\/\" \/>\n<meta property=\"og:locale\" content=\"ca_ES\" \/>\n<meta property=\"og:type\" content=\"article\" \/>\n<meta property=\"og:title\" content=\"Taller de sab\u00f3 amb oli de cuina usat - Petrer Jove\" \/>\n<meta property=\"og:description\" content=\"Taller de sab\u00f3 amb oli de cuina usat el 5 d&#039;abril a les *18h en AV. Barri San Jos\u00e9, C\/ Riu Serpis, 70.\" \/>\n<meta property=\"og:url\" content=\"https:\/\/petrerjove.com\/ca\/evento\/taller-de-sabo-amb-oli-de-cuina-usat\/\" \/>\n<meta property=\"og:site_name\" content=\"Petrer Jove\" \/>\n<meta property=\"article:publisher\" content=\"https:\/\/www.facebook.com\/petrerjoven\/\" \/>\n<meta property=\"article:modified_time\" content=\"2024-04-23T05:42:19+00:00\" \/>\n<meta property=\"og:image\" content=\"https:\/\/petrerjove.com\/wp-content\/uploads\/2024\/04\/tallerjabon_5abril_destacada-min.jpg\" \/>\n\t<meta property=\"og:image:width\" content=\"400\" \/>\n\t<meta property=\"og:image:height\" content=\"290\" \/>\n\t<meta property=\"og:image:type\" content=\"image\/jpeg\" \/>\n<meta name=\"twitter:card\" content=\"summary_large_image\" \/>\n<meta name=\"twitter:label1\" content=\"Temps estimat de lectura\" \/>\n\t<meta name=\"twitter:data1\" content=\"1 minut\" \/>\n<script type=\"application\/ld+json\" class=\"yoast-schema-graph\">{\"@context\":\"https:\\\/\\\/schema.org\",\"@graph\":[{\"@type\":\"WebPage\",\"@id\":\"https:\\\/\\\/petrerjove.com\\\/ca\\\/evento\\\/taller-de-sabo-amb-oli-de-cuina-usat\\\/\",\"url\":\"https:\\\/\\\/petrerjove.com\\\/ca\\\/evento\\\/taller-de-sabo-amb-oli-de-cuina-usat\\\/\",\"name\":\"Taller de sab\u00f3 amb oli de cuina usat - Petrer Jove\",\"isPartOf\":{\"@id\":\"https:\\\/\\\/petrerjove.com\\\/ca\\\/#website\"},\"primaryImageOfPage\":{\"@id\":\"https:\\\/\\\/petrerjove.com\\\/ca\\\/evento\\\/taller-de-sabo-amb-oli-de-cuina-usat\\\/#primaryimage\"},\"image\":{\"@id\":\"https:\\\/\\\/petrerjove.com\\\/ca\\\/evento\\\/taller-de-sabo-amb-oli-de-cuina-usat\\\/#primaryimage\"},\"thumbnailUrl\":\"https:\\\/\\\/petrerjove.com\\\/wp-content\\\/uploads\\\/2024\\\/04\\\/tallerjabon_5abril_destacada-min.jpg\",\"datePublished\":\"2024-04-03T06:00:57+00:00\",\"dateModified\":\"2024-04-23T05:42:19+00:00\",\"description\":\"Taller de sab\u00f3 amb oli de cuina usat el 5 d'abril a les *18h en AV. Barri San Jos\u00e9, C\\\/ Riu Serpis, 70.\",\"breadcrumb\":{\"@id\":\"https:\\\/\\\/petrerjove.com\\\/ca\\\/evento\\\/taller-de-sabo-amb-oli-de-cuina-usat\\\/#breadcrumb\"},\"inLanguage\":\"ca\",\"potentialAction\":[{\"@type\":\"ReadAction\",\"target\":[\"https:\\\/\\\/petrerjove.com\\\/ca\\\/evento\\\/taller-de-sabo-amb-oli-de-cuina-usat\\\/\"]}]},{\"@type\":\"ImageObject\",\"inLanguage\":\"ca\",\"@id\":\"https:\\\/\\\/petrerjove.com\\\/ca\\\/evento\\\/taller-de-sabo-amb-oli-de-cuina-usat\\\/#primaryimage\",\"url\":\"https:\\\/\\\/petrerjove.com\\\/wp-content\\\/uploads\\\/2024\\\/04\\\/tallerjabon_5abril_destacada-min.jpg\",\"contentUrl\":\"https:\\\/\\\/petrerjove.com\\\/wp-content\\\/uploads\\\/2024\\\/04\\\/tallerjabon_5abril_destacada-min.jpg\",\"width\":400,\"height\":290},{\"@type\":\"BreadcrumbList\",\"@id\":\"https:\\\/\\\/petrerjove.com\\\/ca\\\/evento\\\/taller-de-sabo-amb-oli-de-cuina-usat\\\/#breadcrumb\",\"itemListElement\":[{\"@type\":\"ListItem\",\"position\":1,\"name\":\"Portada\",\"item\":\"https:\\\/\\\/petrerjove.com\\\/ca\\\/\"},{\"@type\":\"ListItem\",\"position\":2,\"name\":\"Taller de sab\u00f3 amb oli de cuina usat\"}]},{\"@type\":\"WebSite\",\"@id\":\"https:\\\/\\\/petrerjove.com\\\/ca\\\/#website\",\"url\":\"https:\\\/\\\/petrerjove.com\\\/ca\\\/\",\"name\":\"Petrer Jove\",\"description\":\"Concejal\u00eda de Infancia y Juventud de Petrer\",\"publisher\":{\"@id\":\"https:\\\/\\\/petrerjove.com\\\/ca\\\/#organization\"},\"potentialAction\":[{\"@type\":\"SearchAction\",\"target\":{\"@type\":\"EntryPoint\",\"urlTemplate\":\"https:\\\/\\\/petrerjove.com\\\/ca\\\/?s={search_term_string}\"},\"query-input\":{\"@type\":\"PropertyValueSpecification\",\"valueRequired\":true,\"valueName\":\"search_term_string\"}}],\"inLanguage\":\"ca\"},{\"@type\":\"Organization\",\"@id\":\"https:\\\/\\\/petrerjove.com\\\/ca\\\/#organization\",\"name\":\"Concejal\u00eda de Juventud de Petrer\",\"url\":\"https:\\\/\\\/petrerjove.com\\\/ca\\\/\",\"logo\":{\"@type\":\"ImageObject\",\"inLanguage\":\"ca\",\"@id\":\"https:\\\/\\\/petrerjove.com\\\/ca\\\/#\\\/schema\\\/logo\\\/image\\\/\",\"url\":\"https:\\\/\\\/petrerjove.com\\\/wp-content\\\/uploads\\\/2024\\\/02\\\/petrerjove_horizontal.svg\",\"contentUrl\":\"https:\\\/\\\/petrerjove.com\\\/wp-content\\\/uploads\\\/2024\\\/02\\\/petrerjove_horizontal.svg\",\"width\":200,\"height\":70,\"caption\":\"Concejal\u00eda de Juventud de Petrer\"},\"image\":{\"@id\":\"https:\\\/\\\/petrerjove.com\\\/ca\\\/#\\\/schema\\\/logo\\\/image\\\/\"},\"sameAs\":[\"https:\\\/\\\/www.facebook.com\\\/petrerjoven\\\/\",\"https:\\\/\\\/www.instagram.com\\\/petrerjove\\\/\"]}]}<\/script>\n<!-- \/ Yoast SEO plugin. -->","yoast_head_json":{"title":"Taller de sab\u00f3 amb oli de cuina usat - Petrer Jove","description":"Taller de sab\u00f3 amb oli de cuina usat el 5 d'abril a les *18h en AV. Barri San Jos\u00e9, C\/ Riu Serpis, 70.","robots":{"index":"index","follow":"follow","max-snippet":"max-snippet:-1","max-image-preview":"max-image-preview:large","max-video-preview":"max-video-preview:-1"},"canonical":"https:\/\/petrerjove.com\/ca\/evento\/taller-de-sabo-amb-oli-de-cuina-usat\/","og_locale":"ca_ES","og_type":"article","og_title":"Taller de sab\u00f3 amb oli de cuina usat - Petrer Jove","og_description":"Taller de sab\u00f3 amb oli de cuina usat el 5 d'abril a les *18h en AV. Barri San Jos\u00e9, C\/ Riu Serpis, 70.","og_url":"https:\/\/petrerjove.com\/ca\/evento\/taller-de-sabo-amb-oli-de-cuina-usat\/","og_site_name":"Petrer Jove","article_publisher":"https:\/\/www.facebook.com\/petrerjoven\/","article_modified_time":"2024-04-23T05:42:19+00:00","og_image":[{"width":400,"height":290,"url":"https:\/\/petrerjove.com\/wp-content\/uploads\/2024\/04\/tallerjabon_5abril_destacada-min.jpg","type":"image\/jpeg"}],"twitter_card":"summary_large_image","twitter_misc":{"Temps estimat de lectura":"1 minut"},"schema":{"@context":"https:\/\/schema.org","@graph":[{"@type":"WebPage","@id":"https:\/\/petrerjove.com\/ca\/evento\/taller-de-sabo-amb-oli-de-cuina-usat\/","url":"https:\/\/petrerjove.com\/ca\/evento\/taller-de-sabo-amb-oli-de-cuina-usat\/","name":"Taller de sab\u00f3 amb oli de cuina usat - Petrer Jove","isPartOf":{"@id":"https:\/\/petrerjove.com\/ca\/#website"},"primaryImageOfPage":{"@id":"https:\/\/petrerjove.com\/ca\/evento\/taller-de-sabo-amb-oli-de-cuina-usat\/#primaryimage"},"image":{"@id":"https:\/\/petrerjove.com\/ca\/evento\/taller-de-sabo-amb-oli-de-cuina-usat\/#primaryimage"},"thumbnailUrl":"https:\/\/petrerjove.com\/wp-content\/uploads\/2024\/04\/tallerjabon_5abril_destacada-min.jpg","datePublished":"2024-04-03T06:00:57+00:00","dateModified":"2024-04-23T05:42:19+00:00","description":"Taller de sab\u00f3 amb oli de cuina usat el 5 d'abril a les *18h en AV. Barri San Jos\u00e9, C\/ Riu Serpis, 70.","breadcrumb":{"@id":"https:\/\/petrerjove.com\/ca\/evento\/taller-de-sabo-amb-oli-de-cuina-usat\/#breadcrumb"},"inLanguage":"ca","potentialAction":[{"@type":"ReadAction","target":["https:\/\/petrerjove.com\/ca\/evento\/taller-de-sabo-amb-oli-de-cuina-usat\/"]}]},{"@type":"ImageObject","inLanguage":"ca","@id":"https:\/\/petrerjove.com\/ca\/evento\/taller-de-sabo-amb-oli-de-cuina-usat\/#primaryimage","url":"https:\/\/petrerjove.com\/wp-content\/uploads\/2024\/04\/tallerjabon_5abril_destacada-min.jpg","contentUrl":"https:\/\/petrerjove.com\/wp-content\/uploads\/2024\/04\/tallerjabon_5abril_destacada-min.jpg","width":400,"height":290},{"@type":"BreadcrumbList","@id":"https:\/\/petrerjove.com\/ca\/evento\/taller-de-sabo-amb-oli-de-cuina-usat\/#breadcrumb","itemListElement":[{"@type":"ListItem","position":1,"name":"Portada","item":"https:\/\/petrerjove.com\/ca\/"},{"@type":"ListItem","position":2,"name":"Taller de sab\u00f3 amb oli de cuina usat"}]},{"@type":"WebSite","@id":"https:\/\/petrerjove.com\/ca\/#website","url":"https:\/\/petrerjove.com\/ca\/","name":"Petrer Jove","description":"Concejal\u00eda de Infancia y Juventud de Petrer","publisher":{"@id":"https:\/\/petrerjove.com\/ca\/#organization"},"potentialAction":[{"@type":"SearchAction","target":{"@type":"EntryPoint","urlTemplate":"https:\/\/petrerjove.com\/ca\/?s={search_term_string}"},"query-input":{"@type":"PropertyValueSpecification","valueRequired":true,"valueName":"search_term_string"}}],"inLanguage":"ca"},{"@type":"Organization","@id":"https:\/\/petrerjove.com\/ca\/#organization","name":"Concejal\u00eda de Juventud de Petrer","url":"https:\/\/petrerjove.com\/ca\/","logo":{"@type":"ImageObject","inLanguage":"ca","@id":"https:\/\/petrerjove.com\/ca\/#\/schema\/logo\/image\/","url":"https:\/\/petrerjove.com\/wp-content\/uploads\/2024\/02\/petrerjove_horizontal.svg","contentUrl":"https:\/\/petrerjove.com\/wp-content\/uploads\/2024\/02\/petrerjove_horizontal.svg","width":200,"height":70,"caption":"Concejal\u00eda de Juventud de Petrer"},"image":{"@id":"https:\/\/petrerjove.com\/ca\/#\/schema\/logo\/image\/"},"sameAs":["https:\/\/www.facebook.com\/petrerjoven\/","https:\/\/www.instagram.com\/petrerjove\/"]}]}},"_links":{"self":[{"href":"https:\/\/petrerjove.com\/ca\/wp-json\/wp\/v2\/evento\/2551","targetHints":{"allow":["GET"]}}],"collection":[{"href":"https:\/\/petrerjove.com\/ca\/wp-json\/wp\/v2\/evento"}],"about":[{"href":"https:\/\/petrerjove.com\/ca\/wp-json\/wp\/v2\/types\/evento"}],"author":[{"embeddable":true,"href":"https:\/\/petrerjove.com\/ca\/wp-json\/wp\/v2\/users\/1"}],"version-history":[{"count":3,"href":"https:\/\/petrerjove.com\/ca\/wp-json\/wp\/v2\/evento\/2551\/revisions"}],"predecessor-version":[{"id":2830,"href":"https:\/\/petrerjove.com\/ca\/wp-json\/wp\/v2\/evento\/2551\/revisions\/2830"}],"wp:featuredmedia":[{"embeddable":true,"href":"https:\/\/petrerjove.com\/ca\/wp-json\/wp\/v2\/media\/2553"}],"wp:attachment":[{"href":"https:\/\/petrerjove.com\/ca\/wp-json\/wp\/v2\/media?parent=2551"}],"wp:term":[{"taxonomy":"tag-evento","embeddable":true,"href":"https:\/\/petrerjove.com\/ca\/wp-json\/wp\/v2\/tag-evento?post=2551"},{"taxonomy":"edades-eventos","embeddable":true,"href":"https:\/\/petrerjove.com\/ca\/wp-json\/wp\/v2\/edades-eventos?post=2551"},{"taxonomy":"lugar-eventos","embeddable":true,"href":"https:\/\/petrerjove.com\/ca\/wp-json\/wp\/v2\/lugar-eventos?post=2551"}],"curies":[{"name":"wp","href":"https:\/\/api.w.org\/{rel}","templated":true}]}}