{"id":2509,"date":"2024-04-03T10:29:06","date_gmt":"2024-04-03T08:29:06","guid":{"rendered":"https:\/\/petrerjove.com\/evento\/presentacio-literaria-nascuts-del-fang-victor-labrado\/"},"modified":"2024-04-23T07:40:09","modified_gmt":"2024-04-23T05:40:09","slug":"presentacio-literaria-nascuts-del-fang-victor-labrado","status":"publish","type":"evento","link":"https:\/\/petrerjove.com\/ca\/evento\/presentacio-literaria-nascuts-del-fang-victor-labrado\/","title":{"rendered":"Presentaci\u00f3 liter\u00e0ria \u2013 Nascuts del fang \u2013 V\u00edctor Labrado"},"content":{"rendered":"\n<p>Victor Llaurat presenta Nascuts del fang, Premi de Novel\u00b7la ciutat d&#8217;Alzira, el dijous dos de maig a les 19:30h en Espai Blanc (C\/ Gabriel Pay\u00e1, 14).&#13;\n&#13;\nL&#8217;obra de Llaurat compte una hist\u00f2ria situada en l&#8217;Albufera durant l&#8217;\u00e8poca del franquisme. El relat se centra en les dif\u00edcils condicions de vida en els marenys, els secrets familiars i les relacions entre propietaris i jornalers, la qual cosa va ser elogiat com un relat memorable pel jurat de la 35a edici\u00f3 dels Premis Literaris Ciutat d&#8217;Alzira, lliurats en una gala el mes de novembre passat.<\/p>\n\n<p>L&#8217;editorial destaca que la novel\u00b7la est\u00e0 escrita amb una prosa elaborada i vibrant, utilitzant un llenguatge aut\u00e8ntic i un estil acurat. V\u00edctor Labrado ha creat una hist\u00f2ria sense ficci\u00f3 que retrata amb precisi\u00f3 i autenticitat com era la vida en l&#8217;Albufera durant la meitat del segle XX.&#13;\n<\/p>\n\n<p>El llibre narra la vida dels habitants i treballadors del llac en un per\u00edode que abasta des dels anys 50 fins als 80. Bromera ressalta que \u00e9s una hist\u00f2ria essencial per a recordar la vida en la marjal, un retrat d&#8217;un m\u00f3n que ja no existeix.&#13;\n&#13;\nL&#8217;entrada a aquesta presentaci\u00f3 liter\u00e0ria ser\u00e0 lliure fins que completar l&#8217;aforament.&#13;\n&#13;\n\ud83d\udcc5 Dijous 2 de maig&#13;\n\ud83d\udd62 A les 19:30h&#13;\n\ud83d\udccd Espai Blanc, C\/ Gabriel Pay\u00e1 14<\/p>\n\n<div style=\"height:50px\" aria-hidden=\"true\" class=\"wp-block-spacer\"><\/div>\n\n<figure class=\"wp-block-image aligncenter size-large is-resized\"><img fetchpriority=\"high\" decoding=\"async\" width=\"717\" height=\"1024\" src=\"https:\/\/petrerjove.com\/wp-content\/uploads\/2024\/04\/Cartel-NACUTS-FANG-min-717x1024.jpg\" alt=\"Nascuts del fang\" class=\"wp-image-1783\" style=\"width:350px\" srcset=\"https:\/\/petrerjove.com\/wp-content\/uploads\/2024\/04\/Cartel-NACUTS-FANG-min-717x1024.jpg 717w, https:\/\/petrerjove.com\/wp-content\/uploads\/2024\/04\/Cartel-NACUTS-FANG-min-210x300.jpg 210w, https:\/\/petrerjove.com\/wp-content\/uploads\/2024\/04\/Cartel-NACUTS-FANG-min-768x1097.jpg 768w, https:\/\/petrerjove.com\/wp-content\/uploads\/2024\/04\/Cartel-NACUTS-FANG-min-1075x1536.jpg 1075w, https:\/\/petrerjove.com\/wp-content\/uploads\/2024\/04\/Cartel-NACUTS-FANG-min.jpg 1344w\" sizes=\"(max-width: 717px) 100vw, 717px\" \/><\/figure>\n","protected":false},"author":1,"featured_media":2511,"template":"","tag-evento":[],"edades-eventos":[],"lugar-eventos":[],"class_list":["post-2509","evento","type-evento","status-publish","has-post-thumbnail","hentry"],"yoast_head":"<!-- This site is optimized with the Yoast SEO plugin v27.5 - https:\/\/yoast.com\/product\/yoast-seo-wordpress\/ -->\n<title>Presentaci\u00f3 liter\u00e0ria \u2013 Nascuts del fang \u2013 V\u00edctor Labrado - Petrer Jove<\/title>\n<meta name=\"description\" content=\"Presentaci\u00f3 liter\u00e0ria \u2013 Nascuts del fang \u2013 V\u00edctor Labrado, el dos de maig a les 19:30h en l&#039;Espai Blanc de Petrer.\" \/>\n<meta name=\"robots\" content=\"index, follow, max-snippet:-1, max-image-preview:large, max-video-preview:-1\" \/>\n<link rel=\"canonical\" href=\"https:\/\/petrerjove.com\/ca\/evento\/presentacio-literaria-nascuts-del-fang-victor-labrado\/\" \/>\n<meta property=\"og:locale\" content=\"ca_ES\" \/>\n<meta property=\"og:type\" content=\"article\" \/>\n<meta property=\"og:title\" content=\"Presentaci\u00f3 liter\u00e0ria \u2013 Nascuts del fang \u2013 V\u00edctor Labrado - Petrer Jove\" \/>\n<meta property=\"og:description\" content=\"Presentaci\u00f3 liter\u00e0ria \u2013 Nascuts del fang \u2013 V\u00edctor Labrado, el dos de maig a les 19:30h en l&#039;Espai Blanc de Petrer.\" \/>\n<meta property=\"og:url\" content=\"https:\/\/petrerjove.com\/ca\/evento\/presentacio-literaria-nascuts-del-fang-victor-labrado\/\" \/>\n<meta property=\"og:site_name\" content=\"Petrer Jove\" \/>\n<meta property=\"article:publisher\" content=\"https:\/\/www.facebook.com\/petrerjoven\/\" \/>\n<meta property=\"article:modified_time\" content=\"2024-04-23T05:40:09+00:00\" \/>\n<meta property=\"og:image\" content=\"https:\/\/petrerjove.com\/wp-content\/uploads\/2024\/04\/nascutsdelfang_2mayo_destacada-min.jpg\" \/>\n\t<meta property=\"og:image:width\" content=\"400\" \/>\n\t<meta property=\"og:image:height\" content=\"290\" \/>\n\t<meta property=\"og:image:type\" content=\"image\/jpeg\" \/>\n<meta name=\"twitter:card\" content=\"summary_large_image\" \/>\n<meta name=\"twitter:label1\" content=\"Temps estimat de lectura\" \/>\n\t<meta name=\"twitter:data1\" content=\"1 minut\" \/>\n<script type=\"application\/ld+json\" class=\"yoast-schema-graph\">{\"@context\":\"https:\\\/\\\/schema.org\",\"@graph\":[{\"@type\":\"WebPage\",\"@id\":\"https:\\\/\\\/petrerjove.com\\\/ca\\\/evento\\\/presentacio-literaria-nascuts-del-fang-victor-labrado\\\/\",\"url\":\"https:\\\/\\\/petrerjove.com\\\/ca\\\/evento\\\/presentacio-literaria-nascuts-del-fang-victor-labrado\\\/\",\"name\":\"Presentaci\u00f3 liter\u00e0ria \u2013 Nascuts del fang \u2013 V\u00edctor Labrado - Petrer Jove\",\"isPartOf\":{\"@id\":\"https:\\\/\\\/petrerjove.com\\\/ca\\\/#website\"},\"primaryImageOfPage\":{\"@id\":\"https:\\\/\\\/petrerjove.com\\\/ca\\\/evento\\\/presentacio-literaria-nascuts-del-fang-victor-labrado\\\/#primaryimage\"},\"image\":{\"@id\":\"https:\\\/\\\/petrerjove.com\\\/ca\\\/evento\\\/presentacio-literaria-nascuts-del-fang-victor-labrado\\\/#primaryimage\"},\"thumbnailUrl\":\"https:\\\/\\\/petrerjove.com\\\/wp-content\\\/uploads\\\/2024\\\/04\\\/nascutsdelfang_2mayo_destacada-min.jpg\",\"datePublished\":\"2024-04-03T08:29:06+00:00\",\"dateModified\":\"2024-04-23T05:40:09+00:00\",\"description\":\"Presentaci\u00f3 liter\u00e0ria \u2013 Nascuts del fang \u2013 V\u00edctor Labrado, el dos de maig a les 19:30h en l'Espai Blanc de Petrer.\",\"breadcrumb\":{\"@id\":\"https:\\\/\\\/petrerjove.com\\\/ca\\\/evento\\\/presentacio-literaria-nascuts-del-fang-victor-labrado\\\/#breadcrumb\"},\"inLanguage\":\"ca\",\"potentialAction\":[{\"@type\":\"ReadAction\",\"target\":[\"https:\\\/\\\/petrerjove.com\\\/ca\\\/evento\\\/presentacio-literaria-nascuts-del-fang-victor-labrado\\\/\"]}]},{\"@type\":\"ImageObject\",\"inLanguage\":\"ca\",\"@id\":\"https:\\\/\\\/petrerjove.com\\\/ca\\\/evento\\\/presentacio-literaria-nascuts-del-fang-victor-labrado\\\/#primaryimage\",\"url\":\"https:\\\/\\\/petrerjove.com\\\/wp-content\\\/uploads\\\/2024\\\/04\\\/nascutsdelfang_2mayo_destacada-min.jpg\",\"contentUrl\":\"https:\\\/\\\/petrerjove.com\\\/wp-content\\\/uploads\\\/2024\\\/04\\\/nascutsdelfang_2mayo_destacada-min.jpg\",\"width\":400,\"height\":290},{\"@type\":\"BreadcrumbList\",\"@id\":\"https:\\\/\\\/petrerjove.com\\\/ca\\\/evento\\\/presentacio-literaria-nascuts-del-fang-victor-labrado\\\/#breadcrumb\",\"itemListElement\":[{\"@type\":\"ListItem\",\"position\":1,\"name\":\"Portada\",\"item\":\"https:\\\/\\\/petrerjove.com\\\/ca\\\/\"},{\"@type\":\"ListItem\",\"position\":2,\"name\":\"Presentaci\u00f3 liter\u00e0ria \u2013 Nascuts del fang \u2013 V\u00edctor Labrado\"}]},{\"@type\":\"WebSite\",\"@id\":\"https:\\\/\\\/petrerjove.com\\\/ca\\\/#website\",\"url\":\"https:\\\/\\\/petrerjove.com\\\/ca\\\/\",\"name\":\"Petrer Jove\",\"description\":\"Concejal\u00eda de Infancia y Juventud de Petrer\",\"publisher\":{\"@id\":\"https:\\\/\\\/petrerjove.com\\\/ca\\\/#organization\"},\"potentialAction\":[{\"@type\":\"SearchAction\",\"target\":{\"@type\":\"EntryPoint\",\"urlTemplate\":\"https:\\\/\\\/petrerjove.com\\\/ca\\\/?s={search_term_string}\"},\"query-input\":{\"@type\":\"PropertyValueSpecification\",\"valueRequired\":true,\"valueName\":\"search_term_string\"}}],\"inLanguage\":\"ca\"},{\"@type\":\"Organization\",\"@id\":\"https:\\\/\\\/petrerjove.com\\\/ca\\\/#organization\",\"name\":\"Concejal\u00eda de Juventud de Petrer\",\"url\":\"https:\\\/\\\/petrerjove.com\\\/ca\\\/\",\"logo\":{\"@type\":\"ImageObject\",\"inLanguage\":\"ca\",\"@id\":\"https:\\\/\\\/petrerjove.com\\\/ca\\\/#\\\/schema\\\/logo\\\/image\\\/\",\"url\":\"https:\\\/\\\/petrerjove.com\\\/wp-content\\\/uploads\\\/2024\\\/02\\\/petrerjove_horizontal.svg\",\"contentUrl\":\"https:\\\/\\\/petrerjove.com\\\/wp-content\\\/uploads\\\/2024\\\/02\\\/petrerjove_horizontal.svg\",\"width\":200,\"height\":70,\"caption\":\"Concejal\u00eda de Juventud de Petrer\"},\"image\":{\"@id\":\"https:\\\/\\\/petrerjove.com\\\/ca\\\/#\\\/schema\\\/logo\\\/image\\\/\"},\"sameAs\":[\"https:\\\/\\\/www.facebook.com\\\/petrerjoven\\\/\",\"https:\\\/\\\/www.instagram.com\\\/petrerjove\\\/\"]}]}<\/script>\n<!-- \/ Yoast SEO plugin. -->","yoast_head_json":{"title":"Presentaci\u00f3 liter\u00e0ria \u2013 Nascuts del fang \u2013 V\u00edctor Labrado - Petrer Jove","description":"Presentaci\u00f3 liter\u00e0ria \u2013 Nascuts del fang \u2013 V\u00edctor Labrado, el dos de maig a les 19:30h en l'Espai Blanc de Petrer.","robots":{"index":"index","follow":"follow","max-snippet":"max-snippet:-1","max-image-preview":"max-image-preview:large","max-video-preview":"max-video-preview:-1"},"canonical":"https:\/\/petrerjove.com\/ca\/evento\/presentacio-literaria-nascuts-del-fang-victor-labrado\/","og_locale":"ca_ES","og_type":"article","og_title":"Presentaci\u00f3 liter\u00e0ria \u2013 Nascuts del fang \u2013 V\u00edctor Labrado - Petrer Jove","og_description":"Presentaci\u00f3 liter\u00e0ria \u2013 Nascuts del fang \u2013 V\u00edctor Labrado, el dos de maig a les 19:30h en l'Espai Blanc de Petrer.","og_url":"https:\/\/petrerjove.com\/ca\/evento\/presentacio-literaria-nascuts-del-fang-victor-labrado\/","og_site_name":"Petrer Jove","article_publisher":"https:\/\/www.facebook.com\/petrerjoven\/","article_modified_time":"2024-04-23T05:40:09+00:00","og_image":[{"width":400,"height":290,"url":"https:\/\/petrerjove.com\/wp-content\/uploads\/2024\/04\/nascutsdelfang_2mayo_destacada-min.jpg","type":"image\/jpeg"}],"twitter_card":"summary_large_image","twitter_misc":{"Temps estimat de lectura":"1 minut"},"schema":{"@context":"https:\/\/schema.org","@graph":[{"@type":"WebPage","@id":"https:\/\/petrerjove.com\/ca\/evento\/presentacio-literaria-nascuts-del-fang-victor-labrado\/","url":"https:\/\/petrerjove.com\/ca\/evento\/presentacio-literaria-nascuts-del-fang-victor-labrado\/","name":"Presentaci\u00f3 liter\u00e0ria \u2013 Nascuts del fang \u2013 V\u00edctor Labrado - Petrer Jove","isPartOf":{"@id":"https:\/\/petrerjove.com\/ca\/#website"},"primaryImageOfPage":{"@id":"https:\/\/petrerjove.com\/ca\/evento\/presentacio-literaria-nascuts-del-fang-victor-labrado\/#primaryimage"},"image":{"@id":"https:\/\/petrerjove.com\/ca\/evento\/presentacio-literaria-nascuts-del-fang-victor-labrado\/#primaryimage"},"thumbnailUrl":"https:\/\/petrerjove.com\/wp-content\/uploads\/2024\/04\/nascutsdelfang_2mayo_destacada-min.jpg","datePublished":"2024-04-03T08:29:06+00:00","dateModified":"2024-04-23T05:40:09+00:00","description":"Presentaci\u00f3 liter\u00e0ria \u2013 Nascuts del fang \u2013 V\u00edctor Labrado, el dos de maig a les 19:30h en l'Espai Blanc de Petrer.","breadcrumb":{"@id":"https:\/\/petrerjove.com\/ca\/evento\/presentacio-literaria-nascuts-del-fang-victor-labrado\/#breadcrumb"},"inLanguage":"ca","potentialAction":[{"@type":"ReadAction","target":["https:\/\/petrerjove.com\/ca\/evento\/presentacio-literaria-nascuts-del-fang-victor-labrado\/"]}]},{"@type":"ImageObject","inLanguage":"ca","@id":"https:\/\/petrerjove.com\/ca\/evento\/presentacio-literaria-nascuts-del-fang-victor-labrado\/#primaryimage","url":"https:\/\/petrerjove.com\/wp-content\/uploads\/2024\/04\/nascutsdelfang_2mayo_destacada-min.jpg","contentUrl":"https:\/\/petrerjove.com\/wp-content\/uploads\/2024\/04\/nascutsdelfang_2mayo_destacada-min.jpg","width":400,"height":290},{"@type":"BreadcrumbList","@id":"https:\/\/petrerjove.com\/ca\/evento\/presentacio-literaria-nascuts-del-fang-victor-labrado\/#breadcrumb","itemListElement":[{"@type":"ListItem","position":1,"name":"Portada","item":"https:\/\/petrerjove.com\/ca\/"},{"@type":"ListItem","position":2,"name":"Presentaci\u00f3 liter\u00e0ria \u2013 Nascuts del fang \u2013 V\u00edctor Labrado"}]},{"@type":"WebSite","@id":"https:\/\/petrerjove.com\/ca\/#website","url":"https:\/\/petrerjove.com\/ca\/","name":"Petrer Jove","description":"Concejal\u00eda de Infancia y Juventud de Petrer","publisher":{"@id":"https:\/\/petrerjove.com\/ca\/#organization"},"potentialAction":[{"@type":"SearchAction","target":{"@type":"EntryPoint","urlTemplate":"https:\/\/petrerjove.com\/ca\/?s={search_term_string}"},"query-input":{"@type":"PropertyValueSpecification","valueRequired":true,"valueName":"search_term_string"}}],"inLanguage":"ca"},{"@type":"Organization","@id":"https:\/\/petrerjove.com\/ca\/#organization","name":"Concejal\u00eda de Juventud de Petrer","url":"https:\/\/petrerjove.com\/ca\/","logo":{"@type":"ImageObject","inLanguage":"ca","@id":"https:\/\/petrerjove.com\/ca\/#\/schema\/logo\/image\/","url":"https:\/\/petrerjove.com\/wp-content\/uploads\/2024\/02\/petrerjove_horizontal.svg","contentUrl":"https:\/\/petrerjove.com\/wp-content\/uploads\/2024\/02\/petrerjove_horizontal.svg","width":200,"height":70,"caption":"Concejal\u00eda de Juventud de Petrer"},"image":{"@id":"https:\/\/petrerjove.com\/ca\/#\/schema\/logo\/image\/"},"sameAs":["https:\/\/www.facebook.com\/petrerjoven\/","https:\/\/www.instagram.com\/petrerjove\/"]}]}},"_links":{"self":[{"href":"https:\/\/petrerjove.com\/ca\/wp-json\/wp\/v2\/evento\/2509","targetHints":{"allow":["GET"]}}],"collection":[{"href":"https:\/\/petrerjove.com\/ca\/wp-json\/wp\/v2\/evento"}],"about":[{"href":"https:\/\/petrerjove.com\/ca\/wp-json\/wp\/v2\/types\/evento"}],"author":[{"embeddable":true,"href":"https:\/\/petrerjove.com\/ca\/wp-json\/wp\/v2\/users\/1"}],"version-history":[{"count":3,"href":"https:\/\/petrerjove.com\/ca\/wp-json\/wp\/v2\/evento\/2509\/revisions"}],"predecessor-version":[{"id":2818,"href":"https:\/\/petrerjove.com\/ca\/wp-json\/wp\/v2\/evento\/2509\/revisions\/2818"}],"wp:featuredmedia":[{"embeddable":true,"href":"https:\/\/petrerjove.com\/ca\/wp-json\/wp\/v2\/media\/2511"}],"wp:attachment":[{"href":"https:\/\/petrerjove.com\/ca\/wp-json\/wp\/v2\/media?parent=2509"}],"wp:term":[{"taxonomy":"tag-evento","embeddable":true,"href":"https:\/\/petrerjove.com\/ca\/wp-json\/wp\/v2\/tag-evento?post=2509"},{"taxonomy":"edades-eventos","embeddable":true,"href":"https:\/\/petrerjove.com\/ca\/wp-json\/wp\/v2\/edades-eventos?post=2509"},{"taxonomy":"lugar-eventos","embeddable":true,"href":"https:\/\/petrerjove.com\/ca\/wp-json\/wp\/v2\/lugar-eventos?post=2509"}],"curies":[{"name":"wp","href":"https:\/\/api.w.org\/{rel}","templated":true}]}}