{"id":2484,"date":"2024-04-11T08:21:54","date_gmt":"2024-04-11T06:21:54","guid":{"rendered":"https:\/\/petrerjove.com\/evento\/taller-de-roses-de-paper-i-marcapaginas\/"},"modified":"2024-04-23T07:35:40","modified_gmt":"2024-04-23T05:35:40","slug":"taller-de-roses-de-paper-i-marcapaginas","status":"publish","type":"evento","link":"https:\/\/petrerjove.com\/ca\/evento\/taller-de-roses-de-paper-i-marcapaginas\/","title":{"rendered":"Taller de Roses de Paper i Marcap\u00e1ginas"},"content":{"rendered":"\n<p>Prepareu els colors i les tisores, perqu\u00e8 arriba el Taller de Roses de Paper i Marcap\u00e1ginas! \ud83c\udf39\u2702\ufe0f El 22 d&#8217;abril, de 17:30h a 19:00h, en el Casal de la Joventut, crearem obres d&#8217;art \u00faniques! \ud83c\udfa8\ud83d\udcda&#13;\n<\/p>\n\n<p>Ni\u00f1@s a partir de 7 anys, aquest \u00e9s el vostre moment per a deixar volar la vostra creativitat i omplir el m\u00f3n de color! \ud83c\udf08 No us ho perdeu, ser\u00e0 una vesprada plena de diversi\u00f3 i manualitats. Us esperem! \ud83c\udf1f&#13;\n<\/p>\n\n<div style=\"height:50px\" aria-hidden=\"true\" class=\"wp-block-spacer\"><\/div>\n\n<figure class=\"wp-block-image aligncenter size-large is-resized\"><img fetchpriority=\"high\" decoding=\"async\" width=\"724\" height=\"1024\" src=\"https:\/\/petrerjove.com\/wp-content\/uploads\/2024\/04\/CARTEL-ROSAS-CAST-min-724x1024.jpg\" alt=\"\" class=\"wp-image-1832\" style=\"width:350px\" srcset=\"https:\/\/petrerjove.com\/wp-content\/uploads\/2024\/04\/CARTEL-ROSAS-CAST-min-724x1024.jpg 724w, https:\/\/petrerjove.com\/wp-content\/uploads\/2024\/04\/CARTEL-ROSAS-CAST-min-212x300.jpg 212w, https:\/\/petrerjove.com\/wp-content\/uploads\/2024\/04\/CARTEL-ROSAS-CAST-min-768x1086.jpg 768w, https:\/\/petrerjove.com\/wp-content\/uploads\/2024\/04\/CARTEL-ROSAS-CAST-min-1086x1536.jpg 1086w, https:\/\/petrerjove.com\/wp-content\/uploads\/2024\/04\/CARTEL-ROSAS-CAST-min-1448x2048.jpg 1448w, https:\/\/petrerjove.com\/wp-content\/uploads\/2024\/04\/CARTEL-ROSAS-CAST-min-scaled.jpg 1810w\" sizes=\"(max-width: 724px) 100vw, 724px\" \/><\/figure>\n","protected":false},"author":1,"featured_media":2486,"template":"","tag-evento":[],"edades-eventos":[72],"lugar-eventos":[69],"class_list":["post-2484","evento","type-evento","status-publish","has-post-thumbnail","hentry","edades-eventos-a-partir-de-7-anys","lugar-eventos-casal-de-la-joventut"],"yoast_head":"<!-- This site is optimized with the Yoast SEO plugin v27.5 - https:\/\/yoast.com\/product\/yoast-seo-wordpress\/ -->\n<title>Taller de Roses de Paper i Marcap\u00e1ginas - Petrer Jove<\/title>\n<meta name=\"description\" content=\"Taller de Roses de Paper i Marcap\u00e1ginas el 22 d&#039;abril de 17:30h a 19:00h en el Casal de la Joventut, per a xiquets a partir de 7 anys.\" \/>\n<meta name=\"robots\" content=\"index, follow, max-snippet:-1, max-image-preview:large, max-video-preview:-1\" \/>\n<link rel=\"canonical\" href=\"https:\/\/petrerjove.com\/ca\/evento\/taller-de-roses-de-paper-i-marcapaginas\/\" \/>\n<meta property=\"og:locale\" content=\"ca_ES\" \/>\n<meta property=\"og:type\" content=\"article\" \/>\n<meta property=\"og:title\" content=\"Taller de Roses de Paper i Marcap\u00e1ginas - Petrer Jove\" \/>\n<meta property=\"og:description\" content=\"Taller de Roses de Paper i Marcap\u00e1ginas el 22 d&#039;abril de 17:30h a 19:00h en el Casal de la Joventut, per a xiquets a partir de 7 anys.\" \/>\n<meta property=\"og:url\" content=\"https:\/\/petrerjove.com\/ca\/evento\/taller-de-roses-de-paper-i-marcapaginas\/\" \/>\n<meta property=\"og:site_name\" content=\"Petrer Jove\" \/>\n<meta property=\"article:publisher\" content=\"https:\/\/www.facebook.com\/petrerjoven\/\" \/>\n<meta property=\"article:modified_time\" content=\"2024-04-23T05:35:40+00:00\" \/>\n<meta property=\"og:image\" content=\"https:\/\/petrerjove.com\/wp-content\/uploads\/2024\/04\/marcapaginas_22abril_destacada-min.jpg\" \/>\n\t<meta property=\"og:image:width\" content=\"400\" \/>\n\t<meta property=\"og:image:height\" content=\"290\" \/>\n\t<meta property=\"og:image:type\" content=\"image\/jpeg\" \/>\n<meta name=\"twitter:card\" content=\"summary_large_image\" \/>\n<script type=\"application\/ld+json\" class=\"yoast-schema-graph\">{\"@context\":\"https:\\\/\\\/schema.org\",\"@graph\":[{\"@type\":\"WebPage\",\"@id\":\"https:\\\/\\\/petrerjove.com\\\/ca\\\/evento\\\/taller-de-roses-de-paper-i-marcapaginas\\\/\",\"url\":\"https:\\\/\\\/petrerjove.com\\\/ca\\\/evento\\\/taller-de-roses-de-paper-i-marcapaginas\\\/\",\"name\":\"Taller de Roses de Paper i Marcap\u00e1ginas - Petrer Jove\",\"isPartOf\":{\"@id\":\"https:\\\/\\\/petrerjove.com\\\/ca\\\/#website\"},\"primaryImageOfPage\":{\"@id\":\"https:\\\/\\\/petrerjove.com\\\/ca\\\/evento\\\/taller-de-roses-de-paper-i-marcapaginas\\\/#primaryimage\"},\"image\":{\"@id\":\"https:\\\/\\\/petrerjove.com\\\/ca\\\/evento\\\/taller-de-roses-de-paper-i-marcapaginas\\\/#primaryimage\"},\"thumbnailUrl\":\"https:\\\/\\\/petrerjove.com\\\/wp-content\\\/uploads\\\/2024\\\/04\\\/marcapaginas_22abril_destacada-min.jpg\",\"datePublished\":\"2024-04-11T06:21:54+00:00\",\"dateModified\":\"2024-04-23T05:35:40+00:00\",\"description\":\"Taller de Roses de Paper i Marcap\u00e1ginas el 22 d'abril de 17:30h a 19:00h en el Casal de la Joventut, per a xiquets a partir de 7 anys.\",\"breadcrumb\":{\"@id\":\"https:\\\/\\\/petrerjove.com\\\/ca\\\/evento\\\/taller-de-roses-de-paper-i-marcapaginas\\\/#breadcrumb\"},\"inLanguage\":\"ca\",\"potentialAction\":[{\"@type\":\"ReadAction\",\"target\":[\"https:\\\/\\\/petrerjove.com\\\/ca\\\/evento\\\/taller-de-roses-de-paper-i-marcapaginas\\\/\"]}]},{\"@type\":\"ImageObject\",\"inLanguage\":\"ca\",\"@id\":\"https:\\\/\\\/petrerjove.com\\\/ca\\\/evento\\\/taller-de-roses-de-paper-i-marcapaginas\\\/#primaryimage\",\"url\":\"https:\\\/\\\/petrerjove.com\\\/wp-content\\\/uploads\\\/2024\\\/04\\\/marcapaginas_22abril_destacada-min.jpg\",\"contentUrl\":\"https:\\\/\\\/petrerjove.com\\\/wp-content\\\/uploads\\\/2024\\\/04\\\/marcapaginas_22abril_destacada-min.jpg\",\"width\":400,\"height\":290},{\"@type\":\"BreadcrumbList\",\"@id\":\"https:\\\/\\\/petrerjove.com\\\/ca\\\/evento\\\/taller-de-roses-de-paper-i-marcapaginas\\\/#breadcrumb\",\"itemListElement\":[{\"@type\":\"ListItem\",\"position\":1,\"name\":\"Portada\",\"item\":\"https:\\\/\\\/petrerjove.com\\\/ca\\\/\"},{\"@type\":\"ListItem\",\"position\":2,\"name\":\"Taller de Roses de Paper i Marcap\u00e1ginas\"}]},{\"@type\":\"WebSite\",\"@id\":\"https:\\\/\\\/petrerjove.com\\\/ca\\\/#website\",\"url\":\"https:\\\/\\\/petrerjove.com\\\/ca\\\/\",\"name\":\"Petrer Jove\",\"description\":\"Concejal\u00eda de Infancia y Juventud de Petrer\",\"publisher\":{\"@id\":\"https:\\\/\\\/petrerjove.com\\\/ca\\\/#organization\"},\"potentialAction\":[{\"@type\":\"SearchAction\",\"target\":{\"@type\":\"EntryPoint\",\"urlTemplate\":\"https:\\\/\\\/petrerjove.com\\\/ca\\\/?s={search_term_string}\"},\"query-input\":{\"@type\":\"PropertyValueSpecification\",\"valueRequired\":true,\"valueName\":\"search_term_string\"}}],\"inLanguage\":\"ca\"},{\"@type\":\"Organization\",\"@id\":\"https:\\\/\\\/petrerjove.com\\\/ca\\\/#organization\",\"name\":\"Concejal\u00eda de Juventud de Petrer\",\"url\":\"https:\\\/\\\/petrerjove.com\\\/ca\\\/\",\"logo\":{\"@type\":\"ImageObject\",\"inLanguage\":\"ca\",\"@id\":\"https:\\\/\\\/petrerjove.com\\\/ca\\\/#\\\/schema\\\/logo\\\/image\\\/\",\"url\":\"https:\\\/\\\/petrerjove.com\\\/wp-content\\\/uploads\\\/2024\\\/02\\\/petrerjove_horizontal.svg\",\"contentUrl\":\"https:\\\/\\\/petrerjove.com\\\/wp-content\\\/uploads\\\/2024\\\/02\\\/petrerjove_horizontal.svg\",\"width\":200,\"height\":70,\"caption\":\"Concejal\u00eda de Juventud de Petrer\"},\"image\":{\"@id\":\"https:\\\/\\\/petrerjove.com\\\/ca\\\/#\\\/schema\\\/logo\\\/image\\\/\"},\"sameAs\":[\"https:\\\/\\\/www.facebook.com\\\/petrerjoven\\\/\",\"https:\\\/\\\/www.instagram.com\\\/petrerjove\\\/\"]}]}<\/script>\n<!-- \/ Yoast SEO plugin. -->","yoast_head_json":{"title":"Taller de Roses de Paper i Marcap\u00e1ginas - Petrer Jove","description":"Taller de Roses de Paper i Marcap\u00e1ginas el 22 d'abril de 17:30h a 19:00h en el Casal de la Joventut, per a xiquets a partir de 7 anys.","robots":{"index":"index","follow":"follow","max-snippet":"max-snippet:-1","max-image-preview":"max-image-preview:large","max-video-preview":"max-video-preview:-1"},"canonical":"https:\/\/petrerjove.com\/ca\/evento\/taller-de-roses-de-paper-i-marcapaginas\/","og_locale":"ca_ES","og_type":"article","og_title":"Taller de Roses de Paper i Marcap\u00e1ginas - Petrer Jove","og_description":"Taller de Roses de Paper i Marcap\u00e1ginas el 22 d'abril de 17:30h a 19:00h en el Casal de la Joventut, per a xiquets a partir de 7 anys.","og_url":"https:\/\/petrerjove.com\/ca\/evento\/taller-de-roses-de-paper-i-marcapaginas\/","og_site_name":"Petrer Jove","article_publisher":"https:\/\/www.facebook.com\/petrerjoven\/","article_modified_time":"2024-04-23T05:35:40+00:00","og_image":[{"width":400,"height":290,"url":"https:\/\/petrerjove.com\/wp-content\/uploads\/2024\/04\/marcapaginas_22abril_destacada-min.jpg","type":"image\/jpeg"}],"twitter_card":"summary_large_image","schema":{"@context":"https:\/\/schema.org","@graph":[{"@type":"WebPage","@id":"https:\/\/petrerjove.com\/ca\/evento\/taller-de-roses-de-paper-i-marcapaginas\/","url":"https:\/\/petrerjove.com\/ca\/evento\/taller-de-roses-de-paper-i-marcapaginas\/","name":"Taller de Roses de Paper i Marcap\u00e1ginas - Petrer Jove","isPartOf":{"@id":"https:\/\/petrerjove.com\/ca\/#website"},"primaryImageOfPage":{"@id":"https:\/\/petrerjove.com\/ca\/evento\/taller-de-roses-de-paper-i-marcapaginas\/#primaryimage"},"image":{"@id":"https:\/\/petrerjove.com\/ca\/evento\/taller-de-roses-de-paper-i-marcapaginas\/#primaryimage"},"thumbnailUrl":"https:\/\/petrerjove.com\/wp-content\/uploads\/2024\/04\/marcapaginas_22abril_destacada-min.jpg","datePublished":"2024-04-11T06:21:54+00:00","dateModified":"2024-04-23T05:35:40+00:00","description":"Taller de Roses de Paper i Marcap\u00e1ginas el 22 d'abril de 17:30h a 19:00h en el Casal de la Joventut, per a xiquets a partir de 7 anys.","breadcrumb":{"@id":"https:\/\/petrerjove.com\/ca\/evento\/taller-de-roses-de-paper-i-marcapaginas\/#breadcrumb"},"inLanguage":"ca","potentialAction":[{"@type":"ReadAction","target":["https:\/\/petrerjove.com\/ca\/evento\/taller-de-roses-de-paper-i-marcapaginas\/"]}]},{"@type":"ImageObject","inLanguage":"ca","@id":"https:\/\/petrerjove.com\/ca\/evento\/taller-de-roses-de-paper-i-marcapaginas\/#primaryimage","url":"https:\/\/petrerjove.com\/wp-content\/uploads\/2024\/04\/marcapaginas_22abril_destacada-min.jpg","contentUrl":"https:\/\/petrerjove.com\/wp-content\/uploads\/2024\/04\/marcapaginas_22abril_destacada-min.jpg","width":400,"height":290},{"@type":"BreadcrumbList","@id":"https:\/\/petrerjove.com\/ca\/evento\/taller-de-roses-de-paper-i-marcapaginas\/#breadcrumb","itemListElement":[{"@type":"ListItem","position":1,"name":"Portada","item":"https:\/\/petrerjove.com\/ca\/"},{"@type":"ListItem","position":2,"name":"Taller de Roses de Paper i Marcap\u00e1ginas"}]},{"@type":"WebSite","@id":"https:\/\/petrerjove.com\/ca\/#website","url":"https:\/\/petrerjove.com\/ca\/","name":"Petrer Jove","description":"Concejal\u00eda de Infancia y Juventud de Petrer","publisher":{"@id":"https:\/\/petrerjove.com\/ca\/#organization"},"potentialAction":[{"@type":"SearchAction","target":{"@type":"EntryPoint","urlTemplate":"https:\/\/petrerjove.com\/ca\/?s={search_term_string}"},"query-input":{"@type":"PropertyValueSpecification","valueRequired":true,"valueName":"search_term_string"}}],"inLanguage":"ca"},{"@type":"Organization","@id":"https:\/\/petrerjove.com\/ca\/#organization","name":"Concejal\u00eda de Juventud de Petrer","url":"https:\/\/petrerjove.com\/ca\/","logo":{"@type":"ImageObject","inLanguage":"ca","@id":"https:\/\/petrerjove.com\/ca\/#\/schema\/logo\/image\/","url":"https:\/\/petrerjove.com\/wp-content\/uploads\/2024\/02\/petrerjove_horizontal.svg","contentUrl":"https:\/\/petrerjove.com\/wp-content\/uploads\/2024\/02\/petrerjove_horizontal.svg","width":200,"height":70,"caption":"Concejal\u00eda de Juventud de Petrer"},"image":{"@id":"https:\/\/petrerjove.com\/ca\/#\/schema\/logo\/image\/"},"sameAs":["https:\/\/www.facebook.com\/petrerjoven\/","https:\/\/www.instagram.com\/petrerjove\/"]}]}},"_links":{"self":[{"href":"https:\/\/petrerjove.com\/ca\/wp-json\/wp\/v2\/evento\/2484","targetHints":{"allow":["GET"]}}],"collection":[{"href":"https:\/\/petrerjove.com\/ca\/wp-json\/wp\/v2\/evento"}],"about":[{"href":"https:\/\/petrerjove.com\/ca\/wp-json\/wp\/v2\/types\/evento"}],"author":[{"embeddable":true,"href":"https:\/\/petrerjove.com\/ca\/wp-json\/wp\/v2\/users\/1"}],"version-history":[{"count":3,"href":"https:\/\/petrerjove.com\/ca\/wp-json\/wp\/v2\/evento\/2484\/revisions"}],"predecessor-version":[{"id":2808,"href":"https:\/\/petrerjove.com\/ca\/wp-json\/wp\/v2\/evento\/2484\/revisions\/2808"}],"wp:featuredmedia":[{"embeddable":true,"href":"https:\/\/petrerjove.com\/ca\/wp-json\/wp\/v2\/media\/2486"}],"wp:attachment":[{"href":"https:\/\/petrerjove.com\/ca\/wp-json\/wp\/v2\/media?parent=2484"}],"wp:term":[{"taxonomy":"tag-evento","embeddable":true,"href":"https:\/\/petrerjove.com\/ca\/wp-json\/wp\/v2\/tag-evento?post=2484"},{"taxonomy":"edades-eventos","embeddable":true,"href":"https:\/\/petrerjove.com\/ca\/wp-json\/wp\/v2\/edades-eventos?post=2484"},{"taxonomy":"lugar-eventos","embeddable":true,"href":"https:\/\/petrerjove.com\/ca\/wp-json\/wp\/v2\/lugar-eventos?post=2484"}],"curies":[{"name":"wp","href":"https:\/\/api.w.org\/{rel}","templated":true}]}}