{"id":2449,"date":"2024-04-11T09:12:02","date_gmt":"2024-04-11T07:12:02","guid":{"rendered":"https:\/\/petrerjove.com\/evento\/prego-de-festes-de-la-santa-cruz-2024\/"},"modified":"2024-04-23T07:33:16","modified_gmt":"2024-04-23T05:33:16","slug":"prego-de-festes-de-la-santa-cruz-2024","status":"publish","type":"evento","link":"https:\/\/petrerjove.com\/ca\/evento\/prego-de-festes-de-la-santa-cruz-2024\/","title":{"rendered":"Preg\u00f3 de Festes de la Santa Cruz 2024"},"content":{"rendered":"\n<p>\ud83c\udf89Que comence la celebraci\u00f3! \ud83c\udf89<\/p>\n\n<p>\ud83d\udce3 Atenci\u00f3 a tots els amants de les festes! L&#8217;esperat Preg\u00f3 de les Festes de la Santa Cruz 2024 tindr\u00e0 lloc el dissabte 20 d&#8217;abril en el Teatre Cervantes a les 19:30h.&#13;\n<\/p>\n\n<p>\ud83c\udfad Veuen i uneix-te a l&#8217;emoci\u00f3 mentre donem inici a aquestes festivitats tan esperades! \ud83e\udd73&#13;\n<\/p>\n\n<p>\ud83c\udf9f\ufe0f L&#8217;entrada \u00e9s lliure, aix\u00ed que assegura&#8217;t d&#8217;arribar d&#8217;hora per a aconseguir un bon seient! Ens veiem all\u00ed!&#13;\n<\/p>\n\n<div style=\"height:50px\" aria-hidden=\"true\" class=\"wp-block-spacer\"><\/div>\n\n<figure class=\"wp-block-image aligncenter size-large is-resized\"><img fetchpriority=\"high\" decoding=\"async\" width=\"724\" height=\"1024\" src=\"https:\/\/petrerjove.com\/wp-content\/uploads\/2024\/04\/Pregon-Fiestas-de-la-Santa-Cruz-2024-min-1-724x1024.jpg\" alt=\"\" class=\"wp-image-1872\" style=\"width:350px\" srcset=\"https:\/\/petrerjove.com\/wp-content\/uploads\/2024\/04\/Pregon-Fiestas-de-la-Santa-Cruz-2024-min-1-724x1024.jpg 724w, https:\/\/petrerjove.com\/wp-content\/uploads\/2024\/04\/Pregon-Fiestas-de-la-Santa-Cruz-2024-min-1-212x300.jpg 212w, https:\/\/petrerjove.com\/wp-content\/uploads\/2024\/04\/Pregon-Fiestas-de-la-Santa-Cruz-2024-min-1-768x1087.jpg 768w, https:\/\/petrerjove.com\/wp-content\/uploads\/2024\/04\/Pregon-Fiestas-de-la-Santa-Cruz-2024-min-1-1086x1536.jpg 1086w, https:\/\/petrerjove.com\/wp-content\/uploads\/2024\/04\/Pregon-Fiestas-de-la-Santa-Cruz-2024-min-1.jpg 1357w\" sizes=\"(max-width: 724px) 100vw, 724px\" \/><\/figure>\n","protected":false},"author":1,"featured_media":2451,"template":"","tag-evento":[],"edades-eventos":[],"lugar-eventos":[71],"class_list":["post-2449","evento","type-evento","status-publish","has-post-thumbnail","hentry","lugar-eventos-teatre-cervantes"],"yoast_head":"<!-- This site is optimized with the Yoast SEO plugin v27.5 - https:\/\/yoast.com\/product\/yoast-seo-wordpress\/ -->\n<title>Preg\u00f3 de Festes de la Santa Cruz 2024 - Petrer Jove<\/title>\n<meta name=\"description\" content=\"Preg\u00f3 de Festes de la Santa Cruz 2024 el 20 d&#039;abril a les 19:30h en Teatre Cervantes, hi haur\u00e0 una desfilada pr\u00e8via a les 18:15h.\" \/>\n<meta name=\"robots\" content=\"index, follow, max-snippet:-1, max-image-preview:large, max-video-preview:-1\" \/>\n<link rel=\"canonical\" href=\"https:\/\/petrerjove.com\/ca\/evento\/prego-de-festes-de-la-santa-cruz-2024\/\" \/>\n<meta property=\"og:locale\" content=\"ca_ES\" \/>\n<meta property=\"og:type\" content=\"article\" \/>\n<meta property=\"og:title\" content=\"Preg\u00f3 de Festes de la Santa Cruz 2024 - Petrer Jove\" \/>\n<meta property=\"og:description\" content=\"Preg\u00f3 de Festes de la Santa Cruz 2024 el 20 d&#039;abril a les 19:30h en Teatre Cervantes, hi haur\u00e0 una desfilada pr\u00e8via a les 18:15h.\" \/>\n<meta property=\"og:url\" content=\"https:\/\/petrerjove.com\/ca\/evento\/prego-de-festes-de-la-santa-cruz-2024\/\" \/>\n<meta property=\"og:site_name\" content=\"Petrer Jove\" \/>\n<meta property=\"article:publisher\" content=\"https:\/\/www.facebook.com\/petrerjoven\/\" \/>\n<meta property=\"article:modified_time\" content=\"2024-04-23T05:33:16+00:00\" \/>\n<meta property=\"og:image\" content=\"https:\/\/petrerjove.com\/wp-content\/uploads\/2024\/04\/pregon_20abril_destacada-min.jpg\" \/>\n\t<meta property=\"og:image:width\" content=\"400\" \/>\n\t<meta property=\"og:image:height\" content=\"290\" \/>\n\t<meta property=\"og:image:type\" content=\"image\/jpeg\" \/>\n<meta name=\"twitter:card\" content=\"summary_large_image\" \/>\n<script type=\"application\/ld+json\" class=\"yoast-schema-graph\">{\"@context\":\"https:\\\/\\\/schema.org\",\"@graph\":[{\"@type\":\"WebPage\",\"@id\":\"https:\\\/\\\/petrerjove.com\\\/ca\\\/evento\\\/prego-de-festes-de-la-santa-cruz-2024\\\/\",\"url\":\"https:\\\/\\\/petrerjove.com\\\/ca\\\/evento\\\/prego-de-festes-de-la-santa-cruz-2024\\\/\",\"name\":\"Preg\u00f3 de Festes de la Santa Cruz 2024 - Petrer Jove\",\"isPartOf\":{\"@id\":\"https:\\\/\\\/petrerjove.com\\\/ca\\\/#website\"},\"primaryImageOfPage\":{\"@id\":\"https:\\\/\\\/petrerjove.com\\\/ca\\\/evento\\\/prego-de-festes-de-la-santa-cruz-2024\\\/#primaryimage\"},\"image\":{\"@id\":\"https:\\\/\\\/petrerjove.com\\\/ca\\\/evento\\\/prego-de-festes-de-la-santa-cruz-2024\\\/#primaryimage\"},\"thumbnailUrl\":\"https:\\\/\\\/petrerjove.com\\\/wp-content\\\/uploads\\\/2024\\\/04\\\/pregon_20abril_destacada-min.jpg\",\"datePublished\":\"2024-04-11T07:12:02+00:00\",\"dateModified\":\"2024-04-23T05:33:16+00:00\",\"description\":\"Preg\u00f3 de Festes de la Santa Cruz 2024 el 20 d'abril a les 19:30h en Teatre Cervantes, hi haur\u00e0 una desfilada pr\u00e8via a les 18:15h.\",\"breadcrumb\":{\"@id\":\"https:\\\/\\\/petrerjove.com\\\/ca\\\/evento\\\/prego-de-festes-de-la-santa-cruz-2024\\\/#breadcrumb\"},\"inLanguage\":\"ca\",\"potentialAction\":[{\"@type\":\"ReadAction\",\"target\":[\"https:\\\/\\\/petrerjove.com\\\/ca\\\/evento\\\/prego-de-festes-de-la-santa-cruz-2024\\\/\"]}]},{\"@type\":\"ImageObject\",\"inLanguage\":\"ca\",\"@id\":\"https:\\\/\\\/petrerjove.com\\\/ca\\\/evento\\\/prego-de-festes-de-la-santa-cruz-2024\\\/#primaryimage\",\"url\":\"https:\\\/\\\/petrerjove.com\\\/wp-content\\\/uploads\\\/2024\\\/04\\\/pregon_20abril_destacada-min.jpg\",\"contentUrl\":\"https:\\\/\\\/petrerjove.com\\\/wp-content\\\/uploads\\\/2024\\\/04\\\/pregon_20abril_destacada-min.jpg\",\"width\":400,\"height\":290},{\"@type\":\"BreadcrumbList\",\"@id\":\"https:\\\/\\\/petrerjove.com\\\/ca\\\/evento\\\/prego-de-festes-de-la-santa-cruz-2024\\\/#breadcrumb\",\"itemListElement\":[{\"@type\":\"ListItem\",\"position\":1,\"name\":\"Portada\",\"item\":\"https:\\\/\\\/petrerjove.com\\\/ca\\\/\"},{\"@type\":\"ListItem\",\"position\":2,\"name\":\"Preg\u00f3 de Festes de la Santa Cruz 2024\"}]},{\"@type\":\"WebSite\",\"@id\":\"https:\\\/\\\/petrerjove.com\\\/ca\\\/#website\",\"url\":\"https:\\\/\\\/petrerjove.com\\\/ca\\\/\",\"name\":\"Petrer Jove\",\"description\":\"Concejal\u00eda de Infancia y Juventud de Petrer\",\"publisher\":{\"@id\":\"https:\\\/\\\/petrerjove.com\\\/ca\\\/#organization\"},\"potentialAction\":[{\"@type\":\"SearchAction\",\"target\":{\"@type\":\"EntryPoint\",\"urlTemplate\":\"https:\\\/\\\/petrerjove.com\\\/ca\\\/?s={search_term_string}\"},\"query-input\":{\"@type\":\"PropertyValueSpecification\",\"valueRequired\":true,\"valueName\":\"search_term_string\"}}],\"inLanguage\":\"ca\"},{\"@type\":\"Organization\",\"@id\":\"https:\\\/\\\/petrerjove.com\\\/ca\\\/#organization\",\"name\":\"Concejal\u00eda de Juventud de Petrer\",\"url\":\"https:\\\/\\\/petrerjove.com\\\/ca\\\/\",\"logo\":{\"@type\":\"ImageObject\",\"inLanguage\":\"ca\",\"@id\":\"https:\\\/\\\/petrerjove.com\\\/ca\\\/#\\\/schema\\\/logo\\\/image\\\/\",\"url\":\"https:\\\/\\\/petrerjove.com\\\/wp-content\\\/uploads\\\/2024\\\/02\\\/petrerjove_horizontal.svg\",\"contentUrl\":\"https:\\\/\\\/petrerjove.com\\\/wp-content\\\/uploads\\\/2024\\\/02\\\/petrerjove_horizontal.svg\",\"width\":200,\"height\":70,\"caption\":\"Concejal\u00eda de Juventud de Petrer\"},\"image\":{\"@id\":\"https:\\\/\\\/petrerjove.com\\\/ca\\\/#\\\/schema\\\/logo\\\/image\\\/\"},\"sameAs\":[\"https:\\\/\\\/www.facebook.com\\\/petrerjoven\\\/\",\"https:\\\/\\\/www.instagram.com\\\/petrerjove\\\/\"]}]}<\/script>\n<!-- \/ Yoast SEO plugin. -->","yoast_head_json":{"title":"Preg\u00f3 de Festes de la Santa Cruz 2024 - Petrer Jove","description":"Preg\u00f3 de Festes de la Santa Cruz 2024 el 20 d'abril a les 19:30h en Teatre Cervantes, hi haur\u00e0 una desfilada pr\u00e8via a les 18:15h.","robots":{"index":"index","follow":"follow","max-snippet":"max-snippet:-1","max-image-preview":"max-image-preview:large","max-video-preview":"max-video-preview:-1"},"canonical":"https:\/\/petrerjove.com\/ca\/evento\/prego-de-festes-de-la-santa-cruz-2024\/","og_locale":"ca_ES","og_type":"article","og_title":"Preg\u00f3 de Festes de la Santa Cruz 2024 - Petrer Jove","og_description":"Preg\u00f3 de Festes de la Santa Cruz 2024 el 20 d'abril a les 19:30h en Teatre Cervantes, hi haur\u00e0 una desfilada pr\u00e8via a les 18:15h.","og_url":"https:\/\/petrerjove.com\/ca\/evento\/prego-de-festes-de-la-santa-cruz-2024\/","og_site_name":"Petrer Jove","article_publisher":"https:\/\/www.facebook.com\/petrerjoven\/","article_modified_time":"2024-04-23T05:33:16+00:00","og_image":[{"width":400,"height":290,"url":"https:\/\/petrerjove.com\/wp-content\/uploads\/2024\/04\/pregon_20abril_destacada-min.jpg","type":"image\/jpeg"}],"twitter_card":"summary_large_image","schema":{"@context":"https:\/\/schema.org","@graph":[{"@type":"WebPage","@id":"https:\/\/petrerjove.com\/ca\/evento\/prego-de-festes-de-la-santa-cruz-2024\/","url":"https:\/\/petrerjove.com\/ca\/evento\/prego-de-festes-de-la-santa-cruz-2024\/","name":"Preg\u00f3 de Festes de la Santa Cruz 2024 - Petrer Jove","isPartOf":{"@id":"https:\/\/petrerjove.com\/ca\/#website"},"primaryImageOfPage":{"@id":"https:\/\/petrerjove.com\/ca\/evento\/prego-de-festes-de-la-santa-cruz-2024\/#primaryimage"},"image":{"@id":"https:\/\/petrerjove.com\/ca\/evento\/prego-de-festes-de-la-santa-cruz-2024\/#primaryimage"},"thumbnailUrl":"https:\/\/petrerjove.com\/wp-content\/uploads\/2024\/04\/pregon_20abril_destacada-min.jpg","datePublished":"2024-04-11T07:12:02+00:00","dateModified":"2024-04-23T05:33:16+00:00","description":"Preg\u00f3 de Festes de la Santa Cruz 2024 el 20 d'abril a les 19:30h en Teatre Cervantes, hi haur\u00e0 una desfilada pr\u00e8via a les 18:15h.","breadcrumb":{"@id":"https:\/\/petrerjove.com\/ca\/evento\/prego-de-festes-de-la-santa-cruz-2024\/#breadcrumb"},"inLanguage":"ca","potentialAction":[{"@type":"ReadAction","target":["https:\/\/petrerjove.com\/ca\/evento\/prego-de-festes-de-la-santa-cruz-2024\/"]}]},{"@type":"ImageObject","inLanguage":"ca","@id":"https:\/\/petrerjove.com\/ca\/evento\/prego-de-festes-de-la-santa-cruz-2024\/#primaryimage","url":"https:\/\/petrerjove.com\/wp-content\/uploads\/2024\/04\/pregon_20abril_destacada-min.jpg","contentUrl":"https:\/\/petrerjove.com\/wp-content\/uploads\/2024\/04\/pregon_20abril_destacada-min.jpg","width":400,"height":290},{"@type":"BreadcrumbList","@id":"https:\/\/petrerjove.com\/ca\/evento\/prego-de-festes-de-la-santa-cruz-2024\/#breadcrumb","itemListElement":[{"@type":"ListItem","position":1,"name":"Portada","item":"https:\/\/petrerjove.com\/ca\/"},{"@type":"ListItem","position":2,"name":"Preg\u00f3 de Festes de la Santa Cruz 2024"}]},{"@type":"WebSite","@id":"https:\/\/petrerjove.com\/ca\/#website","url":"https:\/\/petrerjove.com\/ca\/","name":"Petrer Jove","description":"Concejal\u00eda de Infancia y Juventud de Petrer","publisher":{"@id":"https:\/\/petrerjove.com\/ca\/#organization"},"potentialAction":[{"@type":"SearchAction","target":{"@type":"EntryPoint","urlTemplate":"https:\/\/petrerjove.com\/ca\/?s={search_term_string}"},"query-input":{"@type":"PropertyValueSpecification","valueRequired":true,"valueName":"search_term_string"}}],"inLanguage":"ca"},{"@type":"Organization","@id":"https:\/\/petrerjove.com\/ca\/#organization","name":"Concejal\u00eda de Juventud de Petrer","url":"https:\/\/petrerjove.com\/ca\/","logo":{"@type":"ImageObject","inLanguage":"ca","@id":"https:\/\/petrerjove.com\/ca\/#\/schema\/logo\/image\/","url":"https:\/\/petrerjove.com\/wp-content\/uploads\/2024\/02\/petrerjove_horizontal.svg","contentUrl":"https:\/\/petrerjove.com\/wp-content\/uploads\/2024\/02\/petrerjove_horizontal.svg","width":200,"height":70,"caption":"Concejal\u00eda de Juventud de Petrer"},"image":{"@id":"https:\/\/petrerjove.com\/ca\/#\/schema\/logo\/image\/"},"sameAs":["https:\/\/www.facebook.com\/petrerjoven\/","https:\/\/www.instagram.com\/petrerjove\/"]}]}},"_links":{"self":[{"href":"https:\/\/petrerjove.com\/ca\/wp-json\/wp\/v2\/evento\/2449","targetHints":{"allow":["GET"]}}],"collection":[{"href":"https:\/\/petrerjove.com\/ca\/wp-json\/wp\/v2\/evento"}],"about":[{"href":"https:\/\/petrerjove.com\/ca\/wp-json\/wp\/v2\/types\/evento"}],"author":[{"embeddable":true,"href":"https:\/\/petrerjove.com\/ca\/wp-json\/wp\/v2\/users\/1"}],"version-history":[{"count":3,"href":"https:\/\/petrerjove.com\/ca\/wp-json\/wp\/v2\/evento\/2449\/revisions"}],"predecessor-version":[{"id":2790,"href":"https:\/\/petrerjove.com\/ca\/wp-json\/wp\/v2\/evento\/2449\/revisions\/2790"}],"wp:featuredmedia":[{"embeddable":true,"href":"https:\/\/petrerjove.com\/ca\/wp-json\/wp\/v2\/media\/2451"}],"wp:attachment":[{"href":"https:\/\/petrerjove.com\/ca\/wp-json\/wp\/v2\/media?parent=2449"}],"wp:term":[{"taxonomy":"tag-evento","embeddable":true,"href":"https:\/\/petrerjove.com\/ca\/wp-json\/wp\/v2\/tag-evento?post=2449"},{"taxonomy":"edades-eventos","embeddable":true,"href":"https:\/\/petrerjove.com\/ca\/wp-json\/wp\/v2\/edades-eventos?post=2449"},{"taxonomy":"lugar-eventos","embeddable":true,"href":"https:\/\/petrerjove.com\/ca\/wp-json\/wp\/v2\/lugar-eventos?post=2449"}],"curies":[{"name":"wp","href":"https:\/\/api.w.org\/{rel}","templated":true}]}}